{"id":1465,"date":"2020-04-14T22:31:58","date_gmt":"2020-04-14T22:31:58","guid":{"rendered":"https:\/\/www.serrarpharma.com\/?page_id=1465"},"modified":"2020-07-10T19:49:48","modified_gmt":"2020-07-10T19:49:48","slug":"clinical-research","status":"publish","type":"page","link":"https:\/\/www.serrarpharma.com\/pt\/clinical-research\/","title":{"rendered":"Clinical Research"},"content":{"rendered":"\n<div class=\"wp-container-1 wp-block-group crtopsec\"><div class=\"wp-block-group__inner-container\">\n<p style=\"color:#63ade5;font-family:Open Sans\" class=\"has-text-color has-text-align-center has-huge-font-size crheadtitle has-custom-font\">PESQUISA CLINICA<\/p>\n\n\n\n<p style=\"font-family:Open Sans;line-height:1.5\" class=\"has-custom-font has-custom-lineheight\">Todos os suplementos, incluindo Dr. SERRAR<sup>\u00ae<\/sup> ZinaCal, ZinaSlim Advance, ZinaBoost, Detox e Balance (fabricado em uma instalacao registrada pepa FDA), t\u00eam um hist\u00f3rico comprovado e s\u00e3o fabricados em plantas certificadas GMP e Kosher que respeitam as melhores pr\u00e1ticas da ind\u00fastria.<\/p>\n\n\n\n<p style=\"color:#005e94;line-height:1\" class=\"has-text-color has-medium-font-size crproductsline has-custom-lineheight\"><strong>Dr. SERRAR<sup>\u00ae<\/sup> ZinaSlim Advance, ZinaBoost, Detox, &#038; Balance<\/strong><\/p>\n\n\n\n<p style=\"font-family:Open Sans;line-height:1.5\" class=\"has-custom-font has-custom-lineheight\">S\u00ednteses das evid\u00eancias de seguran\u00e7a e efic\u00e1cia cl\u00ednica dos suplementos Dr. SERRAR<sup>\u00ae<\/sup> ZinaSlim Advance, ZinaBoost, Detox e Balance no controle de peso saud\u00e1vel, preven\u00e7\u00e3o e acompanhamento de doen\u00e7as cr\u00f4nicas, obesidade, diabetes, press\u00e3o alta, doen\u00e7as cardiovasculares, artrite, alzheimer e Parkinson , Doen\u00e7a de Crohn, doen\u00e7a hep\u00e1tica gordurosa, cirrose, infertilidade, doen\u00e7a da pr\u00f3stata, transtorno do d\u00e9ficit de aten\u00e7\u00e3o e hiperatividade em crian\u00e7as, enxaqueca, etc.<\/p>\n<\/div><\/div>\n\n\n\n<div class=\"wp-container-6 wp-block-group crbox\"><div class=\"wp-block-group__inner-container\">\n<div class=\"wp-container-2 wp-block-group has-background cresearchtop\" style=\"background-color:#e4effa\"><div class=\"wp-block-group__inner-container\">\n<div class=\"wp-block-media-text alignwide has-media-on-the-right is-stacked-on-mobile is-vertically-aligned-center topcrbox\" style=\"grid-template-columns:auto 35%\"><figure class=\"wp-block-media-text__media\"><img loading=\"lazy\" width=\"620\" height=\"500\" src=\"https:\/\/i0.wp.com\/www.serrarpharma.com\/wp-content\/uploads\/2020\/06\/mils.png?resize=620%2C500&#038;ssl=1\" alt=\"\" class=\"wp-image-7945\" srcset=\"https:\/\/i0.wp.com\/www.serrarpharma.com\/wp-content\/uploads\/2020\/06\/mils.png?w=620&amp;ssl=1 620w, https:\/\/i0.wp.com\/www.serrarpharma.com\/wp-content\/uploads\/2020\/06\/mils.png?resize=300%2C242&amp;ssl=1 300w, https:\/\/i0.wp.com\/www.serrarpharma.com\/wp-content\/uploads\/2020\/06\/mils.png?resize=600%2C484&amp;ssl=1 600w\" sizes=\"(max-width: 620px) 100vw, 620px\" data-recalc-dims=\"1\" \/><\/figure><div class=\"wp-block-media-text__content\">\n<div style=\"height:30px\" aria-hidden=\"true\" class=\"wp-block-spacer\"><\/div>\n\n\n\n<p style=\"background-color:#63ade5;line-height:1\" class=\"has-text-color has-background has-large-font-size has-quaternary-color crsub has-custom-lineheight\"><strong>Dr. SERRAR<sup>\u00ae<\/sup> ZinaSlim Advance<\/strong><\/p>\n\n\n\n<p style=\"font-family:Open Sans;line-height:1.5\" class=\"crboxbod has-custom-font has-custom-lineheight\">Suplemento sem OGM fabricado em instala\u00e7\u00f5es com certifica\u00e7\u00e3o GMP nos Estados Unidos. <br> Ingredientes vegetais que podem afetar diretamente o peso.<\/p>\n\n\n\n<p style=\"font-family:Open Sans;line-height:1.5\" class=\"crboxbod has-custom-font has-custom-lineheight\">a) Agir diretamente sobre o peso <br> b) Agir como inibidores de apetite<\/p>\n\n\n\n<div style=\"height:20px\" aria-hidden=\"true\" class=\"wp-block-spacer\"><\/div>\n\n\n\n<p><\/p>\n<\/div><\/div>\n<\/div><\/div>\n\n\n\n<div style=\"height:20px\" aria-hidden=\"true\" class=\"wp-block-spacer\"><\/div>\n\n\n\n<div class=\"wp-container-5 wp-block-columns has-background crboxcol\" style=\"background-color:#f8fafc\">\n<div class=\"wp-container-3 wp-block-column\">\n<p style=\"color:#0071a1;font-family:Open Sans\" class=\"has-text-color has-custom-font\"><strong>Reduz o ganho de peso em pessoas com sobrepeso<\/strong><\/p>\n\n\n\n<p style=\"color:#63ade5\" class=\"has-text-color crinnersub\">REDUZ:<\/p>\n\n\n\n<p>Massa e% de gordura na cintura e quadris <br> IMC <br> Press\u00e3o alta <br> (Pare de tomar medicamentos hipotensores ap\u00f3s 100% de acompanhamento) <br> Absor\u00e7\u00e3o de gorduras <br> Lipog\u00eanese <br> Alimentos oferta <br> Ansiedade <br> Fadiga<\/p>\n\n\n\n<p style=\"color:#63ade5\" class=\"has-text-color crinnersub\">AUMENTA:<\/p>\n\n\n\n<p>A sensa\u00e7\u00e3o de saciedade <br> Perda de gordura com exerc\u00edcios aer\u00f3bicos<\/p>\n<\/div>\n\n\n\n<div class=\"wp-container-4 wp-block-column\">\n<p style=\"color:#0071a1;font-family:Open Sans\" class=\"has-text-color has-custom-font\"><strong>Efeito no equil\u00edbrio lip\u00eddico e nos horm\u00f4nios<\/strong><\/p>\n\n\n\n<p style=\"color:#63ade5\" class=\"has-text-color crinnersub\">REDUZ:<\/p>\n\n\n\n<p>LDL<br>Colesterol <br> (Pare de tomar estatinas ap\u00f3s 100% de acompanhamento) <br> Atividade da lipase pancre\u00e1tica<\/p>\n\n\n\n<p style=\"color:#63ade5\" class=\"has-text-color crinnersub\">AUMENTA:<\/p>\n\n\n\n<p>Testosterona total e livre (libido nos homens). <br> HDL <br> serotonina (bem-estar e menos ansiedade) <br> Excre\u00e7\u00e3o do metab\u00f3lito urin\u00e1rio (pernas leves)<\/p>\n<\/div>\n<\/div>\n\n\n\n<p style=\"background-color:#005e94;font-family:Open Sans\" class=\"has-text-color has-background has-text-align-center has-medium-font-size has-quaternary-color clinicallinks has-custom-font\"><a href=\"https:\/\/www.serrarpharma.com\/pt\/product\/zinaslim-advanced\/\">COMPRE AGORA<\/a><\/p>\n<\/div><\/div>\n\n\n\n<div class=\"wp-container-8 wp-block-group crbox\"><div class=\"wp-block-group__inner-container\">\n<div class=\"wp-container-7 wp-block-group has-background cresearchtop\" style=\"background-color:#e4effa\"><div class=\"wp-block-group__inner-container\">\n<div class=\"wp-block-media-text alignwide has-media-on-the-right is-stacked-on-mobile is-vertically-aligned-center topcrbox\" style=\"grid-template-columns:auto 35%\"><figure class=\"wp-block-media-text__media\"><img loading=\"lazy\" width=\"620\" height=\"500\" src=\"https:\/\/i0.wp.com\/www.serrarpharma.com\/wp-content\/uploads\/2020\/06\/stoob.png?resize=620%2C500&#038;ssl=1\" alt=\"\" class=\"wp-image-7948\" srcset=\"https:\/\/i0.wp.com\/www.serrarpharma.com\/wp-content\/uploads\/2020\/06\/stoob.png?w=620&amp;ssl=1 620w, https:\/\/i0.wp.com\/www.serrarpharma.com\/wp-content\/uploads\/2020\/06\/stoob.png?resize=300%2C242&amp;ssl=1 300w, https:\/\/i0.wp.com\/www.serrarpharma.com\/wp-content\/uploads\/2020\/06\/stoob.png?resize=600%2C484&amp;ssl=1 600w\" sizes=\"(max-width: 620px) 100vw, 620px\" data-recalc-dims=\"1\" \/><\/figure><div class=\"wp-block-media-text__content\">\n<div style=\"height:30px\" aria-hidden=\"true\" class=\"wp-block-spacer\"><\/div>\n\n\n\n<p style=\"background-color:#63ade5;line-height:1\" class=\"has-text-color has-background has-large-font-size has-quaternary-color crsuboost has-custom-lineheight\"><strong>Dr. SERRAR<sup>\u00ae<\/sup> ZinaBoost<\/strong><\/p>\n\n\n\n<p style=\"font-family:Open Sans;line-height:1.5\" class=\"crboxbod has-custom-font has-custom-lineheight\">Suplemento sem OGM fabricado em instala\u00e7\u00f5es com certifica\u00e7\u00e3o GMP nos Estados Unidos. Os ingredientes podem ser agrupados em 3 categorias, de acordo com seu efeito terap\u00eautico.<\/p>\n\n\n\n<p style=\"font-family:Open Sans;line-height:1.5\" class=\"crboxbod has-custom-font has-custom-lineheight\"><span class=\"bluefont\">Categoria 1: <\/span> Medicamentos vegetais que podem agir diretamente sobre o peso.<br> &nbsp; &nbsp; &nbsp; &nbsp; a) Aja diretamente sobre o peso<br> &nbsp; &nbsp; &nbsp; &nbsp; b) Agir como inibidores de apetite<\/p>\n<\/div><\/div>\n\n\n\n<div class=\"wp-block-coblocks-row coblocks-row-314163522362\" data-columns=\"1\" data-layout=\"100\"><div class=\"wp-block-coblocks-row__inner has-medium-gutter has-no-padding has-no-margin is-stacked-on-mobile\">\n<div class=\"wp-block-coblocks-column coblocks-column-314163523666\" style=\"width:100%\"><div class=\"wp-block-coblocks-column__inner has-no-padding has-no-margin\">\n<p style=\"font-family:Open Sans;line-height:1.5\" class=\"crboxcat2 has-custom-font has-custom-lineheight\"><span class=\"bluefont\">Categoria 2: <\/span> Medicamentos vegetais e micronutrientes que podem ajudar a manter a atividade f\u00edsica durante uma redu\u00e7\u00e3o de calorias.<br>&nbsp; &nbsp; &nbsp; &nbsp; a) Medicamentos vegetais<br>&nbsp; &nbsp; &nbsp; &nbsp; b) Vitaminas e amino\u00e1cidos<br><span class=\"bluefont\">Categoria 3: <\/span> Medicamentos vegetais que podem contribuir para o bem-estar em geral.<\/p>\n\n\n\n<div style=\"height:20px\" aria-hidden=\"true\" class=\"wp-block-spacer\"><\/div>\n<\/div><\/div>\n<\/div><\/div>\n<\/div><\/div>\n\n\n\n<div style=\"height:20px\" aria-hidden=\"true\" class=\"wp-block-spacer\"><\/div>\n\n\n\n<div class=\"wp-block-coblocks-row coblocks-row-314125341563\" data-columns=\"1\" data-layout=\"100\"><div class=\"wp-block-coblocks-row__inner has-medium-gutter has-no-padding has-no-margin is-stacked-on-mobile\">\n<div class=\"wp-block-coblocks-column coblocks-column-314125343414\" style=\"width:100%\"><div class=\"wp-block-coblocks-column__inner has-background has-no-padding has-no-margin\" style=\"background-color:#f8fafc\">\n<div style=\"height:20px\" aria-hidden=\"true\" class=\"wp-block-spacer\"><\/div>\n\n\n\n<ul class=\"boostlist\"><li>Permite atividade f\u00edsica para qualquer pessoa em dieta hipocal\u00f3rica no programa de perda de peso <\/li><li> Aumenta a capacidade f\u00edsica \/ desempenho f\u00edsico (estresse f\u00edsico) <\/li><li> Ajuda no bom funcionamento dos m\u00fasculos <\/li><li> Reduz o peso e melhora o metabolismo <\/li><li> Ajuda a manter a capacidade do corpo de metabolizar nutrientes <\/li><li> Suprime o apetite e o desejo por a\u00e7\u00facares <\/li><li> Reduz o ganho de peso com sobrepeso <\/li><li> Controle de a\u00e7\u00facar no sangue para diab\u00e9ticos e pr\u00e9-diab\u00e9ticos <\/li><li> Ajuda a equilibrar gorduras e horm\u00f4nios <\/li><li> Efeito hipoglic\u00eamico<\/li><\/ul>\n\n\n\n<div style=\"height:20px\" aria-hidden=\"true\" class=\"wp-block-spacer\"><\/div>\n<\/div><\/div>\n<\/div><\/div>\n\n\n\n<p style=\"background-color:#005e94;font-family:Open Sans\" class=\"has-text-color has-background has-text-align-center has-medium-font-size has-quaternary-color clinicallinks has-custom-font\"><a href=\"https:\/\/www.serrarpharma.com\/pt\/product\/zinaboost\/\">COMPRE AGORA<\/a><\/p>\n<\/div><\/div>\n\n\n\n<div class=\"wp-container-13 wp-block-group crbox\"><div class=\"wp-block-group__inner-container\">\n<div class=\"wp-container-9 wp-block-group has-background cresearchtop\" style=\"background-color:#e4effa\"><div class=\"wp-block-group__inner-container\">\n<div class=\"wp-block-media-text alignwide has-media-on-the-right is-stacked-on-mobile is-vertically-aligned-center topcrbox\" style=\"grid-template-columns:auto 35%\"><figure class=\"wp-block-media-text__media\"><img loading=\"lazy\" width=\"620\" height=\"500\" src=\"https:\/\/i0.wp.com\/www.serrarpharma.com\/wp-content\/uploads\/2020\/06\/deto.png?resize=620%2C500&#038;ssl=1\" alt=\"\" class=\"wp-image-7954\" srcset=\"https:\/\/i0.wp.com\/www.serrarpharma.com\/wp-content\/uploads\/2020\/06\/deto.png?w=620&amp;ssl=1 620w, https:\/\/i0.wp.com\/www.serrarpharma.com\/wp-content\/uploads\/2020\/06\/deto.png?resize=300%2C242&amp;ssl=1 300w, https:\/\/i0.wp.com\/www.serrarpharma.com\/wp-content\/uploads\/2020\/06\/deto.png?resize=600%2C484&amp;ssl=1 600w\" sizes=\"(max-width: 620px) 100vw, 620px\" data-recalc-dims=\"1\" \/><\/figure><div class=\"wp-block-media-text__content\">\n<div style=\"height:30px\" aria-hidden=\"true\" class=\"wp-block-spacer\"><\/div>\n\n\n\n<p style=\"background-color:#63ade5;line-height:1\" class=\"has-text-color has-background has-large-font-size has-quaternary-color crsuboost has-custom-lineheight\"><strong>Dr. SERRAR<sup>\u00ae<\/sup> Detox<\/strong><\/p>\n\n\n\n<p style=\"font-family:Open Sans;line-height:1.5\" class=\"crboxbod has-custom-font has-custom-lineheight\">Suplemento sem OGM fabricado em instala\u00e7\u00f5es com certifica\u00e7\u00e3o GMP nos Estados Unidos. <br> Cont\u00e9m ingredientes naturais; contribuir para o bom funcionamento do sistema digestivo.<\/p>\n\n\n\n<div style=\"height:20px\" aria-hidden=\"true\" class=\"wp-block-spacer\"><\/div>\n\n\n\n<p><\/p>\n<\/div><\/div>\n<\/div><\/div>\n\n\n\n<div style=\"height:20px\" aria-hidden=\"true\" class=\"wp-block-spacer\"><\/div>\n\n\n\n<div class=\"wp-container-12 wp-block-columns has-background crboxcol\" style=\"background-color:#f8fafc\">\n<div class=\"wp-container-10 wp-block-column\">\n<p style=\"color:#0071a1;font-family:Open Sans\" class=\"has-text-color has-custom-font\"><strong>Estimula o sistema digestivo<\/strong><\/p>\n\n\n\n<p>Pris\u00e3o de ventre <br> f\u00edgado e ves\u00edcula biliar &#8211; acalma o est\u00f4mago <br> Promove a sa\u00fade dos tecidos mucosos no intestino <br> Prebi\u00f3tica (inulina) que permite que os probi\u00f3ticos prosperem <br> Antiparasit\u00e1rio <br> Elimina toxinas<\/p>\n<\/div>\n\n\n\n<div class=\"wp-container-11 wp-block-column\">\n<p style=\"color:#0071a1;font-family:Open Sans\" class=\"has-text-color has-custom-font\"><strong>Ajuda para opera\u00e7\u00e3o hormonal<\/strong><\/p>\n\n\n\n<p>Adrenalina <br> Tire\u00f3ide <br> Estabiliza o n\u00edvel de colesterol <br> Regula a press\u00e3o sangu\u00ednea <br> Aumenta a perda de peso <br> Aumenta a energia <br> Poderoso antioxidante<\/p>\n<\/div>\n<\/div>\n\n\n\n<div class=\"wp-block-coblocks-row coblocks-row-314134943867 detoxbottom\" data-columns=\"1\" data-layout=\"100\"><div class=\"wp-block-coblocks-row__inner has-background has-medium-gutter has-padding has-medium-padding has-no-margin is-stacked-on-mobile\" style=\"background-color:#f8fafc\">\n<div class=\"wp-block-coblocks-column coblocks-column-314134945478\" style=\"width:100%\"><div class=\"wp-block-coblocks-column__inner has-no-padding has-no-margin\">\n<p style=\"font-family:Open Sans;line-height:1.5\" class=\"has-custom-font has-custom-lineheight\"><span class=\"pasub\">AJUDA A PROMOVER A SA\u00daDE GASTROINTESTINAL<\/span><br>Este suplemento cont\u00e9m ingredientes de desintoxica\u00e7\u00e3o de corpo inteiro que ajudam a aliviar o desconforto gastrointestinal, acalmam as \u00e1reas irritadas do trato digestivo e t\u00eam propriedades antimicrobianas e antivirais.<\/p>\n\n\n\n<p style=\"font-family:Open Sans;line-height:1.5\" class=\"has-custom-font has-custom-lineheight\"><span class=\"pasub\">MANT\u00caM UM SISTEMA CORPORAL SAUD\u00c1VEL<\/span><br>O Zina Detox, um Detox Corporal completo, tamb\u00e9m cont\u00e9m um poderoso antioxidante que pode ajudar a proteger as c\u00e9lulas contra danos e manter a regularidade e a sa\u00fade do c\u00f3lon, removendo toxinas putrefativas dos intestinos das paredes.<\/p>\n\n\n\n<p style=\"font-family:Open Sans;line-height:1.5\" class=\"has-custom-font has-custom-lineheight\"><span class=\"pasub\">APOIO \u00c0 PERDA DE PESO <\/span> <br> Tomar esses suplementos de desintoxica\u00e7\u00e3o todos os dias faz voc\u00ea se sentir mais leve. Esta cura de corpo inteiro ajuda a perder peso enquanto aumenta a energia. Al\u00e9m disso, o f\u00edgado produz bile, que o sistema digestivo usa para quebrar as gorduras. Desintoxicar o f\u00edgado pode ser um bom ponto de partida para perder peso.<\/p>\n<\/div><\/div>\n<\/div><\/div>\n\n\n\n<p style=\"background-color:#005e94;font-family:Open Sans\" class=\"has-text-color has-background has-text-align-center has-medium-font-size has-quaternary-color clinicallinks has-custom-font\"><a href=\"https:\/\/www.serrarpharma.com\/pt\/product\/zinadetox\/\">COMPRE AGORA<\/a><\/p>\n<\/div><\/div>\n\n\n\n<div class=\"wp-container-18 wp-block-group crbox\"><div class=\"wp-block-group__inner-container\">\n<div class=\"wp-container-14 wp-block-group has-background cresearchtop\" style=\"background-color:#e4effa\"><div class=\"wp-block-group__inner-container\">\n<div class=\"wp-block-media-text alignwide has-media-on-the-right is-stacked-on-mobile is-vertically-aligned-center topcrbox\" style=\"grid-template-columns:auto 35%\"><figure class=\"wp-block-media-text__media\"><img loading=\"lazy\" width=\"620\" height=\"500\" src=\"https:\/\/i0.wp.com\/www.serrarpharma.com\/wp-content\/uploads\/2020\/06\/lamba.png?resize=620%2C500&#038;ssl=1\" alt=\"\" class=\"wp-image-7953\" srcset=\"https:\/\/i0.wp.com\/www.serrarpharma.com\/wp-content\/uploads\/2020\/06\/lamba.png?w=620&amp;ssl=1 620w, https:\/\/i0.wp.com\/www.serrarpharma.com\/wp-content\/uploads\/2020\/06\/lamba.png?resize=300%2C242&amp;ssl=1 300w, https:\/\/i0.wp.com\/www.serrarpharma.com\/wp-content\/uploads\/2020\/06\/lamba.png?resize=600%2C484&amp;ssl=1 600w\" sizes=\"(max-width: 620px) 100vw, 620px\" data-recalc-dims=\"1\" \/><\/figure><div class=\"wp-block-media-text__content\">\n<div style=\"height:30px\" aria-hidden=\"true\" class=\"wp-block-spacer\"><\/div>\n\n\n\n<p style=\"background-color:#63ade5;line-height:1\" class=\"has-text-color has-background has-large-font-size has-quaternary-color crsub has-custom-lineheight\"><strong>Dr. SERRAR<sup>\u00ae<\/sup> Balance<\/strong><\/p>\n\n\n\n<p style=\"font-family:Open Sans;line-height:1.5\" class=\"crboxbod has-custom-font has-custom-lineheight\">Suplemento sem OGM fabricado em instala\u00e7\u00f5es com certifica\u00e7\u00e3o GMP nos Estados Unidos. <br> Ingredientes vegetais que podem afetar diretamente o peso.<\/p>\n\n\n\n<div style=\"height:20px\" aria-hidden=\"true\" class=\"wp-block-spacer\"><\/div>\n\n\n\n<p><\/p>\n<\/div><\/div>\n<\/div><\/div>\n\n\n\n<div style=\"height:20px\" aria-hidden=\"true\" class=\"wp-block-spacer\"><\/div>\n\n\n\n<div class=\"wp-container-17 wp-block-columns has-background crboxcol\" style=\"background-color:#f8fafc\">\n<div class=\"wp-container-15 wp-block-column\">\n<p style=\"color:#63ade5\" class=\"has-text-color crinnersub\">REDUZ:<\/p>\n\n\n\n<p style=\"font-family:Open Sans;line-height:1.5\" class=\"has-custom-font has-custom-lineheight\">Taxa de cortisol &#8211; Estresse e ansiedade <br> Apetite (reduz a fome) <br> Desejos de a\u00e7\u00facar e mordisca <br> Absor\u00e7\u00e3o de gordura e armazenamento de gordura na barriga<\/p>\n\n\n\n<p style=\"color:#63ade5\" class=\"has-text-color crinnersub\">AUMENTA:<\/p>\n\n\n\n<p style=\"font-family:Open Sans;line-height:1.5\" class=\"has-custom-font has-custom-lineheight\">Serotonina <br> N\u00edveis de energia <br> Sensa\u00e7\u00e3o de alegria e bem-estar<\/p>\n<\/div>\n\n\n\n<div class=\"wp-container-16 wp-block-column\">\n<p style=\"color:#63ade5\" class=\"has-text-color crinnersub\">REGULARIZES:<\/p>\n\n\n\n<p style=\"font-family:Open Sans;line-height:1.5\" class=\"has-custom-font has-custom-lineheight\">Horm\u00f4nios metab\u00f3licos<br>Glicemia<br>N\u00edveis de colesterol<br>Antioxidante<\/p>\n<\/div>\n<\/div>\n\n\n\n<div class=\"wp-block-coblocks-row coblocks-row-31415475586 zbalbott mt-0\" data-columns=\"1\" data-layout=\"100\"><div class=\"wp-block-coblocks-row__inner has-background has-medium-gutter has-padding has-medium-padding has-no-margin is-stacked-on-mobile\" style=\"background-color:#f8fafc\">\n<div class=\"wp-block-coblocks-column coblocks-column-31415476933\" style=\"width:100%\"><div class=\"wp-block-coblocks-column__inner has-no-padding has-no-margin\">\n<p style=\"font-family:Open Sans;line-height:1.5\" class=\"has-custom-font has-custom-lineheight\">O Zina Balance cont\u00e9m compostos que permitem ao seu corpo reduzir naturalmente o cortisol (um poderoso horm\u00f4nio do estresse que permite ao corpo armazenar gordura, conservar peso, sentir-se ansioso, estressado e emocional). Esta poderosa f\u00f3rmula tamb\u00e9m \u00e9 um inibidor natural do apetite que ajuda a controlar o apetite, aumentando os n\u00edveis do horm\u00f4nio serotonina (uma subst\u00e2ncia qu\u00edmica do c\u00e9rebro que o deixa feliz, relaxado e emocional e fisicamente satisfeito). Esta f\u00f3rmula poderosa ir\u00e1 ajud\u00e1-lo a evitar excessos, alimenta\u00e7\u00e3o emocional, lanches entre as refei\u00e7\u00f5es e desejos doces e n\u00e3o saud\u00e1veis. Muitos pacientes notam uma mudan\u00e7a positiva no n\u00edvel de estresse, apar\u00eancia, humor, colesterol e triglicer\u00eddeos (primeiros 30 dias).<\/p>\n<\/div><\/div>\n<\/div><\/div>\n\n\n\n<p style=\"background-color:#005e94;font-family:Open Sans\" class=\"has-text-color has-background has-text-align-center has-medium-font-size has-quaternary-color clinicallinks has-custom-font\"><a href=\"https:\/\/www.serrarpharma.com\/pt\/product\/zinabalance\/\">COMPRE AGORA<\/a><\/p>\n<\/div><\/div>\n\n\n\n<div class=\"wp-container-27 wp-block-group crbox\"><div class=\"wp-block-group__inner-container\">\n<div class=\"wp-container-21 wp-block-group has-background cresearchtop\" style=\"background-color:#e4effa\"><div class=\"wp-block-group__inner-container\">\n<div class=\"wp-container-20 wp-block-group alignwide topcrbox\"><div class=\"wp-block-group__inner-container\">\n<div class=\"wp-block-media-text alignwide has-media-on-the-right is-stacked-on-mobile is-vertically-aligned-center topcrbox\" style=\"grid-template-columns:auto 35%\"><figure class=\"wp-block-media-text__media\"><img loading=\"lazy\" width=\"620\" height=\"500\" src=\"https:\/\/i0.wp.com\/www.serrarpharma.com\/wp-content\/uploads\/2020\/06\/iotic.png?resize=620%2C500&#038;ssl=1\" alt=\"\" class=\"wp-image-7952\" srcset=\"https:\/\/i0.wp.com\/www.serrarpharma.com\/wp-content\/uploads\/2020\/06\/iotic.png?w=620&amp;ssl=1 620w, https:\/\/i0.wp.com\/www.serrarpharma.com\/wp-content\/uploads\/2020\/06\/iotic.png?resize=300%2C242&amp;ssl=1 300w, https:\/\/i0.wp.com\/www.serrarpharma.com\/wp-content\/uploads\/2020\/06\/iotic.png?resize=600%2C484&amp;ssl=1 600w\" sizes=\"(max-width: 620px) 100vw, 620px\" data-recalc-dims=\"1\" \/><\/figure><div class=\"wp-block-media-text__content\">\n<div style=\"height:30px\" aria-hidden=\"true\" class=\"wp-block-spacer\"><\/div>\n\n\n\n<p style=\"background-color:#63ade5;line-height:1\" class=\"has-text-color has-background has-large-font-size has-quaternary-color crsub has-custom-lineheight\"><strong>Dr. SERRAR<sup>\u00ae<\/sup> ZinaProBiotic<\/strong><\/p>\n\n\n\n<p style=\"font-family:Open Sans;line-height:1.5\" class=\"crboxbod has-custom-font has-custom-lineheight\">\u00c0s vezes, h\u00e1 uma tend\u00eancia a se preocupar com bact\u00e9rias, mas, na verdade, elas s\u00e3o essenciais para o seu corpo. De fato, existem bact\u00e9rias boas e ruins. A maioria das pessoas no seu corpo \u00e9 ben\u00e9fica e pode ajudar seu sistema digestivo. O importante \u00e9 entender a diferen\u00e7a entre os dois e como equilibr\u00e1-los em benef\u00edcio do intestino.<\/p>\n<\/div><\/div>\n\n\n\n<div class=\"wp-container-19 wp-block-group esprobottom\"><div class=\"wp-block-group__inner-container\">\n<p style=\"font-family:Open Sans;line-height:1.5\" class=\"crboxcat2 has-custom-font has-custom-lineheight\">A palavra probi\u00f3tico vem do latim probiota, que significa &#8220;para toda a vida&#8221;. Os probi\u00f3ticos s\u00e3o microorganismos que vivem dentro e conosco em muitas partes do corpo: intestinos, pele, vagina, narinas e outras membranas mucosas. Probi\u00f3ticos s\u00e3o microrganismos vivos (bact\u00e9rias ou leveduras) que contribuem para a sa\u00fade quando ingeridos em quantidades suficientes. Eles est\u00e3o naturalmente presentes no intestino e ajudam a manter o equil\u00edbrio da flora intestinal.<\/p>\n\n\n\n<p style=\"font-family:Open Sans;line-height:1.5\" class=\"crboxcat2 has-custom-font has-custom-lineheight\">A flora intestinal cont\u00e9m mais de 100.000 bilh\u00f5es de bact\u00e9rias (representando mais de 1.000 esp\u00e9cies diferentes, mais da metade das quais s\u00e3o encontradas no intestino), incluindo probi\u00f3ticos. Essas bact\u00e9rias s\u00e3o essenciais para a sa\u00fade porque produzem vitaminas, ajudam na digest\u00e3o, secretam subst\u00e2ncias antimicrobianas, estimulam o sistema imunol\u00f3gico e protegem contra certas doen\u00e7as. Os probi\u00f3ticos impedem a propaga\u00e7\u00e3o de micr\u00f3bios ruins no sistema digestivo. Esse crescimento excessivo pode causar doen\u00e7as e levar \u00e0 diarr\u00e9ia. \u00c0s vezes falamos de &#8220;desequil\u00edbrio da flora intestinal&#8221;.<\/p>\n\n\n\n<p style=\"font-family:Open Sans;line-height:1.5\" class=\"crboxcat2 has-custom-font has-custom-lineheight\">De fato, em situa\u00e7\u00e3o normal, isto \u00e9, quando algu\u00e9m \u00e9 saud\u00e1vel, a flora intestinal \u00e9 encontrada em equil\u00edbrio. Quando a flora intestinal est\u00e1 desequilibrada, h\u00e1 uma diminui\u00e7\u00e3o na quantidade de probi\u00f3ticos no intestino. Mas aqui est\u00e3o alguns exemplos de elementos que podem promover um desequil\u00edbrio: <\/p>\n\n\n\n<ul class=\"problist\"><li>tomar antibi\u00f3ticos <\/li><li> dieta rica em gordura e pobre em fibras <\/li><li> certas doen\u00e7as (como doen\u00e7a inflamat\u00f3ria intestinal) <\/li><li> defici\u00eancia do sistema imunol\u00f3gico; etc.<\/li><\/ul>\n\n\n\n<p style=\"font-family:Open Sans;line-height:1.5\" class=\"crboxcat2 has-custom-font has-custom-lineheight\">Os probi\u00f3ticos est\u00e3o dispon\u00edveis como suplementos em doses apreci\u00e1veis \u200b\u200bou adicionados como suplementos aos alimentos em quantidades menores, podem ser de fontes humanas, animais ou l\u00e1cteas, ou frequentemente de origem vegetal. Cuidado para n\u00e3o confundir probi\u00f3ticos e prebi\u00f3ticos; os \u00faltimos s\u00e3o precursores de alimentos para os primeiros. Ao serem fermentados no c\u00f3lon, os prebi\u00f3ticos nutrem os probi\u00f3ticos do corpo.<\/p>\n<\/div><\/div>\n\n\n\n<div style=\"height:20px\" aria-hidden=\"true\" class=\"wp-block-spacer\"><\/div>\n<\/div><\/div>\n<\/div><\/div>\n\n\n\n<div style=\"height:20px\" aria-hidden=\"true\" class=\"wp-block-spacer\"><\/div>\n\n\n\n<div class=\"wp-container-26 wp-block-group\"><div class=\"wp-block-group__inner-container\">\n<div class=\"wp-container-24 wp-block-columns has-background crboxcol\" style=\"background-color:#f8fafc\">\n<div class=\"wp-container-22 wp-block-column\">\n<p style=\"color:#63ade5;font-family:Open Sans\" class=\"has-text-color crinnersub has-custom-font\">SISTEMA DIGESTIVO DE AJUDA:<\/p>\n\n\n\n<p style=\"font-family:Open Sans;line-height:1.5\" class=\"has-custom-font has-custom-lineheight\">Digest\u00e3o <br>\nIncha\u00e7o <br>\nDiarr\u00e9ia associada a antibi\u00f3ticos <br>\nObstipa\u00e7\u00e3o em idosos <br>\nViagens ao exterior <\/p>\n\n\n\n<p style=\"color:#63ade5;font-family:Open Sans\" class=\"has-text-color crinnersub has-custom-font\">DEIXA DOEN\u00c7AS DEGENERATIVAS:<\/p>\n\n\n\n<p style=\"font-family:Open Sans;line-height:1.5\" class=\"has-custom-font has-custom-lineheight\">Doen\u00e7a de Alzheimer <br>\nDoen\u00e7a de Parkinson <br>\nEsclerose m\u00faltipla <br>\nDem\u00eancia<\/p>\n\n\n\n<p style=\"color:#63ade5;font-family:Open Sans\" class=\"has-text-color crinnersub has-custom-font\">IMPEDE REA\u00c7\u00d5ES IMUNOL\u00d3GICAS:<\/p>\n\n\n\n<p style=\"font-family:Open Sans;line-height:1.5\" class=\"has-custom-font has-custom-lineheight\">Alergia alimentar <br>\nEczema<\/p>\n\n\n\n<p style=\"color:#63ade5;font-family:Open Sans\" class=\"has-text-color crinnersub has-custom-font\">PROTEGE O CORA\u00c7\u00c3O:<\/p>\n\n\n\n<p style=\"font-family:Open Sans;line-height:1.5\" class=\"has-custom-font has-custom-lineheight\">Dislipidemia (colesterol no sangue) <br>\nPress\u00e3o alta<\/p>\n\n\n\n<p style=\"color:#63ade5;font-family:Open Sans\" class=\"has-text-color crinnersub has-custom-font\">MELHORA O DESEMPENHO COGNITIVO:<\/p>\n\n\n\n<p style=\"font-family:Open Sans;line-height:1.5\" class=\"has-custom-font has-custom-lineheight\">Perda de mem\u00f3ria <br>\nmau humor<\/p>\n\n\n\n<p style=\"color:#63ade5;font-family:Open Sans\" class=\"has-text-color crinnersub has-custom-font\">REGULAMENTA APETITE:<\/p>\n\n\n\n<p style=\"font-family:Open Sans;line-height:1.5\" class=\"has-custom-font has-custom-lineheight\">Manter um peso saud\u00e1vel &#8211; Obesidade ou excesso de peso <br>\nDist\u00farbios alimentares <br>\nDiabetes tipo 2<\/p>\n<\/div>\n\n\n\n<div class=\"wp-container-23 wp-block-column\">\n<p style=\"color:#63ade5;font-family:Open Sans\" class=\"has-text-color crinnersub has-custom-font\">IMPEDE DOEN\u00c7AS INFLAMAT\u00d3RIAS:<\/p>\n\n\n\n<p style=\"font-family:Open Sans;line-height:1.5\" class=\"has-custom-font has-custom-lineheight\">Doen\u00e7a de Crohn <br>\nS\u00edndrome do intestino irrit\u00e1vel \/ intestino<\/p>\n\n\n\n<p style=\"color:#63ade5;font-family:Open Sans\" class=\"has-text-color crinnersub has-custom-font\">APOIA IMUNIDADE:<\/p>\n\n\n\n<p style=\"font-family:Open Sans;line-height:1.5\" class=\"has-custom-font has-custom-lineheight\">Proteger contra infec\u00e7\u00f5es <br> Infec\u00e7\u00f5es respirat\u00f3rias <br>\nInfec\u00e7\u00f5es do trato urin\u00e1rio <br>\nVaginose bacteriana <br>\nOtite (infec\u00e7\u00f5es de ouvido) <br>\nVacina\u00e7\u00e3o em idosos<\/p>\n\n\n\n<p style=\"color:#63ade5;font-family:Open Sans\" class=\"has-text-color crinnersub has-custom-font\">REDUZA O ESFOR\u00c7O PSICOL\u00d3GICO:<\/p>\n\n\n\n<p style=\"font-family:Open Sans;line-height:1.5\" class=\"has-custom-font has-custom-lineheight\">Ansiedade <br>\nDepress\u00e3o <br>\nDificuldade de concentra\u00e7\u00e3o<\/p>\n\n\n\n<p style=\"color:#63ade5;font-family:Open Sans\" class=\"has-text-color crinnersub has-custom-font\">IMPEDE AS DEFICI\u00caNCIAS DA NUTRI\u00c7\u00c3O:<\/p>\n\n\n\n<p style=\"font-family:Open Sans;line-height:1.5\" class=\"has-custom-font has-custom-lineheight\">Dist\u00farbios do espectro do autismo <br>\nIntoler\u00e2ncia alimentar<\/p>\n\n\n\n<p style=\"color:#63ade5;font-family:Open Sans\" class=\"has-text-color crinnersub has-custom-font\">ATRASA O ENVELHECIMENTO DERMATAL\u00d3GICO:<\/p>\n\n\n\n<p style=\"font-family:Open Sans;line-height:1.5\" class=\"has-custom-font has-custom-lineheight\">Rugas com a idade <br>\nPele seca <br>\nProblemas no couro cabeludo <br>\nFotossensibilidade<\/p>\n<\/div>\n<\/div>\n\n\n\n<div class=\"wp-container-25 wp-block-group has-background detoxbottom\" style=\"background-color:#f8fafc\"><div class=\"wp-block-group__inner-container\">\n<p style=\"color:#0071a1;font-size:19px;font-family:Open Sans\" class=\"has-text-color crinnersub has-custom-font\"><strong>POR QUE ESCOLHER Dr. SERRAR<sup>\u00ae<\/sup> PROBIOTIC?<\/strong><\/p>\n\n\n\n<ul class=\"boostlist\"><li>Os probi\u00f3ticos SerrarPharma s\u00e3o fabricados de acordo com os mais altos padr\u00f5es da ind\u00fastria farmac\u00eautica. Eles cont\u00eam complexos de m\u00faltiplas linhagens que refletem a composi\u00e7\u00e3o natural da flora probi\u00f3tica humana (Bifidobacteria e Lactobacilli). <\/li><li> ALTA QUALIDADE. LIVRE DE GL\u00daTEN. Produzido nos Estados Unidos. <\/li><li> Instala\u00e7\u00f5es certificadas pela FDA <\/li><li> Boas Pr\u00e1ticas de Fabrica\u00e7\u00e3o (GMP) \u00e9 um conjunto de regulamentos farmac\u00eauticos estritos que garantem que os suplementos alimentares sejam fabricados e controlados com um alto padr\u00e3o adequado para uso. <\/li><li> Sem soja, sem gl\u00faten, com certifica\u00e7\u00e3o Kosher, sem latic\u00ednios, vegetariana <\/li><li> Sem leite, ovo, peixe, moluscos crust\u00e1ceos, nozes, amendoins, trigo e soja. Tamb\u00e9m livre de leveduras, gl\u00faten, cevada, arroz, s\u00f3dio e a\u00e7\u00facar. <\/li><li> Efici\u00eancia M\u00e1xima <\/li><li> Todas as fontes naturais<\/li><\/ul>\n\n\n\n<div style=\"height:20px\" aria-hidden=\"true\" class=\"wp-block-spacer\"><\/div>\n<\/div><\/div>\n<\/div><\/div>\n\n\n\n<p style=\"background-color:#005e94;font-family:Open Sans\" class=\"has-text-color has-background has-text-align-center has-medium-font-size has-quaternary-color clinicallinks has-custom-font\"><a href=\"https:\/\/www.serrarpharma.com\/pt\/product\/zinaprobiotic\">COMPRE AGORA<\/a><\/p>\n<\/div><\/div>\n\n\n\n<div class=\"wp-container-29 wp-block-group crbox\"><div class=\"wp-block-group__inner-container\">\n<div class=\"wp-container-28 wp-block-group has-background cresearchtop\" style=\"background-color:#e4effa\"><div class=\"wp-block-group__inner-container\">\n<div class=\"wp-block-media-text alignwide has-media-on-the-right is-stacked-on-mobile is-vertically-aligned-center topcrbox\" style=\"grid-template-columns:auto 35%\"><figure class=\"wp-block-media-text__media\"><img loading=\"lazy\" width=\"620\" height=\"500\" src=\"https:\/\/i0.wp.com\/www.serrarpharma.com\/wp-content\/uploads\/2020\/06\/dthree.png?resize=620%2C500&#038;ssl=1\" alt=\"\" class=\"wp-image-7950\" srcset=\"https:\/\/i0.wp.com\/www.serrarpharma.com\/wp-content\/uploads\/2020\/06\/dthree.png?w=620&amp;ssl=1 620w, https:\/\/i0.wp.com\/www.serrarpharma.com\/wp-content\/uploads\/2020\/06\/dthree.png?resize=300%2C242&amp;ssl=1 300w, https:\/\/i0.wp.com\/www.serrarpharma.com\/wp-content\/uploads\/2020\/06\/dthree.png?resize=600%2C484&amp;ssl=1 600w\" sizes=\"(max-width: 620px) 100vw, 620px\" data-recalc-dims=\"1\" \/><\/figure><div class=\"wp-block-media-text__content\">\n<div style=\"height:30px\" aria-hidden=\"true\" class=\"wp-block-spacer\"><\/div>\n\n\n\n<p style=\"background-color:#63ade5;line-height:1\" class=\"has-text-color has-background has-large-font-size has-quaternary-color crsub has-custom-lineheight\"><strong>Dr. SERRAR<sup>\u00ae<\/sup> Vitamin D3<\/strong><\/p>\n\n\n\n<p style=\"font-family:Open Sans;line-height:1.5\" class=\"crboxbod has-custom-font has-custom-lineheight\">Agora est\u00e1 claro que a vitamina D est\u00e1 envolvida na regula\u00e7\u00e3o do crescimento celular, imunidade e metabolismo celular. Os receptores de vitamina D s\u00e3o encontrados na maioria dos tecidos e c\u00e9lulas do corpo. A intera\u00e7\u00e3o do 1,25 (OH) 2D com esses receptores pode causar uma s\u00e9rie de respostas biol\u00f3gicas que influenciam os processos patol\u00f3gicos. <strong>A defici\u00eancia de vitamina D est\u00e1 ligada \u00e0 osteoporose, asma, doen\u00e7as auto-imunes, como artrite reumat\u00f3ide, esclerose m\u00faltipla e doen\u00e7a inflamat\u00f3ria intestinal, diabetes, interrup\u00e7\u00e3o da fun\u00e7\u00e3o muscular, resist\u00eancia \u00e0 tuberculose e patog\u00eanese de tipos espec\u00edficos de c\u00e2ncer.<\/strong><\/p>\n<\/div><\/div>\n\n\n\n<div style=\"height:20px\" aria-hidden=\"true\" class=\"wp-block-spacer\"><\/div>\n\n\n\n<p style=\"font-family:Open Sans;line-height:1.5\" class=\"crboxcat2 has-custom-font has-custom-lineheight\">Atualmente, vale a pena consumir vitamina D, dessa maneira protegemos nossos ossos contra c\u00e1ries e fortalecemos o sistema imunol\u00f3gico para combater v\u00edrus e bact\u00e9rias. A pesquisa mostrou que a vitamina D pode desempenhar um papel importante na regula\u00e7\u00e3o do humor e na preven\u00e7\u00e3o da depress\u00e3o. Os cientistas descobriram que pessoas com depress\u00e3o que receberam suplementos de vitamina D notaram uma melhora em seus sintomas. Al\u00e9m disso, considere adicionar suplementos de vitamina D \u00e0 sua dieta se voc\u00ea estiver tentando perder peso. Porque <strong> pessoas que tomam um suplemento di\u00e1rio de c\u00e1lcio e vitamina D foram capazes de perder mais peso do que indiv\u00edduos que tomam um suplemento de placebo. Os cientistas disseram que o c\u00e1lcio extra e a vitamina D tiveram um efeito inibidor de apetite. Em outro estudo, pessoas com sobrepeso que tomaram um suplemento di\u00e1rio de vitamina D melhoraram seus marcadores de risco de doen\u00e7a card\u00edaca <\/strong>. E, se o seu corpo n\u00e3o estiver recebendo vitamina D suficiente, existe o risco de desenvolver anormalidades \u00f3sseas, como ossos moles (osteomal\u00e1cia) ou ossos quebradi\u00e7os (osteoporose).<\/p>\n\n\n\n<div style=\"height:20px\" aria-hidden=\"true\" class=\"wp-block-spacer\"><\/div>\n<\/div><\/div>\n\n\n\n<div style=\"height:20px\" aria-hidden=\"true\" class=\"wp-block-spacer\"><\/div>\n\n\n\n<div class=\"wp-block-coblocks-row coblocks-row-31415475586 d3bottom mt-0\" data-columns=\"1\" data-layout=\"100\"><div class=\"wp-block-coblocks-row__inner has-background has-medium-gutter has-padding has-medium-padding has-no-margin is-stacked-on-mobile\" style=\"background-color:#f8fafc\">\n<div class=\"wp-block-coblocks-column coblocks-column-31415476933\" style=\"width:100%\"><div class=\"wp-block-coblocks-column__inner has-no-padding has-no-margin\">\n<p>Estudos cient\u00edficos sobre o sistema nervoso mostraram:<\/p>\n\n\n\n<ul class=\"boostlist\"><li>Um grande n\u00famero de receptores de vitamina D est\u00e1 presente em todo o sistema nervoso central. <\/li><li> O Vit D protege os neur\u00f4nios dos efeitos nocivos dos radicais livres e diminui a inflama\u00e7\u00e3o. <\/li><li> Correla\u00e7\u00e3o entre a vitamina D e o risco de desenvolver a doen\u00e7a de Parkinson. <\/li><li> efeito entre baixa vitamina D, depress\u00e3o e fadiga cr\u00f4nica. <\/li><li> Sem um n\u00edvel adequado de vitamina D, as gl\u00e2ndulas supra-renais n\u00e3o podem regular uma enzima necess\u00e1ria para a produ\u00e7\u00e3o de dopamina, adrenalina e noradrenalina. <\/li><li> As pessoas que sofrem de depress\u00e3o leve ou grave notam uma melhora acentuada em sua sa\u00fade quando recorrem \u00e0 suplementa\u00e7\u00e3o de vitamina D. <\/li><li> Os benef\u00edcios do vit D na prote\u00e7\u00e3o do capital \u00f3sseo, no c\u00e9rebro e at\u00e9 na insulina sensibilidade.<\/li><\/ul>\n\n\n\n<p><\/p>\n\n\n\n<p>A vitamina D \u00e0s vezes \u00e9 chamada de &#8220;vitamina do sol&#8221; porque \u00e9 produzida na pele em resposta \u00e0 luz solar (ultravioleta B: UVB). \u00c9 uma vitamina lipossol\u00favel em uma fam\u00edlia de compostos que inclui as vitaminas D-1, D-2 e D-3. Seria dif\u00edcil encontrar quantidades suficientes de vitamina D apenas com alimentos, uma vez que a quantidade \u00e9 pequena na maioria dos alimentos, exceto nos peixes gordurosos. A vitamina D pode ser encontrada nas seguintes sardinhas, salm\u00e3o, sementes de girassol, alimentos, \u00f3leos de f\u00edgado de bacalhau, queijo e ovos. A vitamina D tem sido associada a n\u00edveis aumentados de c\u00e1lcio no corpo humano e, portanto, ossos e dentes fortes.<\/p>\n\n\n\n<p>Pesquisas confirmaram que at\u00e9 50% da popula\u00e7\u00e3o do mundo poderia sofrer de defici\u00eancia de vitamina D. Uma pesquisa com idosos estimou que 95% sofria de defici\u00eancia de vitamina D porque passavam a maior parte do tempo em ambientes fechados com muito pouca atividade ao ar livre. Pensa-se que as pessoas mais velhas correm maior risco dessa defici\u00eancia de vitamina porque, \u00e0 medida que envelhecemos, nossa capacidade de converter a vitamina D em sua forma ativa diminui. Verificou-se que mais da metade das crian\u00e7as pesquisadas com idade entre 12 meses e 5 anos sofria de defici\u00eancia de vitamina D, assim como 65% das crian\u00e7as de 6 a 11 anos. muitos de n\u00f3s n\u00e3o obt\u00eam exposi\u00e7\u00e3o suficiente \u00e0 luz solar, especialmente entre os meses de novembro a mar\u00e7o ou que nossa idade significa que n\u00e3o podemos converter a vitamina D em sua forma ativa. Al\u00e9m disso, o corpo n\u00e3o gera vitamina D quando est\u00e1 sentado atr\u00e1s de uma janela de vidro, seja no carro ou em casa, porque esses raios UV n\u00e3o podem penetrar no vidro para gerar vitamina D na pele. Os filtros solares, mesmo os fracos, embora essenciais para proteger a pele, podem afetar a capacidade do corpo de gerar vitamina D.<\/p>\n\n\n\n<p>Se seu corpo n\u00e3o receber vitamina D suficiente, voc\u00ea corre o risco de desenvolver anormalidades \u00f3sseas, como ossos moles (osteomal\u00e1cia) ou ossos fr\u00e1geis (osteoporose).<\/p>\n\n\n\n<p>&nbsp;<strong>Isso deixou mais de 10 milh\u00f5es de pessoas com defici\u00eancia de vitamina D.<\/strong><\/p>\n\n\n\n<p style=\"color:#63ade5\" class=\"has-text-color crinnersub\">\nPOR QUE VITAMINA D3?<\/p>\n\n\n\n<p style=\"font-family:Open Sans;line-height:1.5\" class=\"whyd3 has-custom-font has-custom-lineheight\">De acordo com um estudo recente, mais de 40% de toda a popula\u00e7\u00e3o tem defici\u00eancia de vitamina D. \u00c9s um deles? Como voc\u00ea saberia? Os sintomas comuns incluem:<\/p>\n\n\n\n<ul class=\"boostlist\"><li>Altera\u00e7\u00f5es de humor <\/li><li> Depress\u00e3o <\/li><li> Falta de energia <\/li><li> Doen\u00e7as cr\u00f4nicas da pele <\/li><li> Outras doen\u00e7as cr\u00f4nicas<\/li><\/ul>\n\n\n\n<div style=\"height:20px\" aria-hidden=\"true\" class=\"wp-block-spacer\"><\/div>\n\n\n\n<p style=\"color:#0071a1;font-size:19px;font-family:Open Sans\" class=\"has-text-color crinnersub has-custom-font\"><strong>POR QUE ESCOLHER ZINAVITAMINA D3?<\/strong><\/p>\n\n\n\n<p style=\"font-family:Open Sans;line-height:1.5\" class=\"whyd3 has-custom-font has-custom-lineheight\">A SerrarPharma Vitamin D3 \u00e9 fabricada de acordo com os mais altos padr\u00f5es de qualidade da ind\u00fastria farmac\u00eautica. Eles cont\u00eam Vitamina D3 5000iu L\u00edquido Natural de Alta Absor\u00e7\u00e3o com Azeite cont\u00e9m o n\u00edvel mais alto de Vitamina D3 eficaz em saborosa dose di\u00e1ria. Nossa f\u00f3rmula foi projetada para ser simplesmente colocada sob a l\u00edngua para absor\u00e7\u00e3o m\u00e1xima. A vitamina D3 l\u00edquida \u00e9 absorvida com mais facilidade e ideal para pessoas com problemas digestivos.<\/p>\n\n\n\n<ul class=\"boostlist has-custom-font\" style=\"font-family:Open Sans\"><li> Recomendado pelos melhores dermatologistas e oncologistas. Apoie a desintoxica\u00e7\u00e3o, sistema imunol\u00f3gico ideal e melhore o sono. 80% dos americanos s\u00e3o deficientes em vitamina D3. A vitamina D3 \u00e9 sol\u00favel em gordura, \u00e9 o \u00f3leo natural melhor absorvido, como em nossa f\u00f3rmula exclusiva de azeite de oliva. <\/li><li> Obtenha cabelos e pele saud\u00e1veis; obtenha energia e metabolismo ideais. <\/li><li> Instala\u00e7\u00f5es certificadas pela FDA <\/li><li> Boas Pr\u00e1ticas de Fabrica\u00e7\u00e3o (GMP) \u00e9 um conjunto de regulamentos farmac\u00eauticos rigorosos que garantem que os suplementos alimentares sejam fabricados e controlados com um alto padr\u00e3o que \u00e9 adequado para uso. <\/li><li> Sem soja, sem gl\u00faten, com certifica\u00e7\u00e3o Kosher, sem latic\u00ednios, vegetariana <\/li><li> Sem leite, ovo, peixe, crust\u00e1ceo, nozes, amendoins , trigo e soja. Tamb\u00e9m livre de leveduras, gl\u00faten, cevada, arroz, s\u00f3dio e a\u00e7\u00facar. <\/li><li> L\u00edquido de Absor\u00e7\u00e3o R\u00e1pida <\/li><li> VIT D3 puro entregue em Azeite Virgem Extra N\u00e3o OGM <\/li><li> Efici\u00eancia m\u00e1xima <\/li><li> Todos naturais<\/li><\/ul>\n\n\n\n<div style=\"height:20px\" aria-hidden=\"true\" class=\"wp-block-spacer\"><\/div>\n\n\n\n<p style=\"color:#63ade5\" class=\"has-text-color crinnersub\"> QUE SIGNIFICA VITAMINA D E COVID EM PARTICULAR?<\/p>\n\n\n\n<p>Um estudo recente concluiu que seus resultados &#8220;defendem fortemente um papel da defici\u00eancia de vitamina D no risco de ter COVID-19 e um tratamento prolongado da vitamina D nos n\u00edveis populacional e de teste e uma avalia\u00e7\u00e3o dos efeitos dessas interven\u00e7\u00f5es&#8221;.<\/p>\n\n\n\n<p>Al\u00e9m disso, durante os invernos, uma pessoa idosa com excesso de peso e pele escura que se refugia dentro de casa a maior parte do tempo quase certamente tem defici\u00eancia de vitamina D e esse baixo status de vitamina D pode ser exacerbado durante este COVID -19. Se ele n\u00e3o estiver tomando suplementos, deve faz\u00ea-lo, independentemente do efeito protetor contra o v\u00edrus Covid. Uma vez que poderia ser \u00fatil contra o v\u00edrus.<\/p>\n<\/div><\/div>\n<\/div><\/div>\n\n\n\n<p style=\"background-color:#005e94;font-family:Open Sans\" class=\"has-text-color has-background has-text-align-center has-medium-font-size has-quaternary-color clinicallinks has-custom-font\"><a href=\"https:\/\/www.serrarpharma.com\/pt\/product\/zinavitamin-d3\">COMPRE AGORA<\/a><\/p>\n<p>\n<\/div><\/div>\n\n\n\n<div class=\"wp-container-31 wp-block-group crbox\"><div class=\"wp-block-group__inner-container\">\n<div class=\"wp-container-30 wp-block-group has-background cresearchtop\" style=\"background-color:#e4effa\"><div class=\"wp-block-group__inner-container\">\n<div class=\"wp-block-media-text alignwide has-media-on-the-right is-stacked-on-mobile is-vertically-aligned-center topcrbox\" style=\"grid-template-columns:auto 35%\"><figure class=\"wp-block-media-text__media\"><img loading=\"lazy\" width=\"620\" height=\"500\" src=\"https:\/\/i0.wp.com\/www.serrarpharma.com\/wp-content\/uploads\/2020\/06\/lagen.png?resize=620%2C500&#038;ssl=1\" alt=\"\" class=\"wp-image-7951\" srcset=\"https:\/\/i0.wp.com\/www.serrarpharma.com\/wp-content\/uploads\/2020\/06\/lagen.png?w=620&amp;ssl=1 620w, https:\/\/i0.wp.com\/www.serrarpharma.com\/wp-content\/uploads\/2020\/06\/lagen.png?resize=300%2C242&amp;ssl=1 300w, https:\/\/i0.wp.com\/www.serrarpharma.com\/wp-content\/uploads\/2020\/06\/lagen.png?resize=600%2C484&amp;ssl=1 600w\" sizes=\"(max-width: 620px) 100vw, 620px\" data-recalc-dims=\"1\" \/><\/figure><div class=\"wp-block-media-text__content\">\n<div style=\"height:30px\" aria-hidden=\"true\" class=\"wp-block-spacer\"><\/div>\n\n\n\n<p style=\"background-color:#63ade5;line-height:1\" class=\"has-text-color has-background has-large-font-size has-quaternary-color crsub has-custom-lineheight\"><strong>Dr. SERRAR<sup>\u00ae<\/sup> Collagen Pure<\/strong><\/p>\n\n\n\n<p style=\"font-family:Open Sans;line-height:1.5\" class=\"crboxbod has-custom-font has-custom-lineheight\">O col\u00e1geno \u00e9 como a cola que mant\u00e9m o corpo unido. \u00c9 a prote\u00edna mais abundante no corpo e pode ser encontrada no m\u00fasculo, pele, cartilagem, ossos e sangue apenas para citar alguns dos pap\u00e9is vitais que desempenha no corpo. Nos \u00faltimos anos, o col\u00e1geno come\u00e7ou a se tornar cada vez mais popular.<\/p>\n\n\n\n<p style=\"font-family:Open Sans\" class=\"crboxbod has-custom-font\"><strong>Apoia articula\u00e7\u00f5es e pele saud\u00e1veis \u200b\u200b<br>\nAjuda no aparecimento de rugas <br>\nFornece tecido conjuntivo <br>\nAjuda a construir m\u00fasculos e queimar gordura<\/strong><\/p>\n<\/div><\/div>\n\n\n\n<div style=\"height:20px\" aria-hidden=\"true\" class=\"wp-block-spacer\"><\/div>\n\n\n\n<div style=\"height:20px\" aria-hidden=\"true\" class=\"wp-block-spacer\"><\/div>\n<\/div><\/div>\n\n\n\n<div style=\"height:20px\" aria-hidden=\"true\" class=\"wp-block-spacer\"><\/div>\n\n\n\n<div class=\"wp-block-coblocks-row coblocks-row-31415475586 d3bottom mt-0\" data-columns=\"1\" data-layout=\"100\"><div class=\"wp-block-coblocks-row__inner has-background has-medium-gutter has-padding has-medium-padding has-no-margin is-stacked-on-mobile\" style=\"background-color:#f8fafc\">\n<div class=\"wp-block-coblocks-column coblocks-column-31415476933\" style=\"width:100%\"><div class=\"wp-block-coblocks-column__inner has-no-padding has-no-margin\">\n<p style=\"font-family:Open Sans;line-height:1.5\" class=\"has-custom-font has-custom-lineheight\">O col\u00e1geno \u00e9 um complexo de col\u00e1geno de m\u00faltiplas mol\u00e9culas que oferece suporte para a sa\u00fade das articula\u00e7\u00f5es e para a pele saud\u00e1vel. O col\u00e1geno pode apoiar a elasticidade e a firmeza da pele, al\u00e9m de ajudar a reter a umidade. *<\/p>\n\n\n\n<ul class=\"boostlist has-custom-font\" style=\"font-family:Open Sans\"><li>Apoia a sa\u00fade das articula\u00e7\u00f5es <\/li> <li> Promove a elasticidade da pele <\/li> <li> Pode ajudar a diminuir o aparecimento de linhas finas e rugas * <\/li> <li> Potencial para fornecer suporte ao tecido conjuntivo * <\/li> < Ajuda a construir m\u00fasculos e queimar gordura <\/li> <li> Suplemento natural<\/li><\/ul>\n\n\n\n<p><\/p>\n\n\n\n<p style=\"font-family:Open Sans;line-height:1.5\" class=\"has-custom-font has-custom-lineheight\">O corpo produz naturalmente col\u00e1geno, mas \u00e0 medida que envelhecemos, come\u00e7amos a produzir cada vez menos. Isso pode resultar em sinais vis\u00edveis de envelhecimento &#8211; como rugas e flacidez da pele &#8211; e sinais invis\u00edveis de envelhecimento &#8211; como dores nas articula\u00e7\u00f5es. O col\u00e1geno pode ajudar a fornecer ao seu corpo os blocos de constru\u00e7\u00e3o necess\u00e1rios para manter essas e outras \u00e1reas da sa\u00fade. Tamb\u00e9m pode ajudar a apoiar m\u00fasculos magros saud\u00e1veis. Com sua ampla gama de benef\u00edcios e usos, o col\u00e1geno pode atrair clientes jovens e idosos!<\/p>\n\n\n\n<div style=\"height:20px\" aria-hidden=\"true\" class=\"wp-block-spacer\"><\/div>\n\n\n\n<p style=\"color:#0071a1;font-family:Open Sans\" class=\"has-text-color has-medium-font-size crinnersub has-custom-font\"><strong>Por que escolher o  Dr. SERRAR<sup>\u00ae<\/sup>&nbsp;Collagen Pure?<\/strong><\/p>\n\n\n\n<p style=\"font-family:Open Sans;line-height:1.5\" class=\"has-custom-font has-custom-lineheight\">Dr. SERRAR<sup>\u00ae<\/sup>&nbsp;O Collagen Pure \u00e9 fabricado de acordo com os mais altos padr\u00f5es da ind\u00fastria farmac\u00eautica. Eles cont\u00eam complexos de col\u00e1geno de m\u00faltiplas mol\u00e9culas: pept\u00eddeos de bovinos, de frango e de membrana de casca de ovo.<\/p>\n\n\n\n<ul class=\"boostlist has-custom-font\" style=\"font-family:Open Sans\"><li> ALTA QUALIDADE. LIVRE DE GL\u00daTEN. Fabricado nos EUA. <\/li><li> Instala\u00e7\u00f5es certificadas pela FDA <\/li><li> Boas Pr\u00e1ticas de Fabrica\u00e7\u00e3o (GMP) \u00e9 um conjunto de regulamentos farmac\u00eauticos rigorosos que garantem que os suplementos alimentares sejam fabricados e controlados com um alto padr\u00e3o adequado para uso. <\/li><li> Sem soja, sem gl\u00faten, com certifica\u00e7\u00e3o Kosher, sem latic\u00ednios, sem leite, nozes, amendoim, marisco, trigo e soja. Tamb\u00e9m isenta de fermento, cevada, arroz, s\u00f3dio e a\u00e7\u00facar. <\/li><li> Efici\u00eancia M\u00e1xima <\/li><li> Todos de origem natural <\/li><li> Feito com ingredientes hipoalerg\u00eanicos <\/li><\/ul>\n<\/div><\/div>\n<\/div><\/div>\n\n\n\n<p style=\"background-color:#005e94;font-family:Open Sans\" class=\"has-text-color has-background has-text-align-center has-medium-font-size has-quaternary-color clinicallinks has-custom-font\"><a href=\"https:\/\/www.serrarpharma.com\/product\/collagen-pure\/\">COMPRE AGORA<\/a><\/p>\n<\/div><\/div>\n\n\n\n<div class=\"wp-container-33 wp-block-group crbox\"><div class=\"wp-block-group__inner-container\">\n<div class=\"wp-container-32 wp-block-group has-background cresearchtop\" style=\"background-color:#e4effa\"><div class=\"wp-block-group__inner-container\">\n<div class=\"wp-block-media-text alignwide has-media-on-the-right is-stacked-on-mobile is-vertically-aligned-center topcrbox\" style=\"grid-template-columns:auto 35%\"><figure class=\"wp-block-media-text__media\"><img src=\"https:\/\/i0.wp.com\/www.serrarpharma.com\/wp-content\/uploads\/2020\/06\/vita.png?w=660&#038;ssl=1\" alt=\"\" class=\"wp-image-7949\" data-recalc-dims=\"1\"\/><\/figure><div class=\"wp-block-media-text__content\">\n<div style=\"height:30px\" aria-hidden=\"true\" class=\"wp-block-spacer\"><\/div>\n\n\n\n<p style=\"background-color:#63ade5;line-height:1\" class=\"has-text-color has-background has-large-font-size has-quaternary-color vitcsub has-custom-lineheight\"><strong>Dr. SERRAR<sup>\u00ae<\/sup> Vitamin C Serum<\/strong><\/p>\n\n\n\n<p style=\"font-family:Open Sans;line-height:1.5\" class=\"crboxbod has-custom-font has-custom-lineheight\">Dr. SERRAR<sup>\u00ae<\/sup> Skin Care \u00e9 uma marca cujos tratamentos antioxidantes s\u00e3o preparados de acordo com par\u00e2metros de prote\u00e7\u00e3o contra o envelhecimento atmosf\u00e9rico. O \u00faltimo denota sinais vis\u00edveis de exposi\u00e7\u00e3o a uma variedade de agressores ambientais. Esses agressores incluem raios UV, radia\u00e7\u00e3o infravermelha (IRA) e polui\u00e7\u00e3o. Pesquisas mostram que a superexposi\u00e7\u00e3o a esses agressores pode levar ao envelhecimento vis\u00edvel da pele e que o uso de antioxidantes t\u00f3picos pode ajudar a prevenir esse efeito.<\/p>\n<\/div><\/div>\n\n\n\n<div style=\"height:20px\" aria-hidden=\"true\" class=\"wp-block-spacer\"><\/div>\n\n\n\n<div style=\"height:20px\" aria-hidden=\"true\" class=\"wp-block-spacer\"><\/div>\n<\/div><\/div>\n\n\n\n<div style=\"height:20px\" aria-hidden=\"true\" class=\"wp-block-spacer\"><\/div>\n\n\n\n<div class=\"wp-block-coblocks-row coblocks-row-31415475586 d3bottom mt-0\" data-columns=\"1\" data-layout=\"100\"><div class=\"wp-block-coblocks-row__inner has-background has-medium-gutter has-padding has-medium-padding has-no-margin is-stacked-on-mobile\" style=\"background-color:#f8fafc\">\n<div class=\"wp-block-coblocks-column coblocks-column-31415476933\" style=\"width:100%\"><div class=\"wp-block-coblocks-column__inner has-no-padding has-no-margin\">\n<p style=\"font-family:Open Sans;line-height:1.5\" class=\"has-custom-font has-custom-lineheight\">\nPesquisas cl\u00ednicas mostram que combina\u00e7\u00f5es espec\u00edficas de antioxidantes, quando projetadas de maneira eficaz, funcionam sinergicamente para oferecer melhores resultados do que esses mesmos antioxidantes usados \u200b\u200bseparadamente. A escolha da vitamina C E Ferulic para este soro \u00e0 base de vitamina C foi projetada para obter \u00f3timos resultados:<\/p>\n\n\n\n<ul class=\"boostlist has-custom-font\" style=\"font-family:Open Sans\"><li>Refor\u00e7a a prote\u00e7\u00e3o contra os raios UV para prevenir melhor os sinais vis\u00edveis de envelhecimento. <\/li><li> Reduz a apar\u00eancia de danos causados \u200b\u200bpelo sol.<\/li><\/ul>\n\n\n\n<p><\/p>\n\n\n\n<p style=\"font-family:Open Sans;line-height:1.5\" class=\"has-custom-font has-custom-lineheight\">VITAMIN C Serum, \u00e9 usado para clarear e renovar a pele. \u00c9 uma f\u00f3rmula poderosa para combater o tom de pele sem brilho e irregular e os sinais de envelhecimento com apenas 11 ingredientes. Sem perfume, sem silicone, apenas ingredientes ativos essenciais de excel\u00eancia em dermatologia.<\/p>\n\n\n\n<div style=\"height:20px\" aria-hidden=\"true\" class=\"wp-block-spacer\"><\/div>\n\n\n\n<p style=\"color:#63ade5;font-size:19px;font-family:Open Sans\" class=\"has-text-color has-custom-font\"><strong>INGREDIENTES CHAVE<\/strong><\/p>\n\n\n\n<p style=\"font-family:Open Sans;line-height:1.5\" class=\"has-custom-font has-custom-lineheight\"><strong>22% de \u00e1cido L-asc\u00f3rbico (vitamina C): <\/strong> <br> A vitamina C \u00e9 um antioxidante muito poderoso que n\u00e3o \u00e9 efetivamente absorvido pela pele devido \u00e0 sua estrutura. As caracter\u00edsticas da prepara\u00e7\u00e3o Dr. SERRAR\u00ae deste soro permitem que a vitamina C seja absorvida pela pele de maneira eficaz:<\/p>\n\n\n\n<ul class=\"boostlist has-custom-font\" style=\"font-family:Open Sans\"><li>\u00e1cido L-asc\u00f3rbico puro (Vitamina C); <\/li><li> pH \u00e1cido entre 2,0 e 3,5; <\/li><li> concentra\u00e7\u00e3o de 22% em uma f\u00f3rmula 100% hipoalerg\u00eanica<\/li><\/ul>\n\n\n\n<div style=\"height:20px\" aria-hidden=\"true\" class=\"wp-block-spacer\"><\/div>\n\n\n\n<p style=\"font-family:Open Sans;line-height:1.5\" class=\"has-custom-font has-custom-lineheight\">Essencial para o bom funcionamento do corpo, a vitamina C est\u00e1 presente na pele, onde ret\u00e9m uma certa categoria de radicais livres e combate os danos causados \u200b\u200bpelo estresse oxidativo. e ajuda a proteger contra o estresse oxidativo, proporcionando benef\u00edcios antienvelhecimento vis\u00edveis. \u00c9 tamb\u00e9m um trunfo para combater dist\u00farbios pigmentares, redensificar a matriz extracelular e combater a inflama\u00e7\u00e3o para acalmar a pele. No rosto, os efeitos desses ativos multitarefa s\u00e3o imediatos: linhas finas s\u00e3o reduzidas, a tez \u00e9 mais uniforme e o brilho \u00e9 dado uma segunda respira\u00e7\u00e3o.<\/p>\n\n\n\n<p style=\"font-family:Open Sans;line-height:1.5\" class=\"has-custom-font has-custom-lineheight\"><strong><strong>Niacinamida (vitamina B3) <\/strong> <\/strong>: <br> Usada pela pele, a niacinamida oferece v\u00e1rias a\u00e7\u00f5es:<\/p>\n\n\n\n<ul class=\"boostlist has-custom-font\" style=\"font-family:Open Sans\"><li>Melhoria da fun\u00e7\u00e3o de barreira da pele. Acelera\u00e7\u00e3o da diferencia\u00e7\u00e3o celular. <\/li><li> Cura r\u00e1pida. Ajuda a reestruturar a epiderme. <\/li><li> Efeitos anti-inflamat\u00f3rios, limita a irrita\u00e7\u00e3o. <\/li><li> Redu\u00e7\u00e3o da perda de \u00e1gua, efeito hidratante das diferentes camadas da pele, incluindo o estrato c\u00f3rneo. <\/li><li> Aumenta as enzimas que criam ceramidas e serina para melhor coes\u00e3o celular. <\/li><li> Luta contra estados at\u00f3picos, contra a pele seca. <\/li><li> Inibi\u00e7\u00e3o de citocinas inflamat\u00f3rias. <\/li><li> Diminui e regula a produ\u00e7\u00e3o de melanina (manchas marrons). <\/li><li> Uma a\u00e7\u00e3o antienvelhecimento e anti-inflamat\u00f3ria interessante, adequada para todos os tipos de pele e todas as idades (adultos). <\/li><li> VITAMINA C soro, portanto, de interesse para a pele com acne inflamat\u00f3ria, pele irritada, pele at\u00f3pica, pele que se torna sens\u00edvel, pele que reage mais do que antes, pele com poros vis\u00edveis, espinha emergente, ros\u00e1cea, pele sob tratamento irritante (retinol, retin\u00f3ides , contra acne).<\/li><\/ul>\n\n\n\n<div style=\"height:20px\" aria-hidden=\"true\" class=\"wp-block-spacer\"><\/div>\n\n\n\n<p style=\"font-family:Open Sans;line-height:1.5\" class=\"has-custom-font has-custom-lineheight\"><strong>Hialuronato de s\u00f3dio <\/strong>: <br> O hialuronato de s\u00f3dio \u00e9 o sal do \u00e1cido hialur\u00f4nico. \u00c9 um componente natural do tecido conjuntivo. Ele penetra facilmente na epiderme e \u00e9 capaz de absorver uma grande quantidade de \u00e1gua, at\u00e9 20 vezes o seu peso. <br> Descoberto nos anos 30, o \u00e1cido hialur\u00f4nico \u00e9 abundante na derme da pele jovem, mas sua quantidade diminui com a idade: a pele aparece mais danificada, com rugas. O \u00e1cido hialur\u00f4nico \u00e9 uma mol\u00e9cula bastante grande que tem dificuldade em penetrar na pele e \u00e9 muito mais eficaz quando injetada. Em um cosm\u00e9tico, seu sal \u00e9 usado: o hialuronato de s\u00f3dio \u00e9 uma mol\u00e9cula muito menor, que penetra mais facilmente e pode se mover para as camadas profundas da pele. Este sal \u00e9 um poderoso umectante que atrai e ret\u00e9m \u00e1gua, tornando-o o produto hidratante preferido para a pele: ajuda a mant\u00ea-lo &#8220;\u00famido&#8221;. Como atrai e se liga \u00e0 \u00e1gua, causa um leve incha\u00e7o, o que reduz a apar\u00eancia de linhas finas e rugas, para dar \u00e0 pele uma apar\u00eancia mais jovem.<\/p>\n\n\n\n<p style=\"font-family:Open Sans;line-height:1.5\" class=\"has-custom-font has-custom-lineheight\"><strong>1% de alfa-tocoferol <\/strong>: <br> Esta forma de vitamina E neutraliza os radicais livres e reabastece os lip\u00eddios da pele. Como foi comprovado, o alfa-tocoferol trabalha sinergicamente com a vitamina C, cada uma regenerando a outra. Acima de tudo, ajuda a acalmar a pele e a proteg\u00ea-la dos efeitos nocivos da polui\u00e7\u00e3o. Consequ\u00eancias; menos sinais de fadiga no rosto.<\/p>\n\n\n\n<p style=\"font-family:Open Sans;line-height:1.5\" class=\"has-custom-font has-custom-lineheight\">Suas fun\u00e7\u00f5es <br> Antioxidante: Inibe rea\u00e7\u00f5es favorecidas pelo oxig\u00eanio, evitando oxida\u00e7\u00e3o e ran\u00e7o. <br> Agente de cuidados com a pele: Mant\u00e9m a pele em boas condi\u00e7\u00f5es<\/p>\n\n\n\n<p style=\"font-family:Open Sans;line-height:1.5\" class=\"has-custom-font has-custom-lineheight\"><strong>Pr\u00f3-vitamina B5 <\/strong>: O pantenol \u00e9 um \u00e1lcool amplamente utilizado em cosm\u00e9ticos. Pantenol melhora a hidrata\u00e7\u00e3o, reduz a coceira e a inflama\u00e7\u00e3o da pele. Acelera e melhora a cicatriza\u00e7\u00e3o de feridas epid\u00e9rmicas. \u00c9 frequentemente usado em produtos de tratamento de queimaduras solares. Quando o pantenol \u00e9 aplicado localmente, penetra nas camadas inferiores da pele, \u00e9 absorvido pelas c\u00e9lulas da pele e transformado em \u00e1cido pantot\u00eanico (mais comumente conhecido como vitamina B5). \u00c9 essa penetra\u00e7\u00e3o que permite a hidrata\u00e7\u00e3o essencial. <br> 0,5% de \u00e1cido fer\u00falico <br> Um antioxidante \u00e0 base de plantas, o \u00e1cido fer\u00falico neutraliza os radicais livres e aumenta os benef\u00edcios antioxidantes das vitaminas C e E.<\/p>\n\n\n\n<p style=\"color:#0071a1;font-family:Open Sans\" class=\"has-text-color has-medium-font-size crinnersub has-custom-font\"><strong>Por que escolher Dr. SERRAR<sup>\u00ae<\/sup>&nbsp;Vitamin C Serum?<\/strong><\/p>\n\n\n\n<p style=\"font-family:Open Sans;line-height:1.5\" class=\"has-custom-font has-custom-lineheight\">Dr. SERRAR<sup>\u00ae<\/sup> VITAMINA C SERUM s\u00e3o fabricados de acordo com os mais altos padr\u00f5es da ind\u00fastria farmac\u00eautica. Eles cont\u00eam soro antioxidante avan\u00e7ado &#8211; um nutriente indispens\u00e1vel para a produ\u00e7\u00e3o de col\u00e1geno, a vitamina C combina sinergicamente com hialuronato de s\u00f3dio e vitamina E nesta f\u00f3rmula avan\u00e7ada projetada para atingir os sinais mais comuns de envelhecimento, incluindo brilho, firmeza, linhas finas, rugas, manchas escuras e sol pontos.<\/p>\n\n\n\n<ul class=\"boostlist has-custom-font\" style=\"font-family:Open Sans\"><li>ALTA QUALIDADE. LIVRE DE GL\u00daTEN. Fabricado nos EUA. <\/li><li> Instala\u00e7\u00f5es certificadas pela FDA <\/li><li> Boas Pr\u00e1ticas de Fabrica\u00e7\u00e3o (GMP) \u00e9 um conjunto de regulamentos farmac\u00eauticos rigorosos que garantem que os suplementos alimentares sejam fabricados e controlados com um alto padr\u00e3o adequado para uso. <\/li><li> Sem soja, sem gl\u00faten, com certifica\u00e7\u00e3o Kosher, sem latic\u00ednios, sem leite, nozes, amendoim, marisco, trigo e soja. Tamb\u00e9m isenta de fermento, cevada, arroz, s\u00f3dio e a\u00e7\u00facar. <\/li><li> Efici\u00eancia M\u00e1xima <\/li><li> Todos de origem natural <\/li><li> Feito com ingredientes hipoalerg\u00eanicos<\/li><\/ul>\n\n\n\n<div style=\"height:20px\" aria-hidden=\"true\" class=\"wp-block-spacer\"><\/div>\n\n\n\n<p style=\"font-family:Open Sans;line-height:1.5\" class=\"has-custom-font has-custom-lineheight\"><strong>Indica\u00e7\u00f5es <\/strong> <br> O processo de envelhecimento naturalmente diminui a umidade, o col\u00e1geno e os nutrientes cruciais da pele, deixando a pele seca, enrugada e manchada. O soro da vitamina C foi projetado com precis\u00e3o para revitalizar a pele envelhecida, fornecendo os principais nutrientes necess\u00e1rios para restaurar a pele \u00e0 sua apar\u00eancia jovem e bonita.<\/p>\n<\/div><\/div>\n<\/div><\/div>\n\n\n\n<p style=\"background-color:#005e94;font-family:Open Sans\" class=\"has-text-color has-background has-text-align-center has-medium-font-size has-quaternary-color clinicallinks has-custom-font\"><a href=\"https:\/\/www.serrarpharma.com\/pt\/product\/dr-serrar-vitamin-c-serum\/\">COMPRE AGORA<\/a><\/p>\n<\/div><\/div>\n\n\n\n<div class=\"wp-container-35 wp-block-group crbox\"><div class=\"wp-block-group__inner-container\">\n<div class=\"wp-container-34 wp-block-group has-background cresearchtop\" style=\"background-color:#e4effa\"><div class=\"wp-block-group__inner-container\">\n<div class=\"wp-block-media-text alignwide has-media-on-the-right is-stacked-on-mobile is-vertically-aligned-center topcrbox\" style=\"grid-template-columns:auto 35%\"><figure class=\"wp-block-media-text__media\"><img src=\"https:\/\/i0.wp.com\/www.serrarpharma.com\/wp-content\/uploads\/2020\/06\/BodySlim-TCR.png?w=660&#038;ssl=1\" alt=\"\" class=\"wp-image-7756\" data-recalc-dims=\"1\"\/><\/figure><div class=\"wp-block-media-text__content\">\n<div style=\"height:30px\" aria-hidden=\"true\" class=\"wp-block-spacer\"><\/div>\n\n\n\n<p style=\"background-color:#63ade5;line-height:1\" class=\"has-text-color has-background has-large-font-size has-quaternary-color crsub has-custom-lineheight\"><strong>Dr. SERRAR<sup>\u00ae<\/sup> BODYSLIM<\/strong><\/p>\n\n\n\n<p style=\"font-family:Open Sans;line-height:1.5\" class=\"crboxbod has-custom-font has-custom-lineheight\">Dr. SERRAR<sup>\u00ae<\/sup> O produto para cuidados com a pele \u00e9 o seu melhor aliado. Um verdadeiro impulso se voc\u00ea decidir controlar o seu peso. \u00c9 uma marca cujos tratamentos anticelulite e casca de laranja s\u00e3o preparados de acordo com par\u00e2metros para prote\u00e7\u00e3o contra armazenamento de gordura e flacidez da pele.<\/p>\n\n\n\n<p style=\"font-family:Open Sans;line-height:1.5\" class=\"crboxbod has-custom-font has-custom-lineheight\"><br>Para se livrar dos quilos extras, n\u00e3o h\u00e1 solu\u00e7\u00e3o r\u00e1pida. Voc\u00ea deve seguir o programa ZinaCal: alimenta\u00e7\u00e3o saud\u00e1vel, exerc\u00edcios e sono suficiente. Mas quem diz quilos extras tamb\u00e9m diz celulite, capit\u00e3es, casca de laranja &#8230; Uma refei\u00e7\u00e3o saud\u00e1vel e atividades f\u00edsicas n\u00e3o s\u00e3o suficientes para combater esse flagelo, conhecido por todas as mulheres, sejam elas magras ou redondas. Para eliminar esses peda\u00e7os de gordura que se formam sob a pele, desenvolvemos dois tipos de creme, dependendo da sua inten\u00e7\u00e3o e do seu problema.<\/p>\n<\/div><\/div>\n\n\n\n<div style=\"height:20px\" aria-hidden=\"true\" class=\"wp-block-spacer\"><\/div>\n\n\n\n<div style=\"height:20px\" aria-hidden=\"true\" class=\"wp-block-spacer\"><\/div>\n<\/div><\/div>\n\n\n\n<div style=\"height:20px\" aria-hidden=\"true\" class=\"wp-block-spacer\"><\/div>\n\n\n\n<div class=\"wp-block-coblocks-row coblocks-row-31415475586 d3bottom mt-0\" data-columns=\"1\" data-layout=\"100\"><div class=\"wp-block-coblocks-row__inner has-background has-medium-gutter has-padding has-medium-padding has-no-margin is-stacked-on-mobile\" style=\"background-color:#f8fafc\">\n<div class=\"wp-block-coblocks-column coblocks-column-31415476933\" style=\"width:100%\"><div class=\"wp-block-coblocks-column__inner has-no-padding has-no-margin\">\n<p style=\"font-family:Open Sans;line-height:1.5\" class=\"has-custom-font has-custom-lineheight\">No caso de tecido adiposo espesso demais com pele fl\u00e1cida, escolha um creme redutor de lipo BODYSLIM que impe\u00e7a a gordura de se alojar no tecido adiposo ou a diminua. <br> Para a celulite, caracterizada por uma casca de laranja apar\u00eancia nas \u00e1reas femininas (barriga, quadris, coxas, barriga, n\u00e1degas e \u00e0s vezes na parte interna dos bra\u00e7os), escolha um creme anti-\u00e1gua ou drenagem BODYLIFT. Porque a celulite \u00e9 sempre acompanhada de reten\u00e7\u00e3o de \u00e1gua e m\u00e1 circula\u00e7\u00e3o.<\/p>\n\n\n\n<p style=\"font-family:Open Sans;line-height:1.5\" class=\"has-custom-font has-custom-lineheight\">Para peles que perderam a elasticidade, com pele alaranjada, m\u00e1 circula\u00e7\u00e3o e tecido solto, escolha um creme BODYSLIM que reafirma e drena BODYLIFT.<\/p>\n\n\n\n<ul class=\"boostlist has-custom-font\" style=\"font-family:Open Sans\"><li>Removedor de celulite <\/li> <li> Aperta e firma a pele <\/li> <li> Reconstr\u00f3i o col\u00e1geno e a elasticidade da pele <\/li> <li> Nutre a pele durante a gravidez, r\u00e1pido ganho de peso ou perda de peso < \/ li> <li> Melhorar a apar\u00eancia de cicatrizes e estrias<\/li><\/ul>\n\n\n\n<div style=\"height:20px\" aria-hidden=\"true\" class=\"wp-block-spacer\"><\/div>\n\n\n\n<p style=\"font-family:Open Sans;line-height:1.5\" class=\"has-custom-font has-custom-lineheight\"><strong>ESCOLHA DE CREME SLIMMING <\/strong> <br> Os cremes para emagrecer BODYSLIM &#038; BODYLIFT s\u00e3o usados, acima de tudo, para esculpir seu corpo, reafirmando-o. Eles tamb\u00e9m suavizam covinhas, casca de laranja e reduzem a gordura.<\/p>\n\n\n\n<p style=\"font-family:Open Sans;line-height:1.5\" class=\"has-custom-font has-custom-lineheight\">O creme BODYLIFT geralmente atua na &#8220;reten\u00e7\u00e3o de \u00e1gua&#8221; observada em certas celulites. Portanto, existem mulheres que est\u00e3o mais satisfeitas com isso do que outras: aquelas que t\u00eam problemas venosos, pernas pesadas, t\u00eam uma parcela de \u00e1gua em suas cal\u00e7as que pode ser melhorada pelo BODYLIFT e por massagens.<\/p>\n\n\n\n<p style=\"font-family:Open Sans;line-height:1.5\" class=\"has-custom-font has-custom-lineheight\">O creme de emagrecimento BODYSLIM tem a propriedade de suavizar e reestruturar o tecido adiposo excessivamente espesso, enquanto hidrata a pele. Gra\u00e7as \u00e0 sua composi\u00e7\u00e3o rica em vitaminas e oligoelementos, o BODYSLIM possui muitas propriedades: recupera\u00e7\u00e3o de trocas metab\u00f3licas, remineraliza\u00e7\u00e3o e reafirma\u00e7\u00e3o. Facilita a elimina\u00e7\u00e3o de res\u00edduos e dep\u00f3sitos de gordura.<\/p>\n\n\n\n<p style=\"font-family:Open Sans;line-height:1.5\" class=\"has-custom-font has-custom-lineheight\">Para obter um bom resultado, \u00e9 recomend\u00e1vel aplicar o creme na forma de leves massagens circulares na parte do corpo que voc\u00ea deseja remodelar. Seja nas coxas, n\u00e1degas, quadris ou est\u00f4mago, \u00e9 importante fazer esses movimentos circulares de baixo para cima. A massagem estimula a circula\u00e7\u00e3o sangu\u00ednea e ajuda a apagar a apar\u00eancia da casca de laranja. A drenagem de res\u00edduos t\u00f3xicos \u00e9, portanto, mais f\u00e1cil e r\u00e1pida. Al\u00e9m disso, quando voc\u00ea massageia, cria um pequeno gasto f\u00edsico, o que ajuda a suavizar as fibras de col\u00e1geno e elastina. Os efeitos do creme BODYSLIM s\u00e3o ent\u00e3o otimizados.<\/p>\n\n\n\n<p style=\"font-family:Open Sans;line-height:1.5\" class=\"has-custom-font has-custom-lineheight\">O uso di\u00e1rio do creme BODYSLIM por no m\u00ednimo um m\u00eas permitir\u00e1 observar um resultado positivo. Para um maior resultado garantido, \u00e9 necess\u00e1rio aplic\u00e1-lo de manh\u00e3 e \u00e0 noite por v\u00e1rios meses. Dois a tr\u00eas meses s\u00e3o suficientes para ser convencido. <br> Efici\u00eancia.<\/p>\n\n\n\n<p style=\"font-family:Open Sans;line-height:1.5\" class=\"has-custom-font has-custom-lineheight\">O BODYSLIM s\u00f3 \u00e9 eficaz al\u00e9m de outras a\u00e7\u00f5es. N\u00e3o \u00e9 um tratamento de choque. Se, ao mesmo tempo, voc\u00ea comer uma superabund\u00e2ncia de gordura e a\u00e7\u00facar, o efeito do creme ser\u00e1 zero. Um creme de emagrecimento praticamente n\u00e3o tem efeito por si s\u00f3. Por outro lado, no contexto de um programa ZinaCal de emagrecimento e anticelulite, pode-se come\u00e7ar a ver os efeitos ap\u00f3s 15 dias. <br> Os tr\u00eas elementos complementares ao creme s\u00e3o dieta, exerc\u00edcio f\u00edsico e relaxamento, porque voc\u00ea deve saber que as gorduras ligadas ao estresse n\u00e3o s\u00e3o desprez\u00edveis.<\/p>\n\n\n\n<div style=\"height:20px\" aria-hidden=\"true\" class=\"wp-block-spacer\"><\/div>\n\n\n\n<p style=\"color:#63ade5;font-size:19px;font-family:Open Sans\" class=\"has-text-color has-custom-font\"><strong>INGREDIENTES CHAVE<\/strong><\/p>\n\n\n\n<p style=\"font-family:Open Sans;line-height:1.5\" class=\"has-custom-font has-custom-lineheight\">O creme de emagrecimento BODYSLIM \u00e9 composto em grande parte pelos cuidados anticelulite de estrela de cafe\u00edna, \u00e9 o ingrediente mais importante, pois permite o desbaste de gorduras. Quanto maior o n\u00edvel de cafe\u00edna, mais eficaz ser\u00e1 o creme de emagrecimento. Al\u00e9m da cafe\u00edna, o BODYSLIM tamb\u00e9m cont\u00e9m outros ingredientes que s\u00e3o agentes de reestrutura\u00e7\u00e3o ativos, que estimulam a atividade celular, tonificam o tecido adiposo e impedem que as c\u00e9lulas armazenem gordura, o que ajudar\u00e1 a desalojar a gordura e a queima-la gra\u00e7as aos ingredientes do \u201cqueimador de gordura\u201d. Al\u00e9m disso, o col\u00e1geno e outros ingredientes ajudam a eliminar a gordura armazenada, impedem a forma\u00e7\u00e3o de nova redondeza e ajudam a firmar a pele, dando-lhe uma apar\u00eancia mais suave e uniforme. <br> A a\u00e7\u00e3o do creme ocorre gra\u00e7as a essas v\u00e1rias mol\u00e9culas que atuam nos receptores das c\u00e9lulas adiposas, impedindo a transforma\u00e7\u00e3o de pr\u00e9-adip\u00f3citos em adip\u00f3citos. A s\u00edntese das fibras de suporte melhora a firmeza da pele.<\/p>\n\n\n\n<div style=\"height:20px\" aria-hidden=\"true\" class=\"wp-block-spacer\"><\/div>\n\n\n\n<p style=\"color:#0071a1;font-family:Open Sans\" class=\"has-text-color has-medium-font-size crinnersub has-custom-font\"><strong>Por que escolher Dr. SERRAR<sup>\u00ae<\/sup> BODYSLIM?<\/strong><\/p>\n\n\n\n<p style=\"font-family:Open Sans;line-height:1.5\" class=\"has-custom-font has-custom-lineheight\">O Dr. SERRAR<sup>\u00ae<\/sup> anti celulite e reafirma\u00e7\u00e3o BODYSLIM s\u00e3o fabricados de acordo com os mais altos padr\u00f5es da ind\u00fastria farmac\u00eautica. Eles usam os benef\u00edcios naturais da cafe\u00edna e ingredientes avan\u00e7ados para firmar e tonificar a pele. Elimina a apar\u00eancia da celulite enquanto embeleza a pele atrav\u00e9s da nutri\u00e7\u00e3o do \u00f3leo de coco.<\/p>\n\n\n\n<ul class=\"boostlist has-custom-font\" style=\"font-family:Open Sans\"><li>ALTA QUALIDADE. LIVRE DE GL\u00daTEN. Fabricado nos EUA. <\/li><li> Instala\u00e7\u00f5es certificadas pela FDA <\/li><li> Boas Pr\u00e1ticas de Fabrica\u00e7\u00e3o (GMP) \u00e9 um conjunto de regulamentos farmac\u00eauticos rigorosos que garantem que os suplementos alimentares sejam fabricados e controlados com um alto padr\u00e3o adequado para uso. <\/li><li> Sem soja, sem gl\u00faten, com certifica\u00e7\u00e3o Kosher, sem latic\u00ednios, sem leite, nozes, amendoim, marisco, trigo e soja. Tamb\u00e9m isenta de fermento, cevada, arroz, s\u00f3dio e a\u00e7\u00facar. <\/li><li> Efici\u00eancia M\u00e1xima <\/li><li> Todos de origem natural <\/li><li> Feito com ingredientes hipoalerg\u00eanicos<\/li><\/ul>\n\n\n\n<div style=\"height:20px\" aria-hidden=\"true\" class=\"wp-block-spacer\"><\/div>\n\n\n\n<p style=\"font-family:Open Sans;line-height:1.5\" class=\"has-custom-font has-custom-lineheight\"><strong>Indica\u00e7\u00f5es <\/strong> <br> EMPRESA, SLIMMING E HIDRATANTE: O BODYSLIM pode ajudar a reconstruir o col\u00e1geno e a elasticidade da pele. O uso regular torna a pele rejuvenescida, pois isso \u00e9 muito importante para uma pele saud\u00e1vel. Nosso novo gel reafirmante para o corpo foi desenvolvido como um poderoso removedor de celulite para apertar a pele, para que voc\u00ea possa obter uma tez suave e sem esfor\u00e7o com apenas um esfor\u00e7o m\u00ednimo.<\/p>\n<\/div><\/div>\n<\/div><\/div>\n\n\n\n<p style=\"background-color:#005e94;font-family:Open Sans\" class=\"has-text-color has-background has-text-align-center has-medium-font-size has-quaternary-color clinicallinks has-custom-font\"><a href=\"https:\/\/www.serrarpharma.com\/product\/dr-serrar-bodyslim\/\">COMPRE AGORA<\/a><\/p>\n<\/div><\/div>\n\n\n\n<div class=\"wp-container-37 wp-block-group crbox\"><div class=\"wp-block-group__inner-container\">\n<div class=\"wp-container-36 wp-block-group has-background cresearchtop\" style=\"background-color:#e4effa\"><div class=\"wp-block-group__inner-container\">\n<div class=\"wp-block-media-text alignwide has-media-on-the-right is-stacked-on-mobile is-vertically-aligned-center topcrbox\" style=\"grid-template-columns:auto 35%\"><figure class=\"wp-block-media-text__media\"><img src=\"https:\/\/i0.wp.com\/www.serrarpharma.com\/wp-content\/uploads\/2020\/06\/DermTCR.png?w=660&#038;ssl=1\" alt=\"\" class=\"wp-image-7753\" data-recalc-dims=\"1\"\/><\/figure><div class=\"wp-block-media-text__content\">\n<div style=\"height:30px\" aria-hidden=\"true\" class=\"wp-block-spacer\"><\/div>\n\n\n\n<p style=\"background-color:#63ade5;line-height:1\" class=\"has-text-color has-background has-large-font-size has-quaternary-color crsub has-custom-lineheight\"><strong>Dr. SERRAR<sup>\u00ae<\/sup><\/strong> DERM Ergothioneine <\/p>\n\n\n\n<p style=\"font-family:Open Sans;line-height:1.5\" class=\"crboxbod has-custom-font has-custom-lineheight\">Dr. SERRAR<sup>\u00ae<\/sup> Cuidados com a pele \u00e9 uma marca cujos tratamentos antioxidantes s\u00e3o preparados de acordo com par\u00e2metros para prote\u00e7\u00e3o contra o envelhecimento atmosf\u00e9rico. O \u00faltimo denota sinais vis\u00edveis de exposi\u00e7\u00e3o a uma variedade de agressores ambientais. Esses agressores incluem raios UV, radia\u00e7\u00e3o infravermelha (IRA) e polui\u00e7\u00e3o.<\/p>\n\n\n\n<p style=\"font-family:Open Sans;line-height:1.5\" class=\"crboxbod has-custom-font has-custom-lineheight\">Al\u00e9m disso, sob o efeito da idade e das condi\u00e7\u00f5es clim\u00e1ticas, a pele perde sua elasticidade e brilho. Para superar esses inconvenientes, oferecemos antioxidantes anti-envelhecimento Dr Serrar Skin Care, uma gama de produtos projetados para prevenir, desacelerar e corrigir os primeiros sinais de envelhecimento da pele.<\/p>\n<\/div><\/div>\n\n\n\n<div style=\"height:20px\" aria-hidden=\"true\" class=\"wp-block-spacer\"><\/div>\n\n\n\n<div style=\"height:20px\" aria-hidden=\"true\" class=\"wp-block-spacer\"><\/div>\n<\/div><\/div>\n\n\n\n<div style=\"height:20px\" aria-hidden=\"true\" class=\"wp-block-spacer\"><\/div>\n\n\n\n<div class=\"wp-block-coblocks-row coblocks-row-31415475586 d3bottom mt-0\" data-columns=\"1\" data-layout=\"100\"><div class=\"wp-block-coblocks-row__inner has-background has-medium-gutter has-padding has-medium-padding has-no-margin is-stacked-on-mobile\" style=\"background-color:#f8fafc\">\n<div class=\"wp-block-coblocks-column coblocks-column-31415476933\" style=\"width:100%\"><div class=\"wp-block-coblocks-column__inner has-no-padding has-no-margin\">\n<p style=\"font-family:Open Sans;line-height:1.5\" class=\"has-custom-font has-custom-lineheight\">Os produtos para a pele madura s\u00e3o preparados a partir de elementos bioestimulantes e extratos de plantas que amolecem, nutrem e hidratam a pele, promovendo o suprimento sangu\u00edneo epid\u00e9rmico. Eles tonificam e regeneram a pele e contribuem para a sua sa\u00fade e bem-estar. Estes produtos s\u00e3o recomendados para todas as pessoas com 21 anos ou mais.<\/p>\n\n\n\n<p style=\"font-family:Open Sans;line-height:1.5\" class=\"has-custom-font has-custom-lineheight\">No entanto, outros fatores promovem o envelhecimento prematuro da pele, incluindo o meio ambiente, estilo de vida ruim, desidrata\u00e7\u00e3o e longa exposi\u00e7\u00e3o ao sol. Antes dos 30 anos de idade, os sinais de envelhecimento ainda n\u00e3o s\u00e3o vis\u00edveis: em seguida, prevenimos com o creme Dr. SERRAR<sup>\u00ae<\/sup> &#038; Skin Care \u00c9CLAT Collagen pela manh\u00e3 e DERM Ergothioneine \u00e0 noite.<\/p>\n\n\n\n<p style=\"font-family:Open Sans;line-height:1.5\" class=\"has-custom-font has-custom-lineheight\">\u00c9 a partir dos 30 anos que as linhas finas e as linhas de express\u00e3o come\u00e7am a tomar forma: tez opaca, falta de firmeza, pele menos lisa. Esses sinais que chamamos de envelhecimento da pele s\u00e3o causados \u200b\u200bpor um excesso de estresse oxidativo. A pele, predisposta a acumular danos, torna-se o primeiro espelho da idade. No entanto, esses sinais leves de envelhecimento s\u00e3o revers\u00edveis e podem ser resolvidos rapidamente.<\/p>\n\n\n\n<p style=\"font-family:Open Sans;line-height:1.5\" class=\"has-custom-font has-custom-lineheight\">Assim que surgem as primeiras rugas, a aplica\u00e7\u00e3o de um creme antioxidante antienvelhecimento DERM Ergothioneine ajuda a combater o envelhecimento da pele: para parar o tempo. <br> O creme antienvelhecimento DERM Ergothioneine ajuda a combater os sinais de envelhecimento com produtos de primeira linha ingredientes para resultados surpreendentes. \u00c0 medida que envelhecemos, secamos e as mulheres s\u00e3o, acima de tudo. \u00c9 por isso que \u00e9 t\u00e3o importante dar \u00e0 nossa pele a umidade necess\u00e1ria para permanecer saud\u00e1vel e gorda.<\/p>\n\n\n\n<p style=\"font-family:Open Sans;line-height:1.5\" class=\"has-custom-font has-custom-lineheight\">Nosso creme antienvelhecimento de marca pr\u00f3pria DERM Ergothioneine hidrata e bloqueia a umidade para reduzir os sinais de envelhecimento e proporcionar uma apar\u00eancia jovem e fresca:<\/p>\n\n\n\n<ul class=\"boostlist has-custom-font\" style=\"font-family:Open Sans\"><li>Reduza a apar\u00eancia de linhas finas e rugas <\/li><li> Hidrata e hidrata <\/li><li> Suaviza e acalma a secura <\/li><li> Trava na umidade<\/li><\/ul>\n\n\n\n<div style=\"height:20px\" aria-hidden=\"true\" class=\"wp-block-spacer\"><\/div>\n\n\n\n<p style=\"color:#63ade5;font-size:19px;font-family:Open Sans\" class=\"has-text-color has-custom-font\"><strong>KEY INGREDIENTS<\/strong><\/p>\n\n\n\n<p style=\"font-family:Open Sans;line-height:1.5\" class=\"has-custom-font has-custom-lineheight\">Utilizamos ingredientes premium para oferecer aos clientes um produto de alta qualidade que eles ir\u00e3o adorar. Nosso creme antienvelhecimento de marca pr\u00f3pria foi formulado com alguns dos ingredientes antienvelhecimento mais populares do setor para garantir a efic\u00e1cia:<\/p>\n\n\n\n<p style=\"font-family:Open Sans;line-height:1.5\" class=\"has-custom-font has-custom-lineheight\"><strong>Ergothioneine <\/strong> <br>A ergotione\u00edna \u00e9 um amino\u00e1cido com um grupo tiol \/ tiona. Geralmente \u00e9 sintetizado por certos fungos e bact\u00e9rias. Tamb\u00e9m \u00e9 encontrado em muitas nozes, legumes, folhas verdes, cogumelos e frutos do mar. \u00c9 encontrado em cogumelos em maior concentra\u00e7\u00e3o do que qualquer outra fonte. \u00c9 tamb\u00e9m um metabolito da glutationa. Geralmente \u00e9 um s\u00f3lido branco cristalino, mas tamb\u00e9m vem na forma de uma solu\u00e7\u00e3o sem sabor e incolor.<\/p>\n\n\n\n<p style=\"font-family:Open Sans;line-height:1.5\" class=\"has-custom-font has-custom-lineheight\"><strong>Uso e benef\u00edcios: <\/strong> <br>Devido \u00e0 sua especialidade estrutural de \u00e1tomo de enxofre, \u00e9 um antioxidante est\u00e1vel e poderoso. N\u00e3o s\u00f3 evita a oxida\u00e7\u00e3o, mas tamb\u00e9m a elimina\u00e7\u00e3o de radicais livres, em particular os radicais -OH.<\/p>\n\n\n\n<p style=\"font-family:Open Sans;line-height:1.5\" class=\"has-custom-font has-custom-lineheight\"><strong>Papel da ergotione\u00edna: <\/strong> <br>Protege a pele dos danos no DNA.<br>\nAntioxidante est\u00e1vel e poderoso.<br>\nEvita a degenera\u00e7\u00e3o da pele por fatores clim\u00e1ticos, como polui\u00e7\u00e3o, raios UV prejudiciais, exposi\u00e7\u00e3o a vapores qu\u00edmicos, etc.<br>\nAjuda a reter o tanque de \u00e1gua da pele por mais tempo, impedindo que ela envelhe\u00e7a prematuramente. Assim, pode-se evitar o aparecimento de linhas finas, rugas ou flacidez.<br>\nEstabiliza a formula\u00e7\u00e3o do creme DERM. Evita os efeitos nocivos do oxig\u00eanio no produto, como descolora\u00e7\u00e3o, separa\u00e7\u00e3o, etc.<\/p>\n\n\n\n<p style=\"font-family:Open Sans;line-height:1.5\" class=\"has-custom-font has-custom-lineheight\">Extrato de folhas de ch\u00e1 verde &#8211; cont\u00e9m antioxidantes antienvelhecimento.<br>\n\u00d3leo de jojoba &#8211; hidrata, protege e suaviza as linhas finas.<br>\nEstearato de glicerila &#8211; ajuda a evitar a perda de umidade.<br>\nProte\u00edna de trigo hidrolisada &#8211; ajuda a pele a reter a umidade.<\/p>\n\n\n\n<div style=\"height:20px\" aria-hidden=\"true\" class=\"wp-block-spacer\"><\/div>\n\n\n\n<p style=\"color:#0071a1;font-family:Open Sans\" class=\"has-text-color has-medium-font-size crinnersub has-custom-font\"><strong>Por que escolher Dr. SERRAR<sup>\u00ae<\/sup> DERM?<\/strong><\/p>\n\n\n\n<p style=\"font-family:Open Sans;line-height:1.5\" class=\"has-custom-font has-custom-lineheight\">Os antioxidantes anti-\u00e2ge Dr. SERRAR<sup>\u00ae<\/sup> DERM s\u00e3o fabricados de acordo com os mais altos padr\u00f5es da ind\u00fastria farmac\u00eautica. Eles cont\u00eam ingredientes antioxidantes avan\u00e7ados Ergothioneine, \u00f3leo de jojoba, extrato de folha de ch\u00e1 verde, estearato de glicerina, prote\u00edna de trigo hidrolisada nesta f\u00f3rmula avan\u00e7ada projetada para proteger a pele dos danos no DNA. Cont\u00e9m antioxidantes antienvelhecimento, ajuda a prevenir a perda de umidade, ajuda a reter a umidade, hidrata e protege e suaviza as linhas finas, incluindo brilho, firmeza, rugas, manchas escuras e manchas do sol.<\/p>\n\n\n\n<ul class=\"boostlist has-custom-font\" style=\"font-family:Open Sans\"><li>ALTA QUALIDADE. LIVRE DE GL\u00daTEN. Fabricado nos EUA. <\/li><li> Instala\u00e7\u00f5es certificadas pela FDA <\/li><li> Boas Pr\u00e1ticas de Fabrica\u00e7\u00e3o (GMP) \u00e9 um conjunto de regulamentos farmac\u00eauticos rigorosos que garantem que os suplementos alimentares sejam fabricados e controlados com um alto padr\u00e3o adequado para uso. <\/li><li> Sem soja, sem gl\u00faten, com certifica\u00e7\u00e3o Kosher, sem latic\u00ednios, sem leite, nozes, amendoim, marisco, trigo e soja. Tamb\u00e9m isenta de fermento, cevada, arroz, s\u00f3dio e a\u00e7\u00facar. <\/li><li> Efici\u00eancia M\u00e1xima <\/li><li> Todos de origem natural <\/li><li> Feito com ingredientes hipoalerg\u00eanicos<\/li><\/ul>\n\n\n\n<div style=\"height:20px\" aria-hidden=\"true\" class=\"wp-block-spacer\"><\/div>\n\n\n\n<p style=\"font-family:Open Sans;line-height:1.5\" class=\"has-custom-font has-custom-lineheight\"><strong>Indica\u00e7\u00f5es <\/strong> <br> O processo de envelhecimento naturalmente diminui a umidade, o col\u00e1geno e os nutrientes cruciais da pele, deixando a pele seca, enrugada e manchada. O creme DERM Ergothioneine \u00e9 projetado com precis\u00e3o para revitalizar a pele envelhecida, fornecendo os principais nutrientes necess\u00e1rios para restaurar a pele \u00e0 sua apar\u00eancia jovem e bonita.<\/p>\n<\/div><\/div>\n<\/div><\/div>\n\n\n\n<p style=\"background-color:#005e94;font-family:Open Sans\" class=\"has-text-color has-background has-text-align-center has-medium-font-size has-quaternary-color clinicallinks has-custom-font\"><a href=\"https:\/\/www.serrarpharma.com\/pt\/product\/zinavitamin-d3\">COMPRE AGORA<\/a><\/p>\n<\/div><\/div>\n\n\n\n<div class=\"wp-container-39 wp-block-group crbox\"><div class=\"wp-block-group__inner-container\">\n<div class=\"wp-container-38 wp-block-group has-background cresearchtop\" style=\"background-color:#e4effa\"><div class=\"wp-block-group__inner-container\">\n<div class=\"wp-block-media-text alignwide has-media-on-the-right is-stacked-on-mobile is-vertically-aligned-center topcrbox\" style=\"grid-template-columns:auto 35%\"><figure class=\"wp-block-media-text__media\"><img src=\"https:\/\/i0.wp.com\/www.serrarpharma.com\/wp-content\/uploads\/2020\/06\/EclatTCR.png?w=660&#038;ssl=1\" alt=\"\" class=\"wp-image-7754\" data-recalc-dims=\"1\"\/><\/figure><div class=\"wp-block-media-text__content\">\n<div style=\"height:30px\" aria-hidden=\"true\" class=\"wp-block-spacer\"><\/div>\n\n\n\n<p style=\"background-color:#63ade5;line-height:1\" class=\"has-text-color has-background has-large-font-size has-quaternary-color crsub has-custom-lineheight\"><strong>Dr. SERRAR<sup>\u00ae<\/sup><\/strong> ECLAT Collagen<\/p>\n\n\n\n<p style=\"font-family:Open Sans;line-height:1.5\" class=\"crboxbod has-custom-font has-custom-lineheight\">Dr. SERRAR<sup>\u00ae<\/sup> Skin Care \u00e9 uma marca cujos tratamentos antioxidantes e hidratantes s\u00e3o preparados de acordo com os par\u00e2metros de prote\u00e7\u00e3o contra o envelhecimento atmosf\u00e9rico. O \u00faltimo denota sinais vis\u00edveis de exposi\u00e7\u00e3o a uma variedade de agressores ambientais. Esses agressores incluem raios UV, radia\u00e7\u00e3o infravermelha (IRA) e polui\u00e7\u00e3o. Pesquisas mostram que a superexposi\u00e7\u00e3o a esses agressores pode levar ao envelhecimento vis\u00edvel da pele e que o uso de antioxidantes t\u00f3picos pode ajudar a prevenir esse efeito.<\/p>\n\n\n\n<p style=\"font-family:Open Sans;line-height:1.5\" class=\"crboxbod has-custom-font has-custom-lineheight\">Sob o efeito da idade e das condi\u00e7\u00f5es clim\u00e1ticas, a pele perde sua elasticidade e brilho. Para superar esses inconvenientes, oferecemos uma gama de produtos projetados para prevenir, desacelerar e corrigir os primeiros sinais de envelhecimento da pele.<\/p>\n<\/div><\/div>\n\n\n\n<div style=\"height:20px\" aria-hidden=\"true\" class=\"wp-block-spacer\"><\/div>\n\n\n\n<div style=\"height:20px\" aria-hidden=\"true\" class=\"wp-block-spacer\"><\/div>\n<\/div><\/div>\n\n\n\n<div style=\"height:20px\" aria-hidden=\"true\" class=\"wp-block-spacer\"><\/div>\n\n\n\n<div class=\"wp-block-coblocks-row coblocks-row-31415475586 d3bottom mt-0\" data-columns=\"1\" data-layout=\"100\"><div class=\"wp-block-coblocks-row__inner has-background has-medium-gutter has-padding has-medium-padding has-no-margin is-stacked-on-mobile\" style=\"background-color:#f8fafc\">\n<div class=\"wp-block-coblocks-column coblocks-column-31415476933\" style=\"width:100%\"><div class=\"wp-block-coblocks-column__inner has-no-padding has-no-margin\">\n<p style=\"font-family:Open Sans;line-height:1.5\" class=\"has-custom-font has-custom-lineheight\">Os produtos do cuidado com a pele Dr. SERRAR \u00ae s\u00e3o preparados a partir de elementos bioestimulantes e extratos de plantas que amolecem, nutrem e hidratam a pele, promovendo o suprimento sangu\u00edneo epid\u00e9rmico. Eles tonificam e regeneram a pele e contribuem para a sua sa\u00fade e bem-estar. Estes produtos s\u00e3o recomendados para todas as pessoas com 21 anos ou mais.<\/p>\n\n\n\n<p style=\"font-family:Open Sans;line-height:1.5\" class=\"has-custom-font has-custom-lineheight\">ECLAT Collagen ajuda a combater o envelhecimento da pele. Ajuda a defender a pele contra o estresse oxidativo e reduz as conseq\u00fc\u00eancias da exposi\u00e7\u00e3o \u00e0 pele. O creme ECLAT Collagen \u00e9 um antioxidante antienvelhecimento, revitalizante e hidratante para ajudar a prevenir rugas e barreira protetora da pele. ECLAT Collagen \u00e9 uma emuls\u00e3o cremosa, rosa p\u00e1lida, com um delicado perfume de flores, contendo robano, col\u00e1geno, elastina, alanto\u00edna, cera de abelha e hidratantes. Essas subst\u00e2ncias naturais ajudam a pele a manter essas fun\u00e7\u00f5es generativas. Este maravilhoso creme para dia e noite protege e amacia, hidrata, nutre, revitaliza e previne o aparecimento de rugas. As ceramidas contidas neste creme servem como vetores de col\u00e1geno e elastina. Eles impedem a a\u00e7\u00e3o da elastase que destr\u00f3i essas mol\u00e9culas.<\/p>\n\n\n\n<ul class=\"boostlist has-custom-font\" style=\"font-family:Open Sans\"><li>Hidrata <\/li><li> Protege <\/li><li> Nutre <\/li><li> Revitaliza a epiderme <\/li><li> Impede o aparecimento de rugas<\/li><\/ul>\n\n\n\n<div style=\"height:20px\" aria-hidden=\"true\" class=\"wp-block-spacer\"><\/div>\n\n\n\n<p style=\"color:#63ade5;font-size:19px;font-family:Open Sans\" class=\"has-text-color has-custom-font\"><strong>INGREDIENTES CHAVE<\/strong><\/p>\n\n\n\n<p style=\"font-family:Open Sans;line-height:1.5\" class=\"has-custom-font has-custom-lineheight\"><strong>Alanto\u00edna <\/strong>: <br> Cura e promove a prolifera\u00e7\u00e3o celular da pele. Elimina o tecido necr\u00f3tico. Agente reparador e restaurador do epit\u00e9lio. \u00c9 hidratante, suavizante, calmante e n\u00e3o irritante.<\/p>\n\n\n\n<p style=\"font-family:Open Sans;line-height:1.5\" class=\"has-custom-font has-custom-lineheight\"><strong>Ceramida <\/strong>: <br> Utilizada como ve\u00edculo de col\u00e1geno e elastina, possui um poder hidratante muito forte das camadas epid\u00e9rmicas superiores e evita a a\u00e7\u00e3o el\u00e1stica que destr\u00f3i essas duas mol\u00e9culas.<\/p>\n\n\n\n<p style=\"font-family:Open Sans;line-height:1.5\" class=\"has-custom-font has-custom-lineheight\"><strong>Cera de abelha <\/strong>: <br> Emoliente, curativa, nutritiva, ajuda a regenerar as c\u00e9lulas epid\u00e9rmicas.<\/p>\n\n\n\n<p style=\"font-family:Open Sans;line-height:1.5\" class=\"has-custom-font has-custom-lineheight\"><strong>Elastina <\/strong>: <br> Fibra prot\u00e9ica que acompanha o col\u00e1geno no tecido conjuntivo. Ap\u00f3s o col\u00e1geno, a elastina \u00e9 uma das escleroprote\u00ednas fibrosas mais importantes do corpo. Sua estrutura em espiral confere \u00e0 pele sua elasticidade. Apoia, refor\u00e7a e completa a a\u00e7\u00e3o do col\u00e1geno.<\/p>\n\n\n\n<p style=\"font-family:Open Sans;line-height:1.5\" class=\"has-custom-font has-custom-lineheight\"><strong>Robane <\/strong>: <strong> Squalane <\/strong> <br> Subst\u00e2ncia do azeite que \u00e9 muito penetrante, restaura e garante flexibilidade e protege contra irrita\u00e7\u00f5es da pele.<\/p>\n\n\n\n<div style=\"height:20px\" aria-hidden=\"true\" class=\"wp-block-spacer\"><\/div>\n\n\n\n<p style=\"color:#0071a1;font-family:Open Sans\" class=\"has-text-color has-medium-font-size crinnersub has-custom-font\"><strong>Por que escolher Dr. SERRAR<sup>\u00ae<\/sup> Eclat?<\/strong><\/p>\n\n\n\n<p style=\"font-family:Open Sans;line-height:1.5\" class=\"has-custom-font has-custom-lineheight\">O creme Dr. SERRAR <sup>\u00ae<\/sup> ECLAT  Collagen \u00e9 fabricado de acordo com os mais altos padr\u00f5es da ind\u00fastria farmac\u00eautica. Eles cont\u00eam robano avan\u00e7ado, col\u00e1geno, elastina, alanto\u00edna, cera de abelha e hidratantes. essas subst\u00e2ncias naturais ajudam a pele a manter essas fun\u00e7\u00f5es geradoras. esta f\u00f3rmula avan\u00e7ada projetada para atingir os sinais mais comuns de envelhecimento, incluindo brilho, firmeza, linhas finas, rugas, manchas escuras e manchas de sol.<\/p>\n\n\n\n<ul class=\"boostlist has-custom-font\" style=\"font-family:Open Sans\"><li>ALTA QUALIDADE. LIVRE DE GL\u00daTEN. Fabricado nos EUA. <\/li><li> Instala\u00e7\u00f5es certificadas pela FDA <\/li><li> Boas Pr\u00e1ticas de Fabrica\u00e7\u00e3o (GMP) \u00e9 um conjunto de regulamentos farmac\u00eauticos rigorosos que garantem que os suplementos alimentares sejam fabricados e controlados com um alto padr\u00e3o adequado para uso. <\/li><li> Sem soja, sem gl\u00faten, com certifica\u00e7\u00e3o Kosher, sem latic\u00ednios, sem leite, nozes, amendoim, marisco, trigo e soja. Tamb\u00e9m isenta de fermento, cevada, arroz, s\u00f3dio e a\u00e7\u00facar. <\/li><li> Efici\u00eancia M\u00e1xima <\/li><li> Todos de origem natural <\/li><li> Feito com ingredientes hipoalerg\u00eanicos<\/li><\/ul>\n\n\n\n<div style=\"height:20px\" aria-hidden=\"true\" class=\"wp-block-spacer\"><\/div>\n\n\n\n<p style=\"font-family:Open Sans;line-height:1.5\" class=\"has-custom-font has-custom-lineheight\"><strong>Indica\u00e7\u00f5es <\/strong> <br> O processo de envelhecimento naturalmente diminui a umidade, o col\u00e1geno e os nutrientes cruciais da pele, deixando a pele seca, enrugada e manchada. Collag\u00e8ne, Elastine, Ceramide, cire d&#8217;abeille \u00e9 projetado com precis\u00e3o para revitalizar a pele envelhecida, fornecendo os principais nutrientes necess\u00e1rios para restaurar a pele \u00e0 sua apar\u00eancia jovem e bonita.<\/p>\n<\/div><\/div>\n<\/div><\/div>\n\n\n\n<p style=\"background-color:#005e94;font-family:Open Sans\" class=\"has-text-color has-background has-text-align-center has-medium-font-size has-quaternary-color clinicallinks has-custom-font\"><a href=\"https:\/\/www.serrarpharma.com\/pt\/product\/dr-serrar-eclat\/\">COMPRE AGORA<\/a><\/p>\n<\/div><\/div>\n\n\n\n<div class=\"wp-container-41 wp-block-group crbox\"><div class=\"wp-block-group__inner-container\">\n<div class=\"wp-container-40 wp-block-group has-background cresearchtop\" style=\"background-color:#e4effa\"><div class=\"wp-block-group__inner-container\">\n<div class=\"wp-block-media-text alignwide has-media-on-the-right is-stacked-on-mobile is-vertically-aligned-center topcrbox\" style=\"grid-template-columns:auto 35%\"><figure class=\"wp-block-media-text__media\"><img src=\"https:\/\/i0.wp.com\/www.serrarpharma.com\/wp-content\/uploads\/2020\/06\/Bodylift-TCR.png?w=660&#038;ssl=1\" alt=\"\" class=\"wp-image-7757\" data-recalc-dims=\"1\"\/><\/figure><div class=\"wp-block-media-text__content\">\n<div style=\"height:30px\" aria-hidden=\"true\" class=\"wp-block-spacer\"><\/div>\n\n\n\n<p style=\"background-color:#63ade5;line-height:1\" class=\"has-text-color has-background has-large-font-size has-quaternary-color crsub has-custom-lineheight\"><strong>Dr. SERRAR<sup>\u00ae<\/sup> BODYLIFT<\/strong><\/p>\n\n\n\n<p style=\"font-family:Open Sans;line-height:1.5\" class=\"crboxbod has-custom-font has-custom-lineheight\">&nbsp;Os produtos para cuidados com a pele Dr. SERRAR<sup>\u00ae<\/sup> s\u00e3o seu melhor aliado. Um verdadeiro impulso se voc\u00ea decidir controlar o seu peso. \u00c9 uma marca cujos tratamentos anticelulite e casca de laranja s\u00e3o preparados de acordo com par\u00e2metros para prote\u00e7\u00e3o contra armazenamento de gordura e flacidez da pele.<br><\/p>\n\n\n\n<p style=\"font-family:Open Sans;line-height:1.5\" class=\"crboxbod has-custom-font has-custom-lineheight\">Para se livrar dos quilos extras, n\u00e3o h\u00e1 solu\u00e7\u00e3o r\u00e1pida. Voc\u00ea deve seguir o programa ZinaCal: alimenta\u00e7\u00e3o saud\u00e1vel, exerc\u00edcios e sono suficiente. Mas quem diz quilos extras tamb\u00e9m diz celulite, capit\u00e3es, casca de laranja &#8230; Uma refei\u00e7\u00e3o saud\u00e1vel e atividades f\u00edsicas n\u00e3o s\u00e3o suficientes para combater esse flagelo, conhecido por todas as mulheres, sejam elas magras ou redondas. Para eliminar esses peda\u00e7os de gordura que se formam sob a pele, desenvolvemos dois tipos de creme, dependendo da sua inten\u00e7\u00e3o e do seu problema.<\/p>\n<\/div><\/div>\n\n\n\n<div style=\"height:20px\" aria-hidden=\"true\" class=\"wp-block-spacer\"><\/div>\n\n\n\n<div style=\"height:20px\" aria-hidden=\"true\" class=\"wp-block-spacer\"><\/div>\n<\/div><\/div>\n\n\n\n<div style=\"height:20px\" aria-hidden=\"true\" class=\"wp-block-spacer\"><\/div>\n\n\n\n<div class=\"wp-block-coblocks-row coblocks-row-31415475586 d3bottom mt-0\" data-columns=\"1\" data-layout=\"100\"><div class=\"wp-block-coblocks-row__inner has-background has-medium-gutter has-padding has-medium-padding has-no-margin is-stacked-on-mobile\" style=\"background-color:#f8fafc\">\n<div class=\"wp-block-coblocks-column coblocks-column-31415476933\" style=\"width:100%\"><div class=\"wp-block-coblocks-column__inner has-no-padding has-no-margin\">\n<p style=\"font-family:Open Sans;line-height:1.5\" class=\"has-custom-font has-custom-lineheight\">No caso de tecido adiposo espesso demais com pele fl\u00e1cida, escolha um creme redutor de lipo BODYSLIM que impe\u00e7a a gordura de se alojar no tecido adiposo ou diminua-o. Para a celulite, caracterizada pela apar\u00eancia de casca de laranja nas \u00e1reas femininas (barriga, quadris, coxas, barriga, n\u00e1degas e, \u00e0s vezes, na parte interna dos bra\u00e7os), escolha um creme anti-\u00e1gua ou drenante BODYLIFT. Porque a celulite \u00e9 sempre acompanhada de reten\u00e7\u00e3o de \u00e1gua e m\u00e1 circula\u00e7\u00e3o.<\/p>\n\n\n\n<p style=\"font-family:Open Sans;line-height:1.5\" class=\"has-custom-font has-custom-lineheight\">Para peles que perderam a elasticidade, com pele alaranjada, m\u00e1 circula\u00e7\u00e3o e tecido solto, escolha um creme BODYSLIM reafirmante e drenante.<\/p>\n\n\n\n<p style=\"font-family:Open Sans;line-height:1.5\" class=\"has-custom-font has-custom-lineheight\"><strong>ESCOLHA DE CREME SLIMMING <\/strong> <br> Os cremes para emagrecer BODYSLIM &#038; BODYLIFT s\u00e3o usados, acima de tudo, para esculpir seu corpo, reafirmando-o. Eles tamb\u00e9m suavizam covinhas, casca de laranja e reduzem a gordura.<\/p>\n\n\n\n<p style=\"font-family:Open Sans;line-height:1.5\" class=\"has-custom-font has-custom-lineheight\">O creme BODYLIFT geralmente atua na &#8220;reten\u00e7\u00e3o de \u00e1gua&#8221; observada em certas celulites. Portanto, existem mulheres que est\u00e3o mais satisfeitas com isso do que outras: aquelas que t\u00eam problemas venosos, pernas pesadas, t\u00eam uma parcela de \u00e1gua nas cal\u00e7as, que pode ser melhorada pelo BODYLIFT e por massagens. <br> Para obter um bom resultado, voc\u00ea Aconselha-se a aplicar o creme na forma de leves massagens circulares na parte do corpo que voc\u00ea deseja remodelar. Seja nas coxas, n\u00e1degas, quadris ou est\u00f4mago, \u00e9 importante fazer esses movimentos circulares de baixo para cima. A massagem estimula a circula\u00e7\u00e3o sangu\u00ednea e ajuda a apagar a apar\u00eancia da casca de laranja. A drenagem de res\u00edduos t\u00f3xicos \u00e9, portanto, mais f\u00e1cil e r\u00e1pida. Al\u00e9m disso, quando voc\u00ea massageia, cria um pequeno gasto f\u00edsico, o que ajuda a suavizar as fibras de col\u00e1geno e elastina. Os efeitos do creme BODYLIFT s\u00e3o ent\u00e3o otimizados.<\/p>\n\n\n\n<p style=\"font-family:Open Sans;line-height:1.5\" class=\"has-custom-font has-custom-lineheight\">O uso di\u00e1rio do creme BODYLIFT por no m\u00ednimo um m\u00eas permitir\u00e1 observar um resultado positivo. Para um maior resultado garantido, \u00e9 necess\u00e1rio aplic\u00e1-lo de manh\u00e3 e \u00e0 noite por v\u00e1rios meses. Dois a tr\u00eas meses s\u00e3o suficientes para se convencer.<\/p>\n\n\n\n<p><\/p>\n\n\n\n<p style=\"color:#63ade5\" class=\"has-text-color crinnersub\">EFICI\u00caNCIA<\/p>\n\n\n\n<p style=\"font-family:Open Sans;line-height:1.5\" class=\"has-custom-font has-custom-lineheight\">O BODYLIFT s\u00f3 \u00e9 eficaz al\u00e9m de outras a\u00e7\u00f5es. N\u00e3o \u00e9 um tratamento de choque. Se, ao mesmo tempo, voc\u00ea comer uma superabund\u00e2ncia de gordura e a\u00e7\u00facar, o efeito do creme ser\u00e1 zero. Um creme de emagrecimento praticamente n\u00e3o tem efeito por si s\u00f3. Por outro lado, no contexto de um programa ZinaCal de emagrecimento e anticelulite, \u00e9 poss\u00edvel come\u00e7ar a ver os efeitos ap\u00f3s 15 dias. <br> Os tr\u00eas elementos complementares para a dieta criativa, exerc\u00edcio f\u00edsico e relaxamento, porque voc\u00ea deve saber que gorduras ligadas ao estresse n\u00e3o s\u00e3o desprez\u00edveis.<\/p>\n\n\n\n<p style=\"font-family:Open Sans;line-height:1.5\" class=\"has-custom-font has-custom-lineheight\">Este produto foi especialmente formulado para responder favoravelmente, sem o risco de intoler\u00e2ncia, a tratamentos destinados a melhorar a apar\u00eancia do BODYLIFT, hidratar, amaciar e proteger a pele contra a a\u00e7\u00e3o de \u00e1gua pesada e estilo de vida. Este produto \u00e9 baseado em ingredientes naturais de alta qualidade, tendo comprovado em cosm\u00e9ticos sua efic\u00e1cia e raz\u00e3o de ser.<\/p>\n\n\n\n<p style=\"font-family:Open Sans;line-height:1.5\" class=\"has-custom-font has-custom-lineheight\">Creme de gel sem perfume contendo extratos de castanha e hera, bem como mucopolissacar\u00eddeos, que ajudam a retardar a forma\u00e7\u00e3o de edema local, removem a \u00e1gua e promovem a drenagem. O BODYLIFT tamb\u00e9m possui uma a\u00e7\u00e3o descongestionante e tonificante, que fluidifica as gorduras subcut\u00e2neas e participa da destocagem de gorduras na camada da pele. Recomendado no caso de celulite, sobrecarga gordurosa ou oleosa nos quadris, coxas, cintura e tornozelos.<\/p>\n\n\n\n<div style=\"height:20px\" aria-hidden=\"true\" class=\"wp-block-spacer\"><\/div>\n\n\n\n<p style=\"color:#63ade5;font-size:19px;font-family:Open Sans\" class=\"has-text-color has-custom-font\"><strong>INGREDIENTES CHAVE<\/strong><\/p>\n\n\n\n<p style=\"font-family:Open Sans;line-height:1.5\" class=\"has-custom-font has-custom-lineheight\"><strong>Extrato de castanha da \u00cdndia <\/strong>: <br> Fecha os poros dilatados, age sobre os poros entupidos. Estimula a circula\u00e7\u00e3o sangu\u00ednea das camadas perif\u00e9ricas da pele. Anti-s\u00e9ptico e adstringente, calmante e descongestionante.<\/p>\n\n\n\n<p style=\"font-family:Open Sans;line-height:1.5\" class=\"has-custom-font has-custom-lineheight\"><strong>Mucopolissacar\u00eddeos <\/strong>: <br> Ajuda a liberar \u00e1gua presa no tecido. combinado com ingredientes que facilitam a mobiliza\u00e7\u00e3o de gorduras, \u00e9 um produto usado para combater a celulite.<\/p>\n\n\n\n<div style=\"height:20px\" aria-hidden=\"true\" class=\"wp-block-spacer\"><\/div>\n\n\n\n<p style=\"color:#0071a1\" class=\"has-text-color has-medium-font-size crinnersub\"><strong>Por que escolher Dr. SERRAR<sup>\u00ae<\/sup> BODYLIFT?<\/strong><\/p>\n\n\n\n<p style=\"font-family:Open Sans;line-height:1.5\" class=\"has-custom-font has-custom-lineheight\">SerrarPharma BODYLIFT anti celulite e anti edema, s\u00e3o fabricados de acordo com os mais altos padr\u00f5es da ind\u00fastria farmac\u00eautica. Eles usam os benef\u00edcios naturais do extrato de castanha da \u00cdndia, mucopolissacar\u00eddeos e ingredientes avan\u00e7ados. Estimula a circula\u00e7\u00e3o sangu\u00ednea das camadas perif\u00e9ricas da pele, \u00e9 calmante e atua como descongestionante. Ajuda a liberar \u00e1gua presa no tecido, combinada com ingredientes que facilitam a mobiliza\u00e7\u00e3o de gorduras, \u00e9 um produto usado para combater a celulite.<\/p>\n\n\n\n<ul class=\"boostlist has-custom-font\" style=\"font-family:Open Sans\"><li>ALTA QUALIDADE. LIVRE DE GL\u00daTEN. Fabricado nos EUA. <\/li><li> Instala\u00e7\u00f5es certificadas pela FDA <\/li><li> Boas Pr\u00e1ticas de Fabrica\u00e7\u00e3o (GMP) \u00e9 um conjunto de regulamentos farmac\u00eauticos rigorosos que garantem que os suplementos alimentares sejam fabricados e controlados com um alto padr\u00e3o adequado para uso. <\/li><li> Sem soja, sem gl\u00faten, com certifica\u00e7\u00e3o Kosher, sem latic\u00ednios, sem leite, nozes, amendoim, marisco, trigo e soja. Tamb\u00e9m isenta de fermento, cevada, arroz, s\u00f3dio e a\u00e7\u00facar. <\/li><li> Efici\u00eancia M\u00e1xima <\/li><li> Todos de origem natural <\/li><li> Feito com ingredientes hipoalerg\u00eanicos<\/li><\/ul>\n\n\n\n<div style=\"height:20px\" aria-hidden=\"true\" class=\"wp-block-spacer\"><\/div>\n\n\n\n<p style=\"font-family:Open Sans;line-height:1.5\" class=\"has-custom-font has-custom-lineheight\"><strong>Indica\u00e7\u00f5es <\/strong> <br> CELULITE, Emagrecimento, Hidrata\u00e7\u00e3o, EDEMA: BODYLIFT estimula a circula\u00e7\u00e3o sangu\u00ednea das camadas perif\u00e9ricas da pele, \u00e9 calmante e atua como descongestionante. Ajuda a liberar \u00e1gua presa no tecido. combinado com ingredientes que facilitam a mobiliza\u00e7\u00e3o de gorduras, \u00e9 um produto usado para combater a celulite.<\/p>\n<\/div><\/div>\n<\/div><\/div>\n\n\n\n<p style=\"background-color:#005e94;font-family:Open Sans\" class=\"has-text-color has-background has-text-align-center has-medium-font-size has-quaternary-color clinicallinks has-custom-font\"><a href=\"https:\/\/www.serrarpharma.com\/pt\/product\/dr-serrar-bodylift\/\">COMPRE AGORA<\/a><\/p>\n<\/div><\/div>\n\n\n\n<div class=\"wp-container-43 wp-block-group crbox\"><div class=\"wp-block-group__inner-container\">\n<div class=\"wp-container-42 wp-block-group has-background cresearchtop\" style=\"background-color:#e4effa\"><div class=\"wp-block-group__inner-container\">\n<div class=\"wp-block-media-text alignwide has-media-on-the-right is-stacked-on-mobile is-vertically-aligned-center topcrbox\" style=\"grid-template-columns:auto 35%\"><figure class=\"wp-block-media-text__media\"><img src=\"https:\/\/i0.wp.com\/www.serrarpharma.com\/wp-content\/uploads\/2020\/06\/Scrub-S.png?w=660&#038;ssl=1\" alt=\"\" class=\"wp-image-7828\" data-recalc-dims=\"1\"\/><\/figure><div class=\"wp-block-media-text__content\">\n<div style=\"height:30px\" aria-hidden=\"true\" class=\"wp-block-spacer\"><\/div>\n\n\n\n<p style=\"background-color:#63ade5;line-height:1\" class=\"has-text-color has-background has-large-font-size has-quaternary-color crsub has-custom-lineheight\"><strong>Dr. SERRAR<sup>\u00ae<\/sup> PHYTO-REV SCRUB<\/strong><\/p>\n\n\n\n<p style=\"font-family:Open Sans;line-height:1.5\" class=\"crboxbod has-custom-font has-custom-lineheight\">Exfoliante y exfoliante cut\u00e1neo nuevo <br> Elimina la piel de impurezas y c\u00e9lulas muertas <br> Renovaci\u00f3n celular natural m\u00e1s r\u00e1pido <br> Aspecto joven y saludable <br> Prepara la piel para absorber los elementos activos de los productos<\/p>\n\n\n\n<p style=\"font-family:Open Sans;line-height:1.5\" class=\"crboxbod has-custom-font has-custom-lineheight\">Reduce la aparici\u00f3n de l\u00edneas finas y arrugas. Los antioxidantes previenen el envejecimiento de la piel <br> Protege de las agresiones externas diarias <br> Mejor piel oxigenada, radiante y luminosa <br> Hidratos de la piel m\u00e1s sensible <br> Nutritiva y calmante <br> Astringente aprieta los poros <br> Relaja los m\u00fasculos de la cara <br> Piel m\u00e1s suave con un toque aterciopelado <br> Dise\u00f1ado para todo tipo de pieles.<\/p>\n<\/div><\/div>\n\n\n\n<div style=\"height:20px\" aria-hidden=\"true\" class=\"wp-block-spacer\"><\/div>\n\n\n\n<div style=\"height:20px\" aria-hidden=\"true\" class=\"wp-block-spacer\"><\/div>\n<\/div><\/div>\n\n\n\n<div style=\"height:20px\" aria-hidden=\"true\" class=\"wp-block-spacer\"><\/div>\n\n\n\n<div class=\"wp-block-coblocks-row coblocks-row-31415475586 d3bottom mt-0\" data-columns=\"1\" data-layout=\"100\"><div class=\"wp-block-coblocks-row__inner has-background has-medium-gutter has-padding has-medium-padding has-no-margin is-stacked-on-mobile\" style=\"background-color:#f8fafc\">\n<div class=\"wp-block-coblocks-column coblocks-column-31415476933 collabott\" style=\"width:100%\"><div class=\"wp-block-coblocks-column__inner has-no-padding has-no-margin\">\n<p style=\"font-family:Open Sans;line-height:1.5\" class=\"has-custom-font has-custom-lineheight\">Es importante exfoliar tu piel regularmente. Ya sea para prolongar el bronceado o mejorar la efectividad del cuidado. La exfoliaci\u00f3n es parte de una rutina de belleza ideal y una piel hermosa y suave.<\/p>\n\n\n\n<p style=\"color:#0071a1;font-family:Open Sans;line-height:1.5\" class=\"has-text-color has-custom-font has-custom-lineheight\"><strong>What is a scrub?<\/strong><\/p>\n\n\n\n<p style=\"font-family:Open Sans;line-height:1.5\" class=\"has-custom-font has-custom-lineheight\">La exfoliaci\u00f3n consiste en eliminar las c\u00e9lulas muertas acumuladas en su epidermis, la superficie de su piel. Si no se eliminan y la capa de c\u00e9lulas muertas se vuelve demasiado gruesa, esto puede tener varias consecuencias en la epidermis:<\/p>\n\n\n\n<ul class=\"boostlist has-custom-font\" style=\"font-family:Open Sans\"><li>Piel m\u00e1s dulce que carece de luminosidad <\/li><li> Piel menos oxigenada, como si estuviera desvitalizada <\/li><li> Piel m\u00e1s rugosa al tacto <\/li><li> Piel m\u00e1s seca <\/li><li> Cabello encarnado, debido a las gl\u00e1ndulas piloseb\u00e1ceas, en la ra\u00edz del cabello, que se obstruye m\u00e1s f\u00e1cilmente<\/li><\/ul>\n\n\n\n<p style=\"font-family:Open Sans;line-height:1.5\" class=\"has-custom-font has-custom-lineheight\">Los poros obstruidos y las espinillas en la cara ocurren porque la piel est\u00e1 congestionada. Aunque la naturaleza a menudo hace las cosas bien, y la piel de su cuerpo se ralentiza la mayor parte del tiempo, a veces necesita un peque\u00f1o impulso para limpiarse, desintoxicarse y nutrirse a fondo.<\/p>\n\n\n\n<p style=\"font-family:Open Sans;line-height:1.5\" class=\"has-custom-font has-custom-lineheight\">Dr. SERRAR<sup>\u00ae<\/sup> PHYTO-REV SCRUB es una exfoliaci\u00f3n mec\u00e1nica. Est\u00e1 compuesto de diferentes ingredientes activos naturales y org\u00e1nicos, para un cuidado efectivo que respeta su salud y el medio ambiente. <br> Compuesto de granos de diatomeas PHYTO-REV SCRUB tiene poder abrasivo en la piel, contiene microgranos naturales muy finos, que permitir\u00e1n Es respetuoso con la piel mientras es eficaz. Son suaves y agradables de usar: desplazar\u00e1n las c\u00e9lulas muertas sin atacar su piel. Gracias al masaje, los granos del PHYTO-REV SCRUB permiten que la piel elimine las c\u00e9lulas muertas y las impurezas.<\/p>\n\n\n\n<p style=\"font-family:Open Sans;line-height:1.5\" class=\"has-custom-font has-custom-lineheight\">Despu\u00e9s de usar PHYTO-REV SCRUB, su piel estar\u00e1 m\u00e1s sana y suave. Al exfoliar regularmente la piel de su cara, contribuir\u00e1 a la renovaci\u00f3n celular natural al eliminar parte del estrato c\u00f3rneo compuesto por c\u00e9lulas muertas. Por lo tanto, su piel est\u00e1 mejor oxigenada, se renueva mejor y m\u00e1s r\u00e1pido, lo que la hace m\u00e1s radiante y luminosa.<\/p>\n\n\n\n<p style=\"font-family:Open Sans;line-height:1.5\" class=\"has-custom-font has-custom-lineheight\">Otro beneficio: la capa protectora de su piel se refina y, por lo tanto, es menos impermeable, el cuidado que le brinda puede penetrar mejor y m\u00e1s profundamente. PHYTO-REV SCRUB tambi\u00e9n reduce la aparici\u00f3n de arrugas y l\u00edneas finas y suaviza la piel con un toque aterciopelado.<\/p>\n\n\n\n<p style=\"font-family:Open Sans;line-height:1.5\" class=\"has-custom-font has-custom-lineheight\">Los aceites vegetales son esenciales en PHYTO-REV SCRUB porque inmediatamente despu\u00e9s de la exfoliaci\u00f3n, ayudan a reestructurar y nutrir la piel. Se recomienda dejar el exfoliante en la piel durante 3 a 4 minutos despu\u00e9s de un suave masaje, para beneficiarse de las propiedades nutritivas y calmantes de los aceites vegetales: este es el gesto ideal para reequilibrar la hidrataci\u00f3n de la epidermis m\u00e1s sensible.<\/p>\n\n\n\n<p style=\"font-family:Open Sans;line-height:1.5\" class=\"has-custom-font has-custom-lineheight\">PHYTO-REV SCRUB no solo exfolia la piel, sino que le dar\u00e1 un cuidado real. Use ingredientes activos que mejoren la condici\u00f3n de la piel, circulatorio, astringente (acci\u00f3n que aprieta los poros), antioxidante (previene el envejecimiento de la piel y protege de las agresiones externas diarias) o incluso relajantes, para ayudar a que los m\u00fasculos de su rostro se alivien.<\/p>\n\n\n\n<div style=\"height:20px\" aria-hidden=\"true\" class=\"wp-block-spacer\"><\/div>\n\n\n\n<p style=\"color:#0071a1\" class=\"has-text-color has-medium-font-size crinnersub\"><strong>Por qu\u00e9 elegir Dr. SERRAR<sup>\u00ae<\/sup> PHYTO-REV SCRUB?<\/strong><\/p>\n\n\n\n<p style=\"font-family:Open Sans;line-height:1.5\" class=\"has-custom-font has-custom-lineheight\">SerrarPharma BODYLIFT anti celulitis y anti edema, se fabrican de acuerdo con los m\u00e1s altos est\u00e1ndares en la industria farmac\u00e9utica. Utilizan los beneficios naturales del extracto de casta\u00f1o de indias, mucopolisac\u00e1ridos e ingredientes avanzados. Estimula la circulaci\u00f3n sangu\u00ednea de las capas perif\u00e9ricas de la piel, es calmante y act\u00faa como descongestionante. Ayuda a liberar el agua atrapada en el tejido, combinada con ingredientes que facilitan el mDr. SERRAR<sup>\u00ae<\/sup> PHYTO-REV SCRUB se fabrica de acuerdo con los m\u00e1s altos est\u00e1ndares en la industria farmac\u00e9utica. Tanto exfoliante como tratante, la crema contiene microgr\u00e1nulos de diatomeas avanzados, extracto de pepino, aceite de s\u00e9samo, aceite de almendras dulces y alanto\u00edna. Estas sustancias naturales ayudan a la piel a mantener estas funciones generativas. Al lijar suavemente, esta crema elimina las impurezas y las c\u00e9lulas muertas de la piel, le da un aspecto joven y saludable y la prepara para recibir los elementos activos de los productos de tratamiento. Dise\u00f1ado para todo tipo de pieles. Para la eliminaci\u00f3n de grasas en la cara, cuello, pies y cuerpo, es un producto que se utiliza para combatir la celulitis.<\/p>\n\n\n\n<ul class=\"boostlist has-custom-font\" style=\"font-family:Open Sans\"><li>DE LA M\u00c1XIMA CALIDAD. SIN GLUTEN. Hecho en EE. UU. <\/li><li> Instalaciones certificadas por la FDA <\/li><li> Las Buenas Pr\u00e1cticas de Fabricaci\u00f3n (GMP) son un conjunto de estrictas regulaciones farmac\u00e9uticas que aseguran que los complementos alimenticios se fabriquen y controlen con un alto nivel que sea adecuado para su uso. <\/li><li> Sin soja, sin gluten, certificado kosher, sin l\u00e1cteos, sin leche, nueces de \u00e1rbol, man\u00ed, mariscos, trigo y soja. Tambi\u00e9n libre de levadura, cebada, arroz, sodio y az\u00facar. <\/li><li> M\u00e1xima eficiencia <\/li><li> Todo de origen natural <\/li><li> Hecho con ingredientes hipoalerg\u00e9nicos<\/li><\/ul>\n\n\n\n<div style=\"height:20px\" aria-hidden=\"true\" class=\"wp-block-spacer\"><\/div>\n\n\n\n<p style=\"font-family:Open Sans;line-height:1.5\" class=\"has-custom-font has-custom-lineheight\">Despu\u00e9s de la exfoliaci\u00f3n use el Dr. SERRAR<sup>\u00ae <\/sup> PHYTO-REV TONIC + Vitamin C + ECLAT Collagen (d\u00eda) + DERM Ergothioneine (noche). <br> El kit Dr. SERRAR<sup>\u00ae<\/sup>: PHYTO-REV ( LIMPIAR + FREGAR + M\u00c1SCARA + T\u00d3NICO) + Vitamina C + ECLAT Collagen + DERM, regenera a\u00f1os de da\u00f1o ambiental y deja tu piel sana y joven. Reduce visiblemente las l\u00edneas finas y las arrugas, haciendo que su piel sea m\u00e1s robusta y luminosa. Dise\u00f1ado para todo tipo de pieles.<\/p>\n\n\n\n<div style=\"height:20px\" aria-hidden=\"true\" class=\"wp-block-spacer\"><\/div>\n<\/div><\/div>\n<\/div><\/div>\n\n\n\n<p style=\"background-color:#005e94;font-family:Open Sans\" class=\"has-text-color has-background has-text-align-center has-medium-font-size has-quaternary-color clinicallinks has-custom-font\"><a href=\"https:\/\/www.serrarpharma.com\/pt\/product\/phyto-scrub-dr-serrar\/\">COMPRE AGORA<\/a><\/p>\n<\/div><\/div>\n\n\n\n<div class=\"wp-container-45 wp-block-group crbox\"><div class=\"wp-block-group__inner-container\">\n<div class=\"wp-container-44 wp-block-group has-background cresearchtop\" style=\"background-color:#e4effa\"><div class=\"wp-block-group__inner-container\">\n<div class=\"wp-block-media-text alignwide has-media-on-the-right is-stacked-on-mobile is-vertically-aligned-center topcrbox\" style=\"grid-template-columns:auto 35%\"><figure class=\"wp-block-media-text__media\"><img src=\"https:\/\/i0.wp.com\/www.serrarpharma.com\/wp-content\/uploads\/2020\/06\/Mask-S.png?w=660&#038;ssl=1\" alt=\"\" class=\"wp-image-7827\" data-recalc-dims=\"1\"\/><\/figure><div class=\"wp-block-media-text__content\">\n<div style=\"height:30px\" aria-hidden=\"true\" class=\"wp-block-spacer\"><\/div>\n\n\n\n<p style=\"background-color:#63ade5;line-height:1\" class=\"has-text-color has-background has-large-font-size has-quaternary-color crsub has-custom-lineheight\"><strong>Dr. SERRAR<sup>\u00ae<\/sup> PHYTO-REV MASK<\/strong><\/p>\n\n\n\n<p style=\"font-family:Open Sans;line-height:1.5\" class=\"crboxbod has-custom-font has-custom-lineheight\">Reparaci\u00f3n y curaci\u00f3n <br>\nAntioxidantes <br>\nProtege de las agresiones externas diarias <br>\nAnti-enrojecimiento y calmante <br>\nIlumina, reafirma y humecta <br>\nEstimula la circulaci\u00f3n de la epidermis <br>\nOxigenaci\u00f3n de la piel <br>\nAntis\u00e9ptico no irritante <br>\nDise\u00f1ado para todo tipo de pieles.<br><\/p>\n<\/div><\/div>\n\n\n\n<div style=\"height:20px\" aria-hidden=\"true\" class=\"wp-block-spacer\"><\/div>\n\n\n\n<div style=\"height:20px\" aria-hidden=\"true\" class=\"wp-block-spacer\"><\/div>\n<\/div><\/div>\n\n\n\n<div style=\"height:20px\" aria-hidden=\"true\" class=\"wp-block-spacer\"><\/div>\n\n\n\n<div class=\"wp-block-coblocks-row coblocks-row-31415475586 d3bottom mt-0\" data-columns=\"1\" data-layout=\"100\"><div class=\"wp-block-coblocks-row__inner has-background has-medium-gutter has-padding has-medium-padding has-no-margin is-stacked-on-mobile\" style=\"background-color:#f8fafc\">\n<div class=\"wp-block-coblocks-column coblocks-column-31415476933 collabott\" style=\"width:100%\"><div class=\"wp-block-coblocks-column__inner has-no-padding has-no-margin\">\n<p style=\"font-family:Open Sans;line-height:1.5\" class=\"has-custom-font has-custom-lineheight\">La m\u00e1scara cosm\u00e9tica es un ritual creado hace miles de a\u00f1os. El antiguo Egipto y su legendaria Cleopatra amaban este tipo de cuidados. Este ritual ha cruzado las edades pasando por la antigua Grecia, que dio el nombre de cosm\u00e9ticos traducidos al griego antiguo por Kosmos, que significa cara y adorno. La m\u00e1scara de belleza es un tratamiento ritual que ayuda a mantener la piel al proporcionarle todos los elementos e ingredientes activos que necesita para el equilibrio de la piel y retrasar los signos del envejecimiento.<\/p>\n\n\n\n<p style=\"font-family:Open Sans;line-height:1.5\" class=\"has-custom-font has-custom-lineheight\">Una piel diferente requiere un tratamiento nutritivo y calmante confortable.<\/p>\n\n\n\n<p style=\"font-family:Open Sans;line-height:1.5\" class=\"has-custom-font has-custom-lineheight\">Dr. SERRAR<sup>\u00ae<\/sup> PHYTO-REV MASK es el tratamiento hidratante que reequilibrar\u00e1 todo tipo de pieles normales, secas, mixtas y extra sensibles. . La hidrataci\u00f3n es el punto com\u00fan para todos los tipos de piel. Las c\u00e9lulas y las gl\u00e1ndulas subcut\u00e1neas no pueden crear agua. Esta hidrataci\u00f3n ser\u00e1 la clave para mantener un equilibrio de la pel\u00edcula hidrolip\u00eddica. Este tratamiento espec\u00edfico puede compensar una degradaci\u00f3n de la piel, como arrugas, p\u00e9rdida de firmeza, ojeras, granos, sequedad.<\/p>\n\n\n\n<p style=\"font-family:Open Sans;line-height:1.5\" class=\"has-custom-font has-custom-lineheight\">Piel seca, por ejemplo, falta de agua y l\u00edpidos. Es por eso que ser\u00e1 necesario optar por PHYTO-REV MASK, una m\u00e1scara rica en hidrataci\u00f3n y nutrici\u00f3n con ingredientes activos que podr\u00e1n restaurar esta falta de agua y proporcionar flexibilidad y comodidad para la piel. Por el contrario, la piel grasa producir\u00e1 un cantidad excesiva de sebo, una sustancia grasa que proteger\u00e1 la barrera epid\u00e9rmica. Sin embargo, debe saber que esta sobreproducci\u00f3n se debe en parte a una interrupci\u00f3n de las gl\u00e1ndulas seb\u00e1ceas, pero tambi\u00e9n a una posible deshidrataci\u00f3n. Si la piel siente un desequilibrio y falta de agua, solo puede devolver el sebo para protegerse. Una producci\u00f3n excesiva de sebo obstruir\u00e1 los poros y causar\u00e1 manchas y puntos negros, pero no resolver\u00e1 el problema de la falta de agua. Adem\u00e1s, PHYTO-REV MASK est\u00e1 enriquecida con ingredientes con varias propiedades antioxidantes, anti-enrojecimiento, calmantes y calmantes. Por lo tanto, es perfecto para pieles reactivas y sensibles.<\/p>\n\n\n\n<div style=\"height:20px\" aria-hidden=\"true\" class=\"wp-block-spacer\"><\/div>\n\n\n\n<p style=\"color:#63ade5;font-size:19px;font-family:Open Sans\" class=\"has-text-color has-custom-font\"><strong>INGREDIENTES PRINCIPALES<\/strong><\/p>\n\n\n\n<p style=\"line-height:1.5;font-family:Open Sans\" class=\"has-custom-font has-custom-lineheight\"><strong>Alanto\u00edna <\/strong>: <br> Curaci\u00f3n, promueve la proliferaci\u00f3n celular de la piel. Elimina el tejido necr\u00f3tico. Agente reparador y restaurador del epitelio. no irritante y es hidratante, suavizante y calmante.\/p>\n\n\n\n<p style=\"font-family:Open Sans;line-height:1.5\" class=\"has-custom-font has-custom-lineheight\"><strong>Extracto de hinojo <\/strong>: <br> Regula la humedad de la piel y alivia la irritaci\u00f3n.<\/p>\n\n\n\n<p style=\"font-family:Open Sans;line-height:1.5\" class=\"has-custom-font has-custom-lineheight\"><strong>Extracto de mu\u00e9rdago y b\u00e1lsamo de lim\u00f3n <\/strong>: <br> Propiedad antis\u00e9ptica.<\/p>\n\n\n\n<p style=\"font-family:Open Sans;line-height:1.5\" class=\"has-custom-font has-custom-lineheight\"><strong> Extracto de l\u00fapulo <\/strong>: rico en estr\u00f3geno vegetal que ayuda a reafirmar la piel. t\u00f3nico estimulante y antis\u00e9ptico.<\/p>\n\n\n\n<p style=\"font-family:Open Sans;line-height:1.5\" class=\"has-custom-font has-custom-lineheight\"><strong>Extracto de Milenrama <\/strong>: <br> Estimula la circulaci\u00f3n sangu\u00ednea en la epidermis y la oxigenaci\u00f3n de la piel.<\/p>\n\n\n\n<p style=\"font-family:Open Sans;line-height:1.5\" class=\"has-custom-font has-custom-lineheight\">El uso de PHYTO-REV MASK proporciona m\u00e1s comodidad y resultados sorprendentes para una piel perfecta y brillante.<\/p>\n\n\n\n<p style=\"color:#0071a1\" class=\"has-text-color has-medium-font-size crinnersub\"><strong>Por qu\u00e9 elegir Dr. SERRAR<sup>\u00ae<\/sup> PHYTO-REV MASK?<\/strong><\/p>\n\n\n\n<p style=\"font-family:Open Sans;line-height:1.5\" class=\"has-custom-font has-custom-lineheight\">Dr. SERRAR<sup>\u00ae<\/sup> PHYTO-REV MASK se fabrica de acuerdo con los m\u00e1s altos est\u00e1ndares en la industria farmac\u00e9utica. La crema contiene extracto avanzado de hinojo, Houblon, Linguee, Achill\u00e9e, Manzanilla en combinaci\u00f3n con Alanto\u00edna. Estas sustancias naturales ayudan a la piel a mantener estas funciones generativas. Esta M\u00c1SCARA elimina las impurezas y las c\u00e9lulas muertas de la piel, le da un aspecto joven y saludable y la prepara para recibir los elementos activos de los productos de tratamiento. <br> PHYTO-REV MASK es un agente curativo, reparador y restaurador del epitelio. Promueve la proliferaci\u00f3n celular de la piel, elimina el tejido necr\u00f3tico. Es hidratante, suavizante y calmante, regula la humedad de la piel y alivia la irritaci\u00f3n. Rico en estr\u00f3genos vegetales, ayuda a reafirmar la piel. Estimula la circulaci\u00f3n de la sangre en la epidermis y la oxigenaci\u00f3n de la piel. Tiene una propiedad antis\u00e9ptica no irritante. Dise\u00f1ado para todo tipo de pieles.<\/p>\n\n\n\n<ul class=\"boostlist has-custom-font\" style=\"font-family:Open Sans\"><li>DE LA M\u00c1XIMA CALIDAD. SIN GLUTEN. Hecho en EE. UU. <\/li><li> Instalaciones certificadas por la FDA <\/li><li> Las Buenas Pr\u00e1cticas de Fabricaci\u00f3n (GMP) son un conjunto de estrictas regulaciones farmac\u00e9uticas que aseguran que los complementos alimenticios se fabriquen y controlen con un alto nivel que sea adecuado para su uso. <\/li><li> Sin soja, sin gluten, certificado kosher, sin l\u00e1cteos, sin leche, nueces de \u00e1rbol, man\u00ed, mariscos, trigo y soja. Tambi\u00e9n libre de levadura, cebada, arroz, sodio y az\u00facar. <\/li><li> M\u00e1xima eficiencia <\/li><li> Todo de origen natural <\/li><li> Hecho con ingredientes hipoalerg\u00e9nicos<\/li><\/ul>\n\n\n\n<div style=\"height:20px\" aria-hidden=\"true\" class=\"wp-block-spacer\"><\/div>\n\n\n\n<p style=\"font-family:Open Sans;line-height:1.5\" class=\"has-custom-font has-custom-lineheight\">Use la M\u00c1SCARA PHYTO-REV despu\u00e9s de la exfoliaci\u00f3n con PHYTO-REV SCRUB +. PHYTO-REV TONIC. Despu\u00e9s de la M\u00c1SCARA PHYTO-REV use la vitamina C + ECLAT Collagen Dr. SERRAR\u00ae (d\u00eda) + DERM Ergothioneine (noche). <br> El kit Dr. SERRAR<sup>\u00ae <\/sup>: PHYTO-REV (LIMPIEZA + SCRUB + M\u00c1SCARA + T\u00d3NICO) + Vitamina C + ECLAT Collagen + DERM, regenera a\u00f1os de da\u00f1o ambiental y deja tu piel sana y joven. Reduce visiblemente las l\u00edneas finas y las arrugas, haciendo que su piel sea m\u00e1s robusta y luminosa. Dise\u00f1ado para todo tipo de pieles.<\/p>\n\n\n\n<div style=\"height:20px\" aria-hidden=\"true\" class=\"wp-block-spacer\"><\/div>\n<\/div><\/div>\n<\/div><\/div>\n\n\n\n<p style=\"background-color:#005e94;font-family:Open Sans\" class=\"has-text-color has-background has-text-align-center has-medium-font-size has-quaternary-color clinicallinks has-custom-font\"><a href=\"https:\/\/www.serrarpharma.com\/pt\/product\/phyto-mask-dr-serrar\/\">COMPRE AGORA<\/a><\/p>\n<\/div><\/div>\n\n\n\n<div class=\"wp-container-47 wp-block-group crbox\"><div class=\"wp-block-group__inner-container\">\n<div class=\"wp-container-46 wp-block-group has-background cresearchtop\" style=\"background-color:#e4effa\"><div class=\"wp-block-group__inner-container\">\n<div class=\"wp-block-media-text alignwide has-media-on-the-right is-stacked-on-mobile is-vertically-aligned-center topcrbox\" style=\"grid-template-columns:auto 35%\"><figure class=\"wp-block-media-text__media\"><img src=\"https:\/\/i0.wp.com\/www.serrarpharma.com\/wp-content\/uploads\/2020\/06\/Clean-S.png?w=660&#038;ssl=1\" alt=\"\" class=\"wp-image-7829\" data-recalc-dims=\"1\"\/><\/figure><div class=\"wp-block-media-text__content\">\n<div style=\"height:30px\" aria-hidden=\"true\" class=\"wp-block-spacer\"><\/div>\n\n\n\n<p style=\"background-color:#63ade5;line-height:1\" class=\"has-text-color has-background has-large-font-size has-quaternary-color crsub has-custom-lineheight\"><strong>Dr. SERRAR<sup>\u00ae<\/sup> PHYTO-REV CLEAN<\/strong><\/p>\n\n\n\n<p style=\"line-height:1.5;font-family:Open Sans\" class=\"crboxbod has-custom-font has-custom-lineheight\">Limpia y Purifica <br>\nHidrata y suaviza <br>\nPiel brillante <br>\nIlumina la tez luminosa <br>\nLleno de beneficios antienvejecimiento <br>\n<br> antiinflamatorio\nSin gluten <<br>>\nDise\u00f1ado para todo tipo de pieles.<\/p>\n<\/div><\/div>\n\n\n\n<div style=\"height:20px\" aria-hidden=\"true\" class=\"wp-block-spacer\"><\/div>\n\n\n\n<div style=\"height:20px\" aria-hidden=\"true\" class=\"wp-block-spacer\"><\/div>\n<\/div><\/div>\n\n\n\n<div style=\"height:20px\" aria-hidden=\"true\" class=\"wp-block-spacer\"><\/div>\n\n\n\n<div class=\"wp-block-coblocks-row coblocks-row-31415475586 d3bottom mt-0\" data-columns=\"1\" data-layout=\"100\"><div class=\"wp-block-coblocks-row__inner has-background has-medium-gutter has-padding has-medium-padding has-no-margin is-stacked-on-mobile\" style=\"background-color:#f8fafc\">\n<div class=\"wp-block-coblocks-column coblocks-column-31415476933 collabott\" style=\"width:100%\"><div class=\"wp-block-coblocks-column__inner has-no-padding has-no-margin\">\n<p style=\"font-family:Open Sans;line-height:1.5\" class=\"has-custom-font has-custom-lineheight\">El Dr. SERRAR<sup>\u00ae<\/sup> PHYTO-REV CLEAN Velours Cleansing Milk (desmaquillante) es el cuidado esencial para limpiar la cara y mantener la piel clara y radiante. Es ideal para todo tipo de pieles; incluso pieles sensibles. Efectivo para una limpieza suave y profunda de la epidermis. Elimina el maquillaje y las impurezas en la cara, los ojos (elimina el rimel), los p\u00e1rpados, los labios y el cuello con la misma eficacia que un tratamiento de spa. Limpia en un abrir y cerrar de ojos mientras preserva el equilibrio hidrolip\u00eddico de la piel. Su f\u00f3rmula basada en robane; La sustancia del aceite de oliva es muy penetrante. Este ingrediente restaura, proporciona flexibilidad y protege contra la irritaci\u00f3n de la piel. PHYTO-REV CLEAN contiene otros ingredientes con reconocidas propiedades calmantes; propilenglicol, amerchol y silicona que permiten la hidrataci\u00f3n de la piel y deja una sensaci\u00f3n inmediata de frescura.<\/p>\n\n\n\n<p style=\"font-family:Open Sans;line-height:1.5\" class=\"has-custom-font has-custom-lineheight\">PHYTO-REV CLEAN Respeta el pH fisiol\u00f3gico de la piel. Su base neutra deja la piel flexible y permeable y la prepara eficazmente para recibir otros tratamientos. Es un tratamiento natural excepcional que ayuda a retrasar los signos de envejecimiento de la piel con sus beneficios antienvejecimiento, antiinflamatorios y tonificantes. Los ingredientes tienen propiedades antioxidantes e hidratantes que ayudan a proteger la piel del envejecimiento de la piel.<\/p>\n\n\n\n<p style=\"font-family:Open Sans;line-height:1.5\" class=\"has-custom-font has-custom-lineheight\">PHYTO-REV CLEAN no contiene parabenos, productos derivados del petr\u00f3leo, aceite mineral, alcohol ni fragancias artificiales. Producto no probado en animales (certificado humano). Todos los ingredientes de la agricultura ecol\u00f3gica.<\/p>\n\n\n\n<div style=\"height:20px\" aria-hidden=\"true\" class=\"wp-block-spacer\"><\/div>\n\n\n\n<p style=\"color:#0071a1\" class=\"has-text-color has-medium-font-size crinnersub\"><strong>Por qu\u00e9 elegir Dr. SERRAR<sup>\u00ae<\/sup> PHYTO-REV CLEAN?<\/strong><\/p>\n\n\n\n<p style=\"font-family:Open Sans;line-height:1.5\" class=\"has-custom-font has-custom-lineheight\">Dr. SERRAR<sup>\u00ae<\/sup> PHYTO-REV CLEAN se fabrica de acuerdo con los m\u00e1s altos est\u00e1ndares en la industria farmac\u00e9utica. La crema contiene la f\u00f3rmula base avanzada de robanets; La sustancia del aceite de oliva es muy penetrante. Este ingrediente restaura, proporciona flexibilidad y protege contra la irritaci\u00f3n de la piel. Otros ingredientes con reconocidas propiedades calmantes; propilenglicol, amerchol y silicona que permiten la hidrataci\u00f3n de la piel y dejan una sensaci\u00f3n inmediata de frescura. <br> pH Respeta la piel fisiol\u00f3gica. Su base neutra deja la piel flexible y permeable y la prepara eficazmente para recibir otros tratamientos. Es un tratamiento natural excepcional que ayuda a retrasar los signos del envejecimiento de la piel con sus beneficios antienvejecimiento, antioxidantes, antiinflamatorios y tonificantes. PHYTO-REV CLEAN no contiene parabenos, productos derivados del petr\u00f3leo, aceite mineral, alcohol ni fragancias artificiales. Producto no probado en animales (certificado humano).<\/p>\n\n\n\n<ul class=\"boostlist has-custom-font\" style=\"font-family:Open Sans\"><li>DE LA M\u00c1XIMA CALIDAD. SIN GLUTEN. Hecho en EE. UU. <\/li><li> Instalaciones certificadas por la FDA <\/li><li> Las Buenas Pr\u00e1cticas de Fabricaci\u00f3n (GMP) son un conjunto de estrictas regulaciones farmac\u00e9uticas que aseguran que los complementos alimenticios se fabriquen y controlen con un alto nivel que sea adecuado para su uso. <\/li><li> Sin soja, sin gluten, certificado kosher, sin l\u00e1cteos, sin leche, nueces de \u00e1rbol, man\u00ed, mariscos, trigo y soja. Tambi\u00e9n libre de levadura, cebada, arroz, sodio y az\u00facar. <\/li><li> M\u00e1xima eficiencia <\/li><li> Todo de origen natural <\/li><li> Hecho con ingredientes hipoalerg\u00e9nicos<\/li><\/ul>\n\n\n\n<div style=\"height:20px\" aria-hidden=\"true\" class=\"wp-block-spacer\"><\/div>\n\n\n\n<p style=\"font-family:Open Sans;line-height:1.5\" class=\"has-custom-font has-custom-lineheight\">Despu\u00e9s del PHYTO-REV CLEAN, use el PHYTO-REV TONIC. El kit Dr. SERRAR <sup> \u00ae <\/sup>: PHYTO-REV (CLEAN + SCRUB + MASK + TONIC) + Vitamin C + ECLAT Collagen + DERM, regenera a\u00f1os de da\u00f1o ambiental y deja la piel sana y joven. Reduce visiblemente las l\u00edneas finas y las arrugas, haciendo que su piel sea m\u00e1s robusta y luminosa. Dise\u00f1ado para todo tipo de pieles.<\/p>\n\n\n\n<div style=\"height:20px\" aria-hidden=\"true\" class=\"wp-block-spacer\"><\/div>\n<\/div><\/div>\n<\/div><\/div>\n\n\n\n<p style=\"background-color:#005e94;font-family:Open Sans\" class=\"has-text-color has-background has-text-align-center has-medium-font-size has-quaternary-color clinicallinks has-custom-font\"><a href=\"https:\/\/www.serrarpharma.com\/pt\/product\/phyto-clean-dr-serrar\/\">COMPRE AGORA<\/a><\/p>\n<\/div><\/div>\n\n\n\n<div class=\"wp-container-49 wp-block-group crbox\"><div class=\"wp-block-group__inner-container\">\n<div class=\"wp-container-48 wp-block-group has-background cresearchtop\" style=\"background-color:#e4effa\"><div class=\"wp-block-group__inner-container\">\n<div class=\"wp-block-media-text alignwide has-media-on-the-right is-stacked-on-mobile is-vertically-aligned-center topcrbox\" style=\"grid-template-columns:auto 35%\"><figure class=\"wp-block-media-text__media\"><img src=\"https:\/\/i0.wp.com\/www.serrarpharma.com\/wp-content\/uploads\/2020\/06\/Tonic-S.png?w=660&#038;ssl=1\" alt=\"\" class=\"wp-image-7830\" data-recalc-dims=\"1\"\/><\/figure><div class=\"wp-block-media-text__content\">\n<div style=\"height:30px\" aria-hidden=\"true\" class=\"wp-block-spacer\"><\/div>\n\n\n\n<p style=\"background-color:#63ade5;line-height:1\" class=\"has-text-color has-background has-large-font-size has-quaternary-color crsub has-custom-lineheight\"><strong>Dr. SERRAR<sup>\u00ae<\/sup> PHYTO-REV TONIC<\/strong><\/p>\n\n\n\n<p style=\"font-family:Open Sans;line-height:1.5\" class=\"crboxbod has-custom-font has-custom-lineheight\">Purificante y calmante <br>\nHidrata, suaviza y refresca <br>\nPiel brillante <br> mejora las cicatrices causadas por el acn\u00e9 <br>\nTONIFICACI\u00d3N <br>\nResplandor <br>\nRevitalizar <br>\nAntis\u00e9ptico no irritante<\/p>\n<\/div><\/div>\n\n\n\n<div style=\"height:20px\" aria-hidden=\"true\" class=\"wp-block-spacer\"><\/div>\n\n\n\n<div style=\"height:20px\" aria-hidden=\"true\" class=\"wp-block-spacer\"><\/div>\n<\/div><\/div>\n\n\n\n<div style=\"height:20px\" aria-hidden=\"true\" class=\"wp-block-spacer\"><\/div>\n\n\n\n<div class=\"wp-block-coblocks-row coblocks-row-31415475586 d3bottom mt-0\" data-columns=\"1\" data-layout=\"100\"><div class=\"wp-block-coblocks-row__inner has-background has-medium-gutter has-padding has-medium-padding has-no-margin is-stacked-on-mobile\" style=\"background-color:#f8fafc\">\n<div class=\"wp-block-coblocks-column coblocks-column-31415476933 collabott\" style=\"width:100%\"><div class=\"wp-block-coblocks-column__inner has-no-padding has-no-margin\">\n<p style=\"font-family:Open Sans;line-height:1.5\" class=\"has-custom-font has-custom-lineheight\">Dr. SERRAR<sup>\u00ae<\/sup> PHYTO-REV TONIC Velours loci\u00f3n es esencial para una limpieza completa de la piel. Muchas personas piensan que puede prescindir f\u00e1cilmente de una loci\u00f3n t\u00f3nica siempre que limpie la piel de su cara al menos dos veces al d\u00eda con productos adecuados. Esto puede ser cierto cuando tienes una piel perfecta &#8230; De lo contrario, el t\u00f3ner facial es esencial para limpiar y proteger tu piel adecuadamente.<\/p>\n\n\n\n<p style=\"font-family:Open Sans;line-height:1.5\" class=\"has-custom-font has-custom-lineheight\">PHYTO-REV TONIC es dulce y sin alcohol de extractos de plantas extra\u00eddos de tilo, albaricoques y ar\u00e1ndanos. Hidrata, refresca, emoliente, suaviza, calma, descongestiona, aclara, tonifica y restaura la luminosidad de la piel. Contiene antioxidantes, que ayudan a apretar los poros, equilibrar la piel y prepararla para la hidrataci\u00f3n. Esta loci\u00f3n es adecuada para la mayor\u00eda de los tipos de piel, incluidas las pieles mixtas y sensibles.<\/p>\n\n\n\n<p style=\"font-family:Open Sans;line-height:1.5\" class=\"has-custom-font has-custom-lineheight\">PHYTO-REV TONIC es org\u00e1nico y sin alcohol, ideal para equilibrar el pH de la epidermis y los poros reafirmantes. Al instante refresca y suaviza la piel. Se puede usar para calmar las irritaciones asociadas con el afeitado. Proporciona comodidad, flexibilidad e hidrataci\u00f3n a la piel. <br> El uso diario de esta loci\u00f3n t\u00f3nica sin alcohol refresca y asegura la oxigenaci\u00f3n regeneradora de la piel gracias a la acci\u00f3n reparadora de las prote\u00ednas vegetales y astringente. <br> PHYTO-REV TONIC elimina todos los rastros de desmaquillante y deja la piel perfectamente clara y radiante. El limpiador facial tonifica y aprieta los poros mientras normaliza el exceso de sebo. <br> Prepara la piel para los siguientes tratamientos (VIT C, DERM Ergothioneine, ECLAT Collagen)<\/p>\n\n\n\n<div style=\"height:20px\" aria-hidden=\"true\" class=\"wp-block-spacer\"><\/div>\n\n\n\n<p style=\"color:#0071a1\" class=\"has-text-color has-medium-font-size crinnersub\"><strong>Por qu\u00e9 elegir Dr. SERRAR<sup>\u00ae<\/sup> PHYTO-REV TONIC?<\/strong><\/p>\n\n\n\n<p style=\"font-family:Open Sans;line-height:1.5\" class=\"has-custom-font has-custom-lineheight\">Dr. SERRAR<sup>\u00ae<\/sup> PHYTO-REV TONIC se fabrica de acuerdo con los m\u00e1s altos est\u00e1ndares en la industria farmac\u00e9utica. La loci\u00f3n contiene extractos de plantas avanzadas de tilo, albaricoque, ar\u00e1ndano. Hidrata, refresca, emoliente, suaviza, calma, descongestiona, aclara, tonifica y restaura la luminosidad de la piel. Contiene antioxidantes, que ayudan a apretar los poros, equilibrar la piel y prepararla para la hidrataci\u00f3n. Esta loci\u00f3n es adecuada para la mayor\u00eda de los tipos de piel.<\/p>\n\n\n\n<ul class=\"boostlist has-custom-font\" style=\"font-family:Open Sans\"><li>DE LA M\u00c1XIMA CALIDAD. SIN GLUTEN. Hecho en EE. UU. <\/li><li> Instalaciones certificadas por la FDA <\/li><li> Las Buenas Pr\u00e1cticas de Fabricaci\u00f3n (GMP) son un conjunto de estrictas regulaciones farmac\u00e9uticas que aseguran que los complementos alimenticios se fabriquen y controlen con un alto nivel que sea adecuado para su uso. <\/li><li> Sin soja, sin gluten, certificado kosher, sin l\u00e1cteos, sin leche, nueces de \u00e1rbol, man\u00ed, mariscos, trigo y soja. Tambi\u00e9n libre de levadura, cebada, arroz, sodio y az\u00facar. <\/li><li> M\u00e1xima eficiencia <\/li><li> Todo de origen natural <\/li><li> Hecho con ingredientes hipoalerg\u00e9nicos<\/li><\/ul>\n\n\n\n<div style=\"height:20px\" aria-hidden=\"true\" class=\"wp-block-spacer\"><\/div>\n\n\n\n<p style=\"font-family:Open Sans;line-height:1.5\" class=\"has-custom-font has-custom-lineheight\">Despu\u00e9s del PHYTO-REV TONIC, use la CREMA ECLAT Collagen durante el d\u00eda y la crema DERM Ergothioneine por la noche. <br> El kit Dr. SERRAR<sup>\u00ae<\/sup>: PHYTO-REV (CLEAN + SCRUB + MASK + TONIC) + Vitamin C + ECLAT Collagen + DERM Ergothioneine, regenera a\u00f1os de da\u00f1o ambiental y deja su piel sana y joven. Reduce visiblemente las l\u00edneas finas y las arrugas, haciendo que su piel sea m\u00e1s robusta y luminosa. Dise\u00f1ado para todo tipo de pieles.<\/p>\n\n\n\n<div style=\"height:20px\" aria-hidden=\"true\" class=\"wp-block-spacer\"><\/div>\n<\/div><\/div>\n<\/div><\/div>\n\n\n\n<p style=\"background-color:#005e94;font-family:Open Sans\" class=\"has-text-color has-background has-text-align-center has-medium-font-size has-quaternary-color clinicallinks has-custom-font\"><a href=\"https:\/\/www.serrarpharma.com\/pt\/product\/phyto-tonic-dr-serrar\/\">COMPRE AGORA<\/a><\/p>\n<\/div><\/div>\n\n\n\n<div class=\"wp-container-55 wp-block-group alignfull has-background ailblock\" style=\"background-color:#f5f7fa\"><div class=\"wp-block-group__inner-container\">\n<div style=\"height:20px\" aria-hidden=\"true\" class=\"wp-block-spacer\"><\/div>\n\n\n\n<div class=\"wp-container-54 wp-block-group has-quaternary-background-color has-background ailsec\"><div class=\"wp-block-group__inner-container\">\n<p style=\"color:#63ade5;font-family:Open Sans\" class=\"has-text-color has-text-align-center has-large-font-size ailtitle has-custom-font\">Doen\u00e7as que podem ser tratadas pelo programa ZinaCal<\/p>\n\n\n\n<div style=\"height:20px\" aria-hidden=\"true\" class=\"wp-block-spacer ailspace\"><\/div>\n\n\n\n<div class=\"wp-container-53 wp-block-columns aillist\">\n<div class=\"wp-container-50 wp-block-column\">\n<ul class=\"aillistleft is-style-none has-custom-font\" style=\"font-family:Open Sans;color:#005e94\"><li> Artrite-Artrose<\/li><li> Arterioscl\u00e9rose- Osteoporose<\/li><li> Acne<\/li><li> Asma <\/li><li>Colesterol<\/li><li> Doen\u00e7a Cel\u00edaca <\/li><li> Chron&#8217;s <\/li><li> S\u00edndrome da fadiga cr\u00f4nica <\/li><li> C\u00e2ncer <\/li><\/ul>\n<\/div>\n\n\n\n<div class=\"wp-container-51 wp-block-column\">\n<ul class=\"aillistmid is-style-none has-custom-font\" style=\"font-family:Open Sans;color:#005e94\"><li> Doen\u00e7a card\u00edaca <\/li><li> Doen\u00e7a digestiva <\/li><li> Diabetes <\/li><li> Eczema &#8211; Psor\u00edase <\/li><li> Endometriose <\/li><li> F\u00edgado gorduroso <\/li><li> Fibromialgia <\/li><li> Refluxo gastroesof\u00e1gico <\/li><li> Gota <\/li><\/ul>\n<\/div>\n\n\n\n<div class=\"wp-container-52 wp-block-column\">\n<ul class=\"aillistright is-style-none has-custom-font\" style=\"font-family:Open Sans;color:#005e94\">\n<li> Press\u00e3o alta <\/li>\n<li> Hipotire\u00f3ide <\/li>\n<li> Alta Press\u00e3o Intracraniana <\/li>\n<li> Infertilidade <\/li>\n<li> Pr\u00f3stata <\/li>\n<li> Pancreatite <\/li>\n<li> Obesidade <\/li>\n<li> Osteoartrite <\/li>\n<li> Xantelasma <\/li>\n<\/ul>\n<p>\n<\/div>\n<\/div>\n<\/div><\/div>\n\n\n\n<div style=\"height:20px\" aria-hidden=\"true\" class=\"wp-block-spacer\"><\/div>\n<\/div><\/div>\n\n\n<p><\/p>\n\n\n<\/p>\n<div class=\"wp-block-image mt-0\">\n<figure class=\"aligncenter size-large is-resized\"><img loading=\"lazy\" src=\"https:\/\/i0.wp.com\/www.serrarpharma.com\/wp-content\/uploads\/2020\/04\/CRbadges.jpg?resize=660%2C118&#038;ssl=1\" alt=\"\" class=\"wp-image-1817\" width=\"660\" height=\"118\" srcset=\"https:\/\/i0.wp.com\/www.serrarpharma.com\/wp-content\/uploads\/2020\/04\/CRbadges.jpg?resize=1024%2C183&amp;ssl=1 1024w, https:\/\/i0.wp.com\/www.serrarpharma.com\/wp-content\/uploads\/2020\/04\/CRbadges.jpg?resize=300%2C54&amp;ssl=1 300w, https:\/\/i0.wp.com\/www.serrarpharma.com\/wp-content\/uploads\/2020\/04\/CRbadges.jpg?resize=768%2C137&amp;ssl=1 768w, https:\/\/i0.wp.com\/www.serrarpharma.com\/wp-content\/uploads\/2020\/04\/CRbadges.jpg?resize=600%2C107&amp;ssl=1 600w, https:\/\/i0.wp.com\/www.serrarpharma.com\/wp-content\/uploads\/2020\/04\/CRbadges.jpg?w=1282&amp;ssl=1 1282w\" sizes=\"(max-width: 660px) 100vw, 660px\" data-recalc-dims=\"1\" \/><\/figure>\n<\/div>\n<p>\n\n\n\n<div class=\"wp-block-coblocks-row alignfull coblocks-row-425111545811\" data-columns=\"1\" data-layout=\"100\"><div class=\"wp-block-coblocks-row__inner has-medium-gutter has-no-padding has-no-margin is-stacked-on-mobile\">\n<div class=\"wp-block-coblocks-column coblocks-column-425111549702\" style=\"width:100%\"><div class=\"wp-block-coblocks-column__inner has-primary-background-color has-background has-no-padding has-no-margin\">\n<div class=\"wp-container-56 wp-block-group alignwide\"><div class=\"wp-block-group__inner-container\">\n<div style=\"height:20px\" aria-hidden=\"true\" class=\"wp-block-spacer\"><\/div>\n\n\n\n<p style=\"color:#2c2e2e;font-size:15px\" class=\"has-text-color\"><strong>Isen\u00e7\u00e3o de responsabilidade:<\/strong> Com qualquer dieta ou novo regime nutricional, cada pessoa experimentar\u00e1 resultados diferentes, dependendo de uma variedade de fatores individuais e ambientais. N\u00e3o \u00e9 poss\u00edvel garantir resultados com esta ou qualquer outra dieta, e os depoimentos encontrados neste site representam apenas as experi\u00eancias daqueles indiv\u00edduos que voluntariamente contaram suas hist\u00f3rias para nosso uso. O uso desses depoimentos n\u00e3o garante resultados semelhantes em outros programas.<\/p>\n\n\n\n<p style=\"color:#2c2e2e;font-size:15px\" class=\"has-text-color\">O plano oficial do programa ZinaCal n\u00e3o oferece orienta\u00e7\u00e3o m\u00e9dica nem pretende faz\u00ea-lo. Nossos coment\u00e1rios e recomenda\u00e7\u00f5es alimentares s\u00e3o todos baseados na pesquisa de Resumos de Evid\u00eancias para Seguran\u00e7a e Efic\u00e1cia Cl\u00ednica de Suplementos dos ingredientes ZinaSlim, ZinaBoost, Detox e Balance no Gerenciamento de Peso Saud\u00e1vel. Antes de iniciar qualquer dieta ou realizar qualquer regime nutricional, consulte um profissional de sa\u00fade qualificado e familiarizado com a sua situa\u00e7\u00e3o. Al\u00e9m disso, observe que a Food and Drug Administration (FDA) n\u00e3o avaliou nosso suplemento ou quaisquer outros produtos oferecidos neste site que possam diagnosticar, curar, tratar ou prevenir qualquer doen\u00e7a que esteja sendo produzida aqui.<\/p>\n\n\n\n<p style=\"color:#2c2e2e;font-size:15px\" class=\"has-text-color\">De qualquer forma, as informa\u00e7\u00f5es e os conselhos oferecidos no site da Alternative n\u00e3o substituem uma consulta ou diagn\u00f3stico formulado por um m\u00e9dico ou profissional de sa\u00fade, que sozinho \u00e9 capaz de avaliar adequadamente seu estado de sa\u00fade.<\/p>\n\n\n\n<p style=\"color:#2c2e2e;font-size:15px\" class=\"has-text-color\"><strong>Informa\u00e7\u00e3o importante:<\/strong><br> \nSe voc\u00ea estiver tomando algum medicamento sob prescri\u00e7\u00e3o m\u00e9dica, tiver uma condi\u00e7\u00e3o m\u00e9dica ou tiver preocupa\u00e7\u00f5es espec\u00edficas sobre a adequa\u00e7\u00e3o de qualquer um de nossos produtos a esses produtos, sempre consulte seu m\u00e9dico ou farmac\u00eautico antes de tomar suplementos. Mulheres gr\u00e1vidas ou lactantes devem consultar um m\u00e9dico antes de tomar suplementos. N\u00e3o exceda a dose di\u00e1ria recomendada. Mantenha fora do alcance de crian\u00e7as. Suplementos n\u00e3o devem ser tomados como substitutos de uma dieta variada. Leia sempre o r\u00f3tulo antes de usar<\/p>\n\n\n\n<p style=\"color:#2c2e2e;font-size:15px\" class=\"has-text-color\">A Serrar Pharma usa apenas ingredientes puros e naturais, de fontes confi\u00e1veis \u200b\u200bde GMP. Garantimos a qualidade n\u00e3o apenas de cada lote, mas de cada ingrediente desse lote, garantindo que voc\u00ea obtenha apenas o produto da mais alta qualidade. Existem muitos benef\u00edcios de suporte suplementar. Veja abaixo os coment\u00e1rios. Se voc\u00ea tiver alguma d\u00favida, entre em contato conosco em info@serrarpharma.com<\/p>\n<\/div><\/div>\n\n\n\n<div style=\"height:50px\" aria-hidden=\"true\" class=\"wp-block-spacer\"><\/div>\n<\/div><\/div>\n<\/div><\/div>\n\n\n\n<div class=\"wp-container-63 wp-block-columns alignfull spfootblock\">\n<div class=\"wp-container-57 wp-block-column is-vertically-aligned-top\" style=\"flex-basis:49%\">\n<div class=\"wp-block-media-text is-stacked-on-mobile is-vertically-aligned-top footlogoblock\" style=\"grid-template-columns:28% auto\"><figure class=\"wp-block-media-text__media\"><img loading=\"lazy\" width=\"603\" height=\"811\" src=\"https:\/\/i0.wp.com\/www.serrarpharma.com\/wp-content\/uploads\/2020\/04\/2-sp-png.png?resize=603%2C811&#038;ssl=1\" alt=\"\" class=\"wp-image-394\" srcset=\"https:\/\/i0.wp.com\/www.serrarpharma.com\/wp-content\/uploads\/2020\/04\/2-sp-png.png?w=603&amp;ssl=1 603w, https:\/\/i0.wp.com\/www.serrarpharma.com\/wp-content\/uploads\/2020\/04\/2-sp-png.png?resize=223%2C300&amp;ssl=1 223w, https:\/\/i0.wp.com\/www.serrarpharma.com\/wp-content\/uploads\/2020\/04\/2-sp-png.png?resize=600%2C807&amp;ssl=1 600w\" sizes=\"(max-width: 603px) 100vw, 603px\" data-recalc-dims=\"1\" \/><\/figure><div class=\"wp-block-media-text__content\">\n<p style=\"color:#005e94;font-size:18px;font-family:Open Sans;line-height:1.5\" class=\"has-text-color has-custom-font has-custom-lineheight\">O SerrarPharma est\u00e1 focado em melhorar sua qualidade de vida. Somos apaixonados por ajudar voc\u00ea n\u00e3o apenas a gerenciar sua sa\u00fade, mas a prosperar usando nossos m\u00e9todos exclusivos e comprovados.<\/p>\n<\/div><\/div>\n<\/div>\n\n\n\n<div class=\"wp-container-61 wp-block-column footmiddlecol\" style=\"flex-basis:25%\">\n<p style=\"color:#005e94;font-size:18px;line-height:1\" class=\"has-text-color serrarmidfooter has-custom-lineheight\"><strong>SERRAR PHARMA LLC<\/strong><\/p>\n\n\n\n<p style=\"color:#005e94;font-family:Open Sans;line-height:1.4\" class=\"has-text-color footeraddress has-custom-font has-custom-lineheight\">4 Hunter Lane<br>Elmsford, NY 10523<br>USA<\/p>\n\n\n\n<p style=\"color:#005e94\" class=\"has-text-color has-medium-font-size footerphone\"><strong>(302) 200-2171<\/strong><\/p>\n\n\n\n<p style=\"color:#005e94;font-family:Open Sans\" class=\"has-text-color has-custom-font\">info@serrarpharma.com<\/p>\n\n\n\n<div class=\"wp-container-60 wp-block-columns footersm\">\n<div class=\"wp-container-58 wp-block-column\">\n<div class=\"wp-block-image mb-0 mt-0\"><figure class=\"aligncenter size-thumbnail\"><a href=\"https:\/\/www.instagram.com\/drserrar\/\" target=\"_blank\" rel=\"noopener noreferrer\"><img loading=\"lazy\" width=\"150\" height=\"150\" src=\"https:\/\/i0.wp.com\/www.serrarpharma.com\/wp-content\/uploads\/2021\/01\/SPWebInstaSymbol.png?resize=150%2C150&#038;ssl=1\" alt=\"\" class=\"wp-image-10264\" srcset=\"https:\/\/i0.wp.com\/www.serrarpharma.com\/wp-content\/uploads\/2021\/01\/SPWebInstaSymbol.png?resize=150%2C150&amp;ssl=1 150w, https:\/\/i0.wp.com\/www.serrarpharma.com\/wp-content\/uploads\/2021\/01\/SPWebInstaSymbol.png?resize=300%2C300&amp;ssl=1 300w, https:\/\/i0.wp.com\/www.serrarpharma.com\/wp-content\/uploads\/2021\/01\/SPWebInstaSymbol.png?resize=100%2C100&amp;ssl=1 100w, https:\/\/i0.wp.com\/www.serrarpharma.com\/wp-content\/uploads\/2021\/01\/SPWebInstaSymbol.png?w=362&amp;ssl=1 362w\" sizes=\"(max-width: 150px) 100vw, 150px\" data-recalc-dims=\"1\" \/><\/a><\/figure><\/div>\n\n\n\n<p><\/p>\n<\/div>\n\n\n\n<div class=\"wp-container-59 wp-block-column\">\n<div class=\"wp-block-image mb-0 mt-0\"><figure class=\"aligncenter size-thumbnail\"><a href=\"https:\/\/www.facebook.com\/DrSerrar-112763810583917\" target=\"_blank\" rel=\"noopener noreferrer\"><img loading=\"lazy\" width=\"150\" height=\"150\" src=\"https:\/\/i0.wp.com\/www.serrarpharma.com\/wp-content\/uploads\/2021\/01\/SPWebFBSymbol.png?resize=150%2C150&#038;ssl=1\" alt=\"\" class=\"wp-image-10265\" srcset=\"https:\/\/i0.wp.com\/www.serrarpharma.com\/wp-content\/uploads\/2021\/01\/SPWebFBSymbol.png?resize=150%2C150&amp;ssl=1 150w, https:\/\/i0.wp.com\/www.serrarpharma.com\/wp-content\/uploads\/2021\/01\/SPWebFBSymbol.png?resize=300%2C300&amp;ssl=1 300w, https:\/\/i0.wp.com\/www.serrarpharma.com\/wp-content\/uploads\/2021\/01\/SPWebFBSymbol.png?resize=100%2C100&amp;ssl=1 100w, https:\/\/i0.wp.com\/www.serrarpharma.com\/wp-content\/uploads\/2021\/01\/SPWebFBSymbol.png?w=362&amp;ssl=1 362w\" sizes=\"(max-width: 150px) 100vw, 150px\" data-recalc-dims=\"1\" \/><\/a><\/figure><\/div>\n\n\n\n<p><\/p>\n<\/div>\n<\/div>\n<\/div>\n\n\n\n<div class=\"wp-container-62 wp-block-column\" style=\"flex-basis:20%\">\n<p style=\"color:#005e94;font-size:18px;line-height:1\" class=\"has-text-color footerGS has-custom-lineheight\"><strong>INICIAR<\/strong><\/p>\n\n\n\n<p style=\"font-size:18px;line-height:1.5\" class=\"has-text-color has-secondary-color footerlinks has-custom-lineheight\"><a href=\"https:\/\/www.serrarpharma.com\/pt\/about\/\">SOBRE<\/a><br><a href=\"https:\/\/www.serrarpharma.com\/pt\/zinacal-program\/\">PROGRAMA ZINACAL <\/a><br><a href=\"https:\/\/www.serrarpharma.com\/pt\/testimonials\/\">TESTEMUNHOS<\/a> <br><a href=\"https:\/\/www.serrarpharma.com\/pt\/shop\/\">COMPRAR<\/a><br><a href=\"https:\/\/www.serrarpharma.com\/pt\/contact\/\">CONTATE-NOS<\/a> <\/p>\n<\/div>\n<\/div>\n\n\n<p><\/p>","protected":false},"excerpt":{"rendered":"<p>PESQUISA CLINICA Todos os suplementos, incluindo Dr. SERRAR\u00ae ZinaCal, ZinaSlim Advance, ZinaBoost, Detox e Balance (fabricado em uma instalacao registrada pepa FDA), t\u00eam um hist\u00f3rico comprovado e s\u00e3o fabricados em plantas certificadas GMP e Kosher que respeitam as melhores pr\u00e1ticas da ind\u00fastria. Dr. SERRAR\u00ae ZinaSlim Advance, ZinaBoost, Detox, &#038; Balance S\u00ednteses das evid\u00eancias de seguran\u00e7a [&hellip;]<\/p>\n","protected":false},"author":1,"featured_media":0,"parent":0,"menu_order":0,"comment_status":"closed","ping_status":"closed","template":"","meta":{"hide_page_title":"","_coblocks_attr":"Open Sans,Open Sans","_coblocks_dimensions":"","_coblocks_responsive_height":"","_coblocks_accordion_ie_support":""},"translation":{"provider":"WPGlobus","version":"3.0.1","language":"pt","enabled_languages":["en","es","fr","ar","pt","it"],"languages":{"en":{"title":true,"content":true,"excerpt":false},"es":{"title":false,"content":true,"excerpt":false},"fr":{"title":true,"content":true,"excerpt":false},"ar":{"title":false,"content":true,"excerpt":false},"pt":{"title":false,"content":true,"excerpt":false},"it":{"title":false,"content":false,"excerpt":false}}},"_links":{"self":[{"href":"https:\/\/www.serrarpharma.com\/pt\/wp-json\/wp\/v2\/pages\/1465"}],"collection":[{"href":"https:\/\/www.serrarpharma.com\/pt\/wp-json\/wp\/v2\/pages"}],"about":[{"href":"https:\/\/www.serrarpharma.com\/pt\/wp-json\/wp\/v2\/types\/page"}],"author":[{"embeddable":true,"href":"https:\/\/www.serrarpharma.com\/pt\/wp-json\/wp\/v2\/users\/1"}],"replies":[{"embeddable":true,"href":"https:\/\/www.serrarpharma.com\/pt\/wp-json\/wp\/v2\/comments?post=1465"}],"version-history":[{"count":0,"href":"https:\/\/www.serrarpharma.com\/pt\/wp-json\/wp\/v2\/pages\/1465\/revisions"}],"wp:attachment":[{"href":"https:\/\/www.serrarpharma.com\/pt\/wp-json\/wp\/v2\/media?parent=1465"}],"curies":[{"name":"wp","href":"https:\/\/api.w.org\/{rel}","templated":true}]}}