{"id":1465,"date":"2020-04-14T22:31:58","date_gmt":"2020-04-14T22:31:58","guid":{"rendered":"https:\/\/www.serrarpharma.com\/?page_id=1465"},"modified":"2020-07-10T19:49:48","modified_gmt":"2020-07-10T19:49:48","slug":"clinical-research","status":"publish","type":"page","link":"https:\/\/www.serrarpharma.com\/fr\/clinical-research\/","title":{"rendered":"Recherche Clinique"},"content":{"rendered":"\n<div class=\"wp-container-1 wp-block-group crtopsec\"><div class=\"wp-block-group__inner-container\">\n<p style=\"color:#63ade5;font-family:Open Sans\" class=\"has-text-color has-text-align-center has-huge-font-size crheadtitle has-custom-font\">RECHERCHE CLINIQUE<\/p>\n\n\n\n<p style=\"font-family:Open Sans;line-height:1.5\" class=\"has-custom-font has-custom-lineheight\">Tous les suppl\u00e9ments, y compris Dr. SERRAR<sup>\u00ae<\/sup> ZinaCal, ZinaSlim Advance, ZinaBoost, Detox et Balance (fabriqu\u00e9 dand une usine enregistr\u00e9e aupr\u00e9s de la FDA), ont fait leurs preuves et sont fabriqu\u00e9s dans des usines certifi\u00e9es GMP et casher qui respectent les meilleures pratiques de l&#8217;industrie.<\/p>\n\n\n\n<p style=\"color:#005e94;line-height:1\" class=\"has-text-color has-medium-font-size crproductsline has-custom-lineheight\"><strong>Dr. SERRAR<sup>\u00ae<\/sup> ZinaSlim Advance, ZinaBoost, Detox, &#038; Balance<\/strong><\/p>\n\n\n\n<p style=\"font-family:Open Sans;line-height:1.5\" class=\"has-custom-font has-custom-lineheight\">R\u00e9sum\u00e9s des preuves de l&#8217;innocuit\u00e9 et de l&#8217;efficacit\u00e9 clinique des suppl\u00e9ments Dr. SERRAR<sup>\u00ae<\/sup> ZinaSlim Advance, ZinaBoost, Detox et Balance sur la gestion saine du poids, la pr\u00e9vention et le suivi des maladies chroniques, ob\u00e9sit\u00e9, diab\u00e8te, hypertension art\u00e9rielle, maladies cardiovasculaires, arthrite, Alzheimer, Parkinson , Maladie de Crohn, maladie du foie gras, cirrhose, infertilit\u00e9, maladie de la prostate, trouble d&#8217;hyperactivit\u00e9 avec d\u00e9ficit de l&#8217;attention chez les enfants, migraines, etc.<\/p>\n<\/div><\/div>\n\n\n\n<div class=\"wp-container-6 wp-block-group crbox\"><div class=\"wp-block-group__inner-container\">\n<div class=\"wp-container-2 wp-block-group has-background cresearchtop\" style=\"background-color:#e4effa\"><div class=\"wp-block-group__inner-container\">\n<div class=\"wp-block-media-text alignwide has-media-on-the-right is-stacked-on-mobile is-vertically-aligned-center topcrbox\" style=\"grid-template-columns:auto 35%\"><figure class=\"wp-block-media-text__media\"><img loading=\"lazy\" width=\"620\" height=\"500\" src=\"https:\/\/i0.wp.com\/www.serrarpharma.com\/wp-content\/uploads\/2020\/06\/mils.png?resize=620%2C500&#038;ssl=1\" alt=\"\" class=\"wp-image-7945\" srcset=\"https:\/\/i0.wp.com\/www.serrarpharma.com\/wp-content\/uploads\/2020\/06\/mils.png?w=620&amp;ssl=1 620w, https:\/\/i0.wp.com\/www.serrarpharma.com\/wp-content\/uploads\/2020\/06\/mils.png?resize=300%2C242&amp;ssl=1 300w, https:\/\/i0.wp.com\/www.serrarpharma.com\/wp-content\/uploads\/2020\/06\/mils.png?resize=600%2C484&amp;ssl=1 600w\" sizes=\"(max-width: 620px) 100vw, 620px\" data-recalc-dims=\"1\" \/><\/figure><div class=\"wp-block-media-text__content\">\n<div style=\"height:30px\" aria-hidden=\"true\" class=\"wp-block-spacer\"><\/div>\n\n\n\n<p style=\"background-color:#63ade5;line-height:1\" class=\"has-text-color has-background has-large-font-size has-quaternary-color crsub has-custom-lineheight\"><strong>Dr. SERRAR<sup>\u00ae<\/sup> ZinaSlim Advance<\/strong><\/p>\n\n\n\n<p style=\"font-family:Open Sans;line-height:1.5\" class=\"crboxbod has-custom-font has-custom-lineheight\">Suppl\u00e9ment sans OGM fabriqu\u00e9 dans des installations certifi\u00e9es GMP aux \u00c9tats-Unis.<br>Ingr\u00e9dients v\u00e9g\u00e9taux pouvant affecter directement le poids<\/p>\n\n\n\n<p style=\"font-family:Open Sans;line-height:1.5\" class=\"crboxbod has-custom-font has-custom-lineheight\">a) Agissent directement sur le poids<br>b) Agir comme coupe-faim<\/p>\n\n\n\n<div style=\"height:20px\" aria-hidden=\"true\" class=\"wp-block-spacer\"><\/div>\n\n\n\n<p><\/p>\n<\/div><\/div>\n<\/div><\/div>\n\n\n\n<div style=\"height:20px\" aria-hidden=\"true\" class=\"wp-block-spacer\"><\/div>\n\n\n\n<div class=\"wp-container-5 wp-block-columns has-background crboxcol\" style=\"background-color:#f8fafc\">\n<div class=\"wp-container-3 wp-block-column\">\n<p style=\"color:#0071a1;font-family:Open Sans\" class=\"has-text-color has-custom-font\"><strong>R\u00e9duit la prise de poids chez les personnes en surpoids<\/strong><\/p>\n\n\n\n<p style=\"color:#63ade5\" class=\"has-text-color crinnersub\">R\u00c9DUIT:<\/p>\n\n\n\n<p>Masse et% de graisse <br> Taille et hanches <br> IMC <br> Hypertension art\u00e9rielle <br> (Arr\u00eate de prise des m\u00e9dicaments contre l&#8217;hypotension apr\u00e8s un suivi \u00e0 100%) <br> Absorption des graisses <br> Lipogen\u00e8se <br> Approvisionnement alimentaire <br> Anxi\u00e9t\u00e9 et fatigue<\/p>\n\n\n\n<p style=\"color:#63ade5\" class=\"has-text-color crinnersub\">AUGMENTE:<\/p>\n\n\n\n<p>La sensation de sati\u00e9t\u00e9 <br> Perte de graisse avec des exercices a\u00e9robies<\/p>\n<\/div>\n\n\n\n<div class=\"wp-container-4 wp-block-column\">\n<p style=\"color:#0071a1;font-family:Open Sans\" class=\"has-text-color has-custom-font\"><strong>Effet sur l&#8217;\u00e9quilibre lipidique et les hormones<\/strong><\/p>\n\n\n\n<p style=\"color:#63ade5\" class=\"has-text-color crinnersub\">R\u00c9DUIT:<\/p>\n\n\n\n<p>LDL <br> Cholesterol <br> (Arr\u00eat de prise des statines apr\u00e8s un suivi \u00e0 100%) <br> Activit\u00e9 de la lipase pancr\u00e9atique<\/p>\n\n\n\n<p style=\"color:#63ade5\" class=\"has-text-color crinnersub\">AUGMENTE:<\/p>\n\n\n\n<p>Testost\u00e9rone totale et libre (libido chez l&#8217;homme). <br> HDL <br> s\u00e9rotonine (Bien-\u00eatre et moins anxieux) <br> Excr\u00e9tion urinaire de m\u00e9tabolites (jambes l\u00e9g\u00e8res)<\/p>\n<\/div>\n<\/div>\n\n\n\n<p style=\"background-color:#005e94;font-family:Open Sans\" class=\"has-text-color has-background has-text-align-center has-medium-font-size has-quaternary-color clinicallinks has-custom-font\"><a href=\"https:\/\/www.serrarpharma.com\/product\/zinaslim-advanced\/\">ACHETER MAINTENANT<\/a><\/p>\n<\/div><\/div>\n\n\n\n<div class=\"wp-container-8 wp-block-group crbox\"><div class=\"wp-block-group__inner-container\">\n<div class=\"wp-container-7 wp-block-group has-background cresearchtop\" style=\"background-color:#e4effa\"><div class=\"wp-block-group__inner-container\">\n<div class=\"wp-block-media-text alignwide has-media-on-the-right is-stacked-on-mobile is-vertically-aligned-center topcrbox\" style=\"grid-template-columns:auto 35%\"><figure class=\"wp-block-media-text__media\"><img loading=\"lazy\" width=\"620\" height=\"500\" src=\"https:\/\/i0.wp.com\/www.serrarpharma.com\/wp-content\/uploads\/2020\/06\/stoob.png?resize=620%2C500&#038;ssl=1\" alt=\"\" class=\"wp-image-7948\" srcset=\"https:\/\/i0.wp.com\/www.serrarpharma.com\/wp-content\/uploads\/2020\/06\/stoob.png?w=620&amp;ssl=1 620w, https:\/\/i0.wp.com\/www.serrarpharma.com\/wp-content\/uploads\/2020\/06\/stoob.png?resize=300%2C242&amp;ssl=1 300w, https:\/\/i0.wp.com\/www.serrarpharma.com\/wp-content\/uploads\/2020\/06\/stoob.png?resize=600%2C484&amp;ssl=1 600w\" sizes=\"(max-width: 620px) 100vw, 620px\" data-recalc-dims=\"1\" \/><\/figure><div class=\"wp-block-media-text__content\">\n<div style=\"height:30px\" aria-hidden=\"true\" class=\"wp-block-spacer\"><\/div>\n\n\n\n<p style=\"background-color:#63ade5;line-height:1\" class=\"has-text-color has-background has-large-font-size has-quaternary-color crsuboost has-custom-lineheight\"><strong>Dr. SERRAR<sup>\u00ae<\/sup> ZinaBoost<\/strong><\/p>\n\n\n\n<p style=\"font-family:Open Sans;line-height:1.5\" class=\"crboxbod has-custom-font has-custom-lineheight\">Suppl\u00e9ment sans OGM fabriqu\u00e9 dans des installations certifi\u00e9es GMP aux \u00c9tats-Unis. Les ingr\u00e9dients peuvent \u00eatre regroup\u00e9s en 3 cat\u00e9gories en fonction de leur effet th\u00e9rapeutique.<\/p>\n\n\n\n<p style=\"font-family:Open Sans;line-height:1.5\" class=\"crboxbod has-custom-font has-custom-lineheight\"><span class=\"bluefont\">Cat\u00e9gorie 1:<\/span> M\u00e9dicaments v\u00e9g\u00e9taux qui peuvent agir <br> &nbsp; &nbsp; &nbsp; &nbsp; a) Directement sur le poids<br> &nbsp; &nbsp; &nbsp; &nbsp; b) Comme coupe-faim<\/p>\n<\/div><\/div>\n\n\n\n<div class=\"wp-block-coblocks-row coblocks-row-314163522362\" data-columns=\"1\" data-layout=\"100\"><div class=\"wp-block-coblocks-row__inner has-medium-gutter has-no-padding has-no-margin is-stacked-on-mobile\">\n<div class=\"wp-block-coblocks-column coblocks-column-314163523666\" style=\"width:100%\"><div class=\"wp-block-coblocks-column__inner has-no-padding has-no-margin\">\n<p style=\"font-family:Open Sans;line-height:1.5\" class=\"crboxcat2 has-custom-font has-custom-lineheight\"><span class=\"bluefont\">Cat\u00e9gorie 2:<\/span> M\u00e9dicaments v\u00e9g\u00e9taux et micronutriments qui peuvent aider \u00e0 maintenir l&#8217;activit\u00e9 physique lors d&#8217;une r\u00e9duction calorique.<br>&nbsp; &nbsp; &nbsp; &nbsp; a) Plant drugs<br>&nbsp; &nbsp; &nbsp; &nbsp; b) Vitamines et acides amin\u00e9s<br><span class=\"bluefont\">Cat\u00e9gorie 3:<\/span> M\u00e9dicaments v\u00e9g\u00e9taux pouvant contribuer au bien-\u00eatre en g\u00e9n\u00e9ral.<\/p>\n\n\n\n<div style=\"height:20px\" aria-hidden=\"true\" class=\"wp-block-spacer\"><\/div>\n<\/div><\/div>\n<\/div><\/div>\n<\/div><\/div>\n\n\n\n<div style=\"height:20px\" aria-hidden=\"true\" class=\"wp-block-spacer\"><\/div>\n\n\n\n<div class=\"wp-block-coblocks-row coblocks-row-314125341563\" data-columns=\"1\" data-layout=\"100\"><div class=\"wp-block-coblocks-row__inner has-medium-gutter has-no-padding has-no-margin is-stacked-on-mobile\">\n<div class=\"wp-block-coblocks-column coblocks-column-314125343414\" style=\"width:100%\"><div class=\"wp-block-coblocks-column__inner has-background has-no-padding has-no-margin\" style=\"background-color:#f8fafc\">\n<div style=\"height:20px\" aria-hidden=\"true\" class=\"wp-block-spacer\"><\/div>\n\n\n\n<ul class=\"boostlist has-custom-font\" style=\"font-family:Open Sans\"><li>Permet l&#8217;activit\u00e9 physique \u00e0 toute personne suivant un r\u00e9gime hypocalorique dans le programme de perte de poids <\/li><li>Augmente la capacit\u00e9 physique \/ la performance physique (stress physique) <\/li><li>Aide au bon fonctionnement des muscles <\/li><li>R\u00e9duit le poids et am\u00e9liore le m\u00e9tabolisme <\/li><li>Aide \u00e0 maintenir la capacit\u00e9 du corps \u00e0 m\u00e9taboliser les nutriments <\/li><li>Supprime l&#8217;app\u00e9tit et le d\u00e9sir de sucres <\/li><li>R\u00e9duit la prise de poids en cas de surpoids <\/li><li>Contr\u00f4le de la glyc\u00e9mie pour les diab\u00e9tiques et les pr\u00e9diab\u00e9tiques <\/li><li>Aide \u00e0 \u00e9quilibrer les graisses et les hormones<\/li><li>Effet hypoglyc\u00e9mique<\/li><\/ul>\n\n\n\n<div style=\"height:20px\" aria-hidden=\"true\" class=\"wp-block-spacer\"><\/div>\n<\/div><\/div>\n<\/div><\/div>\n\n\n\n<p style=\"background-color:#005e94;font-family:Open Sans\" class=\"has-text-color has-background has-text-align-center has-medium-font-size has-quaternary-color clinicallinks has-custom-font\"><a href=\"https:\/\/www.serrarpharma.com\/product\/zinaboost\/\">ACHETER MAINTENANT<\/a><\/p>\n<\/div><\/div>\n\n\n\n<div class=\"wp-container-13 wp-block-group crbox\"><div class=\"wp-block-group__inner-container\">\n<div class=\"wp-container-9 wp-block-group has-background cresearchtop\" style=\"background-color:#e4effa\"><div class=\"wp-block-group__inner-container\">\n<div class=\"wp-block-media-text alignwide has-media-on-the-right is-stacked-on-mobile is-vertically-aligned-center topcrbox\" style=\"grid-template-columns:auto 35%\"><figure class=\"wp-block-media-text__media\"><img loading=\"lazy\" width=\"620\" height=\"500\" src=\"https:\/\/i0.wp.com\/www.serrarpharma.com\/wp-content\/uploads\/2020\/06\/deto.png?resize=620%2C500&#038;ssl=1\" alt=\"\" class=\"wp-image-7954\" srcset=\"https:\/\/i0.wp.com\/www.serrarpharma.com\/wp-content\/uploads\/2020\/06\/deto.png?w=620&amp;ssl=1 620w, https:\/\/i0.wp.com\/www.serrarpharma.com\/wp-content\/uploads\/2020\/06\/deto.png?resize=300%2C242&amp;ssl=1 300w, https:\/\/i0.wp.com\/www.serrarpharma.com\/wp-content\/uploads\/2020\/06\/deto.png?resize=600%2C484&amp;ssl=1 600w\" sizes=\"(max-width: 620px) 100vw, 620px\" data-recalc-dims=\"1\" \/><\/figure><div class=\"wp-block-media-text__content\">\n<div style=\"height:30px\" aria-hidden=\"true\" class=\"wp-block-spacer\"><\/div>\n\n\n\n<p style=\"background-color:#63ade5;line-height:1\" class=\"has-text-color has-background has-large-font-size has-quaternary-color crsuboost has-custom-lineheight\"><strong>Dr. SERRAR<sup>\u00ae<\/sup> Detox<\/strong><\/p>\n\n\n\n<p style=\"font-family:Open Sans;line-height:1.5\" class=\"crboxbod has-custom-font has-custom-lineheight\">Suppl\u00e9ment sans OGM fabriqu\u00e9 dans des installations certifi\u00e9es GMP aux \u00c9tats-Unis. <br> Contient des ingr\u00e9dients naturels; contribuer au bon fonctionnement du syst\u00e8me digestif<\/p>\n\n\n\n<div style=\"height:20px\" aria-hidden=\"true\" class=\"wp-block-spacer\"><\/div>\n\n\n\n<p><\/p>\n<\/div><\/div>\n<\/div><\/div>\n\n\n\n<div style=\"height:20px\" aria-hidden=\"true\" class=\"wp-block-spacer\"><\/div>\n\n\n\n<div class=\"wp-container-12 wp-block-columns has-background crboxcol\" style=\"background-color:#f8fafc\">\n<div class=\"wp-container-10 wp-block-column\">\n<p style=\"color:#0071a1;font-family:Open Sans\" class=\"has-text-color has-custom-font\"><strong>Stimule le syst\u00e8me digestif<\/strong><\/p>\n\n\n\n<p>Constipation <br> Foie et v\u00e9sicule biliaire <br> Apaise l&#8217;estomac <br> Favorise la sant\u00e9 des tissus muqueux dans les intestins <br> Pr\u00e9biotique (inuline) qui permet aux probiotiques de prosp\u00e9rer <br> Antiparasite <br> \u00c9limine les toxines<\/p>\n<\/div>\n\n\n\n<div class=\"wp-container-11 wp-block-column\">\n<p style=\"color:#0071a1;font-family:Open Sans\" class=\"has-text-color has-custom-font\"><strong>Aide au fonctionnement hormonal<\/strong><\/p>\n\n\n\n<p>Adr\u00e9naline et thyro\u00efde <br> Stabilise le taux de cholest\u00e9rol <br> R\u00e9gule la pression art\u00e9rielle <br> Augmente la perte de poids <br> Augmente l&#8217;\u00e9nergie <br> Antioxydant puissant<\/p>\n<\/div>\n<\/div>\n\n\n\n<div class=\"wp-block-coblocks-row coblocks-row-314134943867 detoxbottom\" data-columns=\"1\" data-layout=\"100\"><div class=\"wp-block-coblocks-row__inner has-background has-medium-gutter has-padding has-medium-padding has-no-margin is-stacked-on-mobile\" style=\"background-color:#f8fafc\">\n<div class=\"wp-block-coblocks-column coblocks-column-314134945478\" style=\"width:100%\"><div class=\"wp-block-coblocks-column__inner has-no-padding has-no-margin\">\n<p style=\"font-family:Open Sans;line-height:1.5\" class=\"has-custom-font has-custom-lineheight\"><span class=\"pasub\">AIDER \u00c0 PROMOUVOIR LA SANT\u00c9 GASTRO-INTESTINALE<\/span><br>Ce suppl\u00e9ment contient des ingr\u00e9dients de d\u00e9toxification du corps entier qui aident \u00e0 soulager l&#8217;inconfort gastro-intestinal, \u00e0 apaiser les zones irrit\u00e9es du tube digestif et ont des propri\u00e9t\u00e9s antimicrobiennes et antivirales.<\/p>\n\n\n\n<p style=\"font-family:Open Sans;line-height:1.5\" class=\"has-custom-font has-custom-lineheight\"><span class=\"pasub\">MAINTIENT UN SYST\u00c8ME CORPOREL SAIN<\/span><br>Zina Detox, un Detox complet pour le corps, contient \u00e9galement un puissant antioxydant qui peut aider \u00e0 prot\u00e9ger les cellules contre les dommages et \u00e0 maintenir la r\u00e9gularit\u00e9 et la sant\u00e9 du c\u00f4lon en \u00e9liminant les toxines putr\u00e9factives des intestins des murs.<\/p>\n\n\n\n<p style=\"font-family:Open Sans;line-height:1.5\" class=\"has-custom-font has-custom-lineheight\"><span class=\"pasub\">SUPPORT DE PERTE DE POIDS<\/span><br>Prendre ces suppl\u00e9ments de d\u00e9sintoxication tous les jours vous fait vous sentir plus l\u00e9ger. Cette cure corporelle compl\u00e8te aide \u00e0 perdre du poids tout en augmentant l&#8217;\u00e9nergie. De plus, le foie produit de la bile, que le syst\u00e8me digestif utilise pour d\u00e9composer les graisses. La d\u00e9toxification du foie peut \u00eatre un bon point de d\u00e9part pour perdre du poids.<\/p>\n<\/div><\/div>\n<\/div><\/div>\n\n\n\n<p style=\"background-color:#005e94;font-family:Open Sans\" class=\"has-text-color has-background has-text-align-center has-medium-font-size has-quaternary-color clinicallinks has-custom-font\"><a href=\"https:\/\/www.serrarpharma.com\/fr\/product\/zinadetox\/\">ACHETER MAINTENANT<\/a><\/p>\n<\/div><\/div>\n\n\n\n<div class=\"wp-container-18 wp-block-group crbox\"><div class=\"wp-block-group__inner-container\">\n<div class=\"wp-container-14 wp-block-group has-background cresearchtop\" style=\"background-color:#e4effa\"><div class=\"wp-block-group__inner-container\">\n<div class=\"wp-block-media-text alignwide has-media-on-the-right is-stacked-on-mobile is-vertically-aligned-center topcrbox\" style=\"grid-template-columns:auto 35%\"><figure class=\"wp-block-media-text__media\"><img loading=\"lazy\" width=\"620\" height=\"500\" src=\"https:\/\/i0.wp.com\/www.serrarpharma.com\/wp-content\/uploads\/2020\/06\/lamba.png?resize=620%2C500&#038;ssl=1\" alt=\"\" class=\"wp-image-7953\" srcset=\"https:\/\/i0.wp.com\/www.serrarpharma.com\/wp-content\/uploads\/2020\/06\/lamba.png?w=620&amp;ssl=1 620w, https:\/\/i0.wp.com\/www.serrarpharma.com\/wp-content\/uploads\/2020\/06\/lamba.png?resize=300%2C242&amp;ssl=1 300w, https:\/\/i0.wp.com\/www.serrarpharma.com\/wp-content\/uploads\/2020\/06\/lamba.png?resize=600%2C484&amp;ssl=1 600w\" sizes=\"(max-width: 620px) 100vw, 620px\" data-recalc-dims=\"1\" \/><\/figure><div class=\"wp-block-media-text__content\">\n<div style=\"height:30px\" aria-hidden=\"true\" class=\"wp-block-spacer\"><\/div>\n\n\n\n<p style=\"background-color:#63ade5;line-height:1\" class=\"has-text-color has-background has-large-font-size has-quaternary-color crsub has-custom-lineheight\"><strong>Dr. SERRAR<sup>\u00ae<\/sup> Balance<\/strong><\/p>\n\n\n\n<p style=\"font-family:Open Sans;line-height:1.5\" class=\"crboxbod has-custom-font has-custom-lineheight\">Suppl\u00e9ment sans OGM fabriqu\u00e9 dans des usines certifi\u00e9es GMP aux \u00c9tats-Unis. <br> Ingr\u00e9dients v\u00e9g\u00e9taux pouvant affecter directement le poids<\/p>\n\n\n\n<div style=\"height:20px\" aria-hidden=\"true\" class=\"wp-block-spacer\"><\/div>\n\n\n\n<p><\/p>\n<\/div><\/div>\n<\/div><\/div>\n\n\n\n<div style=\"height:20px\" aria-hidden=\"true\" class=\"wp-block-spacer\"><\/div>\n\n\n\n<div class=\"wp-container-17 wp-block-columns has-background crboxcol\" style=\"background-color:#f8fafc\">\n<div class=\"wp-container-15 wp-block-column\">\n<p style=\"color:#63ade5\" class=\"has-text-color crinnersub\">R\u00c9DUIT:<\/p>\n\n\n\n<p style=\"font-family:Open Sans;line-height:1.5\" class=\"has-custom-font has-custom-lineheight\">Taux de cortisol <br> Stress et anxi\u00e9t\u00e9 <br> App\u00e9tit (freine la faim) <br> Envie de sucre et grignotage <br> Absorption des graisses et stockage des graisses sur le ventre<\/p>\n\n\n\n<p style=\"color:#63ade5\" class=\"has-text-color crinnersub\">AUGMENTE:<\/p>\n\n\n\n<p style=\"font-family:Open Sans;line-height:1.5\" class=\"has-custom-font has-custom-lineheight\">S\u00e9rotonine <br> Niveaux d&#8217;\u00e9nergie <br> Sentiment de joie et de bien-\u00eatre<\/p>\n<\/div>\n\n\n\n<div class=\"wp-container-16 wp-block-column\">\n<p style=\"color:#63ade5\" class=\"has-text-color crinnersub\">R\u00c9GULARISE:<\/p>\n\n\n\n<p style=\"font-family:Open Sans;line-height:1.5\" class=\"has-custom-font has-custom-lineheight\">Hormones M\u00e9taboliques <br> Glyc\u00e9mie <br> Niveaux de Cholest\u00e9rol <br> Antioxydants<\/p>\n<\/div>\n<\/div>\n\n\n\n<div class=\"wp-block-coblocks-row coblocks-row-31415475586 zbalbott mt-0\" data-columns=\"1\" data-layout=\"100\"><div class=\"wp-block-coblocks-row__inner has-background has-medium-gutter has-padding has-medium-padding has-no-margin is-stacked-on-mobile\" style=\"background-color:#f8fafc\">\n<div class=\"wp-block-coblocks-column coblocks-column-31415476933\" style=\"width:100%\"><div class=\"wp-block-coblocks-column__inner has-no-padding has-no-margin\">\n<p style=\"font-family:Open Sans;line-height:1.5\" class=\"has-custom-font has-custom-lineheight\">Zina Balance contient des compos\u00e9s qui permettent \u00e0 votre corps d&#8217;abaisser naturellement le cortisol (une hormone de stress puissante qui permet au corps de stocker les graisses, de conserver le poids, de se sentir anxieux, stress\u00e9 et \u00e9motionnel). Cette formule puissante est \u00e9galement un coupe-faim naturel qui aide \u00e0 contr\u00f4ler l&#8217;app\u00e9tit en augmentant les niveaux de l&#8217;hormone s\u00e9rotonine (un produit chimique du cerveau qui vous rend heureux, d\u00e9tendu et satisfait \u00e9motionnellement et physiquement). Cette formule puissante vous aidera \u00e0 \u00e9viter de trop manger, de manger \u00e9motionnellement, de grignoter entre les repas et des envies sucr\u00e9es malsaines. De nombreux patients remarquent un changement positif dans leur niveau de stress, d&#8217;apparence, d&#8217;humeur, de cholest\u00e9rol et de triglyc\u00e9rides (30 premiers jours).<\/p>\n<\/div><\/div>\n<\/div><\/div>\n\n\n\n<p style=\"background-color:#005e94;font-family:Open Sans\" class=\"has-text-color has-background has-text-align-center has-medium-font-size has-quaternary-color clinicallinks has-custom-font\"><a href=\"https:\/\/www.serrarpharma.com\/fr\/product\/zinabalance\/\">ACHETER MAINTENANT<\/a><\/p>\n<\/div><\/div>\n\n\n\n<div class=\"wp-container-27 wp-block-group crbox\"><div class=\"wp-block-group__inner-container\">\n<div class=\"wp-container-21 wp-block-group has-background cresearchtop\" style=\"background-color:#e4effa\"><div class=\"wp-block-group__inner-container\">\n<div class=\"wp-container-20 wp-block-group alignwide topcrbox\"><div class=\"wp-block-group__inner-container\">\n<div class=\"wp-block-media-text alignwide has-media-on-the-right is-stacked-on-mobile is-vertically-aligned-center topcrbox\" style=\"grid-template-columns:auto 35%\"><figure class=\"wp-block-media-text__media\"><img loading=\"lazy\" width=\"620\" height=\"500\" src=\"https:\/\/i0.wp.com\/www.serrarpharma.com\/wp-content\/uploads\/2020\/06\/iotic.png?resize=620%2C500&#038;ssl=1\" alt=\"\" class=\"wp-image-7952\" srcset=\"https:\/\/i0.wp.com\/www.serrarpharma.com\/wp-content\/uploads\/2020\/06\/iotic.png?w=620&amp;ssl=1 620w, https:\/\/i0.wp.com\/www.serrarpharma.com\/wp-content\/uploads\/2020\/06\/iotic.png?resize=300%2C242&amp;ssl=1 300w, https:\/\/i0.wp.com\/www.serrarpharma.com\/wp-content\/uploads\/2020\/06\/iotic.png?resize=600%2C484&amp;ssl=1 600w\" sizes=\"(max-width: 620px) 100vw, 620px\" data-recalc-dims=\"1\" \/><\/figure><div class=\"wp-block-media-text__content\">\n<div style=\"height:30px\" aria-hidden=\"true\" class=\"wp-block-spacer\"><\/div>\n\n\n\n<p style=\"background-color:#63ade5;line-height:1\" class=\"has-text-color has-background has-large-font-size has-quaternary-color crsub has-custom-lineheight\"><strong>Dr. SERRAR<sup>\u00ae<\/sup> ZinaProBiotic<\/strong><\/p>\n\n\n\n<p style=\"font-family:Open Sans;line-height:1.5\" class=\"crboxbod has-custom-font has-custom-lineheight\">Il y a parfois une tendance \u00e0 s&#8217;inqui\u00e9ter des bact\u00e9ries, mais en fait, elles sont essentielles \u00e0 votre corps. En effet, il existe de bonnes et de mauvaises bact\u00e9ries. La plupart de ceux de votre corps sont b\u00e9n\u00e9fiques et pourraient aider votre syst\u00e8me digestif. L&#8217;important est de comprendre la diff\u00e9rence entre les deux et comment les \u00e9quilibrer au profit de l&#8217;intestin. <\/p>\n<\/div><\/div>\n\n\n\n<div class=\"wp-container-19 wp-block-group esprobottom\"><div class=\"wp-block-group__inner-container\">\n<p style=\"font-family:Open Sans;line-height:1.5\" class=\"crboxcat2 has-custom-font has-custom-lineheight\">Le mot probiotique vient du latin probiota qui signifie &#8220;\u00e0 vie&#8221;. Les probiotiques sont des micro-organismes qui vivent dans et avec nous dans de nombreuses parties du corps: les intestins, la peau, le vagin, les narines et autres muqueuses. Les probiotiques sont des micro-organismes vivants (bact\u00e9ries ou levures) qui contribuent \u00e0 la sant\u00e9 lorsqu&#8217;ils sont pris en quantit\u00e9 suffisante. Ils sont naturellement pr\u00e9sents dans les intestins et contribuent \u00e0 maintenir l&#8217;\u00e9quilibre de la flore intestinale.<\/p>\n\n\n\n<p style=\"font-family:Open Sans;line-height:1.5\" class=\"crboxcat2 has-custom-font has-custom-lineheight\">La flore intestinale contient plus de 100 000 milliards de bact\u00e9ries (repr\u00e9sentant plus de 1 000 esp\u00e8ces diff\u00e9rentes, dont plus de la moiti\u00e9 se trouvent dans l&#8217;intestin), y compris les probiotiques. Ces bact\u00e9ries sont essentielles pour la sant\u00e9 car elles produisent des vitamines, aident \u00e0 la digestion, s\u00e9cr\u00e8tent des substances antimicrobiennes, stimulent le syst\u00e8me immunitaire et prot\u00e8gent contre certaines maladies. Les probiotiques emp\u00eachent la propagation de mauvais microbes dans le syst\u00e8me digestif. Une telle prolif\u00e9ration peut provoquer des maladies et entra\u00eener des diarrh\u00e9es. On parle parfois de &#8220;d\u00e9s\u00e9quilibre de la flore intestinale&#8221;. <\/p>\n\n\n\n<p style=\"font-family:Open Sans;line-height:1.5\" class=\"crboxcat2 has-custom-font has-custom-lineheight\">En effet, en situation normale, c&#8217;est-\u00e0-dire lorsque l&#8217;on est en bonne sant\u00e9, la flore intestinale se retrouve en \u00e9quilibre. Lorsque la flore intestinale est d\u00e9s\u00e9quilibr\u00e9e, il y a une diminution de la quantit\u00e9 de probiotiques dans les intestins. Mais voici quelques exemples d&#8217;\u00e9l\u00e9ments qui peuvent en favoriser un d\u00e9s\u00e9quilibre:<\/p>\n\n\n\n<ul class=\"problist\"><li>prendre des antibiotiques <\/li><li> une alimentation riche en graisses et pauvre en fibres <\/li><li> certaines maladies (comme les maladies inflammatoires de l&#8217;intestin) <\/li><li> d\u00e9ficience du syst\u00e8me immunitaire; etc.<\/li><\/ul>\n\n\n\n<p style=\"font-family:Open Sans;line-height:1.5\" class=\"crboxcat2 has-custom-font has-custom-lineheight\">Les probiotiques sont disponibles sous forme de suppl\u00e9ments \u00e0 des doses appr\u00e9ciables ou ajout\u00e9s en tant que compl\u00e9ments alimentaires en plus petites quantit\u00e9s, ils peuvent provenir de sources humaines, animales ou laiti\u00e8res, ou souvent d&#8217;origine v\u00e9g\u00e9tale. Attention \u00e0 ne pas confondre probiotiques et pr\u00e9biotiques; ces derniers sont des pr\u00e9curseurs alimentaires des premiers. En subissant leur fermentation dans le c\u00f4lon, les pr\u00e9biotiques nourrissent les probiotiques de l&#8217;organisme.<\/p>\n<\/div><\/div>\n\n\n\n<div style=\"height:20px\" aria-hidden=\"true\" class=\"wp-block-spacer\"><\/div>\n<\/div><\/div>\n<\/div><\/div>\n\n\n\n<div style=\"height:20px\" aria-hidden=\"true\" class=\"wp-block-spacer\"><\/div>\n\n\n\n<div class=\"wp-container-26 wp-block-group\"><div class=\"wp-block-group__inner-container\">\n<div class=\"wp-container-24 wp-block-columns has-background crboxcol\" style=\"background-color:#f8fafc\">\n<div class=\"wp-container-22 wp-block-column\">\n<p style=\"color:#63ade5;font-family:Open Sans\" class=\"has-text-color crinnersub has-custom-font\">AIDER LE SYST\u00c8ME DIGESTIF:<\/p>\n\n\n\n<p style=\"font-family:Open Sans;line-height:1.5\" class=\"has-custom-font has-custom-lineheight\">Digestion <br>\nBallonnements <br>\nDiarrh\u00e9e associ\u00e9e aux antibiotiques <br>\nConstipation chez les personnes \u00e2g\u00e9es <br>\nVoyages \u00e0 l&#8217;\u00e9tranger<\/p>\n\n\n\n<p style=\"color:#63ade5;font-family:Open Sans\" class=\"has-text-color crinnersub has-custom-font\">LENTE LES MALADIES D\u00c9G\u00c9N\u00c9RATIVES:<\/p>\n\n\n\n<p style=\"font-family:Open Sans;line-height:1.5\" class=\"has-custom-font has-custom-lineheight\">Maladie d&#8217;Alzheimer <br>\nMaladie de Parkinson <br>\nScl\u00e9rose en plaques <br>\nD\u00e9mence<\/p>\n\n\n\n<p style=\"color:#63ade5;font-family:Open Sans\" class=\"has-text-color crinnersub has-custom-font\">EMP\u00caCHE LES R\u00c9ACTIONS AUTO-IMMUNES:<\/p>\n\n\n\n<p style=\"font-family:Open Sans;line-height:1.5\" class=\"has-custom-font has-custom-lineheight\">Allergie alimentaire <br>\nEcz\u00e9ma<\/p>\n\n\n\n<p style=\"color:#63ade5;font-family:Open Sans\" class=\"has-text-color crinnersub has-custom-font\">PROT\u00c8GE LE COEUR:<\/p>\n\n\n\n<p style=\"font-family:Open Sans;line-height:1.5\" class=\"has-custom-font has-custom-lineheight\">Dyslipid\u00e9mie (cholest\u00e9rol sanguin) <br>\nHypertension art\u00e9rielle<\/p>\n\n\n\n<p style=\"color:#63ade5;font-family:Open Sans\" class=\"has-text-color crinnersub has-custom-font\">AM\u00c9LIORE LA PERFORMANCE COGNITIVE:<\/p>\n\n\n\n<p style=\"font-family:Open Sans;line-height:1.5\" class=\"has-custom-font has-custom-lineheight\">Perte de m\u00e9moire <br>\nmauvaise humeur<\/p>\n\n\n\n<p style=\"color:#63ade5;font-family:Open Sans\" class=\"has-text-color crinnersub has-custom-font\">R\u00c9GULE L&#8217;APP\u00c9TIT:<\/p>\n\n\n\n<p style=\"font-family:Open Sans;line-height:1.5\" class=\"has-custom-font has-custom-lineheight\">Maintenir un poids sant\u00e9 <br> Ob\u00e9sit\u00e9 ou surpoids <br>\nTroubles de l&#8217;alimentation <br>\nDiab\u00e8te de type 2<\/p>\n<\/div>\n\n\n\n<div class=\"wp-container-23 wp-block-column\">\n<p style=\"color:#63ade5;font-family:Open Sans\" class=\"has-text-color crinnersub has-custom-font\">PR\u00c9VENTION DES MALADIES INFLAMMATOIRES:<\/p>\n\n\n\n<p style=\"font-family:Open Sans;line-height:1.5\" class=\"has-custom-font has-custom-lineheight\">Maladie de Crohn <br>\nSyndrome du c\u00f4lon irritable \/ du c\u00f4lon<\/p>\n\n\n\n<p style=\"color:#63ade5;font-family:Open Sans\" class=\"has-text-color crinnersub has-custom-font\">SOUTIENT L&#8217;IMMUNIT\u00c9:<\/p>\n\n\n\n<p style=\"font-family:Open Sans;line-height:1.5\" class=\"has-custom-font has-custom-lineheight\">Prot\u00e9ger contre les infections <br> Infections respiratoires <br>\nInfections des voies urinaires <br>\nVaginose bact\u00e9rienne <br>\nOtite (otites) <br>\nVaccination chez les personnes \u00e2g\u00e9es<\/p>\n\n\n\n<p style=\"color:#63ade5;font-family:Open Sans\" class=\"has-text-color crinnersub has-custom-font\">R\u00c9DUIRE LE STRESS PSYCHOLOGIQUE:<\/p>\n\n\n\n<p style=\"font-family:Open Sans;line-height:1.5\" class=\"has-custom-font has-custom-lineheight\">Anxi\u00e9t\u00e9 <br>\nD\u00e9pression <br>\nDifficult\u00e9 de concentration<\/p>\n\n\n\n<p style=\"color:#63ade5\" class=\"has-text-color crinnersub\">\u00c9VITE LES CARENCES EN NUTRITION:<\/p>\n\n\n\n<p style=\"font-family:Open Sans;line-height:1.5\" class=\"has-custom-font has-custom-lineheight\">Troubles du spectre autistique <br>\nIntol\u00e9rance alimentaire<\/p>\n\n\n\n<p style=\"color:#63ade5;font-family:Open Sans\" class=\"has-text-color crinnersub has-custom-font\">RETARDS DU VIEILLISSEMENT DERMATALOGIQUE:<\/p>\n\n\n\n<p style=\"font-family:Open Sans;line-height:1.5\" class=\"has-custom-font has-custom-lineheight\">Rides avec l&#8217;\u00e2ge <br>\nPeau s\u00e8che <br>\nProbl\u00e8mes de cuir chevelu <br>\nPhotosensibilit\u00e9<\/p>\n<\/div>\n<\/div>\n\n\n\n<div class=\"wp-container-25 wp-block-group has-background detoxbottom\" style=\"background-color:#f8fafc\"><div class=\"wp-block-group__inner-container\">\n<p style=\"color:#0071a1;font-size:19px;font-family:Open Sans\" class=\"has-text-color crinnersub has-custom-font\"><strong>POURQUOI CHOISIR Dr. SERRAR<sup>\u00ae<\/sup> PROBIOTIC?<\/strong><\/p>\n\n\n\n<ul class=\"boostlist has-custom-font\" style=\"font-family:Open Sans\"><li>Les probiotiques SerrarPharma sont fabriqu\u00e9s selon les normes les plus \u00e9lev\u00e9es de l&#8217;industrie pharmaceutique. Ils contiennent des complexes multi-souches qui refl\u00e8tent la composition naturelle de la flore probiotique humaine (Bifidobacteria et Lactobacilli). <\/li><li> LA PLUS HAUTE QUALIT\u00c9. SANS GLUTEN. Fabriqu\u00e9 aux \u00c9tats-Unis. <\/li><li> Installations certifi\u00e9es par la FDA <\/li><li> Les bonnes pratiques de fabrication (BPF) sont un ensemble de r\u00e9glementations pharmaceutiques strictes qui garantissent que les compl\u00e9ments alimentaires sont fabriqu\u00e9s et contr\u00f4l\u00e9s \u00e0 un niveau \u00e9lev\u00e9 qui convient \u00e0 l&#8217;utilisation. <\/li><li> Sans soja, sans gluten, certifi\u00e9 casher, sans produits laitiers, v\u00e9g\u00e9tarien <\/li><li> Sans lait, \u0153uf, poisson, crustac\u00e9s, crustac\u00e9s, noix, arachides, bl\u00e9 et soja. \u00c9galement sans levure, gluten, orge, riz, sodium et sucre. <\/li><li> Efficacit\u00e9 maximale <\/li><li> Tout naturel<\/li><\/ul>\n\n\n\n<div style=\"height:20px\" aria-hidden=\"true\" class=\"wp-block-spacer\"><\/div>\n<\/div><\/div>\n<\/div><\/div>\n\n\n\n<p style=\"background-color:#005e94;font-family:Open Sans\" class=\"has-text-color has-background has-text-align-center has-medium-font-size has-quaternary-color clinicallinks has-custom-font\"><a href=\"https:\/\/www.serrarpharma.com\/fr\/product\/zinaprobiotic\">ACHETER MAINTENANT<\/a><\/p>\n<\/div><\/div>\n\n\n\n<div class=\"wp-container-29 wp-block-group crbox\"><div class=\"wp-block-group__inner-container\">\n<div class=\"wp-container-28 wp-block-group has-background cresearchtop\" style=\"background-color:#e4effa\"><div class=\"wp-block-group__inner-container\">\n<div class=\"wp-block-media-text alignwide has-media-on-the-right is-stacked-on-mobile is-vertically-aligned-center topcrbox\" style=\"grid-template-columns:auto 35%\"><figure class=\"wp-block-media-text__media\"><img loading=\"lazy\" width=\"620\" height=\"500\" src=\"https:\/\/i0.wp.com\/www.serrarpharma.com\/wp-content\/uploads\/2020\/06\/dthree.png?resize=620%2C500&#038;ssl=1\" alt=\"\" class=\"wp-image-7950\" srcset=\"https:\/\/i0.wp.com\/www.serrarpharma.com\/wp-content\/uploads\/2020\/06\/dthree.png?w=620&amp;ssl=1 620w, https:\/\/i0.wp.com\/www.serrarpharma.com\/wp-content\/uploads\/2020\/06\/dthree.png?resize=300%2C242&amp;ssl=1 300w, https:\/\/i0.wp.com\/www.serrarpharma.com\/wp-content\/uploads\/2020\/06\/dthree.png?resize=600%2C484&amp;ssl=1 600w\" sizes=\"(max-width: 620px) 100vw, 620px\" data-recalc-dims=\"1\" \/><\/figure><div class=\"wp-block-media-text__content\">\n<div style=\"height:30px\" aria-hidden=\"true\" class=\"wp-block-spacer\"><\/div>\n\n\n\n<p style=\"background-color:#63ade5;line-height:1\" class=\"has-text-color has-background has-large-font-size has-quaternary-color crsub has-custom-lineheight\"><strong>Zina Vitamin D3<\/strong><\/p>\n\n\n\n<p style=\"font-family:Open Sans;line-height:1.5\" class=\"crboxbod has-custom-font has-custom-lineheight\">Il est maintenant clair que la vitamine D est impliqu\u00e9e dans la r\u00e9gulation de la croissance cellulaire, de l&#8217;immunit\u00e9 et du m\u00e9tabolisme cellulaire. Les r\u00e9cepteurs de la vitamine D se trouvent dans la plupart des tissus et cellules du corps. L&#8217;interaction de 1,25 (OH) 2D avec ces r\u00e9cepteurs peut provoquer une s\u00e9rie de r\u00e9ponses biologiques qui influencent les processus pathologiques. La carence en vitamine D est li\u00e9e \u00e0 <strong> l&#8217;ost\u00e9oporose, l&#8217;asthme, les maladies auto-immunes telles que la polyarthrite rhumato\u00efde, la scl\u00e9rose en plaques et les maladies inflammatoires de l&#8217;intestin, le diab\u00e8te, la perturbation de la fonction musculaire, la r\u00e9sistance \u00e0 la tuberculose et la pathogen\u00e8se de types sp\u00e9cifiques de cancer.<\/strong><\/p>\n<\/div><\/div>\n\n\n\n<div style=\"height:20px\" aria-hidden=\"true\" class=\"wp-block-spacer\"><\/div>\n\n\n\n<p style=\"font-family:Open Sans;line-height:1.5\" class=\"crboxcat2 has-custom-font has-custom-lineheight\">De nos jours, il vaut la peine de consommer de la vitamine D, de cette fa\u00e7on, nous prot\u00e9geons nos os contre les caries et renfor\u00e7ons le syst\u00e8me immunitaire pour lutter contre les virus et les bact\u00e9ries. La recherche a montr\u00e9 que la vitamine D pourrait jouer un r\u00f4le important dans la r\u00e9gulation de l&#8217;humeur et la pr\u00e9vention de la d\u00e9pression. Les scientifiques ont d\u00e9couvert que les personnes souffrant de d\u00e9pression qui ont re\u00e7u des suppl\u00e9ments de vitamine D ont remarqu\u00e9 une am\u00e9lioration de leurs sympt\u00f4mes. Pensez \u00e9galement \u00e0 ajouter des suppl\u00e9ments de vitamine D \u00e0 votre alimentation si vous essayez de perdre du poids. Parce que <strong> les personnes prenant un suppl\u00e9ment quotidien de calcium et de vitamine D ont pu perdre plus de poids que les sujets prenant un suppl\u00e9ment placebo. Les scientifiques ont d\u00e9clar\u00e9 que le suppl\u00e9ment de calcium et de vitamine D avait un effet coupe-faim. Dans une autre \u00e9tude, les personnes en surpoids qui prenaient quotidiennement un suppl\u00e9ment de vitamine D ont am\u00e9lior\u00e9 leurs marqueurs de risque de maladie cardiaque <\/strong>. Et, si votre corps ne re\u00e7oit pas suffisamment de vitamine D, il existe un risque de d\u00e9velopper des anomalies osseuses telles que des os mous (ost\u00e9omalacie) ou des os cassants (ost\u00e9oporose).<\/p>\n\n\n\n<div style=\"height:20px\" aria-hidden=\"true\" class=\"wp-block-spacer\"><\/div>\n<\/div><\/div>\n\n\n\n<div style=\"height:20px\" aria-hidden=\"true\" class=\"wp-block-spacer\"><\/div>\n\n\n\n<div class=\"wp-block-coblocks-row coblocks-row-31415475586 d3bottom mt-0\" data-columns=\"1\" data-layout=\"100\"><div class=\"wp-block-coblocks-row__inner has-background has-medium-gutter has-padding has-medium-padding has-no-margin is-stacked-on-mobile\" style=\"background-color:#f8fafc\">\n<div class=\"wp-block-coblocks-column coblocks-column-31415476933\" style=\"width:100%\"><div class=\"wp-block-coblocks-column__inner has-no-padding has-no-margin\">\n<p>Des \u00e9tudes scientifiques sur le syst\u00e8me nerveux ont montr\u00e9:<\/p>\n\n\n\n<ul class=\"boostlist\"><li>Un grand nombre de r\u00e9cepteurs de la vitamine D sont pr\u00e9sents dans tout le syst\u00e8me nerveux central. <\/li><li> La vitamine D prot\u00e8ge les neurones des effets nocifs des radicaux libres et diminue l&#8217;inflammation. <\/li><li> Corr\u00e9lation entre la vitamine D et le risque de d\u00e9velopper la maladie de Parkinson. <\/li><li> An effet entre un faible taux de vitamine D, la d\u00e9pression et la fatigue chronique. <\/li><li> Sans un niveau ad\u00e9quat de vitamine D, les glandes surr\u00e9nales ne peuvent pas r\u00e9guler une enzyme n\u00e9cessaire \u00e0 la production de dopamine, d&#8217;adr\u00e9naline et de noradr\u00e9naline. <\/li><li> Les personnes souffrant de d\u00e9pression l\u00e9g\u00e8re ou s\u00e9v\u00e8re constatent une nette am\u00e9lioration de leur sant\u00e9 lorsqu&#8217;elles recourent \u00e0 une suppl\u00e9mentation en vitamine D. <\/li><li> Les bienfaits du vit D sur la protection du capital osseux, du cerveau et m\u00eame de l&#8217;insuline sensibilit\u00e9.<\/li><\/ul>\n\n\n\n<p><\/p>\n\n\n\n<p style=\"font-family:Open Sans;line-height:1.5\" class=\"has-custom-font has-custom-lineheight\">La vitamine D est parfois appel\u00e9e \u00abvitamine soleil\u00bb car elle est produite dans votre peau en r\u00e9ponse \u00e0 la lumi\u00e8re du soleil (ultraviolets B: UVB). C&#8217;est une vitamine liposoluble dans une famille de compos\u00e9s qui comprend les vitamines D-1, D-2 et D-3. Il serait difficile de trouver des quantit\u00e9s suffisantes de vitamine D uniquement avec les aliments, car la quantit\u00e9 est faible dans la plupart des aliments, sauf dans les poissons gras. La vitamine D peut \u00eatre trouv\u00e9e dans les sardines, le saumon, les graines de tournesol, les huiles de foie de morue, le fromage et les \u0153ufs suivants. La vitamine D a \u00e9t\u00e9 li\u00e9e \u00e0 des niveaux accrus de calcium dans le corps humain et donc \u00e0 des os et des dents solides.<\/p>\n\n\n\n<p style=\"font-family:Open Sans;line-height:1.5\" class=\"has-custom-font has-custom-lineheight\">La recherche a confirm\u00e9 que jusqu&#8217;\u00e0 50% de la population mondiale pourrait souffrir d&#8217;une carence en vitamine D. Une enqu\u00eate aupr\u00e8s des seniors a estim\u00e9 que 95% souffraient d&#8217;une carence en vitamine D car ils passaient la plupart de leur temps \u00e0 l&#8217;int\u00e9rieur avec tr\u00e8s peu d&#8217;activit\u00e9s de plein air. On pense que les personnes \u00e2g\u00e9es sont plus \u00e0 risque de cette carence en vitamines car, \u00e0 mesure que nous vieillissons, la capacit\u00e9 de notre peau \u00e0 convertir la vitamine D en sa forme active diminue. Plus de la moiti\u00e9 des enfants interrog\u00e9s \u00e2g\u00e9s de 12 mois \u00e0 5 ans souffraient d&#8217;une carence en vitamine D, tout comme 65% des enfants \u00e2g\u00e9s de 6 \u00e0 11 ans. beaucoup d&#8217;entre nous ne sont pas suffisamment expos\u00e9s au soleil, en particulier entre les mois de novembre et mars ou que notre \u00e2ge signifie que nous ne pouvons pas convertir la vitamine D en sa forme active. De plus, le corps ne g\u00e9n\u00e8re pas de vitamine D lorsqu&#8217;il est assis derri\u00e8re une vitre, que ce soit dans votre voiture ou \u00e0 la maison, car ces rayons UV ne peuvent pas p\u00e9n\u00e9trer le verre pour g\u00e9n\u00e9rer de la vitamine D dans la peau. Les \u00e9crans solaires, m\u00eame faibles, bien qu&#8217;essentiels pour prot\u00e9ger la peau, peuvent affecter la capacit\u00e9 du corps \u00e0 g\u00e9n\u00e9rer de la vitamine D vitale.<\/p>\n\n\n\n<p style=\"font-family:Open Sans;line-height:1.5\" class=\"has-custom-font has-custom-lineheight\">Si votre corps ne re\u00e7oit pas suffisamment de vitamine D, vous risquez de d\u00e9velopper des anomalies osseuses telles que des os mous (ost\u00e9omalacie) ou des os fragiles (ost\u00e9oporose).<\/p>\n\n\n\n<p>&nbsp;<strong>Cela a laiss\u00e9 plus de 10 millions de personnes d\u00e9ficientes en vitamine D.<\/strong><\/p>\n\n\n\n<p style=\"color:#63ade5\" class=\"has-text-color crinnersub\">POURQUOI LA VITAMINE D3?<\/p>\n\n\n\n<p style=\"font-family:Open Sans;line-height:1.5\" class=\"whyd3 has-custom-font has-custom-lineheight\">Selon une \u00e9tude r\u00e9cente, plus de 40% de la population est d\u00e9ficiente en vitamine D. \u00cates-vous un d&#8217;entre eux? Comment saurais tu? Les sympt\u00f4mes courants comprennent:<\/p>\n\n\n\n<ul class=\"boostlist has-custom-font\" style=\"font-family:Open Sans\"><li>Sautes d&#8217;humeur <\/li><li> D\u00e9pression <\/li><li> Manque d&#8217;\u00e9nergie <\/li><li> Affections cutan\u00e9es chroniques <\/li><li> Autres maladies chroniques<\/li><\/ul>\n\n\n\n<div style=\"height:20px\" aria-hidden=\"true\" class=\"wp-block-spacer\"><\/div>\n\n\n\n<p style=\"color:#0071a1;font-size:19px;font-family:Open Sans\" class=\"has-text-color crinnersub has-custom-font\"><strong>POURQUOI CHOISIR ZINAVITAMINE D3?<\/strong><\/p>\n\n\n\n<ul class=\"boostlist has-custom-font\" style=\"font-family:Open Sans\"><li>SerrarPharma Vitamin D3 sont fabriqu\u00e9s selon les normes de qualit\u00e9 les plus \u00e9lev\u00e9es de l&#8217;industrie pharmaceutique. Ils contiennent de la vitamine D3 5000iu liquide naturel \u00e0 haute absorption avec de l&#8217;huile d&#8217;olive contient le plus haut niveau de vitamine D3 efficace en dose quotidienne savoureuse. Notre formule est con\u00e7ue pour \u00eatre simplement d\u00e9pos\u00e9e sous la langue pour une absorption maximale.La vitamine D3 liquide est absorb\u00e9e plus facilement et id\u00e9ale pour les personnes ayant des probl\u00e8mes digestifs. <\/li><li> Recommand\u00e9 par les meilleurs dermatologues et oncologues. Favorise la d\u00e9toxification, un syst\u00e8me immunitaire optimal et am\u00e9liore le sommeil. 80% des Am\u00e9ricains sont d\u00e9ficients en vitamine D3. La vitamine D3 est liposoluble est la meilleure huile naturelle absorb\u00e9e comme dans notre formule unique d&#8217;huile d&#8217;olive. <\/li><li> Obtenez une peau et des cheveux sains; obtenir une \u00e9nergie et un m\u00e9tabolisme optimaux. <\/li><li> Installations certifi\u00e9es FDA <\/li><li> Les bonnes pratiques de fabrication (BPF) sont un ensemble de r\u00e9glementations pharmaceutiques strictes qui garantissent que les compl\u00e9ments alimentaires sont fabriqu\u00e9s et contr\u00f4l\u00e9s selon des normes \u00e9lev\u00e9es qui peut \u00eatre utilis\u00e9. <\/li><li> Sans soja, sans gluten, certifi\u00e9 casher, sans produits laitiers, v\u00e9g\u00e9tarien <\/li><li> Sans lait, \u0153uf, poisson, crustac\u00e9s, crustac\u00e9s, noix, arachides , bl\u00e9 et soja. \u00c9galement sans levure, gluten, orge, riz, sodium et sucre. <\/li><li> Liquide \u00e0 absorption rapide <\/li><li> Pure VIT D3 livr\u00e9 dans de l&#8217;huile d&#8217;olive extra vierge sans OGM <\/li><li> Efficacit\u00e9 maximale <\/li><li> Tout naturel<\/li><\/ul>\n\n\n\n<div style=\"height:20px\" aria-hidden=\"true\" class=\"wp-block-spacer\"><\/div>\n\n\n\n<p style=\"color:#63ade5;font-family:Open Sans\" class=\"has-text-color crinnersub has-custom-font\">QU&#8217;EN EST-IL DE LA VITAMINE D ET DES COVIDES EN PARTICULIER?<\/p>\n\n\n\n<p style=\"font-family:Open Sans;line-height:1.5\" class=\"has-custom-font has-custom-lineheight\">Une \u00e9tude r\u00e9cente a conclu que ses r\u00e9sultats \u201cplaident fortement pour un r\u00f4le de la carence en vitamine D dans le risque d&#8217;avoir COVID-19 et pour un traitement prolong\u00e9 de la vitamine D au niveau de la population et des tests et une \u00e9valuation des effets de ces interventions. \u201c<\/p>\n\n\n\n<p style=\"font-family:Open Sans;line-height:1.5\" class=\"has-custom-font has-custom-lineheight\">De plus, pendant les hivers, une personne \u00e2g\u00e9e en surpoids et \u00e0 la peau fonc\u00e9e qui se r\u00e9fugie \u00e0 l&#8217;int\u00e9rieur la plupart du temps est presque certainement d\u00e9ficiente en vitamine D et ce faible statut en vitamine D peut \u00eatre exacerb\u00e9 pendant ce COVID -19. S&#8217;il ne prend pas de suppl\u00e9ments, il devrait l&#8217;\u00eatre de toute fa\u00e7on, quel que soit l&#8217;effet protecteur contre le virus Covid. Puisqu&#8217;il pourrait \u00eatre utile contre le virus.<\/p>\n<\/div><\/div>\n<\/div><\/div>\n\n\n\n<p style=\"background-color:#005e94;font-family:Open Sans\" class=\"has-text-color has-background has-text-align-center has-medium-font-size has-quaternary-color clinicallinks has-custom-font\"><a href=\"https:\/\/www.serrarpharma.com\/fr\/product\/zinavitamin-d3\">ACHETER MAINTENANT<\/a><\/p>\n<\/div><\/div>\n\n\n\n<div class=\"wp-container-31 wp-block-group crbox\"><div class=\"wp-block-group__inner-container\">\n<div class=\"wp-container-30 wp-block-group has-background cresearchtop\" style=\"background-color:#e4effa\"><div class=\"wp-block-group__inner-container\">\n<div class=\"wp-block-media-text alignwide has-media-on-the-right is-stacked-on-mobile is-vertically-aligned-center topcrbox\" style=\"grid-template-columns:auto 35%\"><figure class=\"wp-block-media-text__media\"><img loading=\"lazy\" width=\"620\" height=\"500\" src=\"https:\/\/i0.wp.com\/www.serrarpharma.com\/wp-content\/uploads\/2020\/06\/lagen.png?resize=620%2C500&#038;ssl=1\" alt=\"\" class=\"wp-image-7951\" srcset=\"https:\/\/i0.wp.com\/www.serrarpharma.com\/wp-content\/uploads\/2020\/06\/lagen.png?w=620&amp;ssl=1 620w, https:\/\/i0.wp.com\/www.serrarpharma.com\/wp-content\/uploads\/2020\/06\/lagen.png?resize=300%2C242&amp;ssl=1 300w, https:\/\/i0.wp.com\/www.serrarpharma.com\/wp-content\/uploads\/2020\/06\/lagen.png?resize=600%2C484&amp;ssl=1 600w\" sizes=\"(max-width: 620px) 100vw, 620px\" data-recalc-dims=\"1\" \/><\/figure><div class=\"wp-block-media-text__content\">\n<div style=\"height:30px\" aria-hidden=\"true\" class=\"wp-block-spacer\"><\/div>\n\n\n\n<p style=\"background-color:#63ade5;line-height:1\" class=\"has-text-color has-background has-large-font-size has-quaternary-color crsub has-custom-lineheight\"><strong>Dr. SERRAR<sup>\u00ae<\/sup> Collagen Pure<\/strong><\/p>\n\n\n\n<p style=\"font-family:Open Sans;line-height:1.5\" class=\"crboxbod has-custom-font has-custom-lineheight\">Le collag\u00e8ne est comme la colle qui maintient le corps ensemble. C&#8217;est la prot\u00e9ine la plus abondante dans le corps et elle peut \u00eatre trouv\u00e9e dans les muscles, la peau, le cartilage, les os et le sang pour ne nommer que quelques-uns des r\u00f4les vitaux qu&#8217;elle joue dans le corps. Ces derni\u00e8res ann\u00e9es, le collag\u00e8ne a commenc\u00e9 \u00e0 devenir de plus en plus populaire.<\/p>\n\n\n\n<p style=\"font-family:Open Sans\" class=\"crboxbod has-custom-font\"><strong>Soutient la sant\u00e9 des articulations et de la peau<br>Aide \u00e0 l&#8217;apparence des rides<br>Fournit du tissu conjonctif<br>Aide \u00e0 d\u00e9velopper les muscles et \u00e0 br\u00fbler les graisses<\/strong><\/p>\n<\/div><\/div>\n\n\n\n<div style=\"height:20px\" aria-hidden=\"true\" class=\"wp-block-spacer\"><\/div>\n\n\n\n<div style=\"height:20px\" aria-hidden=\"true\" class=\"wp-block-spacer\"><\/div>\n<\/div><\/div>\n\n\n\n<div style=\"height:20px\" aria-hidden=\"true\" class=\"wp-block-spacer\"><\/div>\n\n\n\n<div class=\"wp-block-coblocks-row coblocks-row-31415475586 d3bottom mt-0\" data-columns=\"1\" data-layout=\"100\"><div class=\"wp-block-coblocks-row__inner has-background has-medium-gutter has-padding has-medium-padding has-no-margin is-stacked-on-mobile\" style=\"background-color:#f8fafc\">\n<div class=\"wp-block-coblocks-column coblocks-column-31415476933\" style=\"width:100%\"><div class=\"wp-block-coblocks-column__inner has-no-padding has-no-margin\">\n<p style=\"font-family:Open Sans;line-height:1.5\" class=\"has-custom-font has-custom-lineheight\">Le collag\u00e8ne est un complexe de collag\u00e8ne multi-mol\u00e9cules qui offre un soutien pour la sant\u00e9 des articulations ainsi que pour une peau saine. Le collag\u00e8ne peut soutenir l&#8217;\u00e9lasticit\u00e9 et la fermet\u00e9 de la peau et aider \u00e0 retenir l&#8217;humidit\u00e9. *<\/p>\n\n\n\n<ul class=\"boostlist has-custom-font\" style=\"font-family:Open Sans\"><li>Soutient la sant\u00e9 des articulations <\/li><li> Favorise l&#8217;\u00e9lasticit\u00e9 de la peau <\/li><li> Peut aider \u00e0 att\u00e9nuer l&#8217;apparence des ridules et des rides * <\/li><li> Possibilit\u00e9 de fournir un soutien au tissu conjonctif * <\/li> <li> Aide \u00e0 d\u00e9velopper les muscles et \u00e0 br\u00fbler les graisses <\/li><li> Compl\u00e9ment naturel<\/li><\/ul>\n\n\n\n<p><\/p>\n\n\n\n<p style=\"font-family:Open Sans;line-height:1.5\" class=\"has-custom-font has-custom-lineheight\">Le corps produit naturellement du collag\u00e8ne mais en vieillissant, nous commen\u00e7ons \u00e0 en produire de moins en moins. Cela peut entra\u00eener des signes visibles de vieillissement &#8211; comme les rides et le rel\u00e2chement cutan\u00e9 &#8211; et des signes invisibles de vieillissement &#8211; comme des articulations douloureuses. Le collag\u00e8ne peut aider \u00e0 donner \u00e0 votre corps les \u00e9l\u00e9ments constitutifs dont il a besoin pour maintenir ces domaines de sant\u00e9 et d&#8217;autres. Il peut \u00e9galement aider \u00e0 soutenir une masse musculaire maigre saine. Avec sa large gamme d&#8217;avantages et d&#8217;utilisations, le collag\u00e8ne peut plaire aux clients petits et grands!<\/p>\n\n\n\n<div style=\"height:20px\" aria-hidden=\"true\" class=\"wp-block-spacer\"><\/div>\n\n\n\n<p style=\"color:#0071a1;font-family:Open Sans\" class=\"has-text-color has-medium-font-size crinnersub has-custom-font\"><strong>Pourquoi choisir Dr. SERRAR<sup>\u00ae<\/sup> Collagen Pure?<\/strong><\/p>\n\n\n\n<p style=\"font-family:Open Sans;line-height:1.5\" class=\"has-custom-font has-custom-lineheight\">Dr. SERRAR<sup>\u00ae<\/sup>&nbsp;Collagen Pure est fabriqu\u00e9 selon les normes les plus \u00e9lev\u00e9es de l&#8217;industrie pharmaceutique. Ils contiennent un complexe de collag\u00e8ne multi-mol\u00e9cule: Bovin, Poulet, Peptides \u00e0 Membrane Coquille d&#8217;Oeuf.<\/p>\n\n\n\n<ul class=\"boostlist has-custom-font\" style=\"font-family:Open Sans\"><li> LA PLUS HAUTE QUALIT\u00c9. SANS GLUTEN. Fabriqu\u00e9 aux \u00c9tats-Unis. <\/li><li> Installations certifi\u00e9es FDA <\/li><li> Les bonnes pratiques de fabrication (BPF) sont un ensemble de r\u00e9glementations pharmaceutiques strictes qui garantissent que les compl\u00e9ments alimentaires sont fabriqu\u00e9s et contr\u00f4l\u00e9s selon des normes \u00e9lev\u00e9es qui conviennent <\/li><li> Sans soja, sans gluten, certifi\u00e9 casher, sans produits laitiers, sans lait, noix, arachides, crustac\u00e9s, bl\u00e9 et soja. \u00c9galement exempt de levure, d&#8217;orge, de riz, de sodium et de sucre. <\/li><li> Efficacit\u00e9 maximale <\/li><li> Tout d&#8217;origine naturelle <\/li><li> Fabriqu\u00e9 avec des ingr\u00e9dients hypoallerg\u00e9niques <\/li><\/ul>\n<\/div><\/div>\n<\/div><\/div>\n\n\n\n<p style=\"background-color:#005e94;font-family:Open Sans\" class=\"has-text-color has-background has-text-align-center has-medium-font-size has-quaternary-color clinicallinks has-custom-font\"><a href=\"https:\/\/www.serrarpharma.com\/fr\/product\/collagen-pure\/\">ACHETER MAINTENANT<\/a><\/p>\n<\/div><\/div>\n\n\n\n<div class=\"wp-container-33 wp-block-group crbox\"><div class=\"wp-block-group__inner-container\">\n<div class=\"wp-container-32 wp-block-group has-background cresearchtop\" style=\"background-color:#e4effa\"><div class=\"wp-block-group__inner-container\">\n<div class=\"wp-block-media-text alignwide has-media-on-the-right is-stacked-on-mobile is-vertically-aligned-center topcrbox\" style=\"grid-template-columns:auto 35%\"><figure class=\"wp-block-media-text__media\"><img src=\"https:\/\/i0.wp.com\/www.serrarpharma.com\/wp-content\/uploads\/2020\/06\/vita.png?w=660&#038;ssl=1\" alt=\"\" class=\"wp-image-7949\" data-recalc-dims=\"1\"\/><\/figure><div class=\"wp-block-media-text__content\">\n<div style=\"height:30px\" aria-hidden=\"true\" class=\"wp-block-spacer\"><\/div>\n\n\n\n<p style=\"background-color:#63ade5;line-height:1\" class=\"has-text-color has-background has-large-font-size has-quaternary-color vitcsub has-custom-lineheight\"><strong>Dr. SERRAR<sup>\u00ae<\/sup> VITAMIN C SERUM<\/strong><\/p>\n\n\n\n<p style=\"font-family:Open Sans;line-height:1.5\" class=\"crboxbod has-custom-font has-custom-lineheight\">Dr. SERRAR<sup>\u00ae<\/sup> Skin Care est une marque dont les traitements antioxydants sont pr\u00e9par\u00e9s selon des param\u00e8tres de protection contre le vieillissement atmosph\u00e9rique. Ce dernier d\u00e9note des signes visibles d&#8217;exposition \u00e0 une vari\u00e9t\u00e9 d&#8217;agresseurs environnementaux. Ces agresseurs incluent les rayons UV, le rayonnement infrarouge (IRA) et la pollution. La recherche montre que la surexposition \u00e0 ces agresseurs peut entra\u00eener un vieillissement visible de la peau et que l&#8217;utilisation d&#8217;antioxydants topiques peut aider \u00e0 pr\u00e9venir cet effet.<\/p>\n<\/div><\/div>\n\n\n\n<div style=\"height:20px\" aria-hidden=\"true\" class=\"wp-block-spacer\"><\/div>\n\n\n\n<div style=\"height:20px\" aria-hidden=\"true\" class=\"wp-block-spacer\"><\/div>\n<\/div><\/div>\n\n\n\n<div style=\"height:20px\" aria-hidden=\"true\" class=\"wp-block-spacer\"><\/div>\n\n\n\n<div class=\"wp-block-coblocks-row coblocks-row-31415475586 d3bottom mt-0\" data-columns=\"1\" data-layout=\"100\"><div class=\"wp-block-coblocks-row__inner has-background has-medium-gutter has-padding has-medium-padding has-no-margin is-stacked-on-mobile\" style=\"background-color:#f8fafc\">\n<div class=\"wp-block-coblocks-column coblocks-column-31415476933\" style=\"width:100%\"><div class=\"wp-block-coblocks-column__inner has-no-padding has-no-margin\">\n<p style=\"font-family:Open Sans;line-height:1.5\" class=\"has-custom-font has-custom-lineheight\">La recherche clinique montre que des combinaisons sp\u00e9cifiques d&#8217;antioxydants, lorsqu&#8217;elles sont con\u00e7ues efficacement, fonctionnent en synergie pour fournir de meilleurs r\u00e9sultats que ces m\u00eames antioxydants utilis\u00e9s s\u00e9par\u00e9ment. Le choix de la vitamine C E Ferulic pour ce s\u00e9rum \u00e0 base de vitamine C est con\u00e7u pour obtenir des r\u00e9sultats optimaux:<\/p>\n\n\n\n<ul class=\"boostlist has-custom-font\" style=\"font-family:Open Sans\"><li>Renforce la protection contre les rayons UV pour mieux pr\u00e9venir les signes visibles du vieillissement. <\/li><li> R\u00e9duit l&#8217;apparence des dommages caus\u00e9s par le soleil.<\/li><\/ul>\n\n\n\n<p><\/p>\n\n\n\n<p style=\"font-family:Open Sans;line-height:1.5\" class=\"has-custom-font has-custom-lineheight\">VITAMIN C Serum, est utilis\u00e9 pour \u00e9claircir et renouveler la peau. C&#8217;est une formule puissante pour lutter contre le teint terne et in\u00e9gal et les signes du vieillissement avec seulement 11 ingr\u00e9dients. Sans parfum, sans silicone, seuls actifs essentiels d&#8217;excellence en dermatologie.<\/p>\n\n\n\n<div style=\"height:20px\" aria-hidden=\"true\" class=\"wp-block-spacer\"><\/div>\n\n\n\n<p style=\"color:#63ade5;font-size:19px;font-family:Open Sans\" class=\"has-text-color has-custom-font\"><strong>INGR\u00c9DIENTS CL\u00c9S<\/strong><\/p>\n\n\n\n<p style=\"font-family:Open Sans;line-height:1.5\" class=\"has-custom-font has-custom-lineheight\"><strong>22% d&#8217;acide L-ascorbique (vitamine C): <\/strong> <br> La vitamine C est un antioxydant tr\u00e8s puissant qui n&#8217;est pas efficacement absorb\u00e9 par la peau en raison de sa structure. Les caract\u00e9ristiques de la pr\u00e9paration Dr. SERRAR\u00ae de ce s\u00e9rum permettent \u00e0 la vitamine C d&#8217;\u00eatre absorb\u00e9e efficacement par la peau:<\/p>\n\n\n\n<ul class=\"boostlist has-custom-font\" style=\"font-family:Open Sans\"><li>acide L-ascorbique pur (Vitamine C); <\/li><li> un pH acide compris entre 2,0 et 3,5; <\/li><li> une concentration de 22% dans une formule 100% hypoallerg\u00e9nique<\/li><\/ul>\n\n\n\n<div style=\"height:20px\" aria-hidden=\"true\" class=\"wp-block-spacer\"><\/div>\n\n\n\n<p style=\"font-family:Open Sans;line-height:1.5\" class=\"has-custom-font has-custom-lineheight\">Essentielle au bon fonctionnement de l&#8217;organisme, la vitamine C est pr\u00e9sente dans la peau o\u00f9, en pi\u00e9geant une certaine cat\u00e9gorie de radicaux libres, elle combat les dommages caus\u00e9s par le stress oxydatif. et aide \u00e0 prot\u00e9ger contre le stress oxydatif tout en offrant des avantages anti-\u00e2ge visibles. C&#8217;est \u00e9galement un atout pour lutter contre les troubles pigmentaires, redensifier la matrice extracellulaire et lutter contre les inflammations afin d&#8217;apaiser la peau. Sur le visage, les effets de ces actifs multit\u00e2ches sont imm\u00e9diats: les ridules sont att\u00e9nu\u00e9es, le teint est plus homog\u00e8ne et l&#8217;\u00e9clat est donn\u00e9 un second souffle.<\/p>\n\n\n\n<p style=\"font-family:Open Sans;line-height:1.5\" class=\"has-custom-font has-custom-lineheight\"><strong>Niacinamide (Vitamine B3) <\/strong> : <br> Utilis\u00e9 par notre peau, le Niacinamide offre plusieurs actions:<\/p>\n\n\n\n<ul class=\"boostlist has-custom-font\" style=\"font-family:Open Sans\"><li>Am\u00e9lioration de la fonction barri\u00e8re de la peau. Acc\u00e9l\u00e9ration de la diff\u00e9renciation cellulaire. <\/li><li> Cicatrisation rapide. Aide \u00e0 restructurer l&#8217;\u00e9piderme. <\/li><li> Effets anti-inflammatoires, limite les irritations. <\/li><li> R\u00e9duction des pertes en eau, effet hydratant des diff\u00e9rentes couches de la peau dont la couche corn\u00e9e. <\/li><li> Augmente les enzymes qui cr\u00e9ent les c\u00e9ramides et la s\u00e9rine pour une meilleure coh\u00e9sion cellulaire. <\/li><li> Lutte contre les \u00e9tats atopiques, contre la peau s\u00e8che. <\/li><li> Inhibition des cytokines inflammatoires. <\/li><li> Diminue et r\u00e9gule la production de m\u00e9lanine (taches brunes). <\/li><li> Une action anti-\u00e2ge et anti-inflammatoire int\u00e9ressante qui convient \u00e0 tous les types de peau et \u00e0 tous les \u00e2ges (adultes). <\/li><li> S\u00e9rum VITAMINE C, donc d&#8217;int\u00e9r\u00eat pour les peaux acn\u00e9iques inflammatoires, les peaux irrit\u00e9es, les peaux atopiques, les peaux qui deviennent sensibles, les peaux qui r\u00e9agissent plus qu&#8217;avant, les peaux \u00e0 pores visibles, les boutons \u00e9mergents, la rosac\u00e9e, les peaux sous traitement irritant (r\u00e9tinol, r\u00e9tino\u00efdes , anti-acn\u00e9).<\/li><\/ul>\n\n\n\n<div style=\"height:20px\" aria-hidden=\"true\" class=\"wp-block-spacer\"><\/div>\n\n\n\n<p style=\"font-family:Open Sans;line-height:1.5\" class=\"has-custom-font has-custom-lineheight\"><strong>Hyaluronate de sodium <\/strong>: <br> Le hyaluronate de sodium est le sel de l&#8217;acide hyaluronique. C&#8217;est une composante naturelle du tissu conjonctif. Il p\u00e9n\u00e8tre facilement dans l&#8217;\u00e9piderme et peut alors absorber une grande quantit\u00e9 d&#8217;eau, jusqu&#8217;\u00e0 20 fois son poids. <br> D\u00e9couvert dans les ann\u00e9es 1930, l&#8217;acide hyaluronique est abondant dans le derme des peaux jeunes, mais sa quantit\u00e9 diminue avec l&#8217;\u00e2ge: la peau appara\u00eet alors plus ab\u00eem\u00e9e, avec des rides. L&#8217;acide hyaluronique est une mol\u00e9cule assez grosse qui a du mal \u00e0 p\u00e9n\u00e9trer la peau et est beaucoup plus efficace lorsqu&#8217;elle est inject\u00e9e. Dans un cosm\u00e9tique, son sel est utilis\u00e9: le hyaluronate de sodium est une mol\u00e9cule beaucoup plus petite, qui p\u00e9n\u00e8tre plus facilement et peut ensuite p\u00e9n\u00e9trer dans les couches profondes de la peau. Ce sel est un puissant humectant qui attire et retient l&#8217;eau, ce qui en fait le produit hydratant de choix pour la peau: il contribue \u00e0 la garder \u00abhumide\u00bb. Comme il attire et se lie \u00e0 l&#8217;eau, il provoque un l\u00e9ger gonflement, ce qui r\u00e9duit l&#8217;apparence des ridules et des rides, pour donner \u00e0 la peau une apparence plus jeune.<\/p>\n\n\n\n<p style=\"font-family:Open Sans;line-height:1.5\" class=\"has-custom-font has-custom-lineheight\"><strong>Alpha-tocoph\u00e9rol \u00e0 1% <\/strong>: <br> Cette forme de vitamine E neutralise les radicaux libres et r\u00e9g\u00e9n\u00e8re les lipides de la peau. Comme cela a \u00e9t\u00e9 prouv\u00e9, l&#8217;alpha-tocoph\u00e9rol agit en synergie avec la vitamine C, chacun r\u00e9g\u00e9n\u00e9rant l&#8217;autre. Surtout, il aide \u00e0 apaiser la peau et \u00e0 la prot\u00e9ger des effets n\u00e9fastes de la pollution. Cons\u00e9quences; moins de signes de fatigue sur le visage.<\/p>\n\n\n\n<p style=\"font-family:Open Sans;line-height:1.5\" class=\"has-custom-font has-custom-lineheight\">Ses fonctions <br> Antioxydant: Inhibe les r\u00e9actions favoris\u00e9es par l&#8217;oxyg\u00e8ne, \u00e9vitant ainsi l&#8217;oxydation et le rancissement <br> Agent de soin de la peau: Maintient la peau en bon \u00e9tat<\/p>\n\n\n\n<p style=\"font-family:Open Sans;line-height:1.5\" class=\"has-custom-font has-custom-lineheight\"><strong>Pro-Vitamine B5 <\/strong>: <br> Le panth\u00e9nol est un alcool largement utilis\u00e9 en cosm\u00e9tique. Le panth\u00e9nol am\u00e9liore l&#8217;hydratation, r\u00e9duit les d\u00e9mangeaisons et l&#8217;inflammation de la peau. Il acc\u00e9l\u00e8re et am\u00e9liore la cicatrisation des plaies \u00e9pidermiques. Il est souvent utilis\u00e9 dans les produits de traitement des coups de soleil. Lorsque le panth\u00e9nol est appliqu\u00e9 localement, il p\u00e9n\u00e8tre dans les couches inf\u00e9rieures de la peau, est absorb\u00e9 par les cellules de la peau et transform\u00e9 en acide pantoth\u00e9nique (plus commun\u00e9ment appel\u00e9 vitamine B5). C&#8217;est cette p\u00e9n\u00e9tration qui permet une hydratation essentielle. <br> 0,5% d&#8217;acide f\u00e9rulique <br> Antioxydant d&#8217;origine v\u00e9g\u00e9tale, l&#8217;acide f\u00e9rulique neutralise les radicaux libres et am\u00e9liore les bienfaits antioxydants des vitamines C et E.<\/p>\n\n\n\n<div style=\"height:20px\" aria-hidden=\"true\" class=\"wp-block-spacer\"><\/div>\n\n\n\n<p style=\"color:#0071a1;font-family:Open Sans\" class=\"has-text-color has-medium-font-size crinnersub has-custom-font\"><strong>Pourquoi choisir Dr. SERRAR<sup>\u00ae<\/sup>&nbsp;VITAMIN C SERUM?<\/strong><\/p>\n\n\n\n<p style=\"font-family:Open Sans;line-height:1.5\" class=\"has-custom-font has-custom-lineheight\">Dr. SERRAR<sup>\u00ae<\/sup> VITAMIN C SERUM sont fabriqu\u00e9s selon les normes les plus \u00e9lev\u00e9es de l&#8217;industrie pharmaceutique. Ils contiennent Advanced Antioxidant Serum &#8211; Un nutriment indispensable pour la production de collag\u00e8ne, la vitamine C se m\u00e9lange en synergie avec le hyaluronate de sodium et la vitamine E dans cette formule avanc\u00e9e con\u00e7ue pour cibler les signes les plus courants du vieillissement, y compris la luminosit\u00e9, la fermet\u00e9, les ridules, les rides, les taches brunes et le soleil taches.<\/p>\n\n\n\n<ul class=\"boostlist has-custom-font\" style=\"font-family:Open Sans\"><li>LA PLUS HAUTE QUALIT\u00c9. SANS GLUTEN. Fabriqu\u00e9 aux \u00c9tats-Unis. <\/li><li> Installations certifi\u00e9es FDA <\/li><li> Les bonnes pratiques de fabrication (BPF) sont un ensemble de r\u00e9glementations pharmaceutiques strictes qui garantissent que les compl\u00e9ments alimentaires sont fabriqu\u00e9s et contr\u00f4l\u00e9s selon des normes \u00e9lev\u00e9es qui conviennent <\/li><li> Sans soja, sans gluten, certifi\u00e9 casher, sans produits laitiers, sans lait, noix, arachides, crustac\u00e9s, bl\u00e9 et soja. \u00c9galement exempt de levure, d&#8217;orge, de riz, de sodium et de sucre. <\/li><li> Efficacit\u00e9 maximale <\/li><li> Tout naturel <\/li><li> Fabriqu\u00e9 avec des ingr\u00e9dients hypoallerg\u00e9niques<\/li><\/ul>\n\n\n\n<div style=\"height:20px\" aria-hidden=\"true\" class=\"wp-block-spacer\"><\/div>\n\n\n\n<p style=\"font-family:Open Sans;line-height:1.5\" class=\"has-custom-font has-custom-lineheight\"><strong>Indications <\/strong> <br> Le processus de vieillissement diminue naturellement l&#8217;humidit\u00e9, le collag\u00e8ne et les nutriments essentiels de la peau, laissant la peau s\u00e8che, rid\u00e9e et tach\u00e9e. Le s\u00e9rum \u00e0 la vitamine C est con\u00e7u avec pr\u00e9cision pour revitaliser la peau vieillissante, fournissant les nutriments essentiels n\u00e9cessaires pour redonner \u00e0 la peau son aspect magnifique et jeune.\n<\/p>\n<\/div><\/div>\n<\/div><\/div>\n\n\n\n<p style=\"background-color:#005e94;font-family:Open Sans\" class=\"has-text-color has-background has-text-align-center has-medium-font-size has-quaternary-color clinicallinks has-custom-font\"><a href=\"https:\/\/www.serrarpharma.com\/fr\/product\/dr-serrar-vitamin-c-serum\/\">ACHETER MAINTENANT<\/a><\/p>\n<\/div><\/div>\n\n\n\n<div class=\"wp-container-35 wp-block-group crbox\"><div class=\"wp-block-group__inner-container\">\n<div class=\"wp-container-34 wp-block-group has-background cresearchtop\" style=\"background-color:#e4effa\"><div class=\"wp-block-group__inner-container\">\n<div class=\"wp-block-media-text alignwide has-media-on-the-right is-stacked-on-mobile is-vertically-aligned-center topcrbox\" style=\"grid-template-columns:auto 35%\"><figure class=\"wp-block-media-text__media\"><img src=\"https:\/\/i0.wp.com\/www.serrarpharma.com\/wp-content\/uploads\/2020\/06\/DermTCR.png?w=660&#038;ssl=1\" alt=\"\" class=\"wp-image-7753\" data-recalc-dims=\"1\"\/><\/figure><div class=\"wp-block-media-text__content\">\n<div style=\"height:30px\" aria-hidden=\"true\" class=\"wp-block-spacer\"><\/div>\n\n\n\n<p style=\"background-color:#63ade5;line-height:1\" class=\"has-text-color has-background has-large-font-size has-quaternary-color crsub has-custom-lineheight\"><strong>Dr. SERRAR<sup>\u00ae<\/sup> DERM Ergothioneine<\/strong><\/p>\n\n\n\n<p style=\"font-family:Open Sans;line-height:1.5\" class=\"crboxbod has-custom-font has-custom-lineheight\">Dr. SERRAR<sup>\u00ae<\/sup> Skin Care est une marque dont les traitements antioxydants sont pr\u00e9par\u00e9s selon des param\u00e8tres de protection contre le vieillissement atmosph\u00e9rique. Ce dernier d\u00e9note des signes visibles d&#8217;exposition \u00e0 une vari\u00e9t\u00e9 d&#8217;agresseurs environnementaux. Ces agresseurs incluent les rayons UV, le rayonnement infrarouge (IRA) et la pollution.<\/p>\n\n\n\n<p style=\"font-family:Open Sans;line-height:1.5\" class=\"crboxbod has-custom-font has-custom-lineheight\">Aussi, sous l&#8217;effet de l&#8217;\u00e2ge et des conditions climatiques, la peau perd son \u00e9lasticit\u00e9 et son \u00e9clat. Pour pallier ces inconv\u00e9nients, nous vous proposons les Antioxydants anti-\u00e2ge Dr Serrar Skin Care, une gamme de produits con\u00e7ue pour pr\u00e9venir, ralentir et corriger les premiers signes du vieillissement cutan\u00e9.<\/p>\n<\/div><\/div>\n\n\n\n<div style=\"height:20px\" aria-hidden=\"true\" class=\"wp-block-spacer\"><\/div>\n\n\n\n<div style=\"height:20px\" aria-hidden=\"true\" class=\"wp-block-spacer\"><\/div>\n<\/div><\/div>\n\n\n\n<div style=\"height:20px\" aria-hidden=\"true\" class=\"wp-block-spacer\"><\/div>\n\n\n\n<div class=\"wp-block-coblocks-row coblocks-row-31415475586 d3bottom mt-0\" data-columns=\"1\" data-layout=\"100\"><div class=\"wp-block-coblocks-row__inner has-background has-medium-gutter has-padding has-medium-padding has-no-margin is-stacked-on-mobile\" style=\"background-color:#f8fafc\">\n<div class=\"wp-block-coblocks-column coblocks-column-31415476933\" style=\"width:100%\"><div class=\"wp-block-coblocks-column__inner has-no-padding has-no-margin\">\n<p style=\"font-family:Open Sans;line-height:1.5\" class=\"has-custom-font has-custom-lineheight\">Les produits pour la peau mature sont pr\u00e9par\u00e9s \u00e0 partir d&#8217;\u00e9l\u00e9ments bio-stimulants et d&#8217;extraits de plantes qui adoucissent, nourrissent et hydratent la peau tout en favorisant l&#8217;apport sanguin \u00e9pidermique. Ils tonifient et r\u00e9g\u00e9n\u00e8rent la peau et contribuent \u00e0 sa sant\u00e9 et \u00e0 son bien-\u00eatre. Ces produits sont recommand\u00e9s pour toutes les personnes \u00e2g\u00e9es de 21 ans et plus.<\/p>\n\n\n\n<p style=\"font-family:Open Sans;line-height:1.5\" class=\"has-custom-font has-custom-lineheight\">Cependant, d&#8217;autres facteurs favorisent le vieillissement cutan\u00e9 pr\u00e9matur\u00e9, notamment l&#8217;environnement, un mauvais mode de vie, la d\u00e9shydratation et une longue exposition au soleil. Avant 30 ans, les signes de l&#8217;\u00e2ge ne sont pas encore visibles: nous mettons ensuite en pr\u00e9vention avec la cr\u00e8me Dr. SERRAR<sup>\u00ae<\/sup> &#038; Skin Care \u00c9CLAT Collagen le matin et DERM Ergothioneine le soir.<\/p>\n\n\n\n<p style=\"font-family:Open Sans;line-height:1.5\" class=\"has-custom-font has-custom-lineheight\">C&#8217;est \u00e0 partir de 30 ans que les ridules et les rides d&#8217;expression commencent \u00e0 prendre forme: teint terne, manque de fermet\u00e9, peau moins lisse. Ces signes que nous appelons le vieillissement cutan\u00e9 sont caus\u00e9s par un exc\u00e8s de stress oxydatif. La peau, pr\u00e9dispos\u00e9e \u00e0 accumuler les dommages, devient donc le premier miroir de l&#8217;\u00e2ge. Ces signes b\u00e9nins de vieillissement sont cependant r\u00e9versibles et peuvent \u00eatre pris en charge rapidement.<\/p>\n\n\n\n<p style=\"font-family:Open Sans;line-height:1.5\" class=\"has-custom-font has-custom-lineheight\">D\u00e8s l&#8217;apparition des premi\u00e8res rides, l&#8217;application d&#8217;une cr\u00e8me anti-\u00e2ge anti-\u00e2ge DERM Ergothioneine vous aide \u00e0 lutter contre le vieillissement cutan\u00e9: pour arr\u00eater le temps. <br> DERM Ergothioneine La cr\u00e8me anti-\u00e2ge aide \u00e0 lutter contre les signes du vieillissement en haut de gamme ingr\u00e9dients pour des r\u00e9sultats \u00e9tonnants. En vieillissant, nous nous ass\u00e9chons et les femmes surtout. C\u2019est pourquoi il est si important de donner \u00e0 notre peau l\u2019humidit\u00e9 dont elle a besoin pour rester charnue et saine.<\/p>\n\n\n\n<p style=\"font-family:Open Sans;line-height:1.5\" class=\"has-custom-font has-custom-lineheight\">Notre cr\u00e8me anti-\u00e2ge DERM Ergothioneine de marque priv\u00e9e hydrate et emprisonne l&#8217;humidit\u00e9 pour r\u00e9duire les signes de vieillissement pour une apparence fra\u00eeche et jeune:<\/p>\n\n\n\n<ul class=\"boostlist has-custom-font\" style=\"font-family:Open Sans\"><li>R\u00e9duit l&#8217;apparence des ridules et des rides <\/li><li> Hydrate et hydrate <\/li><li> Adoucit et apaise la s\u00e9cheresse <\/li><li> Retient l&#8217;humidit\u00e9<\/li><\/ul>\n\n\n\n<div style=\"height:20px\" aria-hidden=\"true\" class=\"wp-block-spacer\"><\/div>\n\n\n\n<p style=\"color:#63ade5;font-size:19px;font-family:Open Sans\" class=\"has-text-color has-custom-font\"><strong>INGR\u00c9DIENTS CL\u00c9S<\/strong><\/p>\n\n\n\n<p style=\"font-family:Open Sans;line-height:1.5\" class=\"has-custom-font has-custom-lineheight\">Nous utilisons des ingr\u00e9dients de premi\u00e8re qualit\u00e9 pour offrir aux clients un produit de haute qualit\u00e9 qu\u2019ils adoreront. Notre cr\u00e8me anti-\u00e2ge de marque priv\u00e9e a \u00e9t\u00e9 formul\u00e9e avec certains des ingr\u00e9dients anti-\u00e2ge les plus populaires de l&#8217;industrie pour assurer l&#8217;efficacit\u00e9:<\/p>\n\n\n\n<p style=\"font-family:Open Sans;line-height:1.5\" class=\"has-custom-font has-custom-lineheight\"><strong>Ergothion\u00e9ine <\/strong> <br>L&#8217;ergothioneine est un acide amin\u00e9 avec un groupe thiol \/ thione. Il est g\u00e9n\u00e9ralement synth\u00e9tis\u00e9 par certains champignons et bact\u00e9ries. On le trouve \u00e9galement dans de nombreuses noix, l\u00e9gumineuses, feuilles vertes, champignons et fruits de mer. On le trouve dans les champignons en concentration plus \u00e9lev\u00e9e que toute autre source. C&#8217;est \u00e9galement un m\u00e9tabolite du glutathion. Il s&#8217;agit g\u00e9n\u00e9ralement d&#8217;un solide cristallin blanc, mais il se pr\u00e9sente \u00e9galement sous la forme d&#8217;une solution insipide et incolore.<\/p>\n\n\n\n<p style=\"font-family:Open Sans;line-height:1.5\" class=\"has-custom-font has-custom-lineheight\"><strong>Utilisation et avantages<\/strong>:<strong> <\/strong> <br>En raison de sa sp\u00e9cialit\u00e9 structurelle d&#8217;atome de soufre, c&#8217;est un antioxydant stable et puissant. Il emp\u00eache non seulement l&#8217;oxydation, mais \u00e9galement l&#8217;\u00e9limination des radicaux libres, en particulier des radicaux -OH.<\/p>\n\n\n\n<p style=\"font-family:Open Sans;line-height:1.5\" class=\"has-custom-font has-custom-lineheight\"><strong>R\u00f4le de l&#8217;ergothion\u00e9ine<\/strong>:<strong> <\/strong> <\/p>\n\n\n\n<p style=\"font-family:Open Sans;line-height:1.5\" class=\"has-custom-font has-custom-lineheight\">Prot\u00e8ge la peau des dommages \u00e0 l&#8217;ADN.<br>Antioxydant stable et puissant.<br>Emp\u00eache la d\u00e9g\u00e9n\u00e9rescence cutan\u00e9e par des facteurs climatiques tels que la pollution, les rayons UV nocifs, l&#8217;exposition aux fum\u00e9es chimiques, etc.<br>Aide \u00e0 retenir le r\u00e9servoir d&#8217;eau pour la peau plus longtemps, emp\u00eachant la peau de vieillir pr\u00e9matur\u00e9ment. Ainsi, l&#8217;apparition de ridules, de rides ou d&#8217;affaissements peut \u00eatre \u00e9vit\u00e9e.<br>Stabilise la formulation de la cr\u00e8me DERM. Emp\u00eache les effets nocifs de l&#8217;oxyg\u00e8ne sur le produit tels que la d\u00e9coloration, la s\u00e9paration, etc.<\/p>\n\n\n\n<p style=\"font-family:Open Sans;line-height:1.5\" class=\"has-custom-font has-custom-lineheight\">Extrait de feuille de th\u00e9 vert &#8211; contient des antioxydants anti-\u00e2ge.<br>Huile de jojoba &#8211; hydrate, prot\u00e8ge et lisse les ridules.<br>St\u00e9arate de glyc\u00e9ryle &#8211; aide \u00e0 pr\u00e9venir la perte d&#8217;humidit\u00e9.<br>Prot\u00e9ine de bl\u00e9 hydrolys\u00e9e &#8211; aide la peau \u00e0 retenir l&#8217;humidit\u00e9.<\/p>\n\n\n\n<div style=\"height:20px\" aria-hidden=\"true\" class=\"wp-block-spacer\"><\/div>\n\n\n\n<p style=\"color:#0071a1;font-family:Open Sans\" class=\"has-text-color has-medium-font-size crinnersub has-custom-font\"><strong>Pourquoi choisir Dr. SERRAR<sup>\u00ae<\/sup> DERM Ergothioneine?<\/strong><\/p>\n\n\n\n<p style=\"font-family:Open Sans;line-height:1.5\" class=\"has-custom-font has-custom-lineheight\">Les antioxydants anti-\u00e2ge Dr. SERRAR<sup>\u00ae<\/sup> DERM Ergothioneine sont fabriqu\u00e9s selon les normes les plus \u00e9lev\u00e9es de l&#8217;industrie pharmaceutique. Ils contiennent des ingr\u00e9dients antioxydants avanc\u00e9s ergothion\u00e9ine, huile de jojoba, extrait de feuille de th\u00e9 vert, st\u00e9arate de glyc\u00e9ryle, prot\u00e9ine de bl\u00e9 hydrolys\u00e9e dans cette formule avanc\u00e9e con\u00e7ue pour prot\u00e9ger la peau des dommages de l&#8217;ADN. Il contient des antioxydants anti-\u00e2ge, aide \u00e0 pr\u00e9venir la perte d&#8217;humidit\u00e9, aide la peau \u00e0 retenir l&#8217;humidit\u00e9, hydrate et prot\u00e8ge et lisse les ridules, y compris la luminosit\u00e9, la fermet\u00e9, les rides, les taches brunes et les taches solaires.<\/p>\n\n\n\n<ul class=\"boostlist has-custom-font\" style=\"font-family:Open Sans\"><li>LA PLUS HAUTE QUALIT\u00c9. SANS GLUTEN. Fabriqu\u00e9 aux \u00c9tats-Unis. <\/li><li> Installations certifi\u00e9es FDA <\/li><li> Les bonnes pratiques de fabrication (BPF) sont un ensemble de r\u00e9glementations pharmaceutiques strictes qui garantissent que les compl\u00e9ments alimentaires sont fabriqu\u00e9s et contr\u00f4l\u00e9s selon des normes \u00e9lev\u00e9es qui conviennent <\/li><li> Sans soja, sans gluten, certifi\u00e9 casher, sans produits laitiers, sans lait, noix, arachides, crustac\u00e9s, bl\u00e9 et soja. \u00c9galement exempt de levure, d&#8217;orge, de riz, de sodium et de sucre. <\/li><li> Efficacit\u00e9 maximale <\/li><li> Tout naturel <\/li><li> Fabriqu\u00e9 avec des ingr\u00e9dients hypoallerg\u00e9niques<\/li><\/ul>\n\n\n\n<div style=\"height:20px\" aria-hidden=\"true\" class=\"wp-block-spacer\"><\/div>\n\n\n\n<p style=\"font-family:Open Sans;line-height:1.5\" class=\"has-custom-font has-custom-lineheight\"><strong>Indications <\/strong> <br> Le processus de vieillissement diminue naturellement l&#8217;humidit\u00e9, le collag\u00e8ne et les nutriments essentiels de la peau, laissant la peau s\u00e8che, rid\u00e9e et tach\u00e9e. La cr\u00e8me DERM Ergothioneine est con\u00e7ue avec pr\u00e9cision pour revitaliser la peau vieillissante, en fournissant les nutriments essentiels n\u00e9cessaires pour redonner \u00e0 la peau son aspect magnifique et jeune.<\/p>\n<\/div><\/div>\n<\/div><\/div>\n\n\n\n<p style=\"background-color:#005e94;font-family:Open Sans\" class=\"has-text-color has-background has-text-align-center has-medium-font-size has-quaternary-color clinicallinks has-custom-font\"><a href=\"https:\/\/www.serrarpharma.com\/fr\/product\/dr-serrar-derm\/\">ACHETER MAINTENANT<\/a><\/p>\n<\/div><\/div>\n\n\n\n<div class=\"wp-container-37 wp-block-group crbox\"><div class=\"wp-block-group__inner-container\">\n<div class=\"wp-container-36 wp-block-group has-background cresearchtop\" style=\"background-color:#e4effa\"><div class=\"wp-block-group__inner-container\">\n<div class=\"wp-block-media-text alignwide has-media-on-the-right is-stacked-on-mobile is-vertically-aligned-center topcrbox\" style=\"grid-template-columns:auto 35%\"><figure class=\"wp-block-media-text__media\"><img src=\"https:\/\/i0.wp.com\/www.serrarpharma.com\/wp-content\/uploads\/2020\/06\/EclatTCR.png?w=660&#038;ssl=1\" alt=\"\" class=\"wp-image-7754\" data-recalc-dims=\"1\"\/><\/figure><div class=\"wp-block-media-text__content\">\n<div style=\"height:30px\" aria-hidden=\"true\" class=\"wp-block-spacer\"><\/div>\n\n\n\n<p style=\"background-color:#63ade5;line-height:1\" class=\"has-text-color has-background has-large-font-size has-quaternary-color crsub has-custom-lineheight\"><strong>Dr. SERRAR<sup>\u00ae<\/sup> ECLAT Collagen<\/strong><\/p>\n\n\n\n<p style=\"font-family:Open Sans;line-height:1.5\" class=\"crboxbod has-custom-font has-custom-lineheight\">Dr. SERRAR<sup>\u00ae<\/sup> Skin Care est une marque dont les traitements antioxydants et hydratants sont pr\u00e9par\u00e9s selon des param\u00e8tres de protection contre le vieillissement atmosph\u00e9rique. Ce dernier d\u00e9note des signes visibles d&#8217;exposition \u00e0 une vari\u00e9t\u00e9 d&#8217;agresseurs environnementaux. Ces agresseurs incluent les rayons UV, le rayonnement infrarouge (IRA) et la pollution. La recherche montre que la surexposition \u00e0 ces agresseurs peut entra\u00eener un vieillissement visible de la peau et que l&#8217;utilisation d&#8217;antioxydants topiques peut aider \u00e0 pr\u00e9venir cet effet.\n<\/p>\n\n\n\n<p style=\"font-family:Open Sans;line-height:1.5\" class=\"crboxbod has-custom-font has-custom-lineheight\">Sous l&#8217;effet de l&#8217;\u00e2ge et des conditions climatiques, la peau perd son \u00e9lasticit\u00e9 et son \u00e9clat. Pour pallier ces inconv\u00e9nients, nous proposons une gamme de produits con\u00e7us pour pr\u00e9venir, ralentir et corriger les premiers signes du vieillissement cutan\u00e9.<\/p>\n<\/div><\/div>\n\n\n\n<div style=\"height:20px\" aria-hidden=\"true\" class=\"wp-block-spacer\"><\/div>\n\n\n\n<div style=\"height:20px\" aria-hidden=\"true\" class=\"wp-block-spacer\"><\/div>\n<\/div><\/div>\n\n\n\n<div style=\"height:20px\" aria-hidden=\"true\" class=\"wp-block-spacer\"><\/div>\n\n\n\n<div class=\"wp-block-coblocks-row coblocks-row-31415475586 d3bottom mt-0\" data-columns=\"1\" data-layout=\"100\"><div class=\"wp-block-coblocks-row__inner has-background has-medium-gutter has-padding has-medium-padding has-no-margin is-stacked-on-mobile\" style=\"background-color:#f8fafc\">\n<div class=\"wp-block-coblocks-column coblocks-column-31415476933\" style=\"width:100%\"><div class=\"wp-block-coblocks-column__inner has-no-padding has-no-margin\">\n<p style=\"font-family:Open Sans;line-height:1.5\" class=\"has-custom-font has-custom-lineheight\">Les produits du Dr. SERRAR\u00aeSkin Care sont pr\u00e9par\u00e9s \u00e0 partir d&#8217;\u00e9l\u00e9ments bio-stimulants et d&#8217;extraits de plantes qui adoucissent, nourrissent et hydratent la peau tout en favorisant l&#8217;apport sanguin \u00e9pidermique. Ils tonifient et r\u00e9g\u00e9n\u00e8rent la peau et contribuent \u00e0 sa sant\u00e9 et \u00e0 son bien-\u00eatre. Ces produits sont recommand\u00e9s pour toutes les personnes \u00e2g\u00e9es de 21 ans et plus.<\/p>\n\n\n\n<p style=\"font-family:Open Sans;line-height:1.5\" class=\"has-custom-font has-custom-lineheight\">Le collag\u00e8ne ECLAT vous aide \u00e0 lutter contre le vieillissement cutan\u00e9. Elle aide \u00e0 d\u00e9fendre la peau contre le stress oxydatif et \u00e0 r\u00e9duire les cons\u00e9quences de l&#8217;exposition \u00e0 la peau, la cr\u00e8me ECLAT Collagen est un antioxydant anti-\u00e2ge, revitalisant et hydratant pour vous aider \u00e0 pr\u00e9venir les rides et la barri\u00e8re cutan\u00e9e protectrice.<\/p>\n\n\n\n<p style=\"font-family:Open Sans;line-height:1.5\" class=\"has-custom-font has-custom-lineheight\">ECLAT Collagen est une \u00e9mulsion cr\u00e9meuse rose p\u00e2le au parfum d\u00e9licat de fleurs, contenant du collag\u00e8ne, de l&#8217;\u00e9lastine, de l&#8217;allanto\u00efne et de la robane. Ces substances naturelles aident la peau \u00e0 maintenir ces fonctions g\u00e9n\u00e9ratrices. Cette merveilleuse cr\u00e8me de jour et de nuit prot\u00e8ge et adoucit, hydrate, nourrit, revitalise et pr\u00e9vient l&#8217;apparition des rides. Les c\u00e9ramides contenues dans cette cr\u00e8me servent de vecteurs au collag\u00e8ne et \u00e0 l&#8217;\u00e9lastine. Ils emp\u00eachent l&#8217;action de l&#8217;\u00e9lastase qui d\u00e9truit ces mol\u00e9cules.<\/p>\n\n\n\n<p style=\"font-family:Open Sans;line-height:1.5\" class=\"has-custom-font has-custom-lineheight\"><strong>Collag\u00e8ne <\/strong>: <br>L&#8217;origine grecque du mot collag\u00e8ne, &#8220;kolla&#8221; signifie colle. En raison de son implication directe dans le vieillissement cutan\u00e9, le collag\u00e8ne est devenu un ingr\u00e9dient actif de choix dans la lutte anti-\u00e2ge.<\/p>\n\n\n\n<p style=\"font-family:Open Sans;line-height:1.5\" class=\"has-custom-font has-custom-lineheight\">Le collag\u00e8ne est la prot\u00e9ine la plus abondante du corps humain. Il repr\u00e9sente environ 6% de notre poids total et environ 65% de toutes les prot\u00e9ines fibreuses du corps. C&#8217;est le constituant essentiel du derme. Le collag\u00e8ne est compos\u00e9 de fibres fabriqu\u00e9es par les fibroblastes et est principalement situ\u00e9 dans le tissu conjonctif. Il est \u00e9galement pr\u00e9sent dans les os, le cartilage, les ligaments, les tendons, les cheveux, o\u00f9 il agit comme une sorte de colle, assurant la coh\u00e9sion entre les cellules. Il apporte r\u00e9sistance et \u00e9lasticit\u00e9 \u00e0 la peau.<\/p>\n\n\n\n<p style=\"font-family:Open Sans;line-height:1.5\" class=\"has-custom-font has-custom-lineheight\">Le collag\u00e8ne est continuellement renouvel\u00e9 tout au long de la vie. Mais en vieillissant, sa production se d\u00e9t\u00e9riore. Le collag\u00e8ne produit est de qualit\u00e9 inf\u00e9rieure, il perd en \u00e9paisseur et en r\u00e9sistance, entra\u00eenant une perte d&#8217;\u00e9lasticit\u00e9, de tonus et de fermet\u00e9 des tissus. On estime qu&#8217;\u00e0 partir de 30 ans, la perte est d&#8217;environ 1% par an. Pour ralentir les effets du vieillissement, le collag\u00e8ne s&#8217;est fait une place en cosm\u00e9tique. Le collag\u00e8ne est proportionnellement impliqu\u00e9 dans le processus de vieillissement cutan\u00e9. Il joue un r\u00f4le majeur dans l&#8217;\u00e9lasticit\u00e9 et la qualit\u00e9 du derme. En cosm\u00e9tique, il est utilis\u00e9 pour son action anti-\u00e2ge pr\u00e9ventive, r\u00e9g\u00e9n\u00e9rante, hydratante.<\/p>\n\n\n\n<p style=\"font-family:Open Sans;line-height:1.5\" class=\"has-custom-font has-custom-lineheight\">Le collag\u00e8ne donne \u00e0 la fois de la force aux structures dermiques tout en les prot\u00e9geant. Il est \u00e9galement fortement impliqu\u00e9 dans le processus de gu\u00e9rison.<\/p>\n\n\n\n<p style=\"font-family:Open Sans;line-height:1.5\" class=\"has-custom-font has-custom-lineheight\">Le collag\u00e8ne am\u00e9liore la qualit\u00e9 de la peau et pr\u00e9serve sa jeunesse. Utilis\u00e9 en soin pour stimuler la synth\u00e8se naturelle du collag\u00e8ne pour am\u00e9liorer la fermet\u00e9, le tonus, l&#8217;\u00e9lasticit\u00e9 de la peau, tous ces marqueurs d\u00e9terminants de la peau jeune ou mature.<\/p>\n\n\n\n<p style=\"font-family:Open Sans;line-height:1.5\" class=\"has-custom-font has-custom-lineheight\">Le collag\u00e8ne a un effet tenseur imm\u00e9diat, aide \u00e0 maintenir l&#8217;int\u00e9grit\u00e9 structurale des tissus et limite la perte d&#8217;eau, luttant ainsi contre le dess\u00e8chement cutan\u00e9 et aidant \u00e0 maintenir une bonne qualit\u00e9 de peau.<\/p>\n\n\n\n<ul class=\"boostlist has-custom-font\" style=\"font-family:Open Sans\"><li>Hydrate <\/li><li> Prot\u00e8ge <\/li><li> Nourrit <\/li><li> Revitalise l&#8217;\u00e9piderme <\/li><li> Emp\u00eache l&#8217;apparition des rides<\/li><\/ul>\n\n\n\n<div style=\"height:20px\" aria-hidden=\"true\" class=\"wp-block-spacer\"><\/div>\n\n\n\n<p style=\"color:#63ade5;font-size:19px;font-family:Open Sans\" class=\"has-text-color has-custom-font\"><strong>INGR\u00c9DIENTS CL\u00c9S<\/strong><\/p>\n\n\n\n<p style=\"font-family:Open Sans;line-height:1.5\" class=\"has-custom-font has-custom-lineheight\"><strong>Collag\u00e8ne <\/strong>: <br> Am\u00e9liorez la fermet\u00e9 et la tonicit\u00e9 et l&#8217;\u00e9lasticit\u00e9.\n<br>Am\u00e9liore la qualit\u00e9 de la peau et pr\u00e9serve sa jeunesse.\n<br>Action pr\u00e9ventive anti-\u00e2ge &#038; r\u00e9g\u00e9n\u00e9rante &#038; hydratante.\n<br>Impliqu\u00e9 dans le processus de gu\u00e9rison.<\/p>\n\n\n\n<p style=\"font-family:Open Sans;line-height:1.5\" class=\"has-custom-font has-custom-lineheight\"><strong>\u00c9lastine <\/strong>: <br>Fibre de prot\u00e9ine qui accompagne le collag\u00e8ne dans le tissu conjonctif. Apr\u00e8s le collag\u00e8ne, l&#8217;\u00e9lastine est l&#8217;une des scl\u00e9roprot\u00e9ines fibreuses les plus importantes du corps. Sa structure en spirale conf\u00e8re \u00e0 la peau son \u00e9lasticit\u00e9. Soutient, renforce et compl\u00e8te l&#8217;action du collag\u00e8ne.<\/p>\n\n\n\n<p style=\"font-family:Open Sans;line-height:1.5\" class=\"has-custom-font has-custom-lineheight\"><strong>Allanto\u00efne <\/strong>: <br>Gu\u00e9rit et favorise la prolif\u00e9ration cellulaire de la peau. \u00c9limine le tissu n\u00e9crotique. Agent r\u00e9parateur et restaurateur de l&#8217;\u00e9pith\u00e9lium. Il est hydratant, adoucissant, calmant et non irritant.<\/p>\n\n\n\n<p style=\"font-family:Open Sans;line-height:1.5\" class=\"has-custom-font has-custom-lineheight\"><strong>C\u00e9ramide <\/strong>: <br>Utilis\u00e9s comme v\u00e9hicule de collag\u00e8ne et d&#8217;\u00e9lastine, ils ont un tr\u00e8s fort pouvoir hydratant des couches \u00e9pidermiques sup\u00e9rieures et emp\u00eachent l&#8217;action \u00e9lastique qui d\u00e9truit ces deux mol\u00e9cules.<\/p>\n\n\n\n<p style=\"font-family:Open Sans;line-height:1.5\" class=\"has-custom-font has-custom-lineheight\"><strong>Robane <\/strong>: <strong> Squalane <\/strong> <br>Substance \u00e0 base d&#8217;huile d&#8217;olive tr\u00e8s p\u00e9n\u00e9trante, qui restaure et assure la souplesse et qui prot\u00e8ge contre les irritations cutan\u00e9es.<\/p>\n\n\n\n<div style=\"height:20px\" aria-hidden=\"true\" class=\"wp-block-spacer\"><\/div>\n\n\n\n<p style=\"color:#0071a1;font-family:Open Sans\" class=\"has-text-color has-medium-font-size crinnersub has-custom-font\"><strong>Pourquoi choisir Dr. SERRAR<sup>\u00ae<\/sup> ECLAT Collagen?<\/strong><\/p>\n\n\n\n<p style=\"font-family:Open Sans;line-height:1.5\" class=\"has-custom-font has-custom-lineheight\">La cr\u00e8me Dr. SERRAR<sup>\u00ae<\/sup> ECLAT Collagen est fabriqu\u00e9e selon les normes les plus \u00e9lev\u00e9es de l&#8217;industrie pharmaceutique. Ils contiennent Advanced Collagen, \u00e9lastine, allanto\u00efne, roban. ces substances naturelles aident la peau \u00e0 maintenir ces fonctions g\u00e9n\u00e9ratrices. cette formule avanc\u00e9e con\u00e7ue pour cibler les signes les plus courants du vieillissement, notamment la luminosit\u00e9, la fermet\u00e9, les ridules, les rides, les taches brunes et les taches solaires.<\/p>\n\n\n\n<ul class=\"boostlist has-custom-font\" style=\"font-family:Open Sans\"><li>LA PLUS HAUTE QUALIT\u00c9. SANS GLUTEN. Fabriqu\u00e9 aux \u00c9tats-Unis. <\/li><li> Installations certifi\u00e9es FDA <\/li><li> Les bonnes pratiques de fabrication (BPF) sont un ensemble de r\u00e9glementations pharmaceutiques strictes qui garantissent que les compl\u00e9ments alimentaires sont fabriqu\u00e9s et contr\u00f4l\u00e9s selon des normes \u00e9lev\u00e9es qui conviennent <\/li><li> Sans soja, sans gluten, certifi\u00e9 casher, sans produits laitiers, sans lait, noix, arachides, crustac\u00e9s, bl\u00e9 et soja. \u00c9galement exempt de levure, d&#8217;orge, de riz, de sodium et de sucre. <\/li><li> Efficacit\u00e9 maximale <\/li><li> Tout naturel <\/li><li> Fabriqu\u00e9 avec des ingr\u00e9dients hypoallerg\u00e9niques<\/li><\/ul>\n\n\n\n<div style=\"height:20px\" aria-hidden=\"true\" class=\"wp-block-spacer\"><\/div>\n\n\n\n<p style=\"font-family:Open Sans;line-height:1.5\" class=\"has-custom-font has-custom-lineheight\"><strong>Indications <\/strong> <br> Le processus de vieillissement diminue naturellement l&#8217;humidit\u00e9, le collag\u00e8ne et les nutriments essentiels de la peau, laissant la peau s\u00e8che, rid\u00e9e et tach\u00e9e. La collag\u00e8ne, l\u2019\u00e9lastine, la c\u00e9ramide, la cire d\u2019abeille sont con\u00e7ues avec pr\u00e9cision pour revitaliser la peau vieillissante, en fournissant les nutriments essentiels n\u00e9cessaires pour redonner \u00e0 la peau son bel aspect jeune.<\/p>\n<\/div><\/div>\n<\/div><\/div>\n\n\n\n<p style=\"background-color:#005e94;font-family:Open Sans\" class=\"has-text-color has-background has-text-align-center has-medium-font-size has-quaternary-color clinicallinks has-custom-font\"><a href=\"https:\/\/www.serrarpharma.com\/fr\/product\/dr-serrar-eclat\/\">ACHETER MAINTENANT<\/a><\/p>\n<\/div><\/div>\n\n\n\n<div class=\"wp-container-39 wp-block-group crbox\"><div class=\"wp-block-group__inner-container\">\n<div class=\"wp-container-38 wp-block-group has-background cresearchtop\" style=\"background-color:#e4effa\"><div class=\"wp-block-group__inner-container\">\n<div class=\"wp-block-media-text alignwide has-media-on-the-right is-stacked-on-mobile is-vertically-aligned-center topcrbox\" style=\"grid-template-columns:auto 35%\"><figure class=\"wp-block-media-text__media\"><img src=\"https:\/\/i0.wp.com\/www.serrarpharma.com\/wp-content\/uploads\/2020\/06\/BodySlim-TCR.png?w=660&#038;ssl=1\" alt=\"\" class=\"wp-image-7756\" data-recalc-dims=\"1\"\/><\/figure><div class=\"wp-block-media-text__content\">\n<div style=\"height:30px\" aria-hidden=\"true\" class=\"wp-block-spacer\"><\/div>\n\n\n\n<p style=\"background-color:#63ade5;line-height:1\" class=\"has-text-color has-background has-large-font-size has-quaternary-color crsub has-custom-lineheight\"><strong>Dr. SERRAR<sup>\u00ae<\/sup> BODYSLIM<\/strong><\/p>\n\n\n\n<p style=\"font-family:Open Sans;line-height:1.5\" class=\"crboxbod has-custom-font has-custom-lineheight\">Le produit de soins de la peau Dr. SERRAR<sup>\u00ae<\/sup> est votre meilleur alli\u00e9. Un vrai coup de pouce si vous d\u00e9cidez de prendre le contr\u00f4le de votre poids. C&#8217;est une marque dont les traitements anti cellulite et anti peau d&#8217;orange sont pr\u00e9par\u00e9s selon des param\u00e8tres de protection contre le stockage des graisses et le rel\u00e2chement cutan\u00e9.<\/p>\n\n\n\n<p style=\"font-family:Open Sans;line-height:1.5\" class=\"crboxbod has-custom-font has-custom-lineheight\"><br>Pour se d\u00e9barrasser des kilos en trop, il n&#8217;y a pas de solution miracle. Vous devez suivre le programme ZinaCal: manger sainement, faire de l&#8217;exercice et dormir suffisamment. Mais qui dit kilos en trop dit aussi cellulite, capitons, \u00e9corces d&#8217;orange\u2026 Un repas sain et des activit\u00e9s physiques ne suffisent pas \u00e0 combattre ce fl\u00e9au, connu de toutes les femmes, qu&#8217;elles soient maigres ou rondes. Pour \u00e9liminer ces amas de graisse qui se forment sous la peau, nous avons d\u00e9velopp\u00e9 deux types de cr\u00e8me, selon votre intention et votre probl\u00e8me.\n<\/p>\n<\/div><\/div>\n\n\n\n<div style=\"height:20px\" aria-hidden=\"true\" class=\"wp-block-spacer\"><\/div>\n\n\n\n<div style=\"height:20px\" aria-hidden=\"true\" class=\"wp-block-spacer\"><\/div>\n<\/div><\/div>\n\n\n\n<div style=\"height:20px\" aria-hidden=\"true\" class=\"wp-block-spacer\"><\/div>\n\n\n\n<div class=\"wp-block-coblocks-row coblocks-row-31415475586 d3bottom mt-0\" data-columns=\"1\" data-layout=\"100\"><div class=\"wp-block-coblocks-row__inner has-background has-medium-gutter has-padding has-medium-padding has-no-margin is-stacked-on-mobile\" style=\"background-color:#f8fafc\">\n<div class=\"wp-block-coblocks-column coblocks-column-31415476933\" style=\"width:100%\"><div class=\"wp-block-coblocks-column__inner has-no-padding has-no-margin\">\n<p style=\"font-family:Open Sans;line-height:1.5\" class=\"has-custom-font has-custom-lineheight\">Dans le cas d&#8217;un tissu adipeux trop \u00e9pais avec une peau affaiss\u00e9e, choisissez une cr\u00e8me lipo-r\u00e9ductrice BODYSLIM qui emp\u00eachera la graisse de se loger dans le tissu adipeux ou la diminuera. <br> Pour la cellulite, caract\u00e9ris\u00e9e par une peau d&#8217;orange apparition sur les zones f\u00e9minines (ventre, hanches, cuisses, ventre, fesses et parfois \u00e0 l&#8217;int\u00e9rieur des bras), choisissez une cr\u00e8me anti-eau ou drainante BODYLIFT. Parce que la cellulite s&#8217;accompagne toujours d&#8217;une r\u00e9tention d&#8217;eau et d&#8217;une mauvaise circulation.<\/p>\n\n\n\n<p style=\"font-family:Open Sans;line-height:1.5\" class=\"has-custom-font has-custom-lineheight\">Pour les peaux qui ont perdu leur \u00e9lasticit\u00e9, avec une peau orange, une mauvaise circulation et des tissus l\u00e2ches, choisissez une cr\u00e8me BODYLIFT raffermissante et drainante BODYSLIM.<\/p>\n\n\n\n<ul class=\"boostlist has-custom-font\" style=\"font-family:Open Sans\"><li>Anti-cellulite <\/li> <li> Resserre et raffermit la peau <\/li> <li> Reconstruit le collag\u00e8ne et l&#8217;\u00e9lasticit\u00e9 de la peau <\/li> <li> Nourrit la peau pendant la grossesse, la prise de poids rapide ou la perte de poids < \/ li> <li> Am\u00e9liore l&#8217;apparence des cicatrices et des vergetures<\/li><\/ul>\n\n\n\n<div style=\"height:20px\" aria-hidden=\"true\" class=\"wp-block-spacer\"><\/div>\n\n\n\n<p style=\"font-family:Open Sans;line-height:1.5\" class=\"has-custom-font has-custom-lineheight\"><strong>CHOIX DE CR\u00c8ME AMINCISSANTE <\/strong> <br> Les cr\u00e8mes amincissantes BODYSLIM &#038; BODYLIFT sont avant tout utilis\u00e9es pour sculpter votre corps en le raffermissant. Ils lissent \u00e9galement les fossettes, la peau d&#8217;orange et r\u00e9duisent la graisse.<\/p>\n\n\n\n<p style=\"font-family:Open Sans;line-height:1.5\" class=\"has-custom-font has-custom-lineheight\">La cr\u00e8me BODYLIFT agit souvent sur la \u00abr\u00e9tention d&#8217;eau\u00bb que l&#8217;on observe dans certaines cellulites. Il y a donc des femmes qui en sont plus satisfaites que d&#8217;autres: celles qui ont des probl\u00e8mes veineux, des jambes lourdes, ont une part d&#8217;eau dans leur culotte qui peut \u00eatre am\u00e9lior\u00e9e par BODYLIFT et par des massages.<\/p>\n\n\n\n<p style=\"font-family:Open Sans;line-height:1.5\" class=\"has-custom-font has-custom-lineheight\">La cr\u00e8me amincissante BODYSLIM a la propri\u00e9t\u00e9 d&#8217;adoucir et de restructurer le tissu adipeux excessivement \u00e9pais tout en hydratant la peau. Gr\u00e2ce \u00e0 sa composition riche en vitamines et oligo-\u00e9l\u00e9ments, BODYSLIM poss\u00e8de de nombreuses propri\u00e9t\u00e9s: relance des \u00e9changes m\u00e9taboliques, remin\u00e9ralisation et raffermissement. Il facilite l&#8217;\u00e9limination des d\u00e9chets et des d\u00e9p\u00f4ts graisseux.<\/p>\n\n\n\n<p style=\"font-family:Open Sans;line-height:1.5\" class=\"has-custom-font has-custom-lineheight\">Pour obtenir un bon r\u00e9sultat, il est conseill\u00e9 d&#8217;appliquer la cr\u00e8me sous forme de l\u00e9gers massages circulaires sur la partie du corps que vous souhaitez remodeler. Que ce soit au niveau des cuisses, des fesses, des hanches ou de l&#8217;estomac, il est important d&#8217;effectuer ces mouvements circulaires de bas en haut. Le massage stimule la circulation sanguine et aide \u00e0 effacer l&#8217;apparence de la peau d&#8217;orange. L&#8217;\u00e9vacuation des d\u00e9chets toxiques est donc plus facile et plus rapide. De plus, lorsque vous massez, vous cr\u00e9ez une petite d\u00e9pense physique, qui aide \u00e0 adoucir les fibres de collag\u00e8ne et d&#8217;\u00e9lastine. Les effets de la cr\u00e8me BODYSLIM sont alors optimis\u00e9s.<\/p>\n\n\n\n<p style=\"font-family:Open Sans;line-height:1.5\" class=\"has-custom-font has-custom-lineheight\">L&#8217;utilisation quotidienne de la cr\u00e8me BODYSLIM pendant au moins un mois vous permettra d&#8217;observer un r\u00e9sultat positif. Pour un meilleur r\u00e9sultat garanti, il faut l&#8217;appliquer matin et soir sur plusieurs mois. Deux \u00e0 trois mois suffisent pour s&#8217;en convaincre. <br> Efficacit\u00e9.<\/p>\n\n\n\n<p style=\"font-family:Open Sans;line-height:1.5\" class=\"has-custom-font has-custom-lineheight\">BODYSLIM n&#8217;est efficace qu&#8217;en plus d&#8217;autres actions. Ce n&#8217;est pas un traitement de choc. Si, en m\u00eame temps, vous mangez une surabondance de mati\u00e8res grasses et de sucre, l&#8217;effet de la cr\u00e8me sera nul. Une cr\u00e8me amincissante n&#8217;a pratiquement aucun effet en soi. D&#8217;autre part, dans le cadre d&#8217;un programme amincissant et anti-cellulite ZinaCal, on peut commencer \u00e0 voir les effets apr\u00e8s 15 jours. <br> Les trois \u00e9l\u00e9ments compl\u00e9mentaires \u00e0 la cr\u00e8me sont l&#8217;alimentation, l&#8217;exercice physique et la relaxation, car il faut savoir que les graisses li\u00e9es au stress ne sont pas n\u00e9gligeables.<\/p>\n\n\n\n<div style=\"height:20px\" aria-hidden=\"true\" class=\"wp-block-spacer\"><\/div>\n\n\n\n<p style=\"color:#63ade5;font-size:19px;font-family:Open Sans\" class=\"has-text-color has-custom-font\"><strong>INGR\u00c9DIENTS CL\u00c9S<\/strong><\/p>\n\n\n\n<p style=\"font-family:Open Sans;line-height:1.5\" class=\"has-custom-font has-custom-lineheight\">La cr\u00e8me amincissante BODYSLIM est en grande partie compos\u00e9e de soins anti-cellulite \u00e0 la caf\u00e9ine star, est l&#8217;ingr\u00e9dient le plus important car, elle permet le d\u00e9stockage des graisses. Plus le niveau de caf\u00e9ine est \u00e9lev\u00e9, plus la cr\u00e8me amincissante sera efficace. En plus de la caf\u00e9ine, BODYSLIM contient \u00e9galement d&#8217;autres ingr\u00e9dients qui sont des agents restructurants actifs, qui stimulent l&#8217;activit\u00e9 cellulaire, tonifient les graisses et emp\u00eachent les cellules de stocker les graisses qui aideront \u00e0 d\u00e9loger les graisses et \u00e0 les br\u00fbler gr\u00e2ce aux ingr\u00e9dients \u00abbr\u00fbleur de graisses\u00bb. De plus, le collag\u00e8ne et d&#8217;autres ingr\u00e9dients aident \u00e0 \u00e9liminer les graisses stock\u00e9es et emp\u00eachent la formation de nouvelles rondeurs et aident \u00e0 raffermir la peau et lui donner une apparence plus lisse et plus uniforme. <br> L&#8217;action de la cr\u00e8me se d\u00e9roule gr\u00e2ce \u00e0 ces diff\u00e9rentes mol\u00e9cules qui agissent sur les r\u00e9cepteurs des adipocytes en emp\u00eachant la transformation des pr\u00e9-adipocytes en adipocytes. La synth\u00e8se des fibres de support am\u00e9liore ainsi la fermet\u00e9 de la peau.<\/p>\n\n\n\n<div style=\"height:20px\" aria-hidden=\"true\" class=\"wp-block-spacer\"><\/div>\n\n\n\n<p style=\"color:#0071a1;font-family:Open Sans\" class=\"has-text-color has-medium-font-size crinnersub has-custom-font\"><strong>Pourquoi choisir Dr. SERRAR<sup>\u00ae<\/sup> BODYSLIM?<\/strong><\/p>\n\n\n\n<p style=\"font-family:Open Sans;line-height:1.5\" class=\"has-custom-font has-custom-lineheight\">Dr. SERRAR<sup>\u00ae<\/sup> BODYSLIM anti cellulite &#038; raffermissant sont fabriqu\u00e9s selon les normes les plus \u00e9lev\u00e9es de l&#8217;industrie pharmaceutique. Ils utilisent les bienfaits naturels de la caf\u00e9ine et des ingr\u00e9dients avanc\u00e9s pour raffermir et tonifier votre peau. Il \u00e9limine l&#8217;apparence de la cellulite tout en embellissant votre peau gr\u00e2ce \u00e0 une alimentation \u00e0 base d&#8217;huile de coco.<\/p>\n\n\n\n<ul class=\"boostlist has-custom-font\" style=\"font-family:Open Sans\"><li>LA PLUS HAUTE QUALIT\u00c9. SANS GLUTEN. Fabriqu\u00e9 aux \u00c9tats-Unis. <\/li><li> Installations certifi\u00e9es FDA <\/li><li> Les bonnes pratiques de fabrication (BPF) sont un ensemble de r\u00e9glementations pharmaceutiques strictes qui garantissent que les compl\u00e9ments alimentaires sont fabriqu\u00e9s et contr\u00f4l\u00e9s selon des normes \u00e9lev\u00e9es qui conviennent <\/li><li> Sans soja, sans gluten, certifi\u00e9 casher, sans produits laitiers, sans lait, noix, arachides, crustac\u00e9s, bl\u00e9 et soja. \u00c9galement exempt de levure, d&#8217;orge, de riz, de sodium et de sucre. <\/li><li> Efficacit\u00e9 maximale <\/li><li> Tout naturel <\/li><li> Fabriqu\u00e9 avec des ingr\u00e9dients hypoallerg\u00e9niques\n<\/li><\/ul>\n\n\n\n<div style=\"height:20px\" aria-hidden=\"true\" class=\"wp-block-spacer\"><\/div>\n\n\n\n<p style=\"font-family:Open Sans;line-height:1.5\" class=\"has-custom-font has-custom-lineheight\"><strong>Indications <\/strong> <br> RAFFERMISSANT, AMINCISSANT ET HYDRATANT: BODYSLIM peut aider \u00e0 reconstruire le collag\u00e8ne et l&#8217;\u00e9lasticit\u00e9 de la peau. Une utilisation r\u00e9guli\u00e8re rend votre peau rajeunie car c&#8217;est tr\u00e8s important pour une peau saine. Notre nouveau gel raffermissant pour le corps est con\u00e7u comme un puissant anti-cellulite pour resserrer la peau afin que vous puissiez obtenir un teint lisse et sans effort avec un effort minimal.<\/p>\n<\/div><\/div>\n<\/div><\/div>\n\n\n\n<p style=\"background-color:#005e94;font-family:Open Sans\" class=\"has-text-color has-background has-text-align-center has-medium-font-size has-quaternary-color clinicallinks has-custom-font\"><a href=\"https:\/\/www.serrarpharma.com\/fr\/product\/dr-serrar-bodyslim\/\">ACHETER MAINTENANT<\/a><\/p>\n<\/div><\/div>\n\n\n\n<div class=\"wp-container-41 wp-block-group crbox\"><div class=\"wp-block-group__inner-container\">\n<div class=\"wp-container-40 wp-block-group has-background cresearchtop\" style=\"background-color:#e4effa\"><div class=\"wp-block-group__inner-container\">\n<div class=\"wp-block-media-text alignwide has-media-on-the-right is-stacked-on-mobile is-vertically-aligned-center topcrbox\" style=\"grid-template-columns:auto 35%\"><figure class=\"wp-block-media-text__media\"><img src=\"https:\/\/i0.wp.com\/www.serrarpharma.com\/wp-content\/uploads\/2020\/06\/Bodylift-TCR.png?w=660&#038;ssl=1\" alt=\"\" class=\"wp-image-7757\" data-recalc-dims=\"1\"\/><\/figure><div class=\"wp-block-media-text__content\">\n<div style=\"height:30px\" aria-hidden=\"true\" class=\"wp-block-spacer\"><\/div>\n\n\n\n<p style=\"background-color:#63ade5;line-height:1\" class=\"has-text-color has-background has-large-font-size has-quaternary-color crsub has-custom-lineheight\"><strong>Dr. SERRAR<sup>\u00ae<\/sup> BODYLIFT<\/strong><\/p>\n\n\n\n<p style=\"font-family:Open Sans;line-height:1.5\" class=\"crboxbod has-custom-font has-custom-lineheight\">&nbsp;Les produits de soins de la peau Dr. SERRAR<sup>\u00ae<\/sup> sont votre meilleur alli\u00e9. Un vrai coup de pouce si vous d\u00e9cidez de prendre le contr\u00f4le de votre poids. C&#8217;est une marque dont les traitements anti cellulite et anti peau d&#8217;orange sont pr\u00e9par\u00e9s selon des param\u00e8tres de protection contre le stockage des graisses et le rel\u00e2chement cutan\u00e9.<br><\/p>\n\n\n\n<p style=\"font-family:Open Sans;line-height:1.5\" class=\"crboxbod has-custom-font has-custom-lineheight\">Pour se d\u00e9barrasser des kilos en trop, il n&#8217;y a pas de solution miracle. Vous devez suivre le programme ZinaCal: manger sainement, faire de l&#8217;exercice et dormir suffisamment. Mais qui dit kilos en trop dit aussi cellulite, capitons, \u00e9corces d&#8217;orange\u2026 Un repas sain et des activit\u00e9s physiques ne suffisent pas \u00e0 combattre ce fl\u00e9au, connu de toutes les femmes, qu&#8217;elles soient maigres ou rondes. Pour \u00e9liminer ces amas de graisse qui se forment sous la peau, nous avons d\u00e9velopp\u00e9 deux types de cr\u00e8me, selon votre intention et votre probl\u00e8me.<\/p>\n<\/div><\/div>\n\n\n\n<div style=\"height:20px\" aria-hidden=\"true\" class=\"wp-block-spacer\"><\/div>\n\n\n\n<div style=\"height:20px\" aria-hidden=\"true\" class=\"wp-block-spacer\"><\/div>\n<\/div><\/div>\n\n\n\n<div style=\"height:20px\" aria-hidden=\"true\" class=\"wp-block-spacer\"><\/div>\n\n\n\n<div class=\"wp-block-coblocks-row coblocks-row-31415475586 d3bottom mt-0\" data-columns=\"1\" data-layout=\"100\"><div class=\"wp-block-coblocks-row__inner has-background has-medium-gutter has-padding has-medium-padding has-no-margin is-stacked-on-mobile\" style=\"background-color:#f8fafc\">\n<div class=\"wp-block-coblocks-column coblocks-column-31415476933\" style=\"width:100%\"><div class=\"wp-block-coblocks-column__inner has-no-padding has-no-margin\">\n<p style=\"font-family:Open Sans;line-height:1.5\" class=\"has-custom-font has-custom-lineheight\">Dans le cas d&#8217;un tissu adipeux trop \u00e9pais avec une peau affaiss\u00e9e, choisissez une cr\u00e8me lipo-r\u00e9ductrice BODYSLIM qui emp\u00eachera la graisse de se loger dans le tissu adipeux ou la diminuera. Pour la cellulite, qui se caract\u00e9rise par un aspect peau d&#8217;orange sur les zones f\u00e9minines (ventre, hanches, cuisses, ventre, fesses et parfois \u00e0 l&#8217;int\u00e9rieur des bras), choisissez une cr\u00e8me anti-eau ou drainante BODYLIFT. Parce que la cellulite s&#8217;accompagne toujours d&#8217;une r\u00e9tention d&#8217;eau et d&#8217;une mauvaise circulation.<\/p>\n\n\n\n<p style=\"font-family:Open Sans;line-height:1.5\" class=\"has-custom-font has-custom-lineheight\">Pour les peaux qui ont perdu leur \u00e9lasticit\u00e9, \u00e0 la peau orang\u00e9e, \u00e0 une mauvaise circulation et aux tissus l\u00e2ches, choisissez une cr\u00e8me BODYLIFT raffermissante et drainante BODYSLIM.<\/p>\n\n\n\n<p style=\"font-family:Open Sans;line-height:1.5\" class=\"has-custom-font has-custom-lineheight\"><strong>CHOIX DE CR\u00c8ME AMINCISSANTE <\/strong> <br> Les cr\u00e8mes amincissantes BODYSLIM &#038; BODYLIFT sont avant tout utilis\u00e9es pour sculpter votre corps en le raffermissant. Ils lissent \u00e9galement les fossettes, la peau d&#8217;orange et r\u00e9duisent la graisse.<\/p>\n\n\n\n<p style=\"font-family:Open Sans;line-height:1.5\" class=\"has-custom-font has-custom-lineheight\">La cr\u00e8me BODYLIFT agit souvent sur la \u00abr\u00e9tention d&#8217;eau\u00bb que l&#8217;on observe dans certaines cellulites. Il y a donc des femmes qui en sont plus satisfaites que d&#8217;autres: celles qui ont des probl\u00e8mes veineux, des jambes lourdes, ont une part d&#8217;eau dans leur culotte qui peut \u00eatre am\u00e9lior\u00e9e par BODYLIFT et par des massages. <br> Pour obtenir un bon r\u00e9sultat, vous il est conseill\u00e9 d&#8217;appliquer la cr\u00e8me sous forme de l\u00e9gers massages circulaires sur la partie du corps que vous souhaitez remodeler. Que ce soit au niveau des cuisses, des fesses, des hanches ou de l&#8217;estomac, il est important d&#8217;effectuer ces mouvements circulaires de bas en haut. Le massage stimule la circulation sanguine et aide \u00e0 effacer l&#8217;apparence de la peau d&#8217;orange. L&#8217;\u00e9vacuation des d\u00e9chets toxiques est donc plus facile et plus rapide. De plus, lorsque vous massez, vous cr\u00e9ez une petite d\u00e9pense physique, qui aide \u00e0 adoucir les fibres de collag\u00e8ne et d&#8217;\u00e9lastine. Les effets de la cr\u00e8me BODYLIFT sont alors optimis\u00e9s.<\/p>\n\n\n\n<p style=\"font-family:Open Sans;line-height:1.5\" class=\"has-custom-font has-custom-lineheight\">L&#8217;utilisation quotidienne de la cr\u00e8me BODYLIFT pendant au moins un mois vous permettra d&#8217;observer un r\u00e9sultat positif. Pour un meilleur r\u00e9sultat garanti, il faut l&#8217;appliquer matin et soir sur plusieurs mois. Deux \u00e0 trois mois suffisent pour s&#8217;en convaincre.<\/p>\n\n\n\n<p><\/p>\n\n\n\n<p style=\"color:#63ade5\" class=\"has-text-color crinnersub\">EFFICACIT\u00c9<\/p>\n\n\n\n<p style=\"font-family:Open Sans;line-height:1.5\" class=\"has-custom-font has-custom-lineheight\">BODYLIFT n&#8217;est efficace qu&#8217;en plus d&#8217;autres actions. Ce n&#8217;est pas un traitement de choc. Si, en m\u00eame temps, vous mangez une surabondance de mati\u00e8res grasses et de sucre, l&#8217;effet de la cr\u00e8me sera nul. Une cr\u00e8me amincissante n&#8217;a pratiquement aucun effet en soi. En revanche, dans le cadre d&#8217;un programme amincissant et anti-cellulite ZinaCal, on peut commencer \u00e0 voir les effets au bout de 15 jours. <br> Les trois \u00e9l\u00e9ments compl\u00e9mentaires du r\u00e9gime cr\u00e8me, exercice physique et relaxation, car il faut savoir que les graisses li\u00e9es au stress ne sont pas n\u00e9gligeables.<\/p>\n\n\n\n<p style=\"font-family:Open Sans;line-height:1.5\" class=\"has-custom-font has-custom-lineheight\">Ce produit a \u00e9t\u00e9 sp\u00e9cialement formul\u00e9 pour r\u00e9pondre favorablement, sans risque d&#8217;intol\u00e9rance, aux traitements visant \u00e0 am\u00e9liorer l&#8217;apparence de BODYLIFT, pour hydrater, adoucir et prot\u00e9ger la peau contre l&#8217;action des eaux lourdes et pour le mode de vie. Ce produit est \u00e0 base d&#8217;ingr\u00e9dients naturels de tr\u00e8s haute qualit\u00e9 ayant prouv\u00e9 en cosm\u00e9tique leur efficacit\u00e9 et leur raison d&#8217;\u00eatre.<\/p>\n\n\n\n<p style=\"font-family:Open Sans;line-height:1.5\" class=\"has-custom-font has-custom-lineheight\">Gel-cr\u00e8me non parfum\u00e9 contenant des extraits de marronnier et de lierre ainsi que des mucopolysaccharides, qui aident \u00e0 ralentir la formation d&#8217;un \u0153d\u00e8me local, \u00e0 \u00e9liminer l&#8217;eau et \u00e0 favoriser le drainage. BODYLIFT a \u00e9galement une action d\u00e9congestionnante et tonifiante, fluidifiant les graisses sous-cutan\u00e9es et participe au d\u00e9stockage des graisses de la couche cutan\u00e9e. Recommand\u00e9 en cas de cellulite, surcharge grasse ou huileuse au niveau des hanches, des cuisses, de la taille et des chevilles.<\/p>\n\n\n\n<div style=\"height:20px\" aria-hidden=\"true\" class=\"wp-block-spacer\"><\/div>\n\n\n\n<p style=\"color:#63ade5;font-size:19px;font-family:Open Sans\" class=\"has-text-color has-custom-font\"><strong>INGR\u00c9DIENTS CL\u00c9S<\/strong><\/p>\n\n\n\n<p style=\"font-family:Open Sans;line-height:1.5\" class=\"has-custom-font has-custom-lineheight\"><strong>Extrait de marronnier d&#8217;Inde <\/strong>: <br> Resserre les gros pores, agit sur les pores obstru\u00e9s. Stimule la circulation sanguine des couches p\u00e9riph\u00e9riques de la peau. Antiseptique et astringent, calmant et d\u00e9congestionnant.<\/p>\n\n\n\n<p style=\"font-family:Open Sans;line-height:1.5\" class=\"has-custom-font has-custom-lineheight\"><strong>Mucopolysaccharides <\/strong>: <br> Aide \u00e0 lib\u00e9rer l&#8217;eau emprisonn\u00e9e dans les tissus. associ\u00e9 \u00e0 des ingr\u00e9dients facilitant la mobilisation des graisses, c&#8217;est un produit utilis\u00e9 pour lutter contre la cellulite.<\/p>\n\n\n\n<div style=\"height:20px\" aria-hidden=\"true\" class=\"wp-block-spacer\"><\/div>\n\n\n\n<p style=\"color:#0071a1\" class=\"has-text-color has-medium-font-size crinnersub\"><strong>Pourquoi choisir Dr. SERRAR<sup>\u00ae<\/sup> BODYLIFT?<\/strong><\/p>\n\n\n\n<p style=\"font-family:Open Sans;line-height:1.5\" class=\"has-custom-font has-custom-lineheight\">SerrarPharma BODYLIFT anti cellulite &#038; anti \u0153d\u00e8me, sont fabriqu\u00e9s selon les normes les plus \u00e9lev\u00e9es de l&#8217;industrie pharmaceutique. Ils utilisent les avantages naturels de l&#8217;extrait de marronnier d&#8217;Inde, des mucopolysaccharides et des ingr\u00e9dients avanc\u00e9s. Stimule la circulation sanguine des couches p\u00e9riph\u00e9riques de la peau, il est calmant et agit comme d\u00e9congestionnant. Aide \u00e0 lib\u00e9rer l&#8217;eau emprisonn\u00e9e dans les tissus, associ\u00e9e \u00e0 des ingr\u00e9dients facilitant la mobilisation des graisses, c&#8217;est un produit utilis\u00e9 pour lutter contre la cellulite.<\/p>\n\n\n\n<ul class=\"boostlist has-custom-font\" style=\"font-family:Open Sans\"><li>LA PLUS HAUTE QUALIT\u00c9. SANS GLUTEN. Fabriqu\u00e9 aux \u00c9tats-Unis. <\/li><li> Installations certifi\u00e9es FDA <\/li><li> Les bonnes pratiques de fabrication (BPF) sont un ensemble de r\u00e9glementations pharmaceutiques strictes qui garantissent que les compl\u00e9ments alimentaires sont fabriqu\u00e9s et contr\u00f4l\u00e9s selon des normes \u00e9lev\u00e9es qui conviennent <\/li><li> Sans soja, sans gluten, certifi\u00e9 casher, sans produits laitiers, sans lait, noix, arachides, crustac\u00e9s, bl\u00e9 et soja. \u00c9galement exempt de levure, d&#8217;orge, de riz, de sodium et de sucre. <\/li><li> Efficacit\u00e9 maximale <\/li><li> Tout naturel <\/li><li> Fabriqu\u00e9 avec des ingr\u00e9dients hypoallerg\u00e9niques<\/li><\/ul>\n\n\n\n<div style=\"height:20px\" aria-hidden=\"true\" class=\"wp-block-spacer\"><\/div>\n\n\n\n<p style=\"font-family:Open Sans;line-height:1.5\" class=\"has-custom-font has-custom-lineheight\"><strong>Indications <\/strong> <br> CELLULITE, AMINCISSANTE, HYDRATANTE, OED\u00c8ME: BODYLIFT stimule la circulation sanguine des couches p\u00e9riph\u00e9riques de la peau, elle est apaisante et agit comme un d\u00e9congestionnant. Aide \u00e0 lib\u00e9rer l&#8217;eau emprisonn\u00e9e dans les tissus. associ\u00e9 \u00e0 des ingr\u00e9dients facilitant la mobilisation des graisses, c&#8217;est un produit utilis\u00e9 pour lutter contre la cellulite.<\/p>\n<\/div><\/div>\n<\/div><\/div>\n\n\n\n<p style=\"background-color:#005e94;font-family:Open Sans\" class=\"has-text-color has-background has-text-align-center has-medium-font-size has-quaternary-color clinicallinks has-custom-font\"><a href=\"https:\/\/www.serrarpharma.com\/fr\/product\/dr-serrar-bodylift\/\">ACHETER MAINTENANT<\/a><\/p>\n<\/div><\/div>\n\n\n\n<div class=\"wp-container-43 wp-block-group crbox\"><div class=\"wp-block-group__inner-container\">\n<div class=\"wp-container-42 wp-block-group has-background cresearchtop\" style=\"background-color:#e4effa\"><div class=\"wp-block-group__inner-container\">\n<div class=\"wp-block-media-text alignwide has-media-on-the-right is-stacked-on-mobile is-vertically-aligned-center topcrbox\" style=\"grid-template-columns:auto 35%\"><figure class=\"wp-block-media-text__media\"><img src=\"https:\/\/i0.wp.com\/www.serrarpharma.com\/wp-content\/uploads\/2020\/06\/Scrub-S.png?w=660&#038;ssl=1\" alt=\"\" class=\"wp-image-7828\" data-recalc-dims=\"1\"\/><\/figure><div class=\"wp-block-media-text__content\">\n<div style=\"height:30px\" aria-hidden=\"true\" class=\"wp-block-spacer\"><\/div>\n\n\n\n<p style=\"background-color:#63ade5;line-height:1\" class=\"has-text-color has-background has-large-font-size has-quaternary-color crsub has-custom-lineheight\"><strong>Dr. SERRAR<sup>\u00ae<\/sup> PHYTO-REV SCRUB<\/strong><\/p>\n\n\n\n<p style=\"font-family:Open Sans;line-height:1.5\" class=\"crboxbod has-custom-font has-custom-lineheight\">Exfoliant &#038; New Skin Scrub <br> \u00c9limine la peau des impuret\u00e9s et des cellules mortes <br> Renouvellement naturel des cellules plus rapidement <br> Apparence jeune et saine <br> Pr\u00e9pare la peau \u00e0 absorber les \u00e9l\u00e9ments actifs des produits<br><\/p>\n\n\n\n<p style=\"font-family:Open Sans;line-height:1.5\" class=\"crboxbod has-custom-font has-custom-lineheight\">R\u00e9duit l&#8217;apparence des ridules et des rides <br> Les antioxydants pr\u00e9viennent le vieillissement cutan\u00e9 <br> Prot\u00e8ge des agressions ext\u00e9rieures quotidiennes <br> Une peau mieux oxyg\u00e9n\u00e9e, radieuse et lumineuse <br> Hydrate les peaux les plus sensibles <br> Nourrissante et apaisante <br> Astringent resserre les pores <br> D\u00e9tend les muscles de votre visage <br> Peau plus douce avec une touche velout\u00e9e <br> Con\u00e7u pour tous les types de peau<\/p>\n<\/div><\/div>\n\n\n\n<div style=\"height:20px\" aria-hidden=\"true\" class=\"wp-block-spacer\"><\/div>\n\n\n\n<div style=\"height:20px\" aria-hidden=\"true\" class=\"wp-block-spacer\"><\/div>\n<\/div><\/div>\n\n\n\n<div style=\"height:20px\" aria-hidden=\"true\" class=\"wp-block-spacer\"><\/div>\n\n\n\n<div class=\"wp-block-coblocks-row coblocks-row-31415475586 d3bottom mt-0\" data-columns=\"1\" data-layout=\"100\"><div class=\"wp-block-coblocks-row__inner has-background has-medium-gutter has-padding has-medium-padding has-no-margin is-stacked-on-mobile\" style=\"background-color:#f8fafc\">\n<div class=\"wp-block-coblocks-column coblocks-column-31415476933 collabott\" style=\"width:100%\"><div class=\"wp-block-coblocks-column__inner has-no-padding has-no-margin\">\n<p style=\"font-family:Open Sans;line-height:1.5\" class=\"has-custom-font has-custom-lineheight\">Il est important d&#8217;exfolier votre peau r\u00e9guli\u00e8rement. Que ce soit pour prolonger le bronzage ou am\u00e9liorer l&#8217;efficacit\u00e9 des soins. L&#8217;exfoliation fait partie d&#8217;une routine beaut\u00e9 id\u00e9ale et d&#8217;une belle peau douce.<\/p>\n\n\n\n<p style=\"color:#0071a1;font-family:Open Sans;line-height:1.5\" class=\"has-text-color has-custom-font has-custom-lineheight\"><strong>Qu&#8217;est-ce qu&#8217;un gommage?<\/strong><\/p>\n\n\n\n<p style=\"font-family:Open Sans;line-height:1.5\" class=\"has-custom-font has-custom-lineheight\">L&#8217;exfoliation consiste \u00e0 \u00e9liminer les cellules mortes accumul\u00e9es sur votre \u00e9piderme, la surface de votre peau. S&#8217;ils ne sont pas \u00e9limin\u00e9s et que la couche de cellules mortes devient trop \u00e9paisse, cela peut avoir plusieurs cons\u00e9quences sur l&#8217;\u00e9piderme:<\/p>\n\n\n\n<ul class=\"boostlist has-custom-font\" style=\"font-family:Open Sans\"><li>Peau plus terne et sans \u00e9clat <\/li><li> Peau moins oxyg\u00e9n\u00e9e, comme d\u00e9vitalis\u00e9e <\/li><li> Peau plus rugueuse au toucher <\/li><li> Peau plus s\u00e8che <\/li><li> Poils incarn\u00e9s, en raison des glandes pilo-s\u00e9bac\u00e9es, \u00e0 la racine des cheveux, qui se bouchent plus facilement<\/li><\/ul>\n\n\n\n<p style=\"font-family:Open Sans;line-height:1.5\" class=\"has-custom-font has-custom-lineheight\">Les pores obstru\u00e9s et les boutons sur le visage se produisent parce que la peau est congestionn\u00e9e. M\u00eame si la nature fait souvent les choses correctement et que la peau de votre corps ralentit la plupart du temps, elle a parfois besoin d&#8217;un petit coup de pouce pour \u00eatre parfaitement nettoy\u00e9e, d\u00e9toxifi\u00e9e et nourrie.<\/p>\n\n\n\n<p style=\"font-family:Open Sans;line-height:1.5\" class=\"has-custom-font has-custom-lineheight\">Dr. SERRAR<sup>\u00ae<\/sup> PHYTO-REV SCRUB est une exfoliation m\u00e9canique. Il est compos\u00e9 de diff\u00e9rents actifs naturels et biologiques, pour des soins efficaces qui respectent votre sant\u00e9 et l&#8217;environnement. <br> Compos\u00e9 de grains de diatom\u00e9es PHYTO-REV SCRUB a un pouvoir abrasif sur la peau, contient des micro-grains naturels tr\u00e8s fins, qui permettront le faire respecter la peau tout en \u00e9tant efficace. Ils sont doux et agr\u00e9ables \u00e0 utiliser: ils d\u00e9logent les cellules mortes sans attaquer votre peau. Gr\u00e2ce au massage, les grains du PHYTO-REV SCRUB permettent \u00e0 la peau de se d\u00e9barrasser des cellules mortes et des impuret\u00e9s.<\/p>\n\n\n\n<p style=\"font-family:Open Sans;line-height:1.5\" class=\"has-custom-font has-custom-lineheight\">Apr\u00e8s avoir utilis\u00e9 PHYTO-REV SCRUB, votre peau sera plus saine et plus douce. En exfoliant r\u00e9guli\u00e8rement la peau de votre visage, vous contribuerez au renouvellement cellulaire naturel en \u00e9liminant une partie de la couche corn\u00e9e compos\u00e9e de cellules mortes. Ainsi, votre peau est mieux oxyg\u00e9n\u00e9e, se renouvelle mieux et plus rapidement, ce qui la rend plus radieuse et lumineuse.<\/p>\n\n\n\n<p style=\"font-family:Open Sans;line-height:1.5\" class=\"has-custom-font has-custom-lineheight\">Autre avantage: la couche protectrice de votre peau \u00e9tant affin\u00e9e, donc moins imperm\u00e9able, les soins que vous lui apportez peuvent mieux p\u00e9n\u00e9trer, et plus profond\u00e9ment. PHYTO-REV SCRUB r\u00e9duit \u00e9galement l&#8217;apparence des rides et ridules et rend la peau plus douce avec un toucher velout\u00e9.<\/p>\n\n\n\n<p style=\"font-family:Open Sans;line-height:1.5\" class=\"has-custom-font has-custom-lineheight\">Les huiles v\u00e9g\u00e9tales sont essentielles dans PHYTO-REV SCRUB car imm\u00e9diatement apr\u00e8s l&#8217;exfoliation, elles aident \u00e0 restructurer et nourrir la peau. il est recommand\u00e9 de laisser le gommage sur votre peau pendant 3 \u00e0 4 minutes apr\u00e8s un massage doux, pour b\u00e9n\u00e9ficier des propri\u00e9t\u00e9s nourrissantes et apaisantes des huiles v\u00e9g\u00e9tales: c&#8217;est le geste id\u00e9al pour r\u00e9\u00e9quilibrer l&#8217;hydratation de l&#8217;\u00e9piderme le plus sensible.<\/p>\n\n\n\n<p style=\"font-family:Open Sans;line-height:1.5\" class=\"has-custom-font has-custom-lineheight\">PHYTO-REV SCRUB non seulement exfolie la peau, mais lui apportera un r\u00e9el soin. Utilisez des principes actifs qui am\u00e9liorent l&#8217;\u00e9tat de la peau, circulatoire, astringent (action qui resserre les pores), antioxydant (pr\u00e9vient le vieillissement cutan\u00e9 et prot\u00e8ge des agressions ext\u00e9rieures quotidiennes) ou m\u00eame relaxant, pour aider les muscles de votre visage \u00e0 se soulager.<\/p>\n\n\n\n<div style=\"height:20px\" aria-hidden=\"true\" class=\"wp-block-spacer\"><\/div>\n\n\n\n<p style=\"color:#0071a1\" class=\"has-text-color has-medium-font-size crinnersub\"><strong>Pourquoi choisir Dr. SERRAR<sup>\u00ae<\/sup> PHYTO-REV SCRUB?<\/strong><\/p>\n\n\n\n<p style=\"font-family:Open Sans;line-height:1.5\" class=\"has-custom-font has-custom-lineheight\">SerrarPharma BODYLIFT anti cellulite &#038; anti \u0153d\u00e8me, sont fabriqu\u00e9s selon les normes les plus \u00e9lev\u00e9es de l&#8217;industrie pharmaceutique. Ils utilisent les avantages naturels de l&#8217;extrait de marronnier d&#8217;Inde, des mucopolysaccharides et des ingr\u00e9dients avanc\u00e9s. Stimule la circulation sanguine des couches p\u00e9riph\u00e9riques de la peau, il est calmant et agit comme d\u00e9congestionnant. Aide \u00e0 lib\u00e9rer l&#8217;eau emprisonn\u00e9e dans les tissus, combin\u00e9e avec des ingr\u00e9dients qui facilitent le mDr. SERRAR<sup>\u00ae<\/sup> PHYTO-REV SCRUB est fabriqu\u00e9 selon les normes les plus \u00e9lev\u00e9es de l&#8217;industrie pharmaceutique. \u00c0 la fois exfoliante et traitante, la cr\u00e8me contient des microgranules de diatom\u00e9es avanc\u00e9es, de l&#8217;extrait de concombre, de l&#8217;huile de s\u00e9same, de l&#8217;huile d&#8217;amande douce et de l&#8217;allanto\u00efne. Ces substances naturelles aident la peau \u00e0 maintenir ces fonctions g\u00e9n\u00e9ratrices. Par un pon\u00e7age doux, cette cr\u00e8me d\u00e9barrasse la peau des impuret\u00e9s et des cellules mortes, lui donne un aspect jeune et sain et la pr\u00e9pare \u00e0 recevoir les \u00e9l\u00e9ments actifs des produits traitants. Con\u00e7u pour tous les types de peau. Pour l&#8217;obstruction des graisses du visage, du cou, des pieds et du corps, c&#8217;est un produit utilis\u00e9 pour lutter contre la cellulite.<\/p>\n\n\n\n<ul class=\"boostlist has-custom-font\" style=\"font-family:Open Sans\"><li>LA PLUS HAUTE QUALIT\u00c9. SANS GLUTEN. Fabriqu\u00e9 aux \u00c9tats-Unis. <\/li><li> Installations certifi\u00e9es FDA <\/li><li> Les bonnes pratiques de fabrication (BPF) sont un ensemble de r\u00e9glementations pharmaceutiques strictes qui garantissent que les compl\u00e9ments alimentaires sont fabriqu\u00e9s et contr\u00f4l\u00e9s selon des normes \u00e9lev\u00e9es qui conviennent <\/li><li> Sans soja, sans gluten, certifi\u00e9 casher, sans produits laitiers, sans lait, noix, arachides, crustac\u00e9s, bl\u00e9 et soja. \u00c9galement exempt de levure, d&#8217;orge, de riz, de sodium et de sucre. <\/li><li> Efficacit\u00e9 maximale <\/li><li> Tout d&#8217;origine naturelle <\/li><li> Fabriqu\u00e9 avec des ingr\u00e9dients hypoallerg\u00e9niques<\/li><\/ul>\n\n\n\n<div style=\"height:20px\" aria-hidden=\"true\" class=\"wp-block-spacer\"><\/div>\n\n\n\n<p style=\"font-family:Open Sans;line-height:1.5\" class=\"has-custom-font has-custom-lineheight\">Apr\u00e8s l&#8217;exfoliation, utilisez le Dr. SERRAR <sup> \u00ae <\/sup> PHYTO-REV TONIC + Vitamine C + ECLAT Collagen (jour) + DERM Ergothioneine (nuit). <br> Le kit Dr. SERRAR <sup> \u00ae <\/sup>: PHYTO-REV ( PROPRE + GOMMAGE + MASQUE + TONIQUE) + Vitamine C + ECLAT Collagen + DERM Ergothioneine, r\u00e9g\u00e9n\u00e8re des ann\u00e9es de dommages environnementaux et laisse votre peau saine et jeune. R\u00e9duit visiblement les ridules et les rides, rendant votre peau plus robuste et lumineuse. Con\u00e7u pour tous les types de peau.<\/p>\n\n\n\n<div style=\"height:20px\" aria-hidden=\"true\" class=\"wp-block-spacer\"><\/div>\n<\/div><\/div>\n<\/div><\/div>\n\n\n\n<p style=\"background-color:#005e94;font-family:Open Sans\" class=\"has-text-color has-background has-text-align-center has-medium-font-size has-quaternary-color clinicallinks has-custom-font\"><a href=\"https:\/\/www.serrarpharma.com\/ar\/product\/phyto-scrub-dr-serrar\/\">ACHETER MAINTENANT<\/a><\/p>\n<\/div><\/div>\n\n\n\n<div class=\"wp-container-45 wp-block-group crbox\"><div class=\"wp-block-group__inner-container\">\n<div class=\"wp-container-44 wp-block-group has-background cresearchtop\" style=\"background-color:#e4effa\"><div class=\"wp-block-group__inner-container\">\n<div class=\"wp-block-media-text alignwide has-media-on-the-right is-stacked-on-mobile is-vertically-aligned-center topcrbox\" style=\"grid-template-columns:auto 35%\"><figure class=\"wp-block-media-text__media\"><img src=\"https:\/\/i0.wp.com\/www.serrarpharma.com\/wp-content\/uploads\/2020\/06\/Mask-S.png?w=660&#038;ssl=1\" alt=\"\" class=\"wp-image-7827\" data-recalc-dims=\"1\"\/><\/figure><div class=\"wp-block-media-text__content\">\n<div style=\"height:30px\" aria-hidden=\"true\" class=\"wp-block-spacer\"><\/div>\n\n\n\n<p style=\"background-color:#63ade5;line-height:1\" class=\"has-text-color has-background has-large-font-size has-quaternary-color crsub has-custom-lineheight\"><strong>Dr. SERRAR<sup>\u00ae<\/sup> PHYTO-REV MASK<\/strong><\/p>\n\n\n\n<p style=\"font-family:Open Sans;line-height:1.5\" class=\"crboxbod has-custom-font has-custom-lineheight\">R\u00e9paration et gu\u00e9rison <br>\nAntioxydants <br>\nProt\u00e8ge des agressions ext\u00e9rieures quotidiennes <br>\nAnti-rougeurs et calmantes <br>\n\u00c9claircit, raffermit et hydrate <br>\nStimule la circulation de l&#8217;\u00e9piderme <br>\nOxyg\u00e9nation de la peau <br>\nAntiseptique non irritant <br>\nCon\u00e7u pour tous les types de peau<br><\/p>\n<\/div><\/div>\n\n\n\n<div style=\"height:20px\" aria-hidden=\"true\" class=\"wp-block-spacer\"><\/div>\n\n\n\n<div style=\"height:20px\" aria-hidden=\"true\" class=\"wp-block-spacer\"><\/div>\n<\/div><\/div>\n\n\n\n<div style=\"height:20px\" aria-hidden=\"true\" class=\"wp-block-spacer\"><\/div>\n\n\n\n<div class=\"wp-block-coblocks-row coblocks-row-31415475586 d3bottom mt-0\" data-columns=\"1\" data-layout=\"100\"><div class=\"wp-block-coblocks-row__inner has-background has-medium-gutter has-padding has-medium-padding has-no-margin is-stacked-on-mobile\" style=\"background-color:#f8fafc\">\n<div class=\"wp-block-coblocks-column coblocks-column-31415476933 collabott\" style=\"width:100%\"><div class=\"wp-block-coblocks-column__inner has-no-padding has-no-margin\">\n<p style=\"font-family:Open Sans;line-height:1.5\" class=\"has-custom-font has-custom-lineheight\">Le masque cosm\u00e9tique est un rituel cr\u00e9\u00e9 il y a des milliers d&#8217;ann\u00e9es. L&#8217;Egypte ancienne et sa l\u00e9gendaire Cl\u00e9op\u00e2tre ont ador\u00e9 ce type de soins. Ce rituel a travers\u00e9 les \u00e2ges en passant par la Gr\u00e8ce antique qui a donn\u00e9 le nom de cosm\u00e9tique traduit en grec ancien par Kosmos qui signifie rev\u00eatement et ornement. Le masque de beaut\u00e9 est un soin rituel qui aide \u00e0 maintenir la peau en lui apportant tous les \u00e9l\u00e9ments et actifs dont elle a besoin pour l&#8217;\u00e9quilibre de la peau et en retardant les signes du vieillissement.<\/p>\n\n\n\n<p style=\"font-family:Open Sans;line-height:1.5\" class=\"has-custom-font has-custom-lineheight\">Une peau diff\u00e9rente n\u00e9cessite un traitement nourrissant et apaisant confortable.<\/p>\n\n\n\n<p style=\"font-family:Open Sans;line-height:1.5\" class=\"has-custom-font has-custom-lineheight\">Dr. SERRAR<sup>\u00ae<\/sup> PHYTO-REV MASK est le soin hydratant qui r\u00e9\u00e9quilibrera tous les types de peaux normales, s\u00e8ches, mixtes et extra sensibles. . L&#8217;hydratation est le point commun \u00e0 tous les types de peau. Les cellules et les glandes sous-cutan\u00e9es sont incapables de cr\u00e9er de l&#8217;eau. Cette hydratation sera la cl\u00e9 pour maintenir un \u00e9quilibre du film hydrolipidique. <br> Ce traitement sp\u00e9cifique peut compenser une d\u00e9gradation de la peau, comme les rides, la perte de fermet\u00e9, les cernes, les boutons, la s\u00e9cheresse.<\/p>\n\n\n\n<p style=\"font-family:Open Sans;line-height:1.5\" class=\"has-custom-font has-custom-lineheight\">Peau s\u00e8che, par exemple manque d&#8217;eau et de lipides. C&#8217;est pourquoi il faudra opter pour PHYTO-REV MASK, un masque riche en hydratation et nutrition aux principes actifs qui pourra restaurer ce manque d&#8217;eau et apporter souplesse et confort cutan\u00e9. <br> A l&#8217;inverse, les peaux grasses produiront une quantit\u00e9 excessive de s\u00e9bum, un corps gras qui prot\u00e9gera la barri\u00e8re \u00e9pidermique. Cependant, il faut savoir que cette surproduction est en partie due \u00e0 une perturbation des glandes s\u00e9bac\u00e9es, mais aussi \u00e0 une \u00e9ventuelle d\u00e9shydratation. Si la peau ressent un d\u00e9s\u00e9quilibre et un manque d&#8217;eau, elle ne peut que renvoyer du s\u00e9bum pour se prot\u00e9ger. Une surproduction de s\u00e9bum obstruera les pores et provoquera des imperfections et des points noirs, mais ne r\u00e9soudra pas le probl\u00e8me du manque d&#8217;eau. <br> De plus, PHYTO-REV MASK est enrichi d&#8217;ingr\u00e9dients aux propri\u00e9t\u00e9s antioxydantes, anti-rougeurs, apaisantes et apaisantes. Il est donc parfait pour les peaux r\u00e9actives et sensibles.<\/p>\n\n\n\n<div style=\"height:20px\" aria-hidden=\"true\" class=\"wp-block-spacer\"><\/div>\n\n\n\n<p style=\"color:#63ade5;font-size:19px;font-family:Open Sans\" class=\"has-text-color has-custom-font\"><strong>INGR\u00c9DIENTS CL\u00c9S<\/strong><\/p>\n\n\n\n<p style=\"font-family:Open Sans;line-height:1.5\" class=\"has-custom-font has-custom-lineheight\"><strong>Allanto\u00efne <\/strong>: <br> Gu\u00e9rison, favorise la prolif\u00e9ration cellulaire de la peau. \u00c9limine le tissu n\u00e9crotique. agent r\u00e9parateur et restaurateur de l&#8217;\u00e9pith\u00e9lium. non irritant, hydratant, adoucissant et calmant.<\/p>\n\n\n\n<p style=\"font-family:Open Sans;line-height:1.5\" class=\"has-custom-font has-custom-lineheight\"><strong>Extrait de fenouil <\/strong>: <br> R\u00e9gule l&#8217;hydratation de la peau et soulage les irritations.<\/p>\n\n\n\n<p style=\"font-family:Open Sans;line-height:1.5\" class=\"has-custom-font has-custom-lineheight\"><strong>Extrait de gui et m\u00e9lisse <\/strong>: <br> Propri\u00e9t\u00e9 antiseptique.<\/p>\n\n\n\n<p style=\"font-family:Open Sans;line-height:1.5\" class=\"has-custom-font has-custom-lineheight\"><strong> Extrait de houblon <\/strong>: <br> Riche en \u0153strog\u00e8nes v\u00e9g\u00e9taux qui aident \u00e0 raffermir la peau. tonique stimulant et antiseptique.<\/p>\n\n\n\n<p style=\"font-family:Open Sans;line-height:1.5\" class=\"has-custom-font has-custom-lineheight\"><strong>Extrait de millefeuille <\/strong>: <br> Stimule la circulation sanguine dans l&#8217;\u00e9piderme et l&#8217;oxyg\u00e9nation de la peau.<\/p>\n\n\n\n<p style=\"font-family:Open Sans;line-height:1.5\" class=\"has-custom-font has-custom-lineheight\">L&#8217;utilisation du PHYTO-REV MASK offre plus de confort et des r\u00e9sultats \u00e9tonnants pour une peau parfaite et \u00e9clatante.<\/p>\n\n\n\n<p style=\"color:#0071a1\" class=\"has-text-color has-medium-font-size crinnersub\"><strong>Pourquoi choisir Dr. SERRAR<sup>\u00ae<\/sup> PHYTO-REV MASK?<\/strong><\/p>\n\n\n\n<p style=\"font-family:Open Sans;line-height:1.5\" class=\"has-custom-font has-custom-lineheight\">Dr. SERRAR<sup>\u00ae<\/sup> PHYTO-REV MASK est fabriqu\u00e9 selon les normes les plus \u00e9lev\u00e9es de l&#8217;industrie pharmaceutique. La cr\u00e8me contient de l&#8217;extrait de fenouil avanc\u00e9, du houblon, du linguee, de l&#8217;achill\u00e9e, de la camomille en combinaison avec de l&#8217;allanto\u00efne. Ces substances naturelles aident la peau \u00e0 maintenir ces fonctions g\u00e9n\u00e9ratrices. Ce MASQUE d\u00e9barrasse la peau des impuret\u00e9s et des cellules mortes, lui donne un aspect jeune et sain et le pr\u00e9pare \u00e0 recevoir les \u00e9l\u00e9ments actifs des produits traitants. <br> PHYTO-REV MASK est un agent cicatrisant, r\u00e9parateur et r\u00e9parateur de l&#8217;\u00e9pith\u00e9lium. il favorise la prolif\u00e9ration cellulaire de la peau, \u00e9limine les tissus n\u00e9crotiques. Il est hydratant, adoucissant et calmant, r\u00e9gule l&#8217;humidit\u00e9 de la peau et soulage les irritations. Riche en \u0153strog\u00e8nes v\u00e9g\u00e9taux, elle aide \u00e0 raffermir la peau. Stimule la circulation du sang dans l&#8217;\u00e9piderme et l&#8217;oxyg\u00e9nation de la peau. Il poss\u00e8de une propri\u00e9t\u00e9 antiseptique non irritante. Con\u00e7u pour tous les types de peau.<\/p>\n\n\n\n<ul class=\"boostlist has-custom-font\" style=\"font-family:Open Sans\"><li>LA PLUS HAUTE QUALIT\u00c9. SANS GLUTEN. Fabriqu\u00e9 aux \u00c9tats-Unis. <\/li><li> Installations certifi\u00e9es FDA <\/li><li> Les bonnes pratiques de fabrication (BPF) sont un ensemble de r\u00e9glementations pharmaceutiques strictes qui garantissent que les compl\u00e9ments alimentaires sont fabriqu\u00e9s et contr\u00f4l\u00e9s selon des normes \u00e9lev\u00e9es qui conviennent <\/li><li> Sans soja, sans gluten, certifi\u00e9 casher, sans produits laitiers, sans lait, noix, arachides, crustac\u00e9s, bl\u00e9 et soja. \u00c9galement exempt de levure, d&#8217;orge, de riz, de sodium et de sucre. <\/li><li> Efficacit\u00e9 maximale <\/li><li> Tout d&#8217;origine naturelle <\/li><li> Fabriqu\u00e9 avec des ingr\u00e9dients hypoallerg\u00e9niques<\/li><\/ul>\n\n\n\n<div style=\"height:20px\" aria-hidden=\"true\" class=\"wp-block-spacer\"><\/div>\n\n\n\n<p style=\"font-family:Open Sans;line-height:1.5\" class=\"has-custom-font has-custom-lineheight\">Utilisez le PHYTO-REV MASK apr\u00e8s exfoliation avec PHYTO-REV SCRUB +. PHYTO-REV TONIC. Apr\u00e8s le PHYTO-REV MASK, utilisez le Dr. SERRAR\u00ae Vitamine C + ECLAT Collagen (jour) + DERM Ergothioneine (nuit). <br> Le kit Dr. SERRAR <sup> \u00ae <\/sup>: PHYTO-REV (CLEAN + SCRUB + MASK + TONIC) + Vitamine C + ECLAT Collagen + DERM Ergothioneine, r\u00e9g\u00e9n\u00e8re des ann\u00e9es de dommages environnementaux et laisse votre peau saine et jeune. R\u00e9duit visiblement les ridules et les rides, rendant votre peau plus robuste et lumineuse. Con\u00e7u pour tous les types de peau.<\/p>\n\n\n\n<div style=\"height:20px\" aria-hidden=\"true\" class=\"wp-block-spacer\"><\/div>\n<\/div><\/div>\n<\/div><\/div>\n\n\n\n<p style=\"background-color:#005e94;font-family:Open Sans\" class=\"has-text-color has-background has-text-align-center has-medium-font-size has-quaternary-color clinicallinks has-custom-font\"><a href=\"https:\/\/www.serrarpharma.com\/fr\/product\/phyto-mask-dr-serrar\/\">ACHETER MAINTENANT<\/a><\/p>\n<\/div><\/div>\n\n\n\n<div class=\"wp-container-47 wp-block-group crbox\"><div class=\"wp-block-group__inner-container\">\n<div class=\"wp-container-46 wp-block-group has-background cresearchtop\" style=\"background-color:#e4effa\"><div class=\"wp-block-group__inner-container\">\n<div class=\"wp-block-media-text alignwide has-media-on-the-right is-stacked-on-mobile is-vertically-aligned-center topcrbox\" style=\"grid-template-columns:auto 35%\"><figure class=\"wp-block-media-text__media\"><img src=\"https:\/\/i0.wp.com\/www.serrarpharma.com\/wp-content\/uploads\/2020\/06\/Clean-S.png?w=660&#038;ssl=1\" alt=\"\" class=\"wp-image-7829\" data-recalc-dims=\"1\"\/><\/figure><div class=\"wp-block-media-text__content\">\n<div style=\"height:30px\" aria-hidden=\"true\" class=\"wp-block-spacer\"><\/div>\n\n\n\n<p style=\"background-color:#63ade5;line-height:1\" class=\"has-text-color has-background has-large-font-size has-quaternary-color crsub has-custom-lineheight\"><strong>Dr. SERRAR<sup>\u00ae<\/sup> PHYTO-REV CLEAN<\/strong><\/p>\n\n\n\n<p style=\"font-family:Open Sans;line-height:1.5\" class=\"crboxbod has-custom-font has-custom-lineheight\">Nettoie et purifie <br> Hydrate et adoucit <br> Peau scintillante <br> \u00c9claircit le teint lumineux <br> Plein de bienfaits anti-\u00e2ge <br>\nAnti-inflammatoire <br>\nSans gluten <br>\nCon\u00e7u pour tous les types de peau<\/p>\n<\/div><\/div>\n\n\n\n<div style=\"height:20px\" aria-hidden=\"true\" class=\"wp-block-spacer\"><\/div>\n\n\n\n<div style=\"height:20px\" aria-hidden=\"true\" class=\"wp-block-spacer\"><\/div>\n<\/div><\/div>\n\n\n\n<div style=\"height:20px\" aria-hidden=\"true\" class=\"wp-block-spacer\"><\/div>\n\n\n\n<div class=\"wp-block-coblocks-row coblocks-row-31415475586 d3bottom mt-0\" data-columns=\"1\" data-layout=\"100\"><div class=\"wp-block-coblocks-row__inner has-background has-medium-gutter has-padding has-medium-padding has-no-margin is-stacked-on-mobile\" style=\"background-color:#f8fafc\">\n<div class=\"wp-block-coblocks-column coblocks-column-31415476933 collabott\" style=\"width:100%\"><div class=\"wp-block-coblocks-column__inner has-no-padding has-no-margin\">\n<p style=\"font-family:Open Sans;line-height:1.5\" class=\"has-custom-font has-custom-lineheight\">Dr. SERRAR<sup>\u00ae<\/sup> PHYTO-REV CLEAN Velours Cleansing Milk (d\u00e9maquillant) est le soin essentiel pour nettoyer votre visage et garder une peau claire et radieuse. Il est id\u00e9al pour tous les types de peau; m\u00eame la peau sensible. Efficace pour un nettoyage doux et en profondeur de l&#8217;\u00e9piderme. \u00c9limine le maquillage et les impuret\u00e9s sur le visage, les yeux (enl\u00e8ve le mascara), les paupi\u00e8res, les l\u00e8vres et le cou aussi efficacement qu&#8217;un soin spa. Il nettoie en un clin d&#8217;\u0153il tout en pr\u00e9servant l&#8217;\u00e9quilibre hydro-lipidique de la peau. Sa formule \u00e0 base de robane; la substance de l&#8217;huile d&#8217;olive est tr\u00e8s p\u00e9n\u00e9trante, cet ingr\u00e9dient restaure, apporte de la souplesse et prot\u00e8ge contre les irritations cutan\u00e9es. PHYTO-REV CLEAN contient d&#8217;autres ingr\u00e9dients aux propri\u00e9t\u00e9s apaisantes reconnues; propyl\u00e8ne glycol, amerchol et silicone qui permettent l&#8217;hydratation de la peau et laisse une sensation de fra\u00eecheur imm\u00e9diate.<\/p>\n\n\n\n<p style=\"font-family:Open Sans;line-height:1.5\" class=\"has-custom-font has-custom-lineheight\">PHYTO-REV CLEAN Respecte le pH physiologique de la peau. Sa base neutre laisse la peau souple et perm\u00e9able et la pr\u00e9pare efficacement \u00e0 recevoir d&#8217;autres traitements. <br> C&#8217;est un traitement naturel exceptionnel qui aide \u00e0 ralentir les signes du vieillissement cutan\u00e9 gr\u00e2ce \u00e0 ses bienfaits anti-\u00e2ge, anti-inflammatoires et tonifiants. Les ingr\u00e9dients ont des propri\u00e9t\u00e9s antioxydantes et hydratantes qui aident \u00e0 prot\u00e9ger la peau du vieillissement cutan\u00e9.<\/p>\n\n\n\n<p style=\"font-family:Open Sans;line-height:1.5\" class=\"has-custom-font has-custom-lineheight\">PHYTO-REV CLEAN ne contient pas de parab\u00e8nes, de produits p\u00e9troliers, d&#8217;huile min\u00e9rale, d&#8217;alcool ou de parfums artificiels. Produit non test\u00e9 sur les animaux (certifi\u00e9 sans cruaut\u00e9). Tous les ingr\u00e9dients issus de l&#8217;agriculture biologique.<\/p>\n\n\n\n<div style=\"height:20px\" aria-hidden=\"true\" class=\"wp-block-spacer\"><\/div>\n\n\n\n<p style=\"color:#0071a1\" class=\"has-text-color has-medium-font-size crinnersub\"><strong>Pourquoi choisir Dr. SERRAR<sup>\u00ae<\/sup> PHYTO-REV CLEAN?<\/strong><\/p>\n\n\n\n<p style=\"font-family:Open Sans;line-height:1.5\" class=\"has-custom-font has-custom-lineheight\">Dr. SERRAR<sup>\u00ae<\/sup> PHYTO-REV CLEAN est fabriqu\u00e9 selon les normes les plus \u00e9lev\u00e9es de l&#8217;industrie pharmaceutique. La cr\u00e8me contient une formule de base de robanets avanc\u00e9e; la substance de l&#8217;huile d&#8217;olive est tr\u00e8s p\u00e9n\u00e9trante, cet ingr\u00e9dient restaure, apporte de la souplesse et prot\u00e8ge contre les irritations cutan\u00e9es. propyl\u00e8ne glycol, amerchol et silicone qui permettent l&#8217;hydratation de la peau et laissent une sensation imm\u00e9diate de fra\u00eecheur. <br> pH Respecte la peau physiologique. Sa base neutre laisse la peau souple et perm\u00e9able et la pr\u00e9pare efficacement \u00e0 recevoir d&#8217;autres traitements. C&#8217;est un traitement naturel exceptionnel qui aide \u00e0 ralentir les signes du vieillissement cutan\u00e9 gr\u00e2ce \u00e0 ses bienfaits anti-\u00e2ge, antioxydant, anti-inflammatoire et tonifiant. PHYTO-REV CLEAN ne contient pas de parab\u00e8nes, de produits p\u00e9troliers, d&#8217;huile min\u00e9rale, d&#8217;alcool ou de parfums artificiels. Produit non test\u00e9 sur les animaux (certifi\u00e9 sans cruaut\u00e9).<\/p>\n\n\n\n<ul class=\"boostlist has-custom-font\" style=\"font-family:Open Sans\"><li>LA PLUS HAUTE QUALIT\u00c9. SANS GLUTEN. Fabriqu\u00e9 aux \u00c9tats-Unis. <\/li><li> Installations certifi\u00e9es FDA <\/li><li> Les bonnes pratiques de fabrication (BPF) sont un ensemble de r\u00e9glementations pharmaceutiques strictes qui garantissent que les compl\u00e9ments alimentaires sont fabriqu\u00e9s et contr\u00f4l\u00e9s selon des normes \u00e9lev\u00e9es qui conviennent <\/li><li> Sans soja, sans gluten, certifi\u00e9 casher, sans produits laitiers, sans lait, noix, arachides, crustac\u00e9s, bl\u00e9 et soja. \u00c9galement exempt de levure, d&#8217;orge, de riz, de sodium et de sucre. <\/li><li> Efficacit\u00e9 maximale <\/li><li> Tout d&#8217;origine naturelle <\/li><li> Fabriqu\u00e9 avec des ingr\u00e9dients hypoallerg\u00e9niques<\/li><\/ul>\n\n\n\n<div style=\"height:20px\" aria-hidden=\"true\" class=\"wp-block-spacer\"><\/div>\n\n\n\n<p style=\"font-family:Open Sans;line-height:1.5\" class=\"has-custom-font has-custom-lineheight\">Apr\u00e8s le PHYTO-REV CLEAN, utilisez le PHYTO TONIC. Le kit Dr. SERRAR <sup> \u00ae <\/sup>: PHYTO-REV (CLEAN + SCRUB + MASK + TONIC) + Vitamine C + ECLAT Collagen + DERM Ergothioneine, r\u00e9g\u00e9n\u00e8re des ann\u00e9es de dommages environnementaux et laisse votre peau saine et jeune. R\u00e9duit visiblement les ridules et les rides, rendant votre peau plus robuste et lumineuse. Con\u00e7u pour tous les types de peau.<\/p>\n\n\n\n<div style=\"height:20px\" aria-hidden=\"true\" class=\"wp-block-spacer\"><\/div>\n<\/div><\/div>\n<\/div><\/div>\n\n\n\n<p style=\"background-color:#005e94;font-family:Open Sans\" class=\"has-text-color has-background has-text-align-center has-medium-font-size has-quaternary-color clinicallinks has-custom-font\"><a href=\"https:\/\/www.serrarpharma.com\/fr\/product\/phyto-clean-dr-serrar\/\">ACHETER MAINTENANT<\/a><\/p>\n<\/div><\/div>\n\n\n\n<div class=\"wp-container-49 wp-block-group crbox\"><div class=\"wp-block-group__inner-container\">\n<div class=\"wp-container-48 wp-block-group has-background cresearchtop\" style=\"background-color:#e4effa\"><div class=\"wp-block-group__inner-container\">\n<div class=\"wp-block-media-text alignwide has-media-on-the-right is-stacked-on-mobile is-vertically-aligned-center topcrbox\" style=\"grid-template-columns:auto 35%\"><figure class=\"wp-block-media-text__media\"><img src=\"https:\/\/i0.wp.com\/www.serrarpharma.com\/wp-content\/uploads\/2020\/06\/Tonic-S.png?w=660&#038;ssl=1\" alt=\"\" class=\"wp-image-7830\" data-recalc-dims=\"1\"\/><\/figure><div class=\"wp-block-media-text__content\">\n<div style=\"height:30px\" aria-hidden=\"true\" class=\"wp-block-spacer\"><\/div>\n\n\n\n<p style=\"background-color:#63ade5;line-height:1\" class=\"has-text-color has-background has-large-font-size has-quaternary-color crsub has-custom-lineheight\"><strong>Dr. SERRAR<sup>\u00ae<\/sup> PHYTO-REV TONIC<\/strong><\/p>\n\n\n\n<p style=\"font-family:Open Sans;line-height:1.5\" class=\"crboxbod has-custom-font has-custom-lineheight\">Purifiante et apaisante <br> Hydrate, adoucit et rafra\u00eechit <br> Peau scintillante <br> Am\u00e9liore les cicatrices caus\u00e9es par l&#8217;acn\u00e9 <br> TONIQUE <br> \u00c9clat <br> Revitalise <br> Antiseptique non irritant<\/p>\n<\/div><\/div>\n\n\n\n<div style=\"height:20px\" aria-hidden=\"true\" class=\"wp-block-spacer\"><\/div>\n\n\n\n<div style=\"height:20px\" aria-hidden=\"true\" class=\"wp-block-spacer\"><\/div>\n<\/div><\/div>\n\n\n\n<div style=\"height:20px\" aria-hidden=\"true\" class=\"wp-block-spacer\"><\/div>\n\n\n\n<div class=\"wp-block-coblocks-row coblocks-row-31415475586 d3bottom mt-0\" data-columns=\"1\" data-layout=\"100\"><div class=\"wp-block-coblocks-row__inner has-background has-medium-gutter has-padding has-medium-padding has-no-margin is-stacked-on-mobile\" style=\"background-color:#f8fafc\">\n<div class=\"wp-block-coblocks-column coblocks-column-31415476933 collabott\" style=\"width:100%\"><div class=\"wp-block-coblocks-column__inner has-no-padding has-no-margin\">\n<p style=\"font-family:Open Sans;line-height:1.5\" class=\"has-custom-font has-custom-lineheight\">La lotion Velours Dr. SERRAR<sup>\u00ae<\/sup> PHYTO-REV TONIC est essentielle pour un nettoyage complet de la peau. Beaucoup de gens pensent que vous pouvez facilement vous passer d&#8217;une lotion tonique \u00e0 condition de nettoyer la peau de votre visage au moins deux fois par jour avec des produits adapt\u00e9s. Cela peut \u00eatre vrai lorsque vous avez une peau parfaite\u2026 Sinon, le toner pour le visage est essentiel pour nettoyer et prot\u00e9ger votre peau correctement.<\/p>\n\n\n\n<p style=\"font-family:Open Sans;line-height:1.5\" class=\"has-custom-font has-custom-lineheight\">PHYTO-REV TONIC est doux et sans alcool \u00e0 partir d&#8217;extraits de plantes extraits de tilleul, d&#8217;abricot et de myrtille. Hydrate, rafra\u00eechit \u00e9mollient, adoucissant, calmant, d\u00e9congestionnant, \u00e9claircissant, tonifiant et redonne de l&#8217;\u00e9clat \u00e0 la peau. Il contient des antioxydants qui aident \u00e0 resserrer les pores, \u00e0 \u00e9quilibrer la peau et \u00e0 la pr\u00e9parer \u00e0 l&#8217;hydratation. Cette lotion convient \u00e0 la plupart des types de peau, y compris les peaux mixtes et sensibles.<\/p>\n\n\n\n<p style=\"font-family:Open Sans;line-height:1.5\" class=\"has-custom-font has-custom-lineheight\">PHYTO-REV TONIC est biologique et sans alcool, id\u00e9al pour \u00e9quilibrer le pH de l&#8217;\u00e9piderme et raffermir les pores. Il rafra\u00eechit et apaise instantan\u00e9ment la peau. Peut \u00eatre utilis\u00e9 pour apaiser les irritations li\u00e9es au rasage. Apporte \u00e0 la peau confort, souplesse et hydratation. <br> L&#8217;utilisation quotidienne de cette lotion tonique sans alcool rafra\u00eechit et assure l&#8217;oxyg\u00e9nation r\u00e9g\u00e9n\u00e9ratrice de la peau gr\u00e2ce \u00e0 l&#8217;action r\u00e9paratrice des prot\u00e9ines v\u00e9g\u00e9tales et astringentes. <br> PHYTO-REV TONIC \u00e9limine toutes traces de d\u00e9maquillant et laisse la peau parfaitement nette et \u00e9clatante. Le nettoyant visage tonifie et resserre les pores tout en normalisant l&#8217;exc\u00e8s de s\u00e9bum. <br> Il pr\u00e9pare la peau aux traitements suivants (VIT C, DERM Ergothioneine, ECLAT Collagen)<\/p>\n\n\n\n<div style=\"height:20px\" aria-hidden=\"true\" class=\"wp-block-spacer\"><\/div>\n\n\n\n<p style=\"color:#0071a1\" class=\"has-text-color has-medium-font-size crinnersub\"><strong>Why choose Dr. SERRAR<sup>\u00ae<\/sup> PHYTO-REV TONIC?<\/strong><\/p>\n\n\n\n<p style=\"font-family:Open Sans;line-height:1.5\" class=\"has-custom-font has-custom-lineheight\">Dr. SERRAR<sup>\u00ae<\/sup> PHYTO -REV TONIC est fabriqu\u00e9 selon les normes les plus \u00e9lev\u00e9es de l&#8217;industrie pharmaceutique. La lotion contient des extraits v\u00e9g\u00e9taux avanc\u00e9s de tilleul, abricot, myrtille. Hydrate, rafra\u00eechit \u00e9mollient, adoucissant, calmant, d\u00e9congestionnant, \u00e9claircissant, tonifiant et redonne de l&#8217;\u00e9clat \u00e0 la peau. Il contient des antioxydants qui aident \u00e0 resserrer les pores, \u00e0 \u00e9quilibrer la peau et \u00e0 la pr\u00e9parer \u00e0 l&#8217;hydratation. Cette lotion convient \u00e0 la plupart des types de peau.<\/p>\n\n\n\n<ul class=\"boostlist has-custom-font\" style=\"font-family:Open Sans\"><li>HIGHEST QUALITY. GLUTEN FREE. Made in USA.<\/li><li>FDA certified facilities<\/li><li>Good Manufacturing Practice (GMP) is a set of strict pharmaceutical regulations that ensure that food supplements are manufactured and controlled to a high standard which is suitable for use.<\/li><li>Soy-Free, Gluten-Free,Kosher Certified, Dairy-Free,Free of milk, Tree nuts, Peanuts, Shellfish, wheat and soybeans. Also free of yeast, barley, rice, sodium and sugar.<\/li><li>Maximum Efficiency<\/li><li>All natural Sourced<\/li><li>Made with hypoallergenic ingredients<\/li><\/ul>\n\n\n\n<div style=\"height:20px\" aria-hidden=\"true\" class=\"wp-block-spacer\"><\/div>\n\n\n\n<p style=\"font-family:Open Sans;line-height:1.5\" class=\"has-custom-font has-custom-lineheight\">\nApr\u00e8s le PHYTO-REV TONIC, utilisez la ECLAT Collagen CREAM le jour et la cr\u00e8me DERM Ergothioneine le soir. <br> Le kit Dr. SERRAR<sup>\u00ae<\/sup>: PHYTO-REV (CLEAN + SCRUB + MASK + TONIC) + VITAMIN C + ECLAT Collagen + DERM Ergothioneine, r\u00e9g\u00e9n\u00e8re des ann\u00e9es de dommages environnementaux et laisse votre peau saine et jeune. R\u00e9duit visiblement les ridules et les rides, rendant votre peau plus robuste et lumineuse. Con\u00e7u pour tous les types de peau.<\/p>\n\n\n\n<div style=\"height:20px\" aria-hidden=\"true\" class=\"wp-block-spacer\"><\/div>\n<\/div><\/div>\n<\/div><\/div>\n\n\n\n<p style=\"background-color:#005e94;font-family:Open Sans\" class=\"has-text-color has-background has-text-align-center has-medium-font-size has-quaternary-color clinicallinks has-custom-font\"><a href=\"https:\/\/www.serrarpharma.com\/product\/phyto-tonic-dr-serrar\/\">PURCHASE NOW<\/a><\/p>\n<\/div><\/div>\n\n\n\n<div class=\"wp-container-55 wp-block-group alignfull has-background\" style=\"background-color:#f5f7fa\"><div class=\"wp-block-group__inner-container\">\n<div style=\"height:20px\" aria-hidden=\"true\" class=\"wp-block-spacer\"><\/div>\n\n\n\n<div class=\"wp-container-54 wp-block-group has-quaternary-background-color has-background\"><div class=\"wp-block-group__inner-container\">\n<p style=\"font-family:Open Sans\" class=\"has-text-color has-large-font-size has-secondary-color has-text-align-center ailtitle has-custom-font\">Maladies pouvant \u00eatre trait\u00e9es par le programme ZinaCal<\/p>\n\n\n\n<div style=\"height:20px\" aria-hidden=\"true\" class=\"wp-block-spacer ailspace\"><\/div>\n\n\n\n<div class=\"wp-container-53 wp-block-columns aillist\">\n<div class=\"wp-container-50 wp-block-column\">\n<ul class=\"aillistleft is-style-none has-custom-font\" style=\"font-family:Open Sans;color:#005e94\"><li>Arthrite-Arthrose <\/li><li> Art\u00e9rioscl\u00e9rosis-Ost\u00e9oporose <\/li><li> Acn\u00e9 <\/li><li> Asthme <\/li><li> Cholest\u00e9rol <\/li><li> Maladie Coeliaque <\/li><li> Chron&#8217;s<\/li><li> Syndrome de Fatigue Chronique <\/li><li> Cancer<\/li><\/ul>\n<\/div>\n\n\n\n<div class=\"wp-container-51 wp-block-column\">\n<ul class=\"aillistmid is-style-none has-custom-font\" style=\"font-family:Open Sans;color:#005e94\"><li>Maladie Cardiaque <\/li><li> Maladie Digestive <\/li><li> Diab\u00e8te <\/li><li> Ecz\u00e9ma-Psoriasis <\/li><li> Endom\u00e9triose <\/li><li> Foie Gras <\/li><li> Fibromyalgie <\/li><li> Reflux Gastro-\u0153sophagien <\/li><li> Goutte<\/li><\/ul>\n<\/div>\n\n\n\n<div class=\"wp-container-52 wp-block-column\">\n<ul class=\"aillistright is-style-none has-custom-font\" style=\"font-family:Open Sans;color:#005e94\"><li>Hypertension art\u00e9rielle <\/li><li> Hypothyro\u00efdie<\/li><li> Haute pression intracr\u00e2nienne <\/li><li>Infertilit\u00e9<\/li><li> Prostate <\/li><li> Pancr\u00e9atite <\/li><li> Ob\u00e9sit\u00e9 <\/li><li> Arthrose<\/li><li> Xanth\u00e9lasma<\/li><li><\/li><\/ul>\n<\/div>\n<\/div>\n<\/div><\/div>\n\n\n\n<div style=\"height:20px\" aria-hidden=\"true\" class=\"wp-block-spacer\"><\/div>\n<\/div><\/div>\n\n\n<p><\/p>\n\n\n<\/p>\n<div class=\"wp-block-image mt-0\">\n<figure class=\"aligncenter size-large is-resized\"><img loading=\"lazy\" src=\"https:\/\/i0.wp.com\/www.serrarpharma.com\/wp-content\/uploads\/2020\/04\/CRbadges.jpg?resize=660%2C118&#038;ssl=1\" alt=\"\" class=\"wp-image-1817\" width=\"660\" height=\"118\" srcset=\"https:\/\/i0.wp.com\/www.serrarpharma.com\/wp-content\/uploads\/2020\/04\/CRbadges.jpg?resize=1024%2C183&amp;ssl=1 1024w, https:\/\/i0.wp.com\/www.serrarpharma.com\/wp-content\/uploads\/2020\/04\/CRbadges.jpg?resize=300%2C54&amp;ssl=1 300w, https:\/\/i0.wp.com\/www.serrarpharma.com\/wp-content\/uploads\/2020\/04\/CRbadges.jpg?resize=768%2C137&amp;ssl=1 768w, https:\/\/i0.wp.com\/www.serrarpharma.com\/wp-content\/uploads\/2020\/04\/CRbadges.jpg?resize=600%2C107&amp;ssl=1 600w, https:\/\/i0.wp.com\/www.serrarpharma.com\/wp-content\/uploads\/2020\/04\/CRbadges.jpg?w=1282&amp;ssl=1 1282w\" sizes=\"(max-width: 660px) 100vw, 660px\" data-recalc-dims=\"1\" \/><\/figure>\n<\/div>\n<p>\n\n\n\n<div class=\"wp-block-coblocks-row alignfull coblocks-row-425111545811\" data-columns=\"1\" data-layout=\"100\"><div class=\"wp-block-coblocks-row__inner has-medium-gutter has-no-padding has-no-margin is-stacked-on-mobile\">\n<div class=\"wp-block-coblocks-column coblocks-column-425111549702\" style=\"width:100%\"><div class=\"wp-block-coblocks-column__inner has-primary-background-color has-background has-no-padding has-no-margin\">\n<div class=\"wp-container-56 wp-block-group alignwide\"><div class=\"wp-block-group__inner-container\">\n<div style=\"height:20px\" aria-hidden=\"true\" class=\"wp-block-spacer\"><\/div>\n\n\n\n<p style=\"color:#2c2e2e;font-size:15px\" class=\"has-text-color\"><strong>Avis de non-responsabilit\u00e9:<\/strong> Avec tout r\u00e9gime ou nouveau r\u00e9gime nutritionnel, chaque personne conna\u00eetra des r\u00e9sultats diff\u00e9rents en fonction d&#8217;une vari\u00e9t\u00e9 de facteurs individuels et environnementaux. Aucun r\u00e9sultat avec ce r\u00e9gime ou tout autre r\u00e9gime ne peut \u00eatre garanti, et les t\u00e9moignages trouv\u00e9s sur ce site ne repr\u00e9sentent que les exp\u00e9riences de ces personnes, qui ont propos\u00e9 leurs histoires pour notre usage. L&#8217;utilisation de ces t\u00e9moignages ne garantit aucun r\u00e9sultat similaire par d&#8217;autres programmes.<\/p>\n\n\n\n<p style=\"color:#2c2e2e;font-size:15px\" class=\"has-text-color\">Le plan officiel du programme ZinaCal n&#8217;offre aucun conseil m\u00e9dical et ne pr\u00e9tend pas le faire. Nos commentaires et recommandations di\u00e9t\u00e9tiques sont tous bas\u00e9s sur la recherche de r\u00e9sum\u00e9s de preuves pour la s\u00e9curit\u00e9 et l&#8217;efficacit\u00e9 clinique des suppl\u00e9ments des ingr\u00e9dients de Dr. SERRAR<sup>\u00ae<\/sup> ZinaSlim, ZinaBoost, Detox et Balance sur la gestion saine du poids. Avant de commencer un r\u00e9gime ou d&#8217;entreprendre un r\u00e9gime nutritionnel, veuillez consulter un professionnel de la sant\u00e9 qualifi\u00e9 connaissant votre situation. De plus, veuillez noter que la Food and Drug Administration (FDA) n&#8217;a pas \u00e9valu\u00e9 notre suppl\u00e9ment ou tout autre produit propos\u00e9 sur ce site qui peut diagnostiquer, gu\u00e9rir, traiter ou pr\u00e9venir toute maladie en cours ici.<\/p>\n\n\n\n<p style=\"color:#2c2e2e;font-size:15px\" class=\"has-text-color\">En tout \u00e9tat de cause, les informations et les conseils propos\u00e9s sur le site Internet d&#8217;Alternative ne sauraient se substituer \u00e0 une consultation ou un diagnostic formul\u00e9 par un m\u00e9decin ou un professionnel de sant\u00e9, seul \u00e0 m\u00eame d&#8217;\u00e9valuer correctement votre \u00e9tat de sant\u00e9.<\/p>\n\n\n\n<p style=\"color:#2c2e2e;font-size:15px\" class=\"has-text-color\"><strong>Une information important:<\/strong><br> Si vous prenez des m\u00e9dicaments sur ordonnance, que vous avez un probl\u00e8me de sant\u00e9 ou que vous avez des pr\u00e9occupations sp\u00e9cifiques concernant l&#8217;ad\u00e9quation de l&#8217;un de nos produits par rapport \u00e0 ceux-ci, vous devez toujours consulter votre m\u00e9decin g\u00e9n\u00e9raliste ou votre pharmacien avant de prendre des suppl\u00e9ments. Les femmes enceintes ou allaitantes devraient consulter un m\u00e9decin g\u00e9n\u00e9raliste avant de prendre des suppl\u00e9ments. Ne d\u00e9passez pas la dose quotidienne recommand\u00e9e. Tenir hors de port\u00e9e des enfants. Les suppl\u00e9ments ne doivent pas remplacer un r\u00e9gime alimentaire vari\u00e9. Lisez toujours l&#8217;\u00e9tiquette avant utilisation<\/p>\n\n\n\n<p style=\"color:#2c2e2e;font-size:15px\" class=\"has-text-color\">Serrar Pharma utilise uniquement des ingr\u00e9dients purs et naturels, provenant de sources fiables GMP. Nous assurons la qualit\u00e9 non seulement de chaque lot, mais de chaque ingr\u00e9dient de ce lot, en vous assurant d&#8217;obtenir uniquement le produit de la plus haute qualit\u00e9. Il existe de nombreux avantages de support suppl\u00e9mentaires. Voir ci-dessous les avis. Si vous avez des questions, veuillez nous contacter \u00e0 info@serrarpharma.com<\/p>\n<\/div><\/div>\n\n\n\n<div style=\"height:50px\" aria-hidden=\"true\" class=\"wp-block-spacer\"><\/div>\n<\/div><\/div>\n<\/div><\/div>\n\n\n\n<div class=\"wp-container-63 wp-block-columns alignfull spfootblock\">\n<div class=\"wp-container-57 wp-block-column is-vertically-aligned-top\" style=\"flex-basis:49%\">\n<div class=\"wp-block-media-text is-stacked-on-mobile is-vertically-aligned-top footlogoblock\" style=\"grid-template-columns:28% auto\"><figure class=\"wp-block-media-text__media\"><img loading=\"lazy\" width=\"603\" height=\"811\" src=\"https:\/\/i0.wp.com\/www.serrarpharma.com\/wp-content\/uploads\/2020\/04\/2-sp-png.png?resize=603%2C811&#038;ssl=1\" alt=\"\" class=\"wp-image-394\" srcset=\"https:\/\/i0.wp.com\/www.serrarpharma.com\/wp-content\/uploads\/2020\/04\/2-sp-png.png?w=603&amp;ssl=1 603w, https:\/\/i0.wp.com\/www.serrarpharma.com\/wp-content\/uploads\/2020\/04\/2-sp-png.png?resize=223%2C300&amp;ssl=1 223w, https:\/\/i0.wp.com\/www.serrarpharma.com\/wp-content\/uploads\/2020\/04\/2-sp-png.png?resize=600%2C807&amp;ssl=1 600w\" sizes=\"(max-width: 603px) 100vw, 603px\" data-recalc-dims=\"1\" \/><\/figure><div class=\"wp-block-media-text__content\">\n<p style=\"color:#005e94;font-size:18px;font-family:Open Sans;line-height:1.5\" class=\"has-text-color has-custom-font has-custom-lineheight\">SerrarPharma se concentre sur l&#8217;am\u00e9lioration de votre qualit\u00e9 de vie. Nous sommes passionn\u00e9s de vous aider non seulement \u00e0 g\u00e9rer votre sant\u00e9, mais aussi \u00e0 vous \u00e9panouir en utilisant nos m\u00e9thodes uniques et \u00e9prouv\u00e9es.<\/p>\n<\/div><\/div>\n<\/div>\n\n\n\n<div class=\"wp-container-61 wp-block-column footmiddlecol\" style=\"flex-basis:25%\">\n<p style=\"color:#005e94;font-size:18px;line-height:1\" class=\"has-text-color serrarmidfooter has-custom-lineheight\"><strong>SERRAR PHARMA LLC<\/strong><\/p>\n\n\n\n<p style=\"color:#005e94;font-family:Open Sans;line-height:1.4\" class=\"has-text-color footeraddress has-custom-font has-custom-lineheight\">4 Hunter Lane<br>Elmsford, NY 10523<br>USA<\/p>\n\n\n\n<p style=\"color:#005e94\" class=\"has-text-color has-medium-font-size footerphone\"><strong>(302) 200-2171<\/strong><\/p>\n\n\n\n<p style=\"color:#005e94;font-family:Open Sans\" class=\"has-text-color has-custom-font\">info@serrarpharma.com<\/p>\n\n\n\n<div class=\"wp-container-60 wp-block-columns footersm\">\n<div class=\"wp-container-58 wp-block-column\">\n<div class=\"wp-block-image mb-0 mt-0\"><figure class=\"aligncenter size-thumbnail\"><a href=\"https:\/\/www.instagram.com\/drserrar\/\" target=\"_blank\" rel=\"noopener noreferrer\"><img loading=\"lazy\" width=\"150\" height=\"150\" src=\"https:\/\/i0.wp.com\/www.serrarpharma.com\/wp-content\/uploads\/2021\/01\/SPWebInstaSymbol.png?resize=150%2C150&#038;ssl=1\" alt=\"\" class=\"wp-image-10264\" srcset=\"https:\/\/i0.wp.com\/www.serrarpharma.com\/wp-content\/uploads\/2021\/01\/SPWebInstaSymbol.png?resize=150%2C150&amp;ssl=1 150w, https:\/\/i0.wp.com\/www.serrarpharma.com\/wp-content\/uploads\/2021\/01\/SPWebInstaSymbol.png?resize=300%2C300&amp;ssl=1 300w, https:\/\/i0.wp.com\/www.serrarpharma.com\/wp-content\/uploads\/2021\/01\/SPWebInstaSymbol.png?resize=100%2C100&amp;ssl=1 100w, https:\/\/i0.wp.com\/www.serrarpharma.com\/wp-content\/uploads\/2021\/01\/SPWebInstaSymbol.png?w=362&amp;ssl=1 362w\" sizes=\"(max-width: 150px) 100vw, 150px\" data-recalc-dims=\"1\" \/><\/a><\/figure><\/div>\n\n\n\n<p><\/p>\n<\/div>\n\n\n\n<div class=\"wp-container-59 wp-block-column\">\n<div class=\"wp-block-image mb-0 mt-0\"><figure class=\"aligncenter size-thumbnail\"><a href=\"https:\/\/www.facebook.com\/DrSerrar-112763810583917\" target=\"_blank\" rel=\"noopener noreferrer\"><img loading=\"lazy\" width=\"150\" height=\"150\" src=\"https:\/\/i0.wp.com\/www.serrarpharma.com\/wp-content\/uploads\/2021\/01\/SPWebFBSymbol.png?resize=150%2C150&#038;ssl=1\" alt=\"\" class=\"wp-image-10265\" srcset=\"https:\/\/i0.wp.com\/www.serrarpharma.com\/wp-content\/uploads\/2021\/01\/SPWebFBSymbol.png?resize=150%2C150&amp;ssl=1 150w, https:\/\/i0.wp.com\/www.serrarpharma.com\/wp-content\/uploads\/2021\/01\/SPWebFBSymbol.png?resize=300%2C300&amp;ssl=1 300w, https:\/\/i0.wp.com\/www.serrarpharma.com\/wp-content\/uploads\/2021\/01\/SPWebFBSymbol.png?resize=100%2C100&amp;ssl=1 100w, https:\/\/i0.wp.com\/www.serrarpharma.com\/wp-content\/uploads\/2021\/01\/SPWebFBSymbol.png?w=362&amp;ssl=1 362w\" sizes=\"(max-width: 150px) 100vw, 150px\" data-recalc-dims=\"1\" \/><\/a><\/figure><\/div>\n\n\n\n<p><\/p>\n<\/div>\n<\/div>\n<\/div>\n\n\n\n<div class=\"wp-container-62 wp-block-column\" style=\"flex-basis:20%\">\n<p style=\"color:#005e94;font-size:18px;line-height:1\" class=\"has-text-color footerGS has-custom-lineheight\"><strong>COMMENCER<\/strong><\/p>\n\n\n\n<p style=\"font-size:18px;line-height:1.5\" class=\"has-text-color has-secondary-color footerlinks has-custom-lineheight\"><a href=\"https:\/\/www.serrarpharma.com\/fr\/about\/\">\u00c0 PROPOS<\/a><br><a href=\"https:\/\/www.serrarpharma.com\/fr\/zinacal-program\/\">ZINACAL PROGRAM <\/a><br><a href=\"https:\/\/www.serrarpharma.com\/fr\/testimonials\/\">T\u00c9MOIGNAGES<\/a> <br><a href=\"https:\/\/www.serrarpharma.com\/fr\/shop\/\">ACHETER<\/a><br><a href=\"https:\/\/www.serrarpharma.com\/fr\/contact\/\">CONTACTER<\/a> <\/p>\n<\/div>\n<\/div>\n\n\n<p><\/p>","protected":false},"excerpt":{"rendered":"<p>RECHERCHE CLINIQUE Tous les suppl\u00e9ments, y compris Dr. SERRAR\u00ae ZinaCal, ZinaSlim Advance, ZinaBoost, Detox et Balance (fabriqu\u00e9 dand une usine enregistr\u00e9e aupr\u00e9s de la FDA), ont fait leurs preuves et sont fabriqu\u00e9s dans des usines certifi\u00e9es GMP et casher qui respectent les meilleures pratiques de l&#8217;industrie. Dr. SERRAR\u00ae ZinaSlim Advance, ZinaBoost, Detox, &#038; Balance R\u00e9sum\u00e9s [&hellip;]<\/p>\n","protected":false},"author":1,"featured_media":0,"parent":0,"menu_order":0,"comment_status":"closed","ping_status":"closed","template":"","meta":{"hide_page_title":"","_coblocks_attr":"Open Sans,Open Sans","_coblocks_dimensions":"","_coblocks_responsive_height":"","_coblocks_accordion_ie_support":""},"translation":{"provider":"WPGlobus","version":"3.0.1","language":"fr","enabled_languages":["en","es","fr","ar","pt","it"],"languages":{"en":{"title":true,"content":true,"excerpt":false},"es":{"title":false,"content":true,"excerpt":false},"fr":{"title":true,"content":true,"excerpt":false},"ar":{"title":false,"content":true,"excerpt":false},"pt":{"title":false,"content":true,"excerpt":false},"it":{"title":false,"content":false,"excerpt":false}}},"_links":{"self":[{"href":"https:\/\/www.serrarpharma.com\/fr\/wp-json\/wp\/v2\/pages\/1465"}],"collection":[{"href":"https:\/\/www.serrarpharma.com\/fr\/wp-json\/wp\/v2\/pages"}],"about":[{"href":"https:\/\/www.serrarpharma.com\/fr\/wp-json\/wp\/v2\/types\/page"}],"author":[{"embeddable":true,"href":"https:\/\/www.serrarpharma.com\/fr\/wp-json\/wp\/v2\/users\/1"}],"replies":[{"embeddable":true,"href":"https:\/\/www.serrarpharma.com\/fr\/wp-json\/wp\/v2\/comments?post=1465"}],"version-history":[{"count":0,"href":"https:\/\/www.serrarpharma.com\/fr\/wp-json\/wp\/v2\/pages\/1465\/revisions"}],"wp:attachment":[{"href":"https:\/\/www.serrarpharma.com\/fr\/wp-json\/wp\/v2\/media?parent=1465"}],"curies":[{"name":"wp","href":"https:\/\/api.w.org\/{rel}","templated":true}]}}