{"id":1465,"date":"2020-04-14T22:31:58","date_gmt":"2020-04-14T22:31:58","guid":{"rendered":"https:\/\/www.serrarpharma.com\/?page_id=1465"},"modified":"2020-07-10T19:49:48","modified_gmt":"2020-07-10T19:49:48","slug":"clinical-research","status":"publish","type":"page","link":"https:\/\/www.serrarpharma.com\/es\/clinical-research\/","title":{"rendered":"Clinical Research"},"content":{"rendered":"\n<div class=\"wp-container-1 wp-block-group crtopsec\"><div class=\"wp-block-group__inner-container\">\n<p style=\"color:#63ade5;font-family:Open Sans\" class=\"has-text-color has-text-align-center has-huge-font-size crheadtitle has-custom-font\">INVESTIGACI\u00d3N CL\u00cdNICA<\/p>\n\n\n\n<p style=\"font-family:Open Sans;line-height:1.5\" class=\"has-custom-font has-custom-lineheight\">Todos los suplementos, incluidos Dr. SERRAR<sup>\u00ae<\/sup> ZinaCal, ZinaSlim Advance, ZinaBoost, Detox y Balance (fabricado en una instalacion registradapor la FDA), tienen un historial probado y se fabrican en plantas con certificaci\u00f3n GMP y Kosher que respetan las mejores pr\u00e1cticas de la industria.<\/p>\n\n\n\n<p style=\"color:#005e94;line-height:1\" class=\"has-text-color has-medium-font-size crproductsline has-custom-lineheight\"><strong>Dr. SERRAR<sup>\u00ae<\/sup> ZinaSlim Advance, ZinaBoost, Detox, &#038; Balance<\/strong><\/p>\n\n\n\n<p style=\"font-family:Open Sans;line-height:1.5\" class=\"has-custom-font has-custom-lineheight\">Res\u00famenes de la evidencia de seguridad y eficacia cl\u00ednica de los suplementos ZinaSlim Advance, ZinaBoost, Detox y Balance sobre el control de peso saludable y prevenci\u00f3n y seguimiento de enfermedades cr\u00f3nicas, obesidad, diabetes, presi\u00f3n arterial alta, enfermedades cardiovasculares, artritis, Alzheimer, Parkinson, Enfermedad de Crohn, enfermedad del h\u00edgado graso, cirrosis, infertilidad, enfermedad de la pr\u00f3stata, trastorno por d\u00e9ficit de atenci\u00f3n e hiperactividad en ni\u00f1os, migra\u00f1as, etc.<\/p>\n<\/div><\/div>\n\n\n\n<div class=\"wp-container-6 wp-block-group crbox\"><div class=\"wp-block-group__inner-container\">\n<div class=\"wp-container-2 wp-block-group has-background cresearchtop\" style=\"background-color:#e4effa\"><div class=\"wp-block-group__inner-container\">\n<div class=\"wp-block-media-text alignwide has-media-on-the-right is-stacked-on-mobile is-vertically-aligned-center topcrbox\" style=\"grid-template-columns:auto 35%\"><figure class=\"wp-block-media-text__media\"><img loading=\"lazy\" width=\"620\" height=\"500\" src=\"https:\/\/i0.wp.com\/www.serrarpharma.com\/wp-content\/uploads\/2020\/06\/mils.png?resize=620%2C500&#038;ssl=1\" alt=\"\" class=\"wp-image-7945\" srcset=\"https:\/\/i0.wp.com\/www.serrarpharma.com\/wp-content\/uploads\/2020\/06\/mils.png?w=620&amp;ssl=1 620w, https:\/\/i0.wp.com\/www.serrarpharma.com\/wp-content\/uploads\/2020\/06\/mils.png?resize=300%2C242&amp;ssl=1 300w, https:\/\/i0.wp.com\/www.serrarpharma.com\/wp-content\/uploads\/2020\/06\/mils.png?resize=600%2C484&amp;ssl=1 600w\" sizes=\"(max-width: 620px) 100vw, 620px\" data-recalc-dims=\"1\" \/><\/figure><div class=\"wp-block-media-text__content\">\n<div style=\"height:30px\" aria-hidden=\"true\" class=\"wp-block-spacer\"><\/div>\n\n\n\n<p style=\"background-color:#63ade5;line-height:1\" class=\"has-text-color has-background has-large-font-size has-quaternary-color crsub has-custom-lineheight\"><strong>ZinaSlim Advance<\/strong><\/p>\n\n\n\n<p style=\"font-family:Open Sans;line-height:1.5\" class=\"crboxbod has-custom-font has-custom-lineheight\">Suplemento sin OGM fabricado en instalaciones con certificaci\u00f3n GMP en los Estados Unidos.<br>Ingredientes vegetales que pueden afectar directamente el peso.<\/p>\n\n\n\n<p style=\"font-family:Open Sans;line-height:1.5\" class=\"crboxbod has-custom-font has-custom-lineheight\">a) Actuar directamente sobre el peso<br>b) Actuar como supresores del apetito<\/p>\n\n\n\n<div style=\"height:20px\" aria-hidden=\"true\" class=\"wp-block-spacer\"><\/div>\n\n\n\n<p><\/p>\n<\/div><\/div>\n<\/div><\/div>\n\n\n\n<div style=\"height:20px\" aria-hidden=\"true\" class=\"wp-block-spacer\"><\/div>\n\n\n\n<div class=\"wp-container-5 wp-block-columns has-background crboxcol\" style=\"background-color:#f8fafc\">\n<div class=\"wp-container-3 wp-block-column\">\n<p style=\"color:#0071a1;font-family:Open Sans\" class=\"has-text-color has-custom-font\"><strong>Reduce el aumento de peso en personas con sobrepeso<\/strong><\/p>\n\n\n\n<p style=\"color:#63ade5\" class=\"has-text-color crinnersub\">REDUCE:<\/p>\n\n\n\n<p>Masa y% de grasa<br>Cintura y caderas<br>IMC<br>Hipertensi\u00f3n<br>(Deje de tomar medicamentos hipotensores despu\u00e9s<br>100% de seguimiento)<br>Absorci\u00f3n de grasas.<br>Lipog\u00e9nesis<br>Suministro de alimentos<br>Ansiedad<br>Fatiga<\/p>\n\n\n\n<p style=\"color:#63ade5\" class=\"has-text-color crinnersub\">AUMENTOS:<\/p>\n\n\n\n<p>El sentimiento de saciedad<br>P\u00e9rdida de grasa con ejercicios aer\u00f3bicos.<\/p>\n\n\n\n<p><\/p>\n<\/div>\n\n\n\n<div class=\"wp-container-4 wp-block-column\">\n<p style=\"color:#0071a1;font-family:Open Sans\" class=\"has-text-color has-custom-font\"><strong>Efecto sobre el equilibrio lip\u00eddico y las hormonas<\/strong><\/p>\n\n\n\n<p style=\"color:#63ade5\" class=\"has-text-color crinnersub\">REDUCE:<\/p>\n\n\n\n<p>LDL<br><\/p>\n\n\n\n<p>Colesterol<br>(Deje de tomar agentes de estatinas despu\u00e9s de<br>100% de seguimiento)<br>Actividad de lipasa pancre\u00e1tica<\/p>\n\n\n\n<p style=\"color:#63ade5\" class=\"has-text-color crinnersub\">AUMENTOS:<\/p>\n\n\n\n<p>Testosterona total y libre (libido en hombres).<br>HDL<br>serotonina (Bienestar y menos ansiedad)<br>Excreci\u00f3n urinaria de metabolitos (piernas ligeras)<\/p>\n<\/div>\n<\/div>\n\n\n\n<p style=\"background-color:#005e94;font-family:Open Sans\" class=\"has-text-color has-background has-text-align-center has-medium-font-size has-quaternary-color clinicallinks has-custom-font\"><a href=\"https:\/\/www.serrarpharma.com\/product\/zinaslim-advanced\/\">COMPRAR AHORA<\/a><\/p>\n<\/div><\/div>\n\n\n\n<div class=\"wp-container-8 wp-block-group crbox\"><div class=\"wp-block-group__inner-container\">\n<div class=\"wp-container-7 wp-block-group has-background cresearchtop\" style=\"background-color:#e4effa\"><div class=\"wp-block-group__inner-container\">\n<div class=\"wp-block-media-text alignwide has-media-on-the-right is-stacked-on-mobile is-vertically-aligned-center topcrbox\" style=\"grid-template-columns:auto 35%\"><figure class=\"wp-block-media-text__media\"><img loading=\"lazy\" width=\"620\" height=\"500\" src=\"https:\/\/i0.wp.com\/www.serrarpharma.com\/wp-content\/uploads\/2020\/06\/stoob.png?resize=620%2C500&#038;ssl=1\" alt=\"\" class=\"wp-image-7948\" srcset=\"https:\/\/i0.wp.com\/www.serrarpharma.com\/wp-content\/uploads\/2020\/06\/stoob.png?w=620&amp;ssl=1 620w, https:\/\/i0.wp.com\/www.serrarpharma.com\/wp-content\/uploads\/2020\/06\/stoob.png?resize=300%2C242&amp;ssl=1 300w, https:\/\/i0.wp.com\/www.serrarpharma.com\/wp-content\/uploads\/2020\/06\/stoob.png?resize=600%2C484&amp;ssl=1 600w\" sizes=\"(max-width: 620px) 100vw, 620px\" data-recalc-dims=\"1\" \/><\/figure><div class=\"wp-block-media-text__content\">\n<div style=\"height:30px\" aria-hidden=\"true\" class=\"wp-block-spacer\"><\/div>\n\n\n\n<p style=\"background-color:#63ade5;line-height:1\" class=\"has-text-color has-background has-large-font-size has-quaternary-color crsuboost has-custom-lineheight\"><strong>ZinaBoost<\/strong><\/p>\n\n\n\n<p style=\"font-family:Open Sans;line-height:1.5\" class=\"crboxbod has-custom-font has-custom-lineheight\">Suplemento sin OGM fabricado en instalaciones con certificaci\u00f3n GMP en los Estados Unidos. Los ingredientes se pueden agrupar en 3 categor\u00edas seg\u00fan su efecto terap\u00e9utico.<\/p>\n\n\n\n<p class=\"crboxbod\"><span class=\"bluefont\">Categor\u00eda 1:<\/span> Medicamentos vegetales que pueden actuar directamente sobre el peso.<br>&nbsp;&nbsp;&nbsp;&nbsp;&nbsp;&nbsp;&nbsp;&nbsp;&nbsp; a) Actuar directamente sobre el peso<br>&nbsp;&nbsp;&nbsp;&nbsp;&nbsp;&nbsp;&nbsp;&nbsp;&nbsp; b) Actuar como supresores del apetito<\/p>\n<\/div><\/div>\n\n\n\n<div class=\"wp-block-coblocks-row coblocks-row-314163522362\" data-columns=\"1\" data-layout=\"100\"><div class=\"wp-block-coblocks-row__inner has-medium-gutter has-no-padding has-no-margin is-stacked-on-mobile\">\n<div class=\"wp-block-coblocks-column coblocks-column-314163523666\" style=\"width:100%\"><div class=\"wp-block-coblocks-column__inner has-no-padding has-no-margin\">\n<p style=\"font-family:Open Sans;line-height:1.5\" class=\"crboxcat2 has-custom-font has-custom-lineheight\"><span class=\"bluefont\">Categor\u00eda 2:<\/span> Medicamentos vegetales y micronutrientes que pueden ayudar a mantener la actividad f\u00edsica durante una reducci\u00f3n de calor\u00edas.<br>&nbsp;&nbsp;&nbsp;&nbsp;&nbsp;&nbsp;&nbsp;&nbsp; a) Drogas vegetales<br>&nbsp;&nbsp;&nbsp;&nbsp;&nbsp;&nbsp;&nbsp;&nbsp; b) vitaminas y amino\u00e1cidos<br><span class=\"bluefont\">Categor\u00eda 3:<\/span> Medicamentos vegetales que pueden contribuir al bienestar en general.<\/p>\n\n\n\n<div style=\"height:20px\" aria-hidden=\"true\" class=\"wp-block-spacer\"><\/div>\n<\/div><\/div>\n<\/div><\/div>\n<\/div><\/div>\n\n\n\n<div style=\"height:20px\" aria-hidden=\"true\" class=\"wp-block-spacer\"><\/div>\n\n\n\n<div class=\"wp-block-coblocks-row coblocks-row-314125341563\" data-columns=\"1\" data-layout=\"100\"><div class=\"wp-block-coblocks-row__inner has-medium-gutter has-no-padding has-no-margin is-stacked-on-mobile\">\n<div class=\"wp-block-coblocks-column coblocks-column-314125343414\" style=\"width:100%\"><div class=\"wp-block-coblocks-column__inner has-background has-no-padding has-no-margin\" style=\"background-color:#f8fafc\">\n<div style=\"height:20px\" aria-hidden=\"true\" class=\"wp-block-spacer\"><\/div>\n\n\n\n<ul class=\"boostlist\"><li>Permite la actividad f\u00edsica para cualquier persona con una dieta baja en calor\u00edas en el programa de p\u00e9rdida de peso.<\/li><li>Aumentar la capacidad f\u00edsica \/ rendimiento f\u00edsico (estr\u00e9s f\u00edsico)<\/li><li>Ayuda en el buen funcionamiento de los m\u00fasculos.<\/li><li>Reduce el peso y mejora el metabolismo.<\/li><li>Ayuda a mantener la capacidad del cuerpo para metabolizar los nutrientes.<\/li><li>Suprime el apetito y el deseo de az\u00facares.<\/li><li>Reduce el aumento de peso en personas con sobrepeso<\/li><li>Control de az\u00facar en la sangre para diab\u00e9ticos y prediab\u00e9ticos<\/li><li>Ayuda a equilibrar las grasas y las hormonas.<\/li><li>Efecto hipoglucemiante<\/li><\/ul>\n\n\n\n<div style=\"height:20px\" aria-hidden=\"true\" class=\"wp-block-spacer\"><\/div>\n<\/div><\/div>\n<\/div><\/div>\n\n\n\n<p style=\"background-color:#005e94;font-family:Open Sans\" class=\"has-text-color has-background has-text-align-center has-medium-font-size has-quaternary-color clinicallinks has-custom-font\"><a href=\"https:\/\/www.serrarpharma.com\/product\/zinaboost\/\"><a href=\"https:\/\/www.serrarpharma.com\/product\/zinaslim-advanced\/\">COMPRAR AHORA<\/a><\/a><\/p>\n<\/div><\/div>\n\n\n\n<div class=\"wp-container-13 wp-block-group crbox\"><div class=\"wp-block-group__inner-container\">\n<div class=\"wp-container-9 wp-block-group has-background cresearchtop\" style=\"background-color:#e4effa\"><div class=\"wp-block-group__inner-container\">\n<div class=\"wp-block-media-text alignwide has-media-on-the-right is-stacked-on-mobile is-vertically-aligned-center topcrbox\" style=\"grid-template-columns:auto 35%\"><figure class=\"wp-block-media-text__media\"><img loading=\"lazy\" width=\"620\" height=\"500\" src=\"https:\/\/i0.wp.com\/www.serrarpharma.com\/wp-content\/uploads\/2020\/06\/deto.png?resize=620%2C500&#038;ssl=1\" alt=\"\" class=\"wp-image-7954\" srcset=\"https:\/\/i0.wp.com\/www.serrarpharma.com\/wp-content\/uploads\/2020\/06\/deto.png?w=620&amp;ssl=1 620w, https:\/\/i0.wp.com\/www.serrarpharma.com\/wp-content\/uploads\/2020\/06\/deto.png?resize=300%2C242&amp;ssl=1 300w, https:\/\/i0.wp.com\/www.serrarpharma.com\/wp-content\/uploads\/2020\/06\/deto.png?resize=600%2C484&amp;ssl=1 600w\" sizes=\"(max-width: 620px) 100vw, 620px\" data-recalc-dims=\"1\" \/><\/figure><div class=\"wp-block-media-text__content\">\n<div style=\"height:30px\" aria-hidden=\"true\" class=\"wp-block-spacer\"><\/div>\n\n\n\n<p style=\"background-color:#63ade5;line-height:1\" class=\"has-text-color has-background has-large-font-size has-quaternary-color crsuboost has-custom-lineheight\"><strong>Dr. SERRAR<sup>\u00ae<\/sup> Detox<\/strong><\/p>\n\n\n\n<p style=\"font-family:Open Sans;line-height:1.5\" class=\"crboxbod has-custom-font has-custom-lineheight\">Suplemento sin OGM fabricado en instalaciones con certificaci\u00f3n GMP en los Estados Unidos.<br>Contiene ingredientes naturales; contribuir al buen funcionamiento del sistema digestivo<\/p>\n\n\n\n<div style=\"height:20px\" aria-hidden=\"true\" class=\"wp-block-spacer\"><\/div>\n\n\n\n<p><\/p>\n<\/div><\/div>\n<\/div><\/div>\n\n\n\n<div style=\"height:20px\" aria-hidden=\"true\" class=\"wp-block-spacer\"><\/div>\n\n\n\n<div class=\"wp-container-12 wp-block-columns has-background crboxcol\" style=\"background-color:#f8fafc\">\n<div class=\"wp-container-10 wp-block-column\">\n<p style=\"color:#0071a1;font-family:Open Sans\" class=\"has-text-color has-custom-font\"><strong>Estimula el sistema digestivo<\/strong><\/p>\n\n\n\n<p style=\"font-family:Open Sans\" class=\"has-custom-font\">Estre\u00f1imiento<br>H\u00edgado y ves\u00edcula biliar<br>Calma el estomago<br>Promueve la salud de los tejidos mucosos en los intestinos.<br>Prebi\u00f3tico (Inulina) que permite que los probi\u00f3ticos prosperen<br>Antiparasitario<br>Elimina toxinas<\/p>\n<\/div>\n\n\n\n<div class=\"wp-container-11 wp-block-column\">\n<p style=\"color:#0071a1;font-family:Open Sans\" class=\"has-text-color has-custom-font\"><strong>Ayuda para la operaci\u00f3n hormonal<\/strong><\/p>\n\n\n\n<p style=\"font-family:Open Sans\" class=\"has-custom-font\">Adrenalina<br>Tiroides<br>Estabiliza el nivel de colesterol.<br>Regula la presi\u00f3n sangu\u00ednea.<br>Aumenta la p\u00e9rdida de peso<br>Aumenta la energ\u00eda<br>Potente antioxidante<\/p>\n<\/div>\n<\/div>\n\n\n\n<div class=\"wp-block-coblocks-row coblocks-row-314134943867 detoxbottom\" data-columns=\"1\" data-layout=\"100\"><div class=\"wp-block-coblocks-row__inner has-background has-medium-gutter has-padding has-medium-padding has-no-margin is-stacked-on-mobile\" style=\"background-color:#f8fafc\">\n<div class=\"wp-block-coblocks-column coblocks-column-314134945478\" style=\"width:100%\"><div class=\"wp-block-coblocks-column__inner has-no-padding has-no-margin\">\n<p style=\"font-family:Open Sans;line-height:1.5\" class=\"has-custom-font has-custom-lineheight\"><span class=\"pasub\">AYUDA PARA PROMOVER LA SALUD GASTROINTESTINAL<\/span><br>Este suplemento contiene ingredientes de desintoxicaci\u00f3n de todo el cuerpo que ayudan a aliviar las molestias gastrointestinales, calman las \u00e1reas irritadas del tracto digestivo y tienen propiedades antimicrobianas y antivirales.<\/p>\n\n\n\n<p><span class=\"pasub\">MANTENGA UN SISTEMA DE CUERPO SALUDABLE<\/span><br>Zina Detox, una desintoxicaci\u00f3n corporal completa, tambi\u00e9n contiene un poderoso antioxidante que puede ayudar a proteger las c\u00e9lulas del da\u00f1o y ayudar a mantener la regularidad y la salud del colon al eliminar las toxinas putrefactas de los intestinos de las paredes.<\/p>\n\n\n\n<p><span class=\"pasub\">APOYO A LA P\u00c9RDIDA DE PESO<\/span><br>Tomar estos suplementos de desintoxicaci\u00f3n todos los d\u00edas te hace sentir m\u00e1s ligero. Esta cura de cuerpo completo ayuda a perder peso mientras aumenta la energ\u00eda. Adem\u00e1s, el h\u00edgado produce bilis, que el sistema digestivo utiliza para descomponer las grasas. Desintoxicar el h\u00edgado puede ser un buen punto de partida para perder peso.<\/p>\n<\/div><\/div>\n<\/div><\/div>\n\n\n\n<p style=\"background-color:#005e94;font-family:Open Sans\" class=\"has-text-color has-background has-text-align-center has-medium-font-size has-quaternary-color clinicallinks has-custom-font\"><a href=\"https:\/\/www.serrarpharma.com\/product\/zinadetox\/\"><a href=\"https:\/\/www.serrarpharma.com\/es\/product\/zinaslim-advanced\/\">COMPRAR AHORA<\/a><\/a><\/p>\n<\/div><\/div>\n\n\n\n<div class=\"wp-container-18 wp-block-group crbox\"><div class=\"wp-block-group__inner-container\">\n<div class=\"wp-container-14 wp-block-group has-background cresearchtop\" style=\"background-color:#e4effa\"><div class=\"wp-block-group__inner-container\">\n<div class=\"wp-block-media-text alignwide has-media-on-the-right is-stacked-on-mobile is-vertically-aligned-center topcrbox\" style=\"grid-template-columns:auto 35%\"><figure class=\"wp-block-media-text__media\"><img loading=\"lazy\" width=\"620\" height=\"500\" src=\"https:\/\/i0.wp.com\/www.serrarpharma.com\/wp-content\/uploads\/2020\/06\/lamba.png?resize=620%2C500&#038;ssl=1\" alt=\"\" class=\"wp-image-7953\" srcset=\"https:\/\/i0.wp.com\/www.serrarpharma.com\/wp-content\/uploads\/2020\/06\/lamba.png?w=620&amp;ssl=1 620w, https:\/\/i0.wp.com\/www.serrarpharma.com\/wp-content\/uploads\/2020\/06\/lamba.png?resize=300%2C242&amp;ssl=1 300w, https:\/\/i0.wp.com\/www.serrarpharma.com\/wp-content\/uploads\/2020\/06\/lamba.png?resize=600%2C484&amp;ssl=1 600w\" sizes=\"(max-width: 620px) 100vw, 620px\" data-recalc-dims=\"1\" \/><\/figure><div class=\"wp-block-media-text__content\">\n<div style=\"height:30px\" aria-hidden=\"true\" class=\"wp-block-spacer\"><\/div>\n\n\n\n<p style=\"background-color:#63ade5;line-height:1\" class=\"has-text-color has-background has-large-font-size has-quaternary-color crsub has-custom-lineheight\"><strong>Dr. SERRAR<sup>\u00ae<\/sup> Balance<\/strong><\/p>\n\n\n\n<p style=\"font-family:Open Sans;line-height:1.5\" class=\"crboxbod has-custom-font has-custom-lineheight\">Suplemento sin OGM fabricado en instalaciones con certificaci\u00f3n GMP en los Estados Unidos.<br>Ingredientes vegetales que pueden afectar directamente el peso.<\/p>\n\n\n\n<div style=\"height:20px\" aria-hidden=\"true\" class=\"wp-block-spacer\"><\/div>\n\n\n\n<p><\/p>\n<\/div><\/div>\n<\/div><\/div>\n\n\n\n<div style=\"height:20px\" aria-hidden=\"true\" class=\"wp-block-spacer\"><\/div>\n\n\n\n<div class=\"wp-container-17 wp-block-columns has-background crboxcol\" style=\"background-color:#f8fafc\">\n<div class=\"wp-container-15 wp-block-column\">\n<p style=\"color:#63ade5\" class=\"has-text-color crinnersub\">REDUCE:<\/p>\n\n\n\n<p>Tasa de cortisol<br>Estr\u00e9s y ansiedad<br>Apetito (frena el hambre)<br>Antojos de az\u00facar y mordiscos<br>Absorci\u00f3n de grasa y almacenamiento de grasa en el vientre.<\/p>\n\n\n\n<p style=\"color:#63ade5\" class=\"has-text-color crinnersub\">AUMENTOS:<\/p>\n\n\n\n<p>Serotonina<br>Niveles de energ\u00eda<br>Sensaci\u00f3n de alegr\u00eda y bienestar.<\/p>\n<\/div>\n\n\n\n<div class=\"wp-container-16 wp-block-column\">\n<p style=\"color:#63ade5\" class=\"has-text-color crinnersub\">REGULARIZA:<\/p>\n\n\n\n<p>Hormonas Metabolicas<br>Glicemia<br>Niveles de colesterol<br>Antioxidante<\/p>\n<\/div>\n<\/div>\n\n\n\n<div class=\"wp-block-coblocks-row coblocks-row-31415475586 zbalbott mt-0\" data-columns=\"1\" data-layout=\"100\"><div class=\"wp-block-coblocks-row__inner has-background has-medium-gutter has-padding has-medium-padding has-no-margin is-stacked-on-mobile\" style=\"background-color:#f8fafc\">\n<div class=\"wp-block-coblocks-column coblocks-column-31415476933\" style=\"width:100%\"><div class=\"wp-block-coblocks-column__inner has-no-padding has-no-margin\">\n<p style=\"font-family:Open Sans;line-height:1.5\" class=\"has-custom-font has-custom-lineheight\">Zina Balance contiene compuestos que le permiten a su cuerpo reducir naturalmente el cortisol (una poderosa hormona del estr\u00e9s que le permite al cuerpo almacenar grasa, conservar el peso, sentirse ansioso, estresado y emocional). Esta poderosa f\u00f3rmula tambi\u00e9n es un supresor natural del apetito que ayuda a controlar el apetito al aumentar los niveles de la hormona serotonina (un qu\u00edmico cerebral que lo hace feliz, relajado y emocional y f\u00edsicamente satisfecho). Esta poderosa f\u00f3rmula lo ayudar\u00e1 a evitar comer en exceso, comer emocionalmente, comer entre comidas y antojos dulces poco saludables. Muchos pacientes notan un cambio positivo en su nivel de estr\u00e9s, apariencia, estado de \u00e1nimo, colesterol y triglic\u00e9ridos (primeros 30 d\u00edas).<\/p>\n<\/div><\/div>\n<\/div><\/div>\n\n\n\n<p style=\"background-color:#005e94;font-family:Open Sans\" class=\"has-text-color has-background has-text-align-center has-medium-font-size has-quaternary-color clinicallinks has-custom-font\"><a href=\"https:\/\/www.serrarpharma.com\/es\/product\/zinaslim-advanced\/\">COMPRAR AHORA<\/a><\/p>\n<\/div><\/div>\n\n\n\n<div class=\"wp-container-27 wp-block-group crbox\"><div class=\"wp-block-group__inner-container\">\n<div class=\"wp-container-21 wp-block-group has-background cresearchtop\" style=\"background-color:#e4effa\"><div class=\"wp-block-group__inner-container\">\n<div class=\"wp-container-20 wp-block-group alignwide topcrbox\"><div class=\"wp-block-group__inner-container\">\n<div class=\"wp-block-media-text alignwide has-media-on-the-right is-stacked-on-mobile is-vertically-aligned-center topcrbox\" style=\"grid-template-columns:auto 35%\"><figure class=\"wp-block-media-text__media\"><img loading=\"lazy\" width=\"620\" height=\"500\" src=\"https:\/\/i0.wp.com\/www.serrarpharma.com\/wp-content\/uploads\/2020\/06\/iotic.png?resize=620%2C500&#038;ssl=1\" alt=\"\" class=\"wp-image-7952\" srcset=\"https:\/\/i0.wp.com\/www.serrarpharma.com\/wp-content\/uploads\/2020\/06\/iotic.png?w=620&amp;ssl=1 620w, https:\/\/i0.wp.com\/www.serrarpharma.com\/wp-content\/uploads\/2020\/06\/iotic.png?resize=300%2C242&amp;ssl=1 300w, https:\/\/i0.wp.com\/www.serrarpharma.com\/wp-content\/uploads\/2020\/06\/iotic.png?resize=600%2C484&amp;ssl=1 600w\" sizes=\"(max-width: 620px) 100vw, 620px\" data-recalc-dims=\"1\" \/><\/figure><div class=\"wp-block-media-text__content\">\n<div style=\"height:30px\" aria-hidden=\"true\" class=\"wp-block-spacer\"><\/div>\n\n\n\n<p style=\"background-color:#63ade5;line-height:1\" class=\"has-text-color has-background has-large-font-size has-quaternary-color crsub has-custom-lineheight\"><strong>ZinaProBiotic<\/strong><\/p>\n\n\n\n<p style=\"font-family:Open Sans;line-height:1.5\" class=\"crboxbod has-custom-font has-custom-lineheight\">A veces hay una tendencia a preocuparse por las bacterias, pero de hecho, son esenciales para su cuerpo. De hecho, hay bacterias buenas y malas. La mayor\u00eda de las personas en su cuerpo son beneficiosas y podr\u00edan ayudar a su sistema digestivo. Lo importante es comprender la diferencia entre los dos y c\u00f3mo equilibrarlos en beneficio del intestino.<\/p>\n<\/div><\/div>\n\n\n\n<div class=\"wp-container-19 wp-block-group esprobottom\"><div class=\"wp-block-group__inner-container\">\n<p style=\"font-family:Open Sans\" class=\"crboxcat2 has-custom-font\">La palabra probi\u00f3tico proviene del lat\u00edn probiota que significa &#8220;para toda la vida&#8221;. Los probi\u00f3ticos son microorganismos que viven en y con nosotros en muchas partes del cuerpo: los intestinos, la piel, la vagina, las fosas nasales y otras membranas mucosas. Los probi\u00f3ticos son microorganismos vivos (bacterias o levaduras) que contribuyen a la salud cuando se toman en cantidades suficientes. Est\u00e1n presentes de forma natural en los intestinos y ayudan a mantener el equilibrio de la flora intestinal.<\/p>\n\n\n\n<p style=\"font-family:Open Sans\" class=\"crboxcat2 has-custom-font\">La flora intestinal contiene m\u00e1s de 100,000 mil millones de bacterias (que representan m\u00e1s de 1,000 especies diferentes, m\u00e1s de la mitad de las cuales se encuentran en el intestino), incluidos los probi\u00f3ticos. Estas bacterias son esenciales para la salud porque producen vitaminas, ayudan a la digesti\u00f3n, secretan sustancias antimicrobianas, estimulan el sistema inmunitario y protegen contra ciertas enfermedades. Los probi\u00f3ticos previenen la propagaci\u00f3n de microbios malos en el sistema digestivo. Tal sobrecrecimiento puede causar enfermedades y provocar diarrea. A veces hablamos de &#8220;desequilibrio de la flora intestinal&#8221;. <\/p>\n\n\n\n<p style=\"font-family:Open Sans\" class=\"crboxcat2 has-custom-font\">De hecho, en una situaci\u00f3n normal, es decir, cuando uno est\u00e1 sano, la flora intestinal se encuentra en equilibrio. Cuando la flora intestinal est\u00e1 desequilibrada, hay una disminuci\u00f3n en la cantidad de probi\u00f3ticos en los intestinos. Pero aqu\u00ed hay algunos ejemplos de elementos que pueden promover un desequilibrio:<\/p>\n\n\n\n<ul class=\"problist\"><li>tomar antibi\u00f3ticos <\/li><li> una dieta alta en grasas y baja en fibra <\/li><li> ciertas enfermedades (como la enfermedad inflamatoria intestinal) <\/li><li> deficiencia del sistema inmunitario; etc.<\/li><\/ul>\n\n\n\n<p style=\"font-family:Open Sans\" class=\"crboxcat2 has-custom-font\">Los probi\u00f3ticos est\u00e1n disponibles como suplementos en dosis apreciables o se agregan como suplementos a los alimentos en cantidades m\u00e1s peque\u00f1as, pueden ser de origen humano, animal o l\u00e1cteo, o a menudo de origen vegetal. Tenga cuidado de no confundir los probi\u00f3ticos y prebi\u00f3ticos; los \u00faltimos son precursores de alimentos a los primeros. Al someterse a su fermentaci\u00f3n en el colon, los prebi\u00f3ticos nutren los probi\u00f3ticos del cuerpo.<\/p>\n<\/div><\/div>\n\n\n\n<div style=\"height:20px\" aria-hidden=\"true\" class=\"wp-block-spacer\"><\/div>\n<\/div><\/div>\n<\/div><\/div>\n\n\n\n<div style=\"height:20px\" aria-hidden=\"true\" class=\"wp-block-spacer\"><\/div>\n\n\n\n<div class=\"wp-container-26 wp-block-group\"><div class=\"wp-block-group__inner-container\">\n<div class=\"wp-container-24 wp-block-columns has-background crboxcol\" style=\"background-color:#f8fafc\">\n<div class=\"wp-container-22 wp-block-column\">\n<p style=\"color:#63ade5;font-family:Open Sans\" class=\"has-text-color crinnersub has-custom-font\">AYUDA AL SISTEMA DIGESTIVO:<\/p>\n\n\n\n<p style=\"font-family:Open Sans;line-height:1.5\" class=\"has-custom-font has-custom-lineheight\">Digesti\u00f3n<br>\nHinchaz\u00f3n <br>\nDiarrea asociada con antibi\u00f3ticos <br>\nEstre\u00f1imiento en los ancianos<br>\nViajes al extranjero<\/p>\n\n\n\n<p style=\"color:#63ade5;font-family:Open Sans\" class=\"has-text-color crinnersub has-custom-font\">ENFERMEDADES DEGENERATIVAS LENTAS:<\/p>\n\n\n\n<p style=\"font-family:Open Sans;line-height:1.5\" class=\"has-custom-font has-custom-lineheight\">Enfermedad de Alzheimer <br>\nEnfermedad de Parkinson <br>\nEsclerosis m\u00faltiple <br>\nDemencia<\/p>\n\n\n\n<p style=\"color:#63ade5;font-family:Open Sans\" class=\"has-text-color crinnersub has-custom-font\">\nPREVIENE REACCIONES DE INMUNIDAD AUTOM\u00c1TICA:<\/p>\n\n\n\n<p style=\"font-family:Open Sans;line-height:1.5\" class=\"has-custom-font has-custom-lineheight\">Alergia alimentaria <br>\nEczema<\/p>\n\n\n\n<p style=\"color:#63ade5;font-family:Open Sans\" class=\"has-text-color crinnersub has-custom-font\">PROTEGE EL CORAZ\u00d3N:<\/p>\n\n\n\n<p style=\"font-family:Open Sans;line-height:1.5\" class=\"has-custom-font has-custom-lineheight\">Dislipidemia (colesterol en sangre) <br>\nHipertensi\u00f3n<\/p>\n\n\n\n<p style=\"color:#63ade5;font-family:Open Sans\" class=\"has-text-color crinnersub has-custom-font\">MEJORA EL RENDIMIENTO COGNITIVO:<\/p>\n\n\n\n<p style=\"font-family:Open Sans;line-height:1.5\" class=\"has-custom-font has-custom-lineheight\">P\u00e9rdida de memoria <br>\nMal humor<\/p>\n\n\n\n<p style=\"color:#63ade5;font-family:Open Sans\" class=\"has-text-color crinnersub has-custom-font\">REGULA EL APETITO:<\/p>\n\n\n\n<p style=\"font-family:Open Sans;line-height:1.5\" class=\"has-custom-font has-custom-lineheight\">Mantener un peso saludable <br> obesidad o sobrepeso <br>\nTrastornos de la alimentaci\u00f3n <br>\nDiabetes tipo 2<\/p>\n<\/div>\n\n\n\n<div class=\"wp-container-23 wp-block-column\">\n<p style=\"color:#63ade5;font-family:Open Sans\" class=\"has-text-color crinnersub has-custom-font\">PREVIENE ENFERMEDADES INFLAMATORIAS:<\/p>\n\n\n\n<p style=\"font-family:Open Sans;line-height:1.5\" class=\"has-custom-font has-custom-lineheight\">Enfermedad de Crohn <br>\nIntestino irritable \/ s\u00edndrome del intestino<\/p>\n\n\n\n<p style=\"color:#63ade5;font-family:Open Sans\" class=\"has-text-color crinnersub has-custom-font\">APOYA LA INMUNIDAD:<\/p>\n\n\n\n<p style=\"font-family:Open Sans;line-height:1.5\" class=\"has-custom-font has-custom-lineheight\">Proteger contra la infecci\u00f3n <br> Infecciones respiratorias <br>\nInfecciones del tracto urinario <br>\nVaginosis bacteriana <br>\nOtitis (infecciones del o\u00eddo) <br>\nVacunaci\u00f3n en ancianos.<\/p>\n\n\n\n<p style=\"color:#63ade5;font-family:Open Sans\" class=\"has-text-color crinnersub has-custom-font\">REDUCIR EL ESTR\u00c9S PSICOL\u00d3GICO:<\/p>\n\n\n\n<p style=\"font-family:Open Sans;line-height:1.5\" class=\"has-custom-font has-custom-lineheight\">Ansiedad <br>\nDepresi\u00f3n <br>\nDificultad para concentrarse<\/p>\n\n\n\n<p style=\"color:#63ade5;font-family:Open Sans\" class=\"has-text-color crinnersub has-custom-font\">PREVIENE DEFICIENCIAS NUTRICIONALES:<\/p>\n\n\n\n<p style=\"font-family:Open Sans;line-height:1.5\" class=\"has-custom-font has-custom-lineheight\">Trastornos del espectro autista <br>\nIntolerancia a la comida<\/p>\n\n\n\n<p style=\"color:#63ade5;font-family:Open Sans\" class=\"has-text-color crinnersub has-custom-font\">RETRASA EL ENVEJECIMIENTO DERMATAL\u00d3GICO:<\/p>\n\n\n\n<p style=\"font-family:Open Sans;line-height:1.5\" class=\"has-custom-font has-custom-lineheight\">Arrugas con la edad <br>\nPiel seca <br>\nProblemas del cuero cabelludo <br>\nFotosensibilidad<\/p>\n<\/div>\n<\/div>\n\n\n\n<div class=\"wp-container-25 wp-block-group has-background detoxbottom\" style=\"background-color:#f8fafc\"><div class=\"wp-block-group__inner-container\">\n<p style=\"color:#0071a1;font-size:19px;font-family:Open Sans\" class=\"has-text-color crinnersub has-custom-font\"><strong>\u00bfPOR QU\u00c9 ELEGIR Dr. SERRAR<sup>\u00ae<\/sup> PROBIOTIC?<\/strong><\/p>\n\n\n\n<ul class=\"boostlist has-custom-font\" style=\"font-family:Open Sans\"><li>Los probi\u00f3ticos SerrarPharma se fabrican de acuerdo con los m\u00e1s altos est\u00e1ndares en la industria farmac\u00e9utica. Contienen complejos de m\u00faltiples cepas que reflejan la composici\u00f3n natural de la flora probi\u00f3tica humana (Bifidobacterias y Lactobacilos). <\/li><li> M\u00c1S ALTA CALIDAD. SIN GLUTEN. Hecho en EE.UU. <\/li><li> Instalaciones certificadas por la FDA <\/li><li> Las Buenas Pr\u00e1cticas de Manufactura (GMP) son un conjunto de estrictas regulaciones farmac\u00e9uticas que aseguran que los complementos alimenticios se fabriquen y controlen con un alto est\u00e1ndar que sea adecuado para su uso.  <\/li><li> Sin soja, sin gluten, certificado kosher, sin l\u00e1cteos, vegetariano <\/li><li> sin leche, huevo, pescado, mariscos crust\u00e1ceos, nueces, cacahuetes, trigo y soja. Tambi\u00e9n libre de levadura, gluten, cebada, arroz, sodio y az\u00facar. <\/li><li> M\u00e1xima eficiencia <\/li><li> Todo de origen natural<\/li><\/ul>\n<\/div><\/div>\n<\/div><\/div>\n\n\n\n<p style=\"background-color:#005e94;font-family:Open Sans\" class=\"has-text-color has-background has-text-align-center has-medium-font-size has-quaternary-color clinicallinks has-custom-font\"><a href=\"https:\/\/www.serrarpharma.com\/es\/product\/zinaprobiotic\">COMPRAR AHORA<\/a><\/p>\n<\/div><\/div>\n\n\n\n<div class=\"wp-container-29 wp-block-group crbox\"><div class=\"wp-block-group__inner-container\">\n<div class=\"wp-container-28 wp-block-group has-background cresearchtop\" style=\"background-color:#e4effa\"><div class=\"wp-block-group__inner-container\">\n<div class=\"wp-block-media-text alignwide has-media-on-the-right is-stacked-on-mobile is-vertically-aligned-center topcrbox\" style=\"grid-template-columns:auto 35%\"><figure class=\"wp-block-media-text__media\"><img loading=\"lazy\" width=\"620\" height=\"500\" src=\"https:\/\/i0.wp.com\/www.serrarpharma.com\/wp-content\/uploads\/2020\/06\/dthree.png?resize=620%2C500&#038;ssl=1\" alt=\"\" class=\"wp-image-7950\" srcset=\"https:\/\/i0.wp.com\/www.serrarpharma.com\/wp-content\/uploads\/2020\/06\/dthree.png?w=620&amp;ssl=1 620w, https:\/\/i0.wp.com\/www.serrarpharma.com\/wp-content\/uploads\/2020\/06\/dthree.png?resize=300%2C242&amp;ssl=1 300w, https:\/\/i0.wp.com\/www.serrarpharma.com\/wp-content\/uploads\/2020\/06\/dthree.png?resize=600%2C484&amp;ssl=1 600w\" sizes=\"(max-width: 620px) 100vw, 620px\" data-recalc-dims=\"1\" \/><\/figure><div class=\"wp-block-media-text__content\">\n<div style=\"height:30px\" aria-hidden=\"true\" class=\"wp-block-spacer\"><\/div>\n\n\n\n<p style=\"background-color:#63ade5;line-height:1\" class=\"has-text-color has-background has-large-font-size has-quaternary-color crsub has-custom-lineheight\"><strong>Zina Vitamin D3<\/strong><\/p>\n\n\n\n<p style=\"font-family:Open Sans\" class=\"crboxbod has-custom-font\">Ahora est\u00e1 claro que la vitamina D est\u00e1 involucrada en la regulaci\u00f3n del crecimiento celular, la inmunidad y el metabolismo celular. Los receptores de vitamina D se encuentran en la mayor\u00eda de los tejidos y c\u00e9lulas del cuerpo. La interacci\u00f3n de 1,25 (OH) 2D con estos receptores puede causar una serie de respuestas biol\u00f3gicas que influyen en los procesos patol\u00f3gicos. La deficiencia de vitamina D est\u00e1 relacionada con <strong> osteoporosis, asma, enfermedades autoinmunes como la artritis reumatoide, la esclerosis m\u00faltiple y la enfermedad inflamatoria intestinal, diabetes, alteraci\u00f3n de la funci\u00f3n muscular, resistencia a la tuberculosis y patog\u00e9nesis de tipos espec\u00edficos de c\u00e1ncer.\n<\/strong><\/p>\n<\/div><\/div>\n\n\n\n<div style=\"height:20px\" aria-hidden=\"true\" class=\"wp-block-spacer\"><\/div>\n\n\n\n<p style=\"font-family:Open Sans\" class=\"crboxcat2 has-custom-font\">Hoy en d\u00eda, vale la pena consumir vitamina D, de esta manera protegemos nuestros huesos contra las caries y fortalecemos el sistema inmunol\u00f3gico para combatir virus y bacterias. La investigaci\u00f3n ha demostrado que la vitamina D podr\u00eda desempe\u00f1ar un papel importante en la regulaci\u00f3n del estado de \u00e1nimo y para evitar la depresi\u00f3n. Los cient\u00edficos descubrieron que las personas con depresi\u00f3n que recibieron suplementos de vitamina D notaron una mejora en sus s\u00edntomas. Adem\u00e1s, considere agregar suplementos de vitamina D a su dieta si est\u00e1 tratando de perder peso. Debido a que <strong> las personas que tomaron un suplemento diario de calcio y vitamina D pudieron perder m\u00e1s peso que los sujetos que tomaron un suplemento de placebo. Los cient\u00edficos dijeron que el calcio y la vitamina D adicionales ten\u00edan un efecto supresor del apetito. En otro estudio, las personas con sobrepeso que tomaron un suplemento diario de vitamina D mejoraron sus marcadores de riesgo de enfermedad card\u00edaca <\/strong>. Y, si su cuerpo no recibe suficiente vitamina D, existe el riesgo de desarrollar anormalidades \u00f3seas como huesos blandos (osteomalacia) o huesos fr\u00e1giles (osteoporosis).<\/p>\n\n\n\n<div style=\"height:20px\" aria-hidden=\"true\" class=\"wp-block-spacer\"><\/div>\n<\/div><\/div>\n\n\n\n<div style=\"height:20px\" aria-hidden=\"true\" class=\"wp-block-spacer\"><\/div>\n\n\n\n<div class=\"wp-block-coblocks-row coblocks-row-31415475586 d3bottom mt-0\" data-columns=\"1\" data-layout=\"100\"><div class=\"wp-block-coblocks-row__inner has-background has-medium-gutter has-padding has-medium-padding has-no-margin is-stacked-on-mobile\" style=\"background-color:#f8fafc\">\n<div class=\"wp-block-coblocks-column coblocks-column-31415476933\" style=\"width:100%\"><div class=\"wp-block-coblocks-column__inner has-no-padding has-no-margin\">\n<p>Los estudios cient\u00edficos sobre el sistema nervioso han demostrado:<\/p>\n\n\n\n<ul class=\"boostlist has-custom-font\" style=\"font-family:Open Sans\"><li>Gran cantidad de receptores de vitamina D est\u00e1n presentes en todo el sistema nervioso central. <\/li><li> La vitamina D protege las neuronas de los efectos nocivos de los radicales libres y disminuye la inflamaci\u00f3n. <\/li><li> Correlaci\u00f3n entre la vitamina D y el riesgo de desarrollar la enfermedad de Parkinson. <\/li><li> Un efecto entre baja vitamina D, depresi\u00f3n y fatiga cr\u00f3nica. <\/li><li> Sin un nivel adecuado de vitamina D, las gl\u00e1ndulas suprarrenales no pueden regular una enzima necesaria para la producci\u00f3n de dopamina, adrenalina y noradrenalina. <\/li><li> Las personas que sufren de depresi\u00f3n leve o severa notan una mejora notable en su salud cuando recurren a la suplementaci\u00f3n con vitamina D. <\/li><li> Los beneficios de la vitamina D en la protecci\u00f3n del capital \u00f3seo, el cerebro e incluso en la insulina sensibilidad.<\/li><\/ul>\n\n\n\n<p><\/p>\n\n\n\n<p style=\"font-family:Open Sans;line-height:1.5\" class=\"has-custom-font has-custom-lineheight\">La vitamina D a veces se llama la &#8220;vitamina del sol&#8221; porque se produce en la piel en respuesta a la luz solar (ultravioleta B: UVB). Es una vitamina liposoluble en una familia de compuestos que incluye vitaminas D-1, D-2 y D-3. Ser\u00eda dif\u00edcil encontrar cantidades suficientes de vitamina D solo con los alimentos, ya que la cantidad es peque\u00f1a en la mayor\u00eda de los alimentos, excepto en el pescado graso. La vitamina D se puede encontrar en las siguientes sardinas, salm\u00f3n, semillas de girasol, alimentos, aceites de h\u00edgado de bacalao, queso y huevos. La vitamina D se ha relacionado con mayores niveles de calcio en el cuerpo humano y, por lo tanto, en huesos y dientes fuertes.<\/p>\n\n\n\n<p style=\"font-family:Open Sans\" class=\"has-custom-font\">La investigaci\u00f3n ha confirmado que hasta el 50% de la poblaci\u00f3n mundial podr\u00eda sufrir de deficiencia de vitamina D. Una encuesta de personas mayores estim\u00f3 que el 95% sufr\u00eda de deficiencia de vitamina D porque pasaban la mayor parte del tiempo en el interior con muy poca actividad al aire libre. Se cree que las personas mayores tienen un mayor riesgo de esta deficiencia de vitaminas porque, a medida que envejecemos, nuestra capacidad de la piel para convertir la vitamina D en su forma activa disminuye. Se descubri\u00f3 que m\u00e1s de la mitad de los ni\u00f1os encuestados de entre 12 meses y 5 a\u00f1os padec\u00edan deficiencia de vitamina D, al igual que el 65% de los ni\u00f1os de 6 a 11 a\u00f1os. Muchos de nosotros no tenemos suficiente exposici\u00f3n a la luz solar, especialmente de los meses de noviembre a marzo, o porque nuestra edad significa que no podemos convertir la vitamina D en su forma activa. Adem\u00e1s, el cuerpo no genera vitamina D cuando se sienta detr\u00e1s de una ventana de vidrio, ya sea en su autom\u00f3vil o en su casa, porque estos rayos UV no pueden penetrar el vidrio para generar vitamina D en la piel. Los protectores solares, incluso los d\u00e9biles, si bien son esenciales para proteger la piel, pueden afectar la capacidad del cuerpo para generar vitamina D vital.<\/p>\n\n\n\n<p style=\"font-family:Open Sans\" class=\"has-custom-font\">Si su cuerpo no recibe suficiente vitamina D, corre el riesgo de desarrollar anormalidades \u00f3seas como huesos blandos (osteomalacia) o huesos fr\u00e1giles (osteoporosis).<\/p>\n\n\n\n<p style=\"font-family:Open Sans\" class=\"has-custom-font\">&nbsp;<strong>Esto ha dejado a m\u00e1s de 10 millones de personas con deficiencia de vitamina D.<\/strong><\/p>\n\n\n\n<p style=\"color:#63ade5;font-family:Open Sans\" class=\"has-text-color crinnersub has-custom-font\">\u00bfPOR QU\u00c9 VITAMINA D3?<\/p>\n\n\n\n<p style=\"font-family:Open Sans;line-height:1.5\" class=\"whyd3 has-custom-font has-custom-lineheight\">Seg\u00fan un estudio reciente, m\u00e1s del 40% de toda la poblaci\u00f3n tiene deficiencia de vitamina D. \u00bfEres uno de ellos? \u00bfC\u00f3mo sabr\u00edas? Los s\u00edntomas comunes incluyen:<\/p>\n\n\n\n<ul class=\"boostlist has-custom-font\" style=\"font-family:Open Sans\"><li>Cambios de humor <\/li><li> Depresi\u00f3n <\/li><li> Falta de energ\u00eda <\/li><li> Condiciones cr\u00f3nicas de la piel <\/li><li> Otras enfermedades cr\u00f3nicas<\/li><\/ul>\n\n\n\n<div style=\"height:20px\" aria-hidden=\"true\" class=\"wp-block-spacer\"><\/div>\n\n\n\n<p style=\"color:#0071a1;font-size:19px;font-family:Open Sans\" class=\"has-text-color crinnersub has-custom-font\"><strong>\u00bfPOR QU\u00c9 ELEGIR ZINAVITAMINA D3?<\/strong><\/p>\n\n\n\n<ul class=\"boostlist has-custom-font\" style=\"font-family:Open Sans\"><li>SerrarPharma Vitamin D3 se fabrica de acuerdo con los m\u00e1s altos est\u00e1ndares de calidad en la industria farmac\u00e9utica. Contienen vitamina D3 5000iu El l\u00edquido natural de alta absorci\u00f3n con aceite de oliva contiene el nivel m\u00e1s alto de vitamina D3 efectiva en una sabrosa dosis diaria. Nuestra f\u00f3rmula est\u00e1 dise\u00f1ada para que simplemente caiga debajo de la lengua para una absorci\u00f3n m\u00e1xima. La vitamina D3 l\u00edquida se absorbe m\u00e1s f\u00e1cilmente y es ideal para personas con problemas digestivos. <\/li><li> Recomendado por los mejores dermat\u00f3logos y onc\u00f3logos. Apoya la desintoxicaci\u00f3n, el sistema inmunol\u00f3gico \u00f3ptimo y mejora el sue\u00f1o. El 80% de los estadounidenses tienen deficiencia de vitamina D3. La vitamina D3 es liposoluble y se absorbe mejor como aceite natural, como en nuestra exclusiva f\u00f3rmula de aceite de oliva. <\/li><li> Obtenga un cabello y piel saludables; obtenga una energ\u00eda y un metabolismo \u00f3ptimos. <\/li><li> Instalaciones certificadas por la FDA <\/li><li> Las Buenas Pr\u00e1cticas de Fabricaci\u00f3n (GMP) son un conjunto de estrictas regulaciones farmac\u00e9uticas que aseguran que los complementos alimenticios se fabriquen y controlen con un alto est\u00e1ndar que es adecuado para su uso. <\/li><li> Sin soja, sin gluten, certificado kosher, sin l\u00e1cteos, vegetariano <\/li><li> libre de leche, huevo, pescado, mariscos crust\u00e1ceos, nueces, cacahuetes , trigo y soja. Tambi\u00e9n libre de levadura, gluten, cebada, arroz, sodio y az\u00facar. <\/li><li> L\u00edquido de absorci\u00f3n r\u00e1pida <\/li><li> VIT D3 puro entregado en aceite de oliva virgen extra sin OMG <\/li><li> M\u00e1xima eficiencia <\/li><li> Todo de origen natural<\/li><\/ul>\n\n\n\n<div style=\"height:20px\" aria-hidden=\"true\" class=\"wp-block-spacer\"><\/div>\n\n\n\n<p style=\"color:#63ade5\" class=\"has-text-color crinnersub\">\u00bfQu\u00e9 pasa con la vitamina D y COVID en particular?<\/p>\n\n\n\n<p>Un estudio reciente concluy\u00f3 que sus resultados \u201cdefienden firmemente el papel de la deficiencia de vitamina D en el riesgo de tener COVID-19 y un tratamiento prolongado de vitamina D a nivel de poblaci\u00f3n y prueba y una evaluaci\u00f3n de los efectos de estas intervenciones. \u201c<\/p>\n\n\n\n<p>Adem\u00e1s, durante los inviernos, una persona mayor con sobrepeso y piel oscura que se refugia en el interior la mayor parte del tiempo es casi seguro que tiene deficiencia de vitamina D y ese bajo nivel de vitamina D puede verse exacerbado durante este COVID -19. Si no est\u00e1 tomando suplementos, deber\u00eda hacerlo de todos modos, independientemente del efecto protector contra el virus Covid. Ya que podr\u00eda ser \u00fatil contra el virus.<\/p>\n<\/div><\/div>\n<\/div><\/div>\n\n\n\n<p style=\"background-color:#005e94;font-family:Open Sans\" class=\"has-text-color has-background has-text-align-center has-medium-font-size has-quaternary-color clinicallinks has-custom-font\"><a href=\"https:\/\/www.serrarpharma.com\/es\/product\/zinavitamin-d3\">COMPRAR AHORA<\/a><\/p>\n<p>\n<\/div><\/div>\n\n\n\n<div class=\"wp-container-31 wp-block-group crbox\"><div class=\"wp-block-group__inner-container\">\n<div class=\"wp-container-30 wp-block-group has-background cresearchtop\" style=\"background-color:#e4effa\"><div class=\"wp-block-group__inner-container\">\n<div class=\"wp-block-media-text alignwide has-media-on-the-right is-stacked-on-mobile is-vertically-aligned-center topcrbox\" style=\"grid-template-columns:auto 35%\"><figure class=\"wp-block-media-text__media\"><img loading=\"lazy\" width=\"620\" height=\"500\" src=\"https:\/\/i0.wp.com\/www.serrarpharma.com\/wp-content\/uploads\/2020\/06\/lagen.png?resize=620%2C500&#038;ssl=1\" alt=\"\" class=\"wp-image-7951\" srcset=\"https:\/\/i0.wp.com\/www.serrarpharma.com\/wp-content\/uploads\/2020\/06\/lagen.png?w=620&amp;ssl=1 620w, https:\/\/i0.wp.com\/www.serrarpharma.com\/wp-content\/uploads\/2020\/06\/lagen.png?resize=300%2C242&amp;ssl=1 300w, https:\/\/i0.wp.com\/www.serrarpharma.com\/wp-content\/uploads\/2020\/06\/lagen.png?resize=600%2C484&amp;ssl=1 600w\" sizes=\"(max-width: 620px) 100vw, 620px\" data-recalc-dims=\"1\" \/><\/figure><div class=\"wp-block-media-text__content\">\n<div style=\"height:30px\" aria-hidden=\"true\" class=\"wp-block-spacer\"><\/div>\n\n\n\n<p style=\"background-color:#63ade5;line-height:1\" class=\"has-text-color has-background has-large-font-size has-quaternary-color crsub has-custom-lineheight\"><strong>Dr. SERRAR<sup>\u00ae<\/sup> Collagen Pure<\/strong><\/p>\n\n\n\n<p style=\"font-family:Open Sans;line-height:1.5\" class=\"crboxbod has-custom-font has-custom-lineheight\">El col\u00e1geno es como el pegamento que mantiene unido el cuerpo. Es la prote\u00edna m\u00e1s abundante en el cuerpo y se puede encontrar en los m\u00fasculos, la piel, los cart\u00edlagos, los huesos y la sangre solo por nombrar algunas de las funciones vitales que desempe\u00f1a en el cuerpo. En los \u00faltimos a\u00f1os, el col\u00e1geno ha comenzado a ser cada vez m\u00e1s popular.<\/p>\n\n\n\n<p style=\"font-family:Open Sans\" class=\"crboxbod has-custom-font\"><strong>Apoya la salud de las articulaciones y la piel<br>Ayuda a la aparici\u00f3n de arrugas.<br>Proporciona tejido conectivo.<br>Ayuda a desarrollar m\u00fasculo y quemar grasa<\/strong><\/p>\n<\/div><\/div>\n\n\n\n<div style=\"height:20px\" aria-hidden=\"true\" class=\"wp-block-spacer\"><\/div>\n\n\n\n<div style=\"height:20px\" aria-hidden=\"true\" class=\"wp-block-spacer\"><\/div>\n<\/div><\/div>\n\n\n\n<div style=\"height:20px\" aria-hidden=\"true\" class=\"wp-block-spacer\"><\/div>\n\n\n\n<div class=\"wp-block-coblocks-row coblocks-row-31415475586 d3bottom mt-0\" data-columns=\"1\" data-layout=\"100\"><div class=\"wp-block-coblocks-row__inner has-background has-medium-gutter has-padding has-medium-padding has-no-margin is-stacked-on-mobile\" style=\"background-color:#f8fafc\">\n<div class=\"wp-block-coblocks-column coblocks-column-31415476933\" style=\"width:100%\"><div class=\"wp-block-coblocks-column__inner has-no-padding has-no-margin\">\n<p style=\"font-family:Open Sans;line-height:1.5\" class=\"has-custom-font has-custom-lineheight\">El col\u00e1geno es un complejo de col\u00e1geno de m\u00faltiples mol\u00e9culas que ofrece apoyo para la salud de las articulaciones y una piel sana. El col\u00e1geno puede apoyar la elasticidad y firmeza de la piel, as\u00ed como ayudar a retener la humedad. *<\/p>\n\n\n\n<ul class=\"boostlist has-custom-font\" style=\"font-family:Open Sans\"><li>Apoya la salud de las articulaciones <\/li><li> Promueve la elasticidad de la piel <\/li><li> Puede ayudar a disminuir la aparici\u00f3n de l\u00edneas finas y arrugas * <\/li><li> Potencial para proporcionar soporte de tejido conectivo * <\/li><li> Ayuda a desarrollar m\u00fasculo y quemar grasas <\/li><li> Suplemento natural<\/li><\/ul>\n\n\n\n<p><\/p>\n\n\n\n<p style=\"font-family:Open Sans;line-height:1.5\" class=\"has-custom-font has-custom-lineheight\">El cuerpo produce naturalmente col\u00e1geno, pero a medida que envejecemos comenzamos a producir cada vez menos. Esto puede provocar signos visibles de envejecimiento, como arrugas y flacidez de la piel, y signos invisibles de envejecimiento, como dolor en las articulaciones. El col\u00e1geno puede ayudar a darle a su cuerpo los componentes b\u00e1sicos que necesita para mantener estas y otras \u00e1reas de salud. Tambi\u00e9n puede ayudar a apoyar la masa muscular saludable. \u00a1Con su amplia gama de beneficios y usos, el col\u00e1geno puede atraer a clientes j\u00f3venes y mayores!<\/p>\n\n\n\n<div style=\"height:20px\" aria-hidden=\"true\" class=\"wp-block-spacer\"><\/div>\n\n\n\n<p style=\"color:#0071a1;font-family:Open Sans\" class=\"has-text-color has-medium-font-size crinnersub has-custom-font\"><strong>\u00bfPor qu\u00e9 elegir Dr. SERRAR<sup>\u00ae<\/sup> Collagen Pure?<\/strong><\/p>\n\n\n\n<p style=\"font-family:Open Sans;line-height:1.5\" class=\"has-custom-font has-custom-lineheight\">Dr. SERRAR<sup>\u00ae<\/sup>&nbsp;Collagen Pure se fabrica de acuerdo con los m\u00e1s altos est\u00e1ndares en la industria farmac\u00e9utica. Contienen complejos de col\u00e1geno de m\u00faltiples mol\u00e9culas: p\u00e9ptidos de membrana bovina, de pollo y de c\u00e1scara de huevo.<\/p>\n\n\n\n<ul class=\"boostlist has-custom-font\" style=\"font-family:Open Sans\"><li> ALTA CALIDAD. SIN GLUTEN. Hecho en EE. UU. <\/li><li> Instalaciones certificadas por la FDA <\/li><li> Las Buenas Pr\u00e1cticas de Fabricaci\u00f3n (GMP) son un conjunto de estrictas regulaciones farmac\u00e9uticas que aseguran que los complementos alimenticios se fabriquen y controlen con un alto nivel que sea adecuado para su uso. <\/li><li> Sin soja, sin gluten, certificado kosher, sin l\u00e1cteos, sin leche, nueces de \u00e1rbol, man\u00ed, mariscos, trigo y soja. Tambi\u00e9n libre de levadura, cebada, arroz, sodio y az\u00facar. <\/li><li> M\u00e1xima eficiencia <\/li><li> Todo de origen natural <\/li><li> Hecho con ingredientes hipoalerg\u00e9nicos <\/li><\/ul>\n<\/div><\/div>\n<\/div><\/div>\n\n\n\n<p style=\"background-color:#005e94;font-family:Open Sans\" class=\"has-text-color has-background has-text-align-center has-medium-font-size has-quaternary-color clinicallinks has-custom-font\"><a href=\"https:\/\/www.serrarpharma.com\/product\/collagen-pure\/\">COMPRAR AHOR<\/a><\/p>\n<\/div><\/div>\n\n\n\n<div class=\"wp-container-33 wp-block-group crbox\"><div class=\"wp-block-group__inner-container\">\n<div class=\"wp-container-32 wp-block-group has-background cresearchtop\" style=\"background-color:#e4effa\"><div class=\"wp-block-group__inner-container\">\n<div class=\"wp-block-media-text alignwide has-media-on-the-right is-stacked-on-mobile is-vertically-aligned-center topcrbox\" style=\"grid-template-columns:auto 35%\"><figure class=\"wp-block-media-text__media\"><img src=\"https:\/\/i0.wp.com\/www.serrarpharma.com\/wp-content\/uploads\/2020\/06\/vita.png?w=660&#038;ssl=1\" alt=\"\" class=\"wp-image-7949\" data-recalc-dims=\"1\"\/><\/figure><div class=\"wp-block-media-text__content\">\n<div style=\"height:30px\" aria-hidden=\"true\" class=\"wp-block-spacer\"><\/div>\n\n\n\n<p style=\"background-color:#63ade5;line-height:1\" class=\"has-text-color has-background has-large-font-size has-quaternary-color vitcsub has-custom-lineheight\"><strong>Dr. SERRAR<sup>\u00ae<\/sup> Vitamin C Serum<\/strong><\/p>\n\n\n\n<p style=\"font-family:Open Sans;line-height:1.5\" class=\"crboxbod has-custom-font has-custom-lineheight\">Dr. SERRAR<sup>\u00ae<\/sup> Skin Care es una marca cuyos tratamientos antioxidantes se preparan seg\u00fan los par\u00e1metros para la protecci\u00f3n contra el envejecimiento atmosf\u00e9rico. Este \u00faltimo denota signos visibles de exposici\u00f3n a una variedad de agresores ambientales. Estos agresores incluyen rayos UV, radiaci\u00f3n infrarroja (IRA) y contaminaci\u00f3n. La investigaci\u00f3n muestra que la sobreexposici\u00f3n a estos agresores puede conducir al envejecimiento visible de la piel, y que el uso de antioxidantes t\u00f3picos puede ayudar a prevenir este efecto.<\/p>\n<\/div><\/div>\n\n\n\n<div style=\"height:20px\" aria-hidden=\"true\" class=\"wp-block-spacer\"><\/div>\n\n\n\n<div style=\"height:20px\" aria-hidden=\"true\" class=\"wp-block-spacer\"><\/div>\n<\/div><\/div>\n\n\n\n<div style=\"height:20px\" aria-hidden=\"true\" class=\"wp-block-spacer\"><\/div>\n\n\n\n<div class=\"wp-block-coblocks-row coblocks-row-31415475586 d3bottom mt-0\" data-columns=\"1\" data-layout=\"100\"><div class=\"wp-block-coblocks-row__inner has-background has-medium-gutter has-padding has-medium-padding has-no-margin is-stacked-on-mobile\" style=\"background-color:#f8fafc\">\n<div class=\"wp-block-coblocks-column coblocks-column-31415476933\" style=\"width:100%\"><div class=\"wp-block-coblocks-column__inner has-no-padding has-no-margin\">\n<p style=\"font-family:Open Sans;line-height:1.5\" class=\"has-custom-font has-custom-lineheight\">La investigaci\u00f3n cl\u00ednica muestra que las combinaciones espec\u00edficas de antioxidantes, cuando se dise\u00f1an de manera efectiva, funcionan sin\u00e9rgicamente para ofrecer mejores resultados que estos mismos antioxidantes utilizados por separado. La elecci\u00f3n de Vitamin C E Ferulic para este suero a base de vitamina C est\u00e1 dise\u00f1ada para tener resultados \u00f3ptimos:<\/p>\n\n\n\n<ul class=\"boostlist has-custom-font\" style=\"font-family:Open Sans\"><li>Refuerza la protecci\u00f3n contra los rayos UV para prevenir mejor los signos visibles del envejecimiento. <\/li><li> Reduce la apariencia del da\u00f1o solar.<\/li><\/ul>\n\n\n\n<p><\/p>\n\n\n\n<p style=\"font-family:Open Sans;line-height:1.5\" class=\"has-custom-font has-custom-lineheight\">VITAMIN C Serum, se usa para aclarar y renovar la piel. Es una f\u00f3rmula poderosa para combatir el tono de piel opaco y desigual y los signos del envejecimiento con solo 11 ingredientes. Sin fragancia, sin silicona, solo ingredientes activos esenciales de excelencia en dermatolog\u00eda.<\/p>\n\n\n\n<div style=\"height:20px\" aria-hidden=\"true\" class=\"wp-block-spacer\"><\/div>\n\n\n\n<p style=\"color:#63ade5;font-size:19px;font-family:Open Sans\" class=\"has-text-color has-custom-font\"><strong>INGREDIENTES PRINCIPALES<\/strong><\/p>\n\n\n\n<p style=\"font-family:Open Sans;line-height:1.5\" class=\"has-custom-font has-custom-lineheight\"><strong>22% de \u00e1cido L-asc\u00f3rbico (Vitamina C): <\/strong> <br> La vitamina C es un antioxidante muy poderoso que la piel no absorbe eficazmente debido a su estructura. Las caracter\u00edsticas de la preparaci\u00f3n del Dr. SERRAR\u00ae de este suero permiten que la vitamina C sea efectivamente absorbida por la piel:<\/p>\n\n\n\n<ul class=\"boostlist has-custom-font\" style=\"font-family:Open Sans\"><li>\u00e1cido L-asc\u00f3rbico puro (vitamina C); <\/li><li> un pH \u00e1cido de entre 2.0 y 3.5; <\/li><li> una concentraci\u00f3n del 22% en una f\u00f3rmula 100% hipoalerg\u00e9nica<\/li><\/ul>\n\n\n\n<div style=\"height:20px\" aria-hidden=\"true\" class=\"wp-block-spacer\"><\/div>\n\n\n\n<p style=\"font-family:Open Sans;line-height:1.5\" class=\"has-custom-font has-custom-lineheight\">Esencial para el buen funcionamiento del cuerpo, la vitamina C est\u00e1 presente en la piel donde, al atrapar una determinada categor\u00eda de radicales libres, combate el da\u00f1o causado por el estr\u00e9s oxidativo. y ayuda a proteger contra el estr\u00e9s oxidativo mientras proporciona beneficios visibles contra el envejecimiento. Tambi\u00e9n es un activo para combatir los trastornos pigmentarios, redensificar la matriz extracelular y luchar contra la inflamaci\u00f3n para calmar la piel. En la cara, los efectos de estos activos multitarea son inmediatos: las l\u00edneas finas se reducen, la tez es m\u00e1s uniforme y el resplandor se da una segunda respiraci\u00f3n.<\/p>\n\n\n\n<p style=\"font-family:Open Sans;line-height:1.5\" class=\"has-custom-font has-custom-lineheight\"><strong><strong>Niacinamida (Vitamina B3) <\/strong> <\/strong>: utilizada por nuestra piel, la niacinamida ofrece varias acciones:<\/p>\n\n\n\n<ul class=\"boostlist has-custom-font\" style=\"font-family:Open Sans\"><li>Mejora de la funci\u00f3n barrera de la piel. Aceleraci\u00f3n de la diferenciaci\u00f3n celular. <\/li><li> Curaci\u00f3n r\u00e1pida. Ayuda a reestructurar la epidermis. <\/li><li> Efectos antiinflamatorios, limita la irritaci\u00f3n. <\/li><li> Reduce la p\u00e9rdida de agua, el efecto hidratante de las diferentes capas de la piel, incluido el estrato c\u00f3rneo. <\/li><li> Aumenta las enzimas que crean ceramidas y serina para una mejor cohesi\u00f3n celular. <\/li><li> Lucha contra los estados at\u00f3picos, contra la piel seca. <\/li><li> Inhibici\u00f3n de las citocinas inflamatorias. <\/li><li> Disminuye y regula la producci\u00f3n de melanina (manchas marrones). <\/li><li> Una acci\u00f3n interesante contra el envejecimiento y la inflamaci\u00f3n que es adecuada para todo tipo de piel y todas las edades (adultos). <\/li><li> VITAMINA C Suero, por lo tanto de inter\u00e9s para la piel con acn\u00e9 inflamatorio, piel irritada, piel at\u00f3pica, piel que se vuelve sensible, piel que reacciona m\u00e1s que antes, piel con poros visibles, espinilla emergente, ros\u00e1cea, piel bajo tratamiento irritante (retinol, retinoides , Anti acn\u00e9).<\/li><\/ul>\n\n\n\n<div style=\"height:20px\" aria-hidden=\"true\" class=\"wp-block-spacer\"><\/div>\n\n\n\n<p style=\"font-family:Open Sans;line-height:1.5\" class=\"has-custom-font has-custom-lineheight\"><strong>Hialuronato de sodio <\/strong>: <br> El hialuronato de sodio es la sal del \u00e1cido hialur\u00f3nico. Es un componente natural del tejido conectivo. Penetra f\u00e1cilmente en la epidermis y luego es capaz de absorber una gran cantidad de agua, hasta 20 veces su peso. Descubierto en la d\u00e9cada de 1930, el \u00e1cido hialur\u00f3nico es abundante en la dermis de la piel joven, pero su cantidad disminuye con la edad: la piel aparece m\u00e1s da\u00f1ada, con arrugas. El \u00e1cido hialur\u00f3nico es una mol\u00e9cula bastante grande que tiene dificultades para penetrar en la piel y es mucho m\u00e1s efectiva cuando se inyecta. En un cosm\u00e9tico, se usa su sal: el hialuronato de sodio es una mol\u00e9cula mucho m\u00e1s peque\u00f1a, que penetra m\u00e1s f\u00e1cilmente y luego puede moverse hacia las capas profundas de la piel. Esta sal es un poderoso humectante que atrae y retiene agua, convirti\u00e9ndola en el producto hidratante de elecci\u00f3n para la piel: ayuda a mantenerla &#8220;h\u00fameda&#8221;. A medida que atrae y se une al agua, causa una ligera hinchaz\u00f3n, lo que reduce la aparici\u00f3n de l\u00edneas finas y arrugas, para dar a la piel una apariencia m\u00e1s juvenil.<\/p>\n\n\n\n<p style=\"font-family:Open Sans;line-height:1.5\" class=\"has-custom-font has-custom-lineheight\"><strong>Alfa-tocoferol al 1% <\/strong>: <br> Esta forma de vitamina E neutraliza los radicales libres y repone los l\u00edpidos en la piel. Como se ha demostrado, el alfa-tocoferol funciona de forma sin\u00e9rgica con la vitamina C, y cada uno de ellos se regenera. Sobre todo, ayuda a calmar la piel y protegerla de los efectos nocivos de la contaminaci\u00f3n. Consecuencias; Menos signos de fatiga en la cara.<\/p>\n\n\n\n<p style=\"font-family:Open Sans;line-height:1.5\" class=\"has-custom-font has-custom-lineheight\">Sus funciones <br> Antioxidante: inhibe las reacciones favorecidas por el ox\u00edgeno, evitando as\u00ed la oxidaci\u00f3n y la ranciedad. Agente para el cuidado de la piel: mantiene la piel en buenas condiciones.<\/p>\n\n\n\n<p style=\"font-family:Open Sans;line-height:1.5\" class=\"has-custom-font has-custom-lineheight\"><strong>Pro-Vitamina B5 <\/strong>: <br> El pantenol es un alcohol muy utilizado en cosm\u00e9tica. El pantenol mejora la hidrataci\u00f3n, reduce la picaz\u00f3n y la inflamaci\u00f3n de la piel. Acelera y mejora la curaci\u00f3n de las heridas epid\u00e9rmicas. A menudo se usa en productos para el tratamiento de quemaduras solares. Cuando el pantenol se aplica localmente, penetra en las capas inferiores de la piel, es absorbido por las c\u00e9lulas de la piel y transformado en \u00e1cido pantot\u00e9nico (m\u00e1s com\u00fanmente conocido como vitamina B5). Es esta penetraci\u00f3n la que permite la hidrataci\u00f3n esencial. <br> 0.5% de \u00e1cido fer\u00falico <br> Un antioxidante a base de plantas, el \u00e1cido fer\u00falico neutraliza los radicales libres y aumenta los beneficios antioxidantes de las vitaminas C y E.<\/p>\n\n\n\n<p style=\"color:#0071a1;font-family:Open Sans\" class=\"has-text-color has-medium-font-size crinnersub has-custom-font\"><strong>Por qu\u00e9 elegir Dr. SERRAR<sup>\u00ae<\/sup>&nbsp;Vitamin C Serum?<\/strong><\/p>\n\n\n\n<p style=\"font-family:Open Sans;line-height:1.5\" class=\"has-custom-font has-custom-lineheight\">El Dr. SERRAR<sup>\u00ae<\/sup>  VITAMIN C SERUM se fabrica de acuerdo con los m\u00e1s altos est\u00e1ndares en la industria farmac\u00e9utica. Contienen suero antioxidante avanzado: un nutriente indispensable para la producci\u00f3n de col\u00e1geno, la vitamina C se combina sin\u00e9rgicamente con hialuronato de sodio y vitamina E en esta f\u00f3rmula avanzada dise\u00f1ada para atacar los signos m\u00e1s comunes del envejecimiento, incluyendo brillo, firmeza, l\u00edneas finas, arrugas, manchas oscuras y sol lugares.<\/p>\n\n\n\n<ul class=\"boostlist has-custom-font\" style=\"font-family:Open Sans\"><li>DE LA M\u00c1XIMA CALIDAD. SIN GLUTEN. Hecho en EE. UU. <\/li><li> Instalaciones certificadas por la FDA <\/li><li> Las Buenas Pr\u00e1cticas de Fabricaci\u00f3n (GMP) son un conjunto de estrictas regulaciones farmac\u00e9uticas que aseguran que los complementos alimenticios se fabriquen y controlen con un alto nivel que sea adecuado para su uso. <\/li><li> Sin soja, sin gluten, certificado kosher, sin l\u00e1cteos, sin leche, nueces de \u00e1rbol, man\u00ed, mariscos, trigo y soja. Tambi\u00e9n libre de levadura, cebada, arroz, sodio y az\u00facar. <\/li><li> M\u00e1xima eficiencia <\/li><li> Todo de origen natural <\/li><li> Hecho con ingredientes hipoalerg\u00e9nicos<\/li><\/ul>\n\n\n\n<div style=\"height:20px\" aria-hidden=\"true\" class=\"wp-block-spacer\"><\/div>\n\n\n\n<p style=\"font-family:Open Sans;line-height:1.5\" class=\"has-custom-font has-custom-lineheight\"><strong>Indicaciones <\/strong> <br> El proceso de envejecimiento naturalmente disminuye la humedad, el col\u00e1geno y los nutrientes cruciales de la piel, dejando la piel seca, arrugada e imperfecta. El suero de vitamina C est\u00e1 dise\u00f1ado con precisi\u00f3n para revitalizar la piel envejecida, proporcionando los nutrientes clave necesarios para restaurar la piel a su aspecto hermoso y juvenil.<\/p>\n<\/div><\/div>\n<\/div><\/div>\n\n\n\n<p style=\"background-color:#005e94;font-family:Open Sans\" class=\"has-text-color has-background has-text-align-center has-medium-font-size has-quaternary-color clinicallinks has-custom-font\"><a href=\"https:\/\/www.serrarpharma.com\/es\/product\/dr-serrar-vitamin-c-serum\/\">COMPRAR AHORA<\/a><\/p>\n<\/div><\/div>\n\n\n\n<div class=\"wp-container-35 wp-block-group crbox\"><div class=\"wp-block-group__inner-container\">\n<div class=\"wp-container-34 wp-block-group has-background cresearchtop\" style=\"background-color:#e4effa\"><div class=\"wp-block-group__inner-container\">\n<div class=\"wp-block-media-text alignwide has-media-on-the-right is-stacked-on-mobile is-vertically-aligned-center topcrbox\" style=\"grid-template-columns:auto 35%\"><figure class=\"wp-block-media-text__media\"><img src=\"https:\/\/i0.wp.com\/www.serrarpharma.com\/wp-content\/uploads\/2020\/06\/Bodylift-TCR.png?w=660&#038;ssl=1\" alt=\"\" class=\"wp-image-7757\" data-recalc-dims=\"1\"\/><\/figure><div class=\"wp-block-media-text__content\">\n<div style=\"height:30px\" aria-hidden=\"true\" class=\"wp-block-spacer\"><\/div>\n\n\n\n<p style=\"background-color:#63ade5;line-height:1\" class=\"has-text-color has-background has-large-font-size has-quaternary-color crsub has-custom-lineheight\"><strong>Dr. SERRAR<sup>\u00ae<\/sup> BODYLIFT<\/strong><\/p>\n\n\n\n<p style=\"font-family:Open Sans;line-height:1.5\" class=\"crboxbod has-custom-font has-custom-lineheight\">&nbsp;Los productos para el cuidado de la piel Dr. SERRAR<sup>\u00ae<\/sup> son su mejor aliado. Un verdadero impulso si decides tomar el control de tu peso. Es una marca cuyos tratamientos contra la celulitis y la piel de naranja se preparan seg\u00fan los par\u00e1metros para la protecci\u00f3n contra el almacenamiento de grasa y la flacidez de la piel.<br><\/p>\n\n\n\n<p style=\"font-family:Open Sans;line-height:1.5\" class=\"crboxbod has-custom-font has-custom-lineheight\">Para deshacerse de los kilos de m\u00e1s, no hay una soluci\u00f3n r\u00e1pida. Debe seguir el programa ZinaCal: comer sano, hacer ejercicio y dormir lo suficiente. Pero quien dice kilos de m\u00e1s tambi\u00e9n dice celulitis, capitones, piel de naranja &#8230; Una comida saludable y actividades f\u00edsicas no son suficientes para combatir este flagelo, conocido por todas las mujeres, ya sean delgadas o redondas. Para eliminar estos grumos de grasa que se forman debajo de la piel, hemos desarrollado dos tipos de crema, dependiendo de su intenci\u00f3n y su problema.<\/p>\n<\/div><\/div>\n\n\n\n<div style=\"height:20px\" aria-hidden=\"true\" class=\"wp-block-spacer\"><\/div>\n\n\n\n<div style=\"height:20px\" aria-hidden=\"true\" class=\"wp-block-spacer\"><\/div>\n<\/div><\/div>\n\n\n\n<div style=\"height:20px\" aria-hidden=\"true\" class=\"wp-block-spacer\"><\/div>\n\n\n\n<div class=\"wp-block-coblocks-row coblocks-row-31415475586 d3bottom mt-0\" data-columns=\"1\" data-layout=\"100\"><div class=\"wp-block-coblocks-row__inner has-background has-medium-gutter has-padding has-medium-padding has-no-margin is-stacked-on-mobile\" style=\"background-color:#f8fafc\">\n<div class=\"wp-block-coblocks-column coblocks-column-31415476933\" style=\"width:100%\"><div class=\"wp-block-coblocks-column__inner has-no-padding has-no-margin\">\n<p style=\"font-family:Open Sans;line-height:1.5\" class=\"has-custom-font has-custom-lineheight\">En el caso de tejido adiposo demasiado grueso con piel fl\u00e1cida, elija una crema reductora de lipo BODYSLIM que evitar\u00e1 que la grasa se aloje en el tejido adiposo o disminuya. Para la celulitis, que se caracteriza por una apariencia de piel de naranja en las \u00e1reas femeninas (abdomen, caderas, muslos, abdomen, gl\u00fateos y, a veces, en el interior de los brazos), elija una crema anti-agua o drenante BODYLIFT. Porque la celulitis siempre va acompa\u00f1ada de retenci\u00f3n de agua y mala circulaci\u00f3n.<\/p>\n\n\n\n<p style=\"font-family:Open Sans;line-height:1.5\" class=\"has-custom-font has-custom-lineheight\">Para las pieles que han perdido su elasticidad, con piel anaranjada, mala circulaci\u00f3n y tejido suelto, elija una crema BODYLIFT reafirmante y drenante.<\/p>\n\n\n\n<p style=\"font-family:Open Sans;line-height:1.5\" class=\"has-custom-font has-custom-lineheight\"><strong>ELECCI\u00d3N DE LA CREMA ADELGAZANTE <\/strong> <br> Las cremas adelgazantes BODYSLIM &#038; BODYLIFT se utilizan sobre todo para esculpir su cuerpo al reafirmarlo. Tambi\u00e9n suavizan los hoyuelos, la c\u00e1scara de naranja y reducen la grasa.<\/p>\n\n\n\n<p style=\"font-family:Open Sans;line-height:1.5\" class=\"has-custom-font has-custom-lineheight\">La crema BODYLIFT a menudo act\u00faa sobre la &#8220;retenci\u00f3n de agua&#8221; que se observa en ciertas celulitis. Por lo tanto, hay mujeres que est\u00e1n m\u00e1s satisfechas que otras: las que tienen problemas venosos, piernas pesadas, tienen una porci\u00f3n de agua en sus pantalones que se puede mejorar con BODYLIFT y con masajes. <br> Para obtener un buen resultado, usted Se recomienda aplicar la crema en forma de ligeros masajes circulares en la parte del cuerpo que desea remodelar. Ya sea en los muslos, las nalgas, las caderas o el est\u00f3mago, es importante hacer estos movimientos circulares de abajo hacia arriba. El masaje estimula la circulaci\u00f3n sangu\u00ednea y ayuda a borrar la apariencia de la c\u00e1scara de naranja. El drenaje de desechos t\u00f3xicos es, por lo tanto, m\u00e1s f\u00e1cil y r\u00e1pido. Adem\u00e1s, cuando masajeas, creas un peque\u00f1o gasto f\u00edsico, que ayuda a suavizar las fibras de col\u00e1geno y elastina. Los efectos de la crema BODYLIFT se optimizan.<\/p>\n\n\n\n<p style=\"font-family:Open Sans;line-height:1.5\" class=\"has-custom-font has-custom-lineheight\">El uso diario de la crema BODYLIFT durante un m\u00ednimo de un mes le permitir\u00e1 observar un resultado positivo. Para un mayor resultado garantizado, es necesario aplicarlo ma\u00f1ana y tarde durante varios meses. Dos o tres meses son suficientes para convencerse.<\/p>\n\n\n\n<p><\/p>\n\n\n\n<p style=\"color:#63ade5\" class=\"has-text-color crinnersub\">EFICIENCIA<\/p>\n\n\n\n<p style=\"font-family:Open Sans;line-height:1.5\" class=\"has-custom-font has-custom-lineheight\">BODYLIFT solo es efectivo adem\u00e1s de otras acciones. No es un tratamiento de choque. Si, al mismo tiempo, come un exceso de grasa y az\u00facar, el efecto de la crema ser\u00e1 cero. Una crema adelgazante pr\u00e1cticamente no tiene efecto por s\u00ed sola. Por otro lado, en el contexto de un programa de adelgazamiento y anticelul\u00edtico ZinaCal, uno puede comenzar a ver los efectos despu\u00e9s de 15 d\u00edas. <br> Los tres elementos complementarios a la dieta creamare, el ejercicio f\u00edsico y la relajaci\u00f3n, porque debe saber que Las grasas vinculadas al estr\u00e9s no son despreciables.<\/p>\n\n\n\n<p style=\"font-family:Open Sans;line-height:1.5\" class=\"has-custom-font has-custom-lineheight\">Este producto ha sido especialmente formulado para responder favorablemente, sin el riesgo de intolerancia, a los tratamientos destinados a mejorar la apariencia de BODYLIFT, hidratar, suavizar y proteger la piel contra la acci\u00f3n del agua pesada y el estilo de vida. Este producto se basa en ingredientes naturales de muy alta calidad que han demostrado en cosm\u00e9tica su efectividad y raz\u00f3n de ser.<\/p>\n\n\n\n<p style=\"font-family:Open Sans;line-height:1.5\" class=\"has-custom-font has-custom-lineheight\">Gel-crema sin perfume que contiene extractos de casta\u00f1o de indias y hiedra, as\u00ed como mucopolisac\u00e1ridos, que ayudan a retrasar la formaci\u00f3n de edema local, eliminan el agua y promueven el drenaje. BODYLIFT tambi\u00e9n tiene una acci\u00f3n descongestionante y tonificante, fluidifica las grasas subcut\u00e1neas y participa en la eliminaci\u00f3n de las grasas en la capa de la piel. Recomendado en el caso de celulitis, sobrecarga grasa o grasa en caderas, muslos, cintura y tobillos.<\/p>\n\n\n\n<div style=\"height:20px\" aria-hidden=\"true\" class=\"wp-block-spacer\"><\/div>\n\n\n\n<p style=\"color:#63ade5;font-size:19px;font-family:Open Sans\" class=\"has-text-color has-custom-font\"><strong>INGREDIENTES PRINCIPALES<\/strong><\/p>\n\n\n\n<p style=\"font-family:Open Sans;line-height:1.5\" class=\"has-custom-font has-custom-lineheight\"><strong>Extracto de casta\u00f1o de indias <\/strong>: <br> Aprieta los poros grandes, act\u00faa sobre los poros obstruidos. Estimula la circulaci\u00f3n sangu\u00ednea de las capas perif\u00e9ricas de la piel. Antis\u00e9ptico y astringente, calmante y descongestionante.<\/p>\n\n\n\n<p style=\"font-family:Open Sans;line-height:1.5\" class=\"has-custom-font has-custom-lineheight\"><strong>Mucopolisac\u00e1ridos <\/strong>: <br> Ayuda a liberar el agua atrapada en el tejido. Combinado con ingredientes que facilitan la movilizaci\u00f3n de las grasas, es un producto que se utiliza para combatir la celulitis.<\/p>\n\n\n\n<div style=\"height:20px\" aria-hidden=\"true\" class=\"wp-block-spacer\"><\/div>\n\n\n\n<p style=\"color:#0071a1\" class=\"has-text-color has-medium-font-size crinnersub\"><strong>Por qu\u00e9 elegir Dr. SERRAR<sup>\u00ae<\/sup> BODYLIFT?<\/strong><\/p>\n\n\n\n<p style=\"font-family:Open Sans;line-height:1.5\" class=\"has-custom-font has-custom-lineheight\">SerrarPharma BODYLIFT anti celulitis y anti edema, se fabrican de acuerdo con los m\u00e1s altos est\u00e1ndares en la industria farmac\u00e9utica. Utilizan los beneficios naturales del extracto de casta\u00f1o de indias, mucopolisac\u00e1ridos e ingredientes avanzados. Estimula la circulaci\u00f3n sangu\u00ednea de las capas perif\u00e9ricas de la piel, es calmante y act\u00faa como descongestionante. Ayuda a liberar el agua atrapada en el tejido, combinada con ingredientes que facilitan la movilizaci\u00f3n de las grasas, es un producto que se utiliza para combatir la celulitis.<\/p>\n\n\n\n<ul class=\"boostlist has-custom-font\" style=\"font-family:Open Sans\"><li>DE LA M\u00c1XIMA CALIDAD. SIN GLUTEN. Hecho en EE. UU. <\/li><li> Instalaciones certificadas por la FDA <\/li><li> Las Buenas Pr\u00e1cticas de Fabricaci\u00f3n (GMP) son un conjunto de estrictas regulaciones farmac\u00e9uticas que aseguran que los complementos alimenticios se fabriquen y controlen con un alto nivel que sea adecuado para su uso. <\/li><li> Sin soja, sin gluten, certificado kosher, sin l\u00e1cteos, sin leche, nueces de \u00e1rbol, man\u00ed, mariscos, trigo y soja. Tambi\u00e9n libre de levadura, cebada, arroz, sodio y az\u00facar. <\/li><li> M\u00e1xima eficiencia <\/li><li> Todo de origen natural <\/li><li> Hecho con ingredientes hipoalerg\u00e9nicos<\/li><\/ul>\n\n\n\n<div style=\"height:20px\" aria-hidden=\"true\" class=\"wp-block-spacer\"><\/div>\n\n\n\n<p style=\"font-family:Open Sans;line-height:1.5\" class=\"has-custom-font has-custom-lineheight\"><strong>Indicaciones <\/strong> <br> CELULITA, ADELGAZANTE, HIDRATANTE, EDEMA: BODYLIFT estimula la circulaci\u00f3n sangu\u00ednea de las capas perif\u00e9ricas de la piel, es calmante y act\u00faa como descongestionante. Ayuda a liberar el agua atrapada en el tejido. Combinado con ingredientes que facilitan la movilizaci\u00f3n de las grasas, es un producto que se utiliza para combatir la celulitis.<\/p>\n<\/div><\/div>\n<\/div><\/div>\n\n\n\n<p style=\"background-color:#005e94;font-family:Open Sans\" class=\"has-text-color has-background has-text-align-center has-medium-font-size has-quaternary-color clinicallinks has-custom-font\"><a href=\"https:\/\/www.serrarpharma.com\/es\/product\/dr-serrar-bodylift\/\">COMPRAR AHORA<\/a><\/p>\n<\/div><\/div>\n\n\n\n<div class=\"wp-container-37 wp-block-group crbox\"><div class=\"wp-block-group__inner-container\">\n<div class=\"wp-container-36 wp-block-group has-background cresearchtop\" style=\"background-color:#e4effa\"><div class=\"wp-block-group__inner-container\">\n<div class=\"wp-block-media-text alignwide has-media-on-the-right is-stacked-on-mobile is-vertically-aligned-center topcrbox\" style=\"grid-template-columns:auto 35%\"><figure class=\"wp-block-media-text__media\"><img src=\"https:\/\/i0.wp.com\/www.serrarpharma.com\/wp-content\/uploads\/2020\/06\/BodySlim-TCR.png?w=660&#038;ssl=1\" alt=\"\" class=\"wp-image-7756\" data-recalc-dims=\"1\"\/><\/figure><div class=\"wp-block-media-text__content\">\n<div style=\"height:30px\" aria-hidden=\"true\" class=\"wp-block-spacer\"><\/div>\n\n\n\n<p style=\"background-color:#63ade5;line-height:1\" class=\"has-text-color has-background has-large-font-size has-quaternary-color crsub has-custom-lineheight\"><strong>Dr. SERRAR<sup>\u00ae<\/sup> BODYSLIM<\/strong><\/p>\n\n\n\n<p style=\"font-family:Open Sans;line-height:1.5\" class=\"crboxbod has-custom-font has-custom-lineheight\">El Dr. SERRAR<sup>\u00ae<\/sup> producto para el cuidado de la piel es su mejor aliado. Un verdadero impulso si decides tomar el control de tu peso. Es una marca cuyos tratamientos contra la celulitis y la piel de naranja se preparan seg\u00fan los par\u00e1metros para la protecci\u00f3n contra el almacenamiento de grasa y la flacidez de la piel.<\/p>\n\n\n\n<p style=\"font-family:Open Sans;line-height:1.5\" class=\"crboxbod has-custom-font has-custom-lineheight\"><br>Para deshacerse de los kilos de m\u00e1s, no hay una soluci\u00f3n r\u00e1pida. Debe seguir el programa ZinaCal: comer sano, hacer ejercicio y dormir lo suficiente. Pero quien dice kilos de m\u00e1s tambi\u00e9n dice celulitis, capitones, piel de naranja &#8230; Una comida saludable y actividades f\u00edsicas no son suficientes para combatir este flagelo, conocido por todas las mujeres, ya sean delgadas o redondas. Para eliminar estos grumos de grasa que se forman debajo de la piel, hemos desarrollado dos tipos de crema, dependiendo de su intenci\u00f3n y su problema.<\/p>\n<\/div><\/div>\n\n\n\n<div style=\"height:20px\" aria-hidden=\"true\" class=\"wp-block-spacer\"><\/div>\n\n\n\n<div style=\"height:20px\" aria-hidden=\"true\" class=\"wp-block-spacer\"><\/div>\n<\/div><\/div>\n\n\n\n<div style=\"height:20px\" aria-hidden=\"true\" class=\"wp-block-spacer\"><\/div>\n\n\n\n<div class=\"wp-block-coblocks-row coblocks-row-31415475586 d3bottom mt-0\" data-columns=\"1\" data-layout=\"100\"><div class=\"wp-block-coblocks-row__inner has-background has-medium-gutter has-padding has-medium-padding has-no-margin is-stacked-on-mobile\" style=\"background-color:#f8fafc\">\n<div class=\"wp-block-coblocks-column coblocks-column-31415476933\" style=\"width:100%\"><div class=\"wp-block-coblocks-column__inner has-no-padding has-no-margin\">\n<p style=\"font-family:Open Sans;line-height:1.5\" class=\"has-custom-font has-custom-lineheight\">En el caso de tejido adiposo demasiado grueso con piel fl\u00e1cida, elija una crema reductora de lipo BODYSLIM que evitar\u00e1 que la grasa se aloje en el tejido adiposo o disminuya. <br> Para la celulitis, que se caracteriza por una c\u00e1scara de naranja Apariencia en las \u00e1reas femeninas (vientre, caderas, muslos, vientre, gl\u00fateos y, a veces, en el interior de los brazos), elija una crema anti-agua o drenante BODYLIFT. Porque la celulitis siempre va acompa\u00f1ada de retenci\u00f3n de agua y mala circulaci\u00f3n.<\/p>\n\n\n\n<p style=\"font-family:Open Sans;line-height:1.5\" class=\"has-custom-font has-custom-lineheight\">Para pieles que han perdido su elasticidad, con piel naranja, mala circulaci\u00f3n y tejido suelto, elija una crema BODYLIFT reafirmante y drenante BODYSLIM.<\/p>\n\n\n\n<ul class=\"boostlist has-custom-font\" style=\"font-family:Open Sans\"><li>Eliminador de celulitis <\/li><li> Tensa y reafirma la piel <\/li><li> Reconstruye el col\u00e1geno y la elasticidad de la piel <\/li><li> Nutre la piel durante el embarazo, el aumento de peso r\u00e1pido o la p\u00e9rdida de peso <\/li><li> Mejora la apariencia de cicatrices y estr\u00edas<\/li><\/ul>\n\n\n\n<div style=\"height:20px\" aria-hidden=\"true\" class=\"wp-block-spacer\"><\/div>\n\n\n\n<p style=\"font-family:Open Sans;line-height:1.5\" class=\"has-custom-font has-custom-lineheight\"><strong>ELECCI\u00d3N DE LA CREMA ADELGAZANTE <\/strong> <br> Las cremas adelgazantes BODYSLIM &#038; BODYLIFT se utilizan sobre todo para esculpir su cuerpo al reafirmarlo. Tambi\u00e9n suavizan los hoyuelos, la c\u00e1scara de naranja y reducen la grasa.<\/p>\n\n\n\n<p style=\"font-family:Open Sans;line-height:1.5\" class=\"has-custom-font has-custom-lineheight\">La crema BODYLIFT a menudo act\u00faa sobre la &#8220;retenci\u00f3n de agua&#8221; que se observa en ciertas celulitis. Por lo tanto, hay mujeres que est\u00e1n m\u00e1s satisfechas que otras: las que tienen problemas venosos, piernas pesadas, tienen una porci\u00f3n de agua en sus pantalones que se puede mejorar con BODYLIFT y con masajes.<\/p>\n\n\n\n<p style=\"font-family:Open Sans;line-height:1.5\" class=\"has-custom-font has-custom-lineheight\">La crema adelgazante BODYSLIM tiene la propiedad de suavizar y reestructurar el tejido adiposo excesivamente grueso mientras hidrata la piel. Gracias a su composici\u00f3n rica en vitaminas y oligoelementos, BODYSLIM tiene muchas propiedades: reactivaci\u00f3n de los intercambios metab\u00f3licos, remineralizaci\u00f3n y reafirmaci\u00f3n. Facilita la eliminaci\u00f3n de residuos y dep\u00f3sitos grasos.\n<\/p>\n\n\n\n<p style=\"font-family:Open Sans;line-height:1.5\" class=\"has-custom-font has-custom-lineheight\">Para obtener un buen resultado, se recomienda aplicar la crema en forma de ligeros masajes circulares en la parte del cuerpo que desea remodelar. Ya sea en los muslos, las nalgas, las caderas o el est\u00f3mago, es importante hacer estos movimientos circulares de abajo hacia arriba. El masaje estimula la circulaci\u00f3n sangu\u00ednea y ayuda a borrar la apariencia de la c\u00e1scara de naranja. El drenaje de desechos t\u00f3xicos es, por lo tanto, m\u00e1s f\u00e1cil y r\u00e1pido. Adem\u00e1s, cuando masajeas, creas un peque\u00f1o gasto f\u00edsico, que ayuda a suavizar las fibras de col\u00e1geno y elastina. Los efectos de la crema BODYSLIM se optimizan.<\/p>\n\n\n\n<p style=\"font-family:Open Sans;line-height:1.5\" class=\"has-custom-font has-custom-lineheight\">El uso diario de la crema BODYSLIM durante un m\u00ednimo de un mes le permitir\u00e1 observar un resultado positivo. Para un mayor resultado garantizado, es necesario aplicarlo ma\u00f1ana y tarde durante varios meses. Dos o tres meses son suficientes para convencerse. <br> Eficiencia<\/p>\n\n\n\n<p style=\"font-family:Open Sans;line-height:1.5\" class=\"has-custom-font has-custom-lineheight\">BODYSLIM solo es efectivo adem\u00e1s de otras acciones. No es un tratamiento de choque. Si, al mismo tiempo, come un exceso de grasa y az\u00facar, el efecto de la crema ser\u00e1 cero. Una crema adelgazante pr\u00e1cticamente no tiene efecto por s\u00ed sola. Por otro lado, en el contexto de un programa de adelgazamiento y anticelul\u00edtico ZinaCal, uno puede comenzar a ver los efectos despu\u00e9s de 15 d\u00edas. <br> Los tres elementos complementarios de la crema son la dieta, el ejercicio f\u00edsico y la relajaci\u00f3n, porque debe saber que las grasas vinculadas al estr\u00e9s no son insignificantes.<\/p>\n\n\n\n<div style=\"height:20px\" aria-hidden=\"true\" class=\"wp-block-spacer\"><\/div>\n\n\n\n<p style=\"color:#63ade5;font-size:19px;font-family:Open Sans\" class=\"has-text-color has-custom-font\"><strong>INGREDIENTES PRINCIPALES<\/strong><\/p>\n\n\n\n<p style=\"font-family:Open Sans;line-height:1.5\" class=\"has-custom-font has-custom-lineheight\">La crema adelgazante BODYSLIM est\u00e1 compuesta en gran parte por el cuidado anticelul\u00edtico de la estrella de cafe\u00edna, es el ingrediente m\u00e1s importante porque permite la eliminaci\u00f3n de grasas. Cuanto mayor sea el nivel de cafe\u00edna, m\u00e1s efectiva ser\u00e1 la crema adelgazante. Adem\u00e1s de la cafe\u00edna, BODYSLIM tambi\u00e9n contiene otros ingredientes que son agentes de reestructuraci\u00f3n activos, que estimulan la actividad celular, tonifican el tejido graso y evitan que las c\u00e9lulas almacenen grasa, lo que ayudar\u00e1 a desalojarla y quemarla gracias a los ingredientes del &#8220;quemador de grasa&#8221;. Adem\u00e1s, el col\u00e1geno y otros ingredientes ayudan a eliminar la grasa almacenada y evitan la formaci\u00f3n de nueva redondez y ayudan a reafirmar la piel y darle una apariencia m\u00e1s suave y uniforme. <br> La acci\u00f3n de la crema se lleva a cabo gracias a estas diversas mol\u00e9culas que act\u00faan en los receptores de las c\u00e9lulas grasas al evitar la transformaci\u00f3n de pre-adipocitos en adipocitos. La s\u00edntesis de fibras de soporte mejora as\u00ed la firmeza de la piel.<\/p>\n\n\n\n<div style=\"height:20px\" aria-hidden=\"true\" class=\"wp-block-spacer\"><\/div>\n\n\n\n<p style=\"color:#0071a1;font-family:Open Sans\" class=\"has-text-color has-medium-font-size crinnersub has-custom-font\"><strong>Por qu\u00e9 elegir Dr. SERRAR<sup>\u00ae<\/sup> BODYSLIM?<\/strong><\/p>\n\n\n\n<p style=\"font-family:Open Sans;line-height:1.5\" class=\"has-custom-font has-custom-lineheight\">Dr. SERRAR <sup> \u00ae <\/sup> BODYSLIM anticelul\u00edtico y reafirmante se fabrican de acuerdo con los m\u00e1s altos est\u00e1ndares en la industria farmac\u00e9utica. Utilizan los beneficios naturales de la cafe\u00edna y los ingredientes avanzados para reafirmar y tonificar su piel. Elimina la apariencia de la celulitis mientras embellece su piel a trav\u00e9s de la nutrici\u00f3n del aceite de coco.<\/p>\n\n\n\n<ul class=\"boostlist has-custom-font\" style=\"font-family:Open Sans\"><li>DE LA M\u00c1XIMA CALIDAD. SIN GLUTEN. Hecho en EE. UU. <\/li><li> Instalaciones certificadas por la FDA <\/li><li> Las Buenas Pr\u00e1cticas de Fabricaci\u00f3n (GMP) son un conjunto de estrictas regulaciones farmac\u00e9uticas que aseguran que los complementos alimenticios se fabriquen y controlen con un alto nivel que sea adecuado para su uso. <\/li><li> Sin soja, sin gluten, certificado kosher, sin l\u00e1cteos, sin leche, nueces de \u00e1rbol, man\u00ed, mariscos, trigo y soja. Tambi\u00e9n libre de levadura, cebada, arroz, sodio y az\u00facar. <\/li><li> M\u00e1xima eficiencia <\/li><li> Todo de origen natural <\/li><li> Hecho con ingredientes hipoalerg\u00e9nicos<\/li><\/ul>\n\n\n\n<div style=\"height:20px\" aria-hidden=\"true\" class=\"wp-block-spacer\"><\/div>\n\n\n\n<p style=\"font-family:Open Sans;line-height:1.5\" class=\"has-custom-font has-custom-lineheight\"><strong>Indicaciones <\/strong> <br> Reafirmante, adelgazante e hidratante: BODYSLIM puede ayudar a reconstruir el col\u00e1geno y la elasticidad de la piel. El uso regular hace que su piel se rejuvenezca, ya que esto es muy importante para una piel sana. Nuestro nuevo gel reafirmante corporal est\u00e1 dise\u00f1ado como un poderoso removedor de celulitis para tensar la piel para que pueda lograr un cutis suave y sin esfuerzo con un m\u00ednimo esfuerzo.<\/p>\n<\/div><\/div>\n<\/div><\/div>\n\n\n\n<p style=\"background-color:#005e94;font-family:Open Sans\" class=\"has-text-color has-background has-text-align-center has-medium-font-size has-quaternary-color clinicallinks has-custom-font\"><a href=\"https:\/\/www.serrarpharma.com\/product\/dr-serrar-bodyslim\/\">COMPRAR AHORA<\/a><\/p>\n<\/div><\/div>\n\n\n\n<div class=\"wp-container-39 wp-block-group crbox\"><div class=\"wp-block-group__inner-container\">\n<div class=\"wp-container-38 wp-block-group has-background cresearchtop\" style=\"background-color:#e4effa\"><div class=\"wp-block-group__inner-container\">\n<div class=\"wp-block-media-text alignwide has-media-on-the-right is-stacked-on-mobile is-vertically-aligned-center topcrbox\" style=\"grid-template-columns:auto 35%\"><figure class=\"wp-block-media-text__media\"><img src=\"https:\/\/i0.wp.com\/www.serrarpharma.com\/wp-content\/uploads\/2020\/06\/EclatTCR.png?w=660&#038;ssl=1\" alt=\"\" class=\"wp-image-7754\" data-recalc-dims=\"1\"\/><\/figure><div class=\"wp-block-media-text__content\">\n<div style=\"height:30px\" aria-hidden=\"true\" class=\"wp-block-spacer\"><\/div>\n\n\n\n<p style=\"background-color:#63ade5;line-height:1\" class=\"has-text-color has-background has-large-font-size has-quaternary-color crsub has-custom-lineheight\"><strong>Dr. SERRAR<sup>\u00ae<\/sup> ECLAT Collagen<\/strong><\/p>\n\n\n\n<p style=\"font-family:Open Sans;line-height:1.5\" class=\"crboxbod has-custom-font has-custom-lineheight\">Dr. SERRAR <sup> \u00ae <\/sup> Skin Care es una marca cuyos tratamientos antioxidantes e hidratantes se preparan seg\u00fan los par\u00e1metros para la protecci\u00f3n contra el envejecimiento atmosf\u00e9rico. Este \u00faltimo denota signos visibles de exposici\u00f3n a una variedad de agresores ambientales. Estos agresores incluyen rayos UV, radiaci\u00f3n infrarroja (IRA) y contaminaci\u00f3n. La investigaci\u00f3n muestra que la sobreexposici\u00f3n a estos agresores puede conducir al envejecimiento visible de la piel, y que el uso de antioxidantes t\u00f3picos puede ayudar a prevenir este efecto.<\/p>\n\n\n\n<p style=\"font-family:Open Sans;line-height:1.5\" class=\"crboxbod has-custom-font has-custom-lineheight\">Bajo el efecto de la edad y las condiciones clim\u00e1ticas, la piel pierde su elasticidad y luminosidad. Para superar estos inconvenientes, ofrecemos una gama de productos dise\u00f1ados para prevenir, ralentizar y corregir los primeros signos de envejecimiento de la piel.<\/p>\n<\/div><\/div>\n\n\n\n<div style=\"height:20px\" aria-hidden=\"true\" class=\"wp-block-spacer\"><\/div>\n\n\n\n<div style=\"height:20px\" aria-hidden=\"true\" class=\"wp-block-spacer\"><\/div>\n<\/div><\/div>\n\n\n\n<div style=\"height:20px\" aria-hidden=\"true\" class=\"wp-block-spacer\"><\/div>\n\n\n\n<div class=\"wp-block-coblocks-row coblocks-row-31415475586 d3bottom mt-0\" data-columns=\"1\" data-layout=\"100\"><div class=\"wp-block-coblocks-row__inner has-background has-medium-gutter has-padding has-medium-padding has-no-margin is-stacked-on-mobile\" style=\"background-color:#f8fafc\">\n<div class=\"wp-block-coblocks-column coblocks-column-31415476933\" style=\"width:100%\"><div class=\"wp-block-coblocks-column__inner has-no-padding has-no-margin\">\n<p style=\"font-family:Open Sans;line-height:1.5\" class=\"has-custom-font has-custom-lineheight\">Los productos del Dr. SERRAR<sup>\u00ae<\/sup>Skin Care est\u00e1n preparados a partir de elementos bioestimulantes y extractos de plantas que suavizan, nutren e hidratan la piel mientras promueven el suministro de sangre epid\u00e9rmica. Tonifican y regeneran la piel y contribuyen a su salud y bienestar. Estos productos se recomiendan para todas las personas mayores de 21 a\u00f1os.<\/p>\n\n\n\n<p style=\"font-family:Open Sans;line-height:1.5\" class=\"has-custom-font has-custom-lineheight\">El col\u00e1geno ECLAT te ayuda a combatir el envejecimiento de la piel. Ayuda a defender la piel contra el estr\u00e9s oxidativo y reduce las consecuencias de la exposici\u00f3n a la piel, la crema de col\u00e1geno ECLAT es un antioxidante antienvejecimiento, revitalizante e hidratante para ayudarlo a prevenir las arrugas y la barrera protectora de la piel.<\/p>\n\n\n\n<p style=\"font-family:Open Sans;line-height:1.5\" class=\"has-custom-font has-custom-lineheight\">El col\u00e1geno ECLAT es una emulsi\u00f3n cremosa de color rosa p\u00e1lido con un delicado aroma de flores, que contiene col\u00e1geno, elastina, alanto\u00edna, robane. Estas sustancias naturales ayudan a la piel a mantener estas funciones generativas. Esta maravillosa crema de d\u00eda y de noche protege y suaviza, hidrata, nutre, revitaliza y previene la aparici\u00f3n de arrugas. Las ceramidas contenidas en esta crema sirven como vectores para col\u00e1geno y elastina. Evitan la acci\u00f3n de la elastasa que destruye estas mol\u00e9culas.<\/p>\n\n\n\n<ul class=\"boostlist has-custom-font\" style=\"font-family:Open Sans\"><li>Hidrata <\/li><li> Protege <\/li><li> Nutre <\/li><li> Revitaliza la epidermis <\/li><li> Previene la aparici\u00f3n de arrugas<\/li><\/ul>\n\n\n\n<p style=\"font-family:Open Sans;line-height:1.5\" class=\"has-custom-font has-custom-lineheight\"><strong>Col\u00e1geno <\/strong> : <br>El origen griego de la palabra col\u00e1geno, &#8220;kolla&#8221; significa pegamento. \nDebido a su participaci\u00f3n directa en el envejecimiento de la piel, el col\u00e1geno se ha convertido en un ingrediente activo de elecci\u00f3n en la lucha contra el envejecimiento.<\/p>\n\n\n\n<p style=\"font-family:Open Sans;line-height:1.5\" class=\"has-custom-font has-custom-lineheight\">El col\u00e1geno es la prote\u00edna m\u00e1s abundante en el cuerpo humano. Representa aproximadamente el 6% de nuestro peso total y aproximadamente el 65% de todas las prote\u00ednas fibrosas en el cuerpo. Es el componente esencial de la dermis. El col\u00e1geno est\u00e1 compuesto de fibras hechas por fibroblastos y se encuentra principalmente en el tejido conectivo. Tambi\u00e9n est\u00e1 presente en los huesos, cart\u00edlagos, ligamentos, tendones, cabello, donde act\u00faa como una especie de pegamento, asegurando la cohesi\u00f3n entre las c\u00e9lulas. Proporciona resistencia y elasticidad a la piel.<\/p>\n\n\n\n<p style=\"font-family:Open Sans;line-height:1.5\" class=\"has-custom-font has-custom-lineheight\">El col\u00e1geno se renueva continuamente a lo largo de la vida. Pero a medida que envejece, su producci\u00f3n se deteriora. El col\u00e1geno producido es de menor calidad, pierde grosor y resistencia, lo que resulta en una p\u00e9rdida de elasticidad, tono y firmeza de los tejidos. Se estima que a partir de los 30 a\u00f1os, la p\u00e9rdida es de alrededor del 1% por a\u00f1o. Para frenar los efectos del envejecimiento, el col\u00e1geno se ha hecho un lugar en la cosm\u00e9tica. El col\u00e1geno participa proporcionalmente en el proceso de envejecimiento de la piel. Desempe\u00f1a un papel importante en la elasticidad y calidad de la dermis. En cosm\u00e9tica, se utiliza por su acci\u00f3n antienvejecimiento preventiva, regeneradora e hidratante.<\/p>\n\n\n\n<p style=\"font-family:Open Sans;line-height:1.5\" class=\"has-custom-font has-custom-lineheight\">El col\u00e1geno da fuerza a las estructuras d\u00e9rmicas mientras las protege. Tambi\u00e9n est\u00e1 fuertemente involucrado en el proceso de curaci\u00f3n.<\/p>\n\n\n\n<p style=\"font-family:Open Sans;line-height:1.5\" class=\"has-custom-font has-custom-lineheight\">El col\u00e1geno mejora la calidad de la piel y preserva su juventud. Utilizado en el cuidado para estimular la s\u00edntesis natural de col\u00e1geno para mejorar la firmeza, el tono y la elasticidad de la piel, todos estos marcadores determinantes en la piel joven o madura.<\/p>\n\n\n\n<p style=\"font-family:Open Sans;line-height:1.5\" class=\"has-custom-font has-custom-lineheight\">El col\u00e1geno tiene un efecto tensor inmediato, ayuda a mantener la integridad estructural de los tejidos y limita la p\u00e9rdida de agua, luchando as\u00ed contra la sequedad de la piel y ayudando a mantener una buena calidad de la piel.<\/p>\n\n\n\n<div style=\"height:20px\" aria-hidden=\"true\" class=\"wp-block-spacer\"><\/div>\n\n\n\n<p style=\"color:#63ade5;font-size:19px;font-family:Open Sans\" class=\"has-text-color has-custom-font\"><strong>INGREDIENTES PRINCIPALES<\/strong><\/p>\n\n\n\n<p style=\"font-family:Open Sans;line-height:1.5\" class=\"has-custom-font has-custom-lineheight\"><strong>Col\u00e1geno:<\/strong> <br> Mejora la firmeza, la tonicidad y la elasticidad.<br>\nMejora la calidad de la piel y preserva su juventud.<br>\nAcci\u00f3n preventiva antienvejecimiento y regeneradora e hidratante.<br>\nInvolucrado en el proceso de curaci\u00f3n.<\/p>\n\n\n\n<p style=\"font-family:Open Sans;line-height:1.5\" class=\"has-custom-font has-custom-lineheight\"><strong>Elastina <\/strong>: <br>Fibra proteica que acompa\u00f1a al col\u00e1geno en el tejido conectivo. Despu\u00e9s del col\u00e1geno, la elastina es una de las escleroprote\u00ednas fibrosas m\u00e1s importantes del cuerpo. Su estructura en espiral le da a la piel su elasticidad. Apoya, refuerza y \u200b\u200bcompleta la acci\u00f3n del col\u00e1geno.<\/p>\n\n\n\n<p style=\"font-family:Open Sans;line-height:1.5\" class=\"has-custom-font has-custom-lineheight\"><strong>Alanto\u00edna <\/strong> : <br>Cura y promueve la proliferaci\u00f3n celular de la piel. Elimina el tejido necr\u00f3tico. Agente reparador y restaurador del epitelio. Es hidratante, suavizante, calmante y no irritante.<\/p>\n\n\n\n<p style=\"font-family:Open Sans;line-height:1.5\" class=\"has-custom-font has-custom-lineheight\"><strong>Ceramida <\/strong>: <br>Utilizados como veh\u00edculo para el col\u00e1geno y la elastina, tienen un poder hidratante muy fuerte de las capas epid\u00e9rmicas superiores y evitan la acci\u00f3n el\u00e1stica que destruye estas dos mol\u00e9culas.<\/p>\n\n\n\n<p style=\"font-family:Open Sans;line-height:1.5\" class=\"has-custom-font has-custom-lineheight\"><strong>Robane <\/strong>: <strong> Squalane <\/strong> <br>Sustancia del aceite de oliva que es muy penetrante, que restaura y garantiza la flexibilidad y protege contra las irritaciones de la piel.<\/p>\n\n\n\n<div style=\"height:20px\" aria-hidden=\"true\" class=\"wp-block-spacer\"><\/div>\n\n\n\n<p style=\"color:#0071a1;font-family:Open Sans\" class=\"has-text-color has-medium-font-size crinnersub has-custom-font\"><strong>Por qu\u00e9 elegir Dr. SERRAR<sup>\u00ae<\/sup> ECLAT Collagen?<\/strong><\/p>\n\n\n\n<p style=\"font-family:Open Sans;line-height:1.5\" class=\"has-custom-font has-custom-lineheight\">El Dr. SERRAR <sup>\u00ae<\/sup> crema se fabrica de acuerdo con los m\u00e1s altos est\u00e1ndares en la industria farmac\u00e9utica. Contienen col\u00e1geno avanzado, elastina, alanto\u00edna, roban. Estas sustancias naturales ayudan a la piel a mantener estas funciones generativas. Esta f\u00f3rmula avanzada dise\u00f1ada para atacar los signos m\u00e1s comunes del envejecimiento, incluyendo brillo, firmeza, l\u00edneas finas, arrugas, manchas oscuras y manchas solares.<\/p>\n\n\n\n<ul class=\"boostlist has-custom-font\" style=\"font-family:Open Sans\"><li>DE LA M\u00c1XIMA CALIDAD. SIN GLUTEN. Hecho en EE. UU. <\/li><li> Instalaciones certificadas por la FDA <\/li><li> Las Buenas Pr\u00e1cticas de Fabricaci\u00f3n (GMP) son un conjunto de estrictas regulaciones farmac\u00e9uticas que aseguran que los complementos alimenticios se fabriquen y controlen con un alto nivel que sea adecuado para su uso. <\/li><li> Sin soja, sin gluten, certificado kosher, sin l\u00e1cteos, sin leche, nueces de \u00e1rbol, man\u00ed, mariscos, trigo y soja. Tambi\u00e9n libre de levadura, cebada, arroz, sodio y az\u00facar. <\/li><li> M\u00e1xima eficiencia <\/li><li> Todo de origen natural <\/li><li> Hecho con ingredientes hipoalerg\u00e9nicos<\/li><\/ul>\n\n\n\n<div style=\"height:20px\" aria-hidden=\"true\" class=\"wp-block-spacer\"><\/div>\n\n\n\n<p style=\"font-family:Open Sans;line-height:1.5\" class=\"has-custom-font has-custom-lineheight\"><strong>Indicaciones <\/strong> <br> El proceso de envejecimiento naturalmente disminuye la humedad, el col\u00e1geno y los nutrientes cruciales de la piel, dejando la piel seca, arrugada e imperfecta. Collag\u00e8ne, Elastine, Ceramide, cire d\u2019abeille est\u00e1 dise\u00f1ado con precisi\u00f3n para revitalizar el envejecimiento de la piel, proporcionando los nutrientes clave necesarios para restaurar la piel a su aspecto hermoso y juvenil.\n<\/p>\n<\/div><\/div>\n<\/div><\/div>\n\n\n\n<p style=\"background-color:#005e94;font-family:Open Sans\" class=\"has-text-color has-background has-text-align-center has-medium-font-size has-quaternary-color clinicallinks has-custom-font\"><a href=\"https:\/\/www.serrarpharma.com\/product\/dr-serrar-eclat\/\">COMPRAR AHORA<\/a><\/p>\n<\/div><\/div>\n\n\n\n<div class=\"wp-container-41 wp-block-group crbox\"><div class=\"wp-block-group__inner-container\">\n<div class=\"wp-container-40 wp-block-group has-background cresearchtop\" style=\"background-color:#e4effa\"><div class=\"wp-block-group__inner-container\">\n<div class=\"wp-block-media-text alignwide has-media-on-the-right is-stacked-on-mobile is-vertically-aligned-center topcrbox\" style=\"grid-template-columns:auto 35%\"><figure class=\"wp-block-media-text__media\"><img src=\"https:\/\/i0.wp.com\/www.serrarpharma.com\/wp-content\/uploads\/2020\/06\/DermTCR.png?w=660&#038;ssl=1\" alt=\"\" class=\"wp-image-7753\" data-recalc-dims=\"1\"\/><\/figure><div class=\"wp-block-media-text__content\">\n<div style=\"height:30px\" aria-hidden=\"true\" class=\"wp-block-spacer\"><\/div>\n\n\n\n<p style=\"background-color:#63ade5;line-height:1\" class=\"has-text-color has-background has-large-font-size has-quaternary-color crsub has-custom-lineheight\"><strong>Dr. SERRAR<sup>\u00ae<\/sup> DERM Ergothioneine<\/strong><\/p>\n\n\n\n<p style=\"font-family:Open Sans;line-height:1.5\" class=\"crboxbod has-custom-font has-custom-lineheight\">Dr. SERRAR<sup>\u00ae<\/sup> Skin Care es una marca cuyos tratamientos antioxidantes se preparan seg\u00fan los par\u00e1metros para la protecci\u00f3n contra el envejecimiento atmosf\u00e9rico. Este \u00faltimo denota signos visibles de exposici\u00f3n a una variedad de agresores ambientales. Estos agresores incluyen rayos UV, radiaci\u00f3n infrarroja (IRA) y contaminaci\u00f3n.<\/p>\n\n\n\n<p style=\"font-family:Open Sans;line-height:1.5\" class=\"crboxbod has-custom-font has-custom-lineheight\">Adem\u00e1s, bajo el efecto de la edad y las condiciones clim\u00e1ticas, la piel pierde su elasticidad y su luminosidad. Para superar estos inconvenientes, ofrecemos los antioxidantes antienvejecimiento del Dr. Serrar Skin Care, una gama de productos dise\u00f1ados para prevenir, frenar y corregir los primeros signos del envejecimiento de la piel.<\/p>\n<\/div><\/div>\n\n\n\n<div style=\"height:20px\" aria-hidden=\"true\" class=\"wp-block-spacer\"><\/div>\n\n\n\n<div style=\"height:20px\" aria-hidden=\"true\" class=\"wp-block-spacer\"><\/div>\n<\/div><\/div>\n\n\n\n<div style=\"height:20px\" aria-hidden=\"true\" class=\"wp-block-spacer\"><\/div>\n\n\n\n<div class=\"wp-block-coblocks-row coblocks-row-31415475586 d3bottom mt-0\" data-columns=\"1\" data-layout=\"100\"><div class=\"wp-block-coblocks-row__inner has-background has-medium-gutter has-padding has-medium-padding has-no-margin is-stacked-on-mobile\" style=\"background-color:#f8fafc\">\n<div class=\"wp-block-coblocks-column coblocks-column-31415476933\" style=\"width:100%\"><div class=\"wp-block-coblocks-column__inner has-no-padding has-no-margin\">\n<p style=\"font-family:Open Sans;line-height:1.5\" class=\"has-custom-font has-custom-lineheight\">Los productos para la piel madura se preparan a partir de elementos bioestimulantes y extractos de plantas que suavizan, nutren e hidratan la piel mientras promueven el suministro de sangre epid\u00e9rmica. Tonifican y regeneran la piel y contribuyen a su salud y bienestar. Estos productos se recomiendan para todas las personas mayores de 21 a\u00f1os.<\/p>\n\n\n\n<p style=\"font-family:Open Sans;line-height:1.5\" class=\"has-custom-font has-custom-lineheight\">Sin embargo, otros factores promueven el envejecimiento prematuro de la piel, incluido el medio ambiente, el estilo de vida deficiente, la deshidrataci\u00f3n y la exposici\u00f3n prolongada al sol. Antes de los 30 a\u00f1os de edad, los signos del envejecimiento a\u00fan no son visibles: luego aplicamos prevenci\u00f3n con Dr. SERRAR<sup>\u00ae<\/sup> y la crema \u00c9CLAT Collagen para el cuidado de la piel por la ma\u00f1ana y DERM Ergothioneine por la noche.<\/p>\n\n\n\n<p style=\"font-family:Open Sans;line-height:1.5\" class=\"has-custom-font has-custom-lineheight\">Es a partir de los 30 a\u00f1os que las l\u00edneas finas y las l\u00edneas de expresi\u00f3n comienzan a tomar forma: tez apagada, falta de firmeza, piel menos lisa. Estos signos que llamamos envejecimiento de la piel son causados \u200b\u200bpor un exceso de estr\u00e9s oxidativo. La piel, predispuesta a acumular da\u00f1os, se convierte en el primer espejo de la edad. Sin embargo, estos signos leves de envejecimiento son reversibles y se pueden solucionar r\u00e1pidamente.<\/p>\n\n\n\n<p style=\"font-family:Open Sans;line-height:1.5\" class=\"has-custom-font has-custom-lineheight\">Tan pronto como aparecen las primeras arrugas, la aplicaci\u00f3n de una crema antioxidante antienvejecimiento DERM Ergothioneine  te ayuda a luchar contra el envejecimiento de la piel: para detener el tiempo. <br> La crema antienvejecimiento DERM Ergothioneine  ayuda a combatir los signos del envejecimiento con la mejor calidad. ingredientes para resultados asombrosos. A medida que envejecemos, nos secamos y, sobre todo, las mujeres. Por eso es tan importante darle a nuestra piel la humedad que necesita para mantenerse regordeta y saludable.<\/p>\n\n\n\n<p style=\"font-family:Open Sans;line-height:1.5\" class=\"has-custom-font has-custom-lineheight\">Nuestra crema antienvejecimiento DERM Ergothioneine  de marca privada hidrata y retiene la humedad para reducir los signos del envejecimiento para una apariencia fresca y juvenil:<\/p>\n\n\n\n<ul class=\"boostlist has-custom-font\" style=\"font-family:Open Sans\"><li>Reduce la apariencia de l\u00edneas finas y arrugas <\/li><li> Hidrata e hidrata <\/li><li> Suaviza y suaviza la sequedad <\/li><li> Bloquea la humedad<\/li><\/ul>\n\n\n\n<div style=\"height:20px\" aria-hidden=\"true\" class=\"wp-block-spacer\"><\/div>\n\n\n\n<p style=\"color:#63ade5;font-size:19px;font-family:Open Sans\" class=\"has-text-color has-custom-font\"><strong>INGREDIENTES PRINCIPALES<\/strong><\/p>\n\n\n\n<p style=\"font-family:Open Sans;line-height:1.5\" class=\"has-custom-font has-custom-lineheight\">Utilizamos ingredientes premium para ofrecer a los clientes un producto de alta calidad que les encantar\u00e1. Nuestra crema antienvejecimiento de marca privada fue formulada con algunos de los ingredientes antienvejecimiento m\u00e1s populares de la industria para garantizar su efectividad:<\/p>\n\n\n\n<p style=\"font-family:Open Sans;line-height:1.5\" class=\"has-custom-font has-custom-lineheight\"><strong>Ergothioneine <\/strong> <br>La ergotioneina es un amino\u00e1cido con un grupo tiol \/ tiona. Por lo general, se sintetiza por ciertos hongos y bacterias. Tambi\u00e9n se encuentra en muchos frutos secos, legumbres, hojas verdes, champi\u00f1ones y mariscos. Se encuentra en hongos en mayor concentraci\u00f3n que cualquier otra fuente. Tambi\u00e9n es un metabolito del glutati\u00f3n. Por lo general, es un s\u00f3lido cristalino blanco, pero tambi\u00e9n se presenta en forma de una soluci\u00f3n ins\u00edpida e incolora.<\/p>\n\n\n\n<p style=\"font-family:Open Sans;line-height:1.5\" class=\"has-custom-font has-custom-lineheight\"><strong>Uso y beneficios: <\/strong> <br>Debido a su especialidad estructural del \u00e1tomo de azufre, es un antioxidante estable y poderoso. No solo previene la oxidaci\u00f3n, sino tambi\u00e9n la eliminaci\u00f3n de radicales libres, en particular los radicales -OH.<\/p>\n\n\n\n<p style=\"font-family:Open Sans;line-height:1.5\" class=\"has-custom-font has-custom-lineheight\"><strong>Papel de la ergotioneina: <\/strong><\/p>\n\n\n\n<ul class=\"boostlist has-custom-font\" style=\"font-family:Open Sans\"><li>Protege la piel del da\u00f1o del ADN.<\/li><li>Antioxidante estable y potente.<\/li><li>Previene la degeneraci\u00f3n de la piel por factores clim\u00e1ticos como la contaminaci\u00f3n, los da\u00f1inos rayos UV, la exposici\u00f3n a humos qu\u00edmicos, etc.<\/li><li>Ayuda a retener el tanque de agua por m\u00e1s tiempo, evitando que la piel envejezca prematuramente. Por lo tanto, se puede evitar la aparici\u00f3n de l\u00edneas finas, arrugas o flacidez.<\/li><li>Estabiliza la formulaci\u00f3n de la crema DERM. Previene los efectos nocivos del ox\u00edgeno en el producto, como decoloraci\u00f3n, separaci\u00f3n, etc.<\/li><\/ul>\n\n\n\n<p style=\"font-family:Open Sans;line-height:1.5\" class=\"has-custom-font has-custom-lineheight\">Extracto de hoja de t\u00e9 verde: contiene antioxidantes antienvejecimiento.<br>Aceite de jojoba: hidrata, protege y suaviza las l\u00edneas finas.<br>Estearato de glicerilo: ayuda a prevenir la p\u00e9rdida de humedad.<br>Prote\u00edna de trigo hidrolizada: ayuda a la piel a retener la humedad.<\/p>\n\n\n\n<div style=\"height:20px\" aria-hidden=\"true\" class=\"wp-block-spacer\"><\/div>\n\n\n\n<p style=\"color:#0071a1;font-family:Open Sans\" class=\"has-text-color has-medium-font-size crinnersub has-custom-font\"><strong>Pourquoi choisir Dr. SERRAR<sup>\u00ae<\/sup> DERM Ergothioneine?<\/strong><\/p>\n\n\n\n<p style=\"font-family:Open Sans;line-height:1.5\" class=\"has-custom-font has-custom-lineheight\">Los antioxidantes anti-\u00e2ge Dr. SERRAR<sup>\u00ae<\/sup> Derm se fabrican de acuerdo con los m\u00e1s altos est\u00e1ndares en la industria farmac\u00e9utica. Contienen ingredientes antioxidantes avanzados Ergothioneine, aceite de jojoba, extracto de hoja de t\u00e9 verde, estearato de glicerilo, prote\u00edna de trigo hidrolizada en esta f\u00f3rmula avanzada dise\u00f1ada para proteger la piel del da\u00f1o del ADN. Contiene antioxidantes antienvejecimiento, ayuda a prevenir la p\u00e9rdida de humedad, ayuda a la piel a retener la humedad, hidrata y protege y suaviza las l\u00edneas finas que incluyen brillo, firmeza, arrugas, manchas oscuras y manchas solares.<\/p>\n\n\n\n<ul class=\"boostlist has-custom-font\" style=\"font-family:Open Sans\"><li>LA PLUS HAUTE QUALIT\u00c9. SANS GLUTEN. Fabriqu\u00e9 aux \u00c9tats-Unis. <\/li><li> Installations certifi\u00e9es FDA <\/li><li> Les bonnes pratiques de fabrication (BPF) sont un ensemble de r\u00e9glementations pharmaceutiques strictes qui garantissent que les compl\u00e9ments alimentaires sont fabriqu\u00e9s et contr\u00f4l\u00e9s selon des normes \u00e9lev\u00e9es qui conviennent <\/li><li> Sans soja, sans gluten, certifi\u00e9 casher, sans produits laitiers, sans lait, noix, arachides, crustac\u00e9s, bl\u00e9 et soja. \u00c9galement exempt de levure, d&#8217;orge, de riz, de sodium et de sucre. <\/li><li> Efficacit\u00e9 maximale <\/li><li> Tout naturel <\/li><li> Fabriqu\u00e9 avec des ingr\u00e9dients hypoallerg\u00e9niques<\/li><\/ul>\n\n\n\n<div style=\"height:20px\" aria-hidden=\"true\" class=\"wp-block-spacer\"><\/div>\n\n\n\n<p style=\"font-family:Open Sans;line-height:1.5\" class=\"has-custom-font has-custom-lineheight\"><strong>Indications <\/strong> <br> Le processus de vieillissement diminue naturellement l&#8217;humidit\u00e9, le collag\u00e8ne et les nutriments essentiels de la peau, laissant la peau s\u00e8che, rid\u00e9e et tach\u00e9e. La cr\u00e8me DERM Ergothioneine est con\u00e7ue avec pr\u00e9cision pour revitaliser la peau vieillissante, en fournissant les nutriments essentiels n\u00e9cessaires pour redonner \u00e0 la peau son aspect magnifique et jeune.<\/p>\n<\/div><\/div>\n<\/div><\/div>\n\n\n\n<p style=\"background-color:#005e94;font-family:Open Sans\" class=\"has-text-color has-background has-text-align-center has-medium-font-size has-quaternary-color clinicallinks has-custom-font\"><a href=\"https:\/\/www.serrarpharma.com\/es\/product\/dr-serrar-derm\/\">ACHETER MAINTENANT<\/a><\/p>\n<\/div><\/div>\n\n\n\n<div class=\"wp-container-43 wp-block-group crbox\"><div class=\"wp-block-group__inner-container\">\n<div class=\"wp-container-42 wp-block-group has-background cresearchtop\" style=\"background-color:#e4effa\"><div class=\"wp-block-group__inner-container\">\n<div class=\"wp-block-media-text alignwide has-media-on-the-right is-stacked-on-mobile is-vertically-aligned-center topcrbox\" style=\"grid-template-columns:auto 35%\"><figure class=\"wp-block-media-text__media\"><img src=\"https:\/\/i0.wp.com\/www.serrarpharma.com\/wp-content\/uploads\/2020\/06\/Scrub-S.png?w=660&#038;ssl=1\" alt=\"\" class=\"wp-image-7828\" data-recalc-dims=\"1\"\/><\/figure><div class=\"wp-block-media-text__content\">\n<div style=\"height:30px\" aria-hidden=\"true\" class=\"wp-block-spacer\"><\/div>\n\n\n\n<p style=\"background-color:#63ade5;line-height:1\" class=\"has-text-color has-background has-large-font-size has-quaternary-color crsub has-custom-lineheight\"><strong>Dr. SERRAR<sup>\u00ae<\/sup> PHYTO-REV SCRUB<\/strong><\/p>\n\n\n\n<p style=\"font-family:Open Sans;line-height:1.5\" class=\"crboxbod has-custom-font has-custom-lineheight\">Exfoliante y exfoliante cut\u00e1neo nuevo <br> Elimina la piel de impurezas y c\u00e9lulas muertas <br> Renovaci\u00f3n celular natural m\u00e1s r\u00e1pido <br> Aspecto joven y saludable <br> Prepara la piel para absorber los elementos activos de los productos<\/p>\n\n\n\n<p style=\"font-family:Open Sans;line-height:1.5\" class=\"crboxbod has-custom-font has-custom-lineheight\">Reduce la aparici\u00f3n de l\u00edneas finas y arrugas. Los antioxidantes previenen el envejecimiento de la piel <br> Protege de las agresiones externas diarias <br> Mejor piel oxigenada, radiante y luminosa <br> Hidratos de la piel m\u00e1s sensible <br> Nutritiva y calmante <br> Astringente aprieta los poros <br> Relaja los m\u00fasculos de la cara <br> Piel m\u00e1s suave con un toque aterciopelado <br> Dise\u00f1ado para todo tipo de pieles.<\/p>\n<\/div><\/div>\n\n\n\n<div style=\"height:20px\" aria-hidden=\"true\" class=\"wp-block-spacer\"><\/div>\n\n\n\n<div style=\"height:20px\" aria-hidden=\"true\" class=\"wp-block-spacer\"><\/div>\n<\/div><\/div>\n\n\n\n<div style=\"height:20px\" aria-hidden=\"true\" class=\"wp-block-spacer\"><\/div>\n\n\n\n<div class=\"wp-block-coblocks-row coblocks-row-31415475586 d3bottom mt-0\" data-columns=\"1\" data-layout=\"100\"><div class=\"wp-block-coblocks-row__inner has-background has-medium-gutter has-padding has-medium-padding has-no-margin is-stacked-on-mobile\" style=\"background-color:#f8fafc\">\n<div class=\"wp-block-coblocks-column coblocks-column-31415476933 collabott\" style=\"width:100%\"><div class=\"wp-block-coblocks-column__inner has-no-padding has-no-margin\">\n<p style=\"font-family:Open Sans;line-height:1.5\" class=\"has-custom-font has-custom-lineheight\">Es importante exfoliar tu piel regularmente. Ya sea para prolongar el bronceado o mejorar la efectividad del cuidado. La exfoliaci\u00f3n es parte de una rutina de belleza ideal y una piel hermosa y suave.<\/p>\n\n\n\n<p style=\"color:#0071a1;font-family:Open Sans;line-height:1.5\" class=\"has-text-color has-custom-font has-custom-lineheight\"><strong>\u00bfQu\u00e9 es un exfoliante?<\/strong><\/p>\n\n\n\n<p style=\"font-family:Open Sans;line-height:1.5\" class=\"has-custom-font has-custom-lineheight\">La exfoliaci\u00f3n consiste en eliminar las c\u00e9lulas muertas acumuladas en su epidermis, la superficie de su piel. Si no se eliminan y la capa de c\u00e9lulas muertas se vuelve demasiado gruesa, esto puede tener varias consecuencias en la epidermis:<\/p>\n\n\n\n<ul class=\"boostlist has-custom-font\" style=\"font-family:Open Sans\"><li>Piel m\u00e1s dulce que carece de luminosidad <\/li><li> Piel menos oxigenada, como si estuviera desvitalizada <\/li><li> Piel m\u00e1s rugosa al tacto <\/li><li> Piel m\u00e1s seca <\/li><li> Cabello encarnado, debido a las gl\u00e1ndulas piloseb\u00e1ceas, en la ra\u00edz del cabello, que se obstruye m\u00e1s f\u00e1cilmente<\/li><\/ul>\n\n\n\n<p style=\"font-family:Open Sans;line-height:1.5\" class=\"has-custom-font has-custom-lineheight\">Los poros obstruidos y las espinillas en la cara ocurren porque la piel est\u00e1 congestionada. Aunque la naturaleza a menudo hace las cosas bien, y la piel de su cuerpo se ralentiza la mayor parte del tiempo, a veces necesita un peque\u00f1o impulso para limpiarse, desintoxicarse y nutrirse a fondo.<\/p>\n\n\n\n<p style=\"font-family:Open Sans;line-height:1.5\" class=\"has-custom-font has-custom-lineheight\">Dr. SERRAR<sup>\u00ae<\/sup> PHYTO-REV SCRUB es una exfoliaci\u00f3n mec\u00e1nica. Est\u00e1 compuesto de diferentes ingredientes activos naturales y org\u00e1nicos, para un cuidado efectivo que respeta su salud y el medio ambiente. <br> Compuesto de granos de diatomeas PHYTO-REV SCRUB tiene poder abrasivo en la piel, contiene microgranos naturales muy finos, que permitir\u00e1n Es respetuoso con la piel mientras es eficaz. Son suaves y agradables de usar: desplazar\u00e1n las c\u00e9lulas muertas sin atacar su piel. Gracias al masaje, los granos del PHYTO-REV SCRUB permiten que la piel elimine las c\u00e9lulas muertas y las impurezas.<\/p>\n\n\n\n<p style=\"font-family:Open Sans;line-height:1.5\" class=\"has-custom-font has-custom-lineheight\">Despu\u00e9s de usar PHYTO-REV SCRUB, su piel estar\u00e1 m\u00e1s sana y suave. Al exfoliar regularmente la piel de su cara, contribuir\u00e1 a la renovaci\u00f3n celular natural al eliminar parte del estrato c\u00f3rneo compuesto por c\u00e9lulas muertas. Por lo tanto, su piel est\u00e1 mejor oxigenada, se renueva mejor y m\u00e1s r\u00e1pido, lo que la hace m\u00e1s radiante y luminosa.<\/p>\n\n\n\n<p style=\"font-family:Open Sans;line-height:1.5\" class=\"has-custom-font has-custom-lineheight\">Otro beneficio: la capa protectora de su piel se refina y, por lo tanto, es menos impermeable, el cuidado que le brinda puede penetrar mejor y m\u00e1s profundamente. PHYTO-REV SCRUB tambi\u00e9n reduce la aparici\u00f3n de arrugas y l\u00edneas finas y suaviza la piel con un toque aterciopelado.<\/p>\n\n\n\n<p style=\"font-family:Open Sans;line-height:1.5\" class=\"has-custom-font has-custom-lineheight\">Los aceites vegetales son esenciales en PHYTO-REV SCRUB porque inmediatamente despu\u00e9s de la exfoliaci\u00f3n, ayudan a reestructurar y nutrir la piel. Se recomienda dejar el exfoliante en la piel durante 3 a 4 minutos despu\u00e9s de un suave masaje, para beneficiarse de las propiedades nutritivas y calmantes de los aceites vegetales: este es el gesto ideal para reequilibrar la hidrataci\u00f3n de la epidermis m\u00e1s sensible.<\/p>\n\n\n\n<p style=\"font-family:Open Sans;line-height:1.5\" class=\"has-custom-font has-custom-lineheight\">PHYTO-REV SCRUB no solo exfolia la piel, sino que le dar\u00e1 un cuidado real. Use ingredientes activos que mejoren la condici\u00f3n de la piel, circulatorio, astringente (acci\u00f3n que aprieta los poros), antioxidante (previene el envejecimiento de la piel y protege de las agresiones externas diarias) o incluso relajantes, para ayudar a que los m\u00fasculos de su rostro se alivien.<\/p>\n\n\n\n<div style=\"height:20px\" aria-hidden=\"true\" class=\"wp-block-spacer\"><\/div>\n\n\n\n<p style=\"color:#0071a1\" class=\"has-text-color has-medium-font-size crinnersub\"><strong>Por qu\u00e9 elegir Dr. SERRAR<sup>\u00ae<\/sup> PHYTO-REV SCRUB?<\/strong><\/p>\n\n\n\n<p style=\"font-family:Open Sans;line-height:1.5\" class=\"has-custom-font has-custom-lineheight\">SerrarPharma BODYLIFT anti celulitis y anti edema, se fabrican de acuerdo con los m\u00e1s altos est\u00e1ndares en la industria farmac\u00e9utica. Utilizan los beneficios naturales del extracto de casta\u00f1o de indias, mucopolisac\u00e1ridos e ingredientes avanzados. Estimula la circulaci\u00f3n sangu\u00ednea de las capas perif\u00e9ricas de la piel, es calmante y act\u00faa como descongestionante. Ayuda a liberar el agua atrapada en el tejido, combinada con ingredientes que facilitan el mDr. SERRAR<sup>\u00ae<\/sup> PHYTO-REV SCRUB se fabrica de acuerdo con los m\u00e1s altos est\u00e1ndares en la industria farmac\u00e9utica. Tanto exfoliante como tratante, la crema contiene microgr\u00e1nulos de diatomeas avanzados, extracto de pepino, aceite de s\u00e9samo, aceite de almendras dulces y alanto\u00edna. Estas sustancias naturales ayudan a la piel a mantener estas funciones generativas. Al lijar suavemente, esta crema elimina las impurezas y las c\u00e9lulas muertas de la piel, le da un aspecto joven y saludable y la prepara para recibir los elementos activos de los productos de tratamiento. Dise\u00f1ado para todo tipo de pieles. Para la eliminaci\u00f3n de grasas en la cara, cuello, pies y cuerpo, es un producto que se utiliza para combatir la celulitis.<\/p>\n\n\n\n<ul class=\"boostlist has-custom-font\" style=\"font-family:Open Sans\"><li>DE LA M\u00c1XIMA CALIDAD. SIN GLUTEN. Hecho en EE. UU. <\/li><li> Instalaciones certificadas por la FDA <\/li><li> Las Buenas Pr\u00e1cticas de Fabricaci\u00f3n (GMP) son un conjunto de estrictas regulaciones farmac\u00e9uticas que aseguran que los complementos alimenticios se fabriquen y controlen con un alto nivel que sea adecuado para su uso. <\/li><li> Sin soja, sin gluten, certificado kosher, sin l\u00e1cteos, sin leche, nueces de \u00e1rbol, man\u00ed, mariscos, trigo y soja. Tambi\u00e9n libre de levadura, cebada, arroz, sodio y az\u00facar. <\/li><li> M\u00e1xima eficiencia <\/li><li> Todo de origen natural <\/li><li> Hecho con ingredientes hipoalerg\u00e9nicos<\/li><\/ul>\n\n\n\n<div style=\"height:20px\" aria-hidden=\"true\" class=\"wp-block-spacer\"><\/div>\n\n\n\n<p style=\"font-family:Open Sans;line-height:1.5\" class=\"has-custom-font has-custom-lineheight\">Despu\u00e9s de la exfoliaci\u00f3n use el Dr. SERRAR<sup>\u00ae <\/sup> PHYTO-REV TONIC + Vitamin C + ECLAT Collagen (d\u00eda) + DERM Ergothioneine (noche). <br> El kit Dr. SERRAR<sup>\u00ae<\/sup>: PHYTO-REV ( LIMPIAR + FREGAR + M\u00c1SCARA + T\u00d3NICO) + Vitamina C + ECLAT Collagen + DERM, regenera a\u00f1os de da\u00f1o ambiental y deja tu piel sana y joven. Reduce visiblemente las l\u00edneas finas y las arrugas, haciendo que su piel sea m\u00e1s robusta y luminosa. Dise\u00f1ado para todo tipo de pieles.<\/p>\n\n\n\n<div style=\"height:20px\" aria-hidden=\"true\" class=\"wp-block-spacer\"><\/div>\n<\/div><\/div>\n<\/div><\/div>\n\n\n\n<p style=\"background-color:#005e94;font-family:Open Sans\" class=\"has-text-color has-background has-text-align-center has-medium-font-size has-quaternary-color clinicallinks has-custom-font\"><a href=\"https:\/\/www.serrarpharma.com\/es\/product\/phyto-scrub-dr-serrar\/\">COMPRAR AHORA<\/a><\/p>\n<\/div><\/div>\n\n\n\n<div class=\"wp-container-45 wp-block-group crbox\"><div class=\"wp-block-group__inner-container\">\n<div class=\"wp-container-44 wp-block-group has-background cresearchtop\" style=\"background-color:#e4effa\"><div class=\"wp-block-group__inner-container\">\n<div class=\"wp-block-media-text alignwide has-media-on-the-right is-stacked-on-mobile is-vertically-aligned-center topcrbox\" style=\"grid-template-columns:auto 35%\"><figure class=\"wp-block-media-text__media\"><img src=\"https:\/\/i0.wp.com\/www.serrarpharma.com\/wp-content\/uploads\/2020\/06\/Mask-S.png?w=660&#038;ssl=1\" alt=\"\" class=\"wp-image-7827\" data-recalc-dims=\"1\"\/><\/figure><div class=\"wp-block-media-text__content\">\n<div style=\"height:30px\" aria-hidden=\"true\" class=\"wp-block-spacer\"><\/div>\n\n\n\n<p style=\"background-color:#63ade5;line-height:1\" class=\"has-text-color has-background has-large-font-size has-quaternary-color crsub has-custom-lineheight\"><strong>Dr. SERRAR<sup>\u00ae<\/sup> PHYTO-REV MASK<\/strong><\/p>\n\n\n\n<p style=\"font-family:Open Sans;line-height:1.5\" class=\"crboxbod has-custom-font has-custom-lineheight\">Reparaci\u00f3n y curaci\u00f3n <br>\nAntioxidantes <br>\nProtege de las agresiones externas diarias <br>\nAnti-enrojecimiento y calmante <br>\nIlumina, reafirma y humecta <br>\nEstimula la circulaci\u00f3n de la epidermis <br>\nOxigenaci\u00f3n de la piel <br>\nAntis\u00e9ptico no irritante <br>\nDise\u00f1ado para todo tipo de pieles.<br><\/p>\n<\/div><\/div>\n\n\n\n<div style=\"height:20px\" aria-hidden=\"true\" class=\"wp-block-spacer\"><\/div>\n\n\n\n<div style=\"height:20px\" aria-hidden=\"true\" class=\"wp-block-spacer\"><\/div>\n<\/div><\/div>\n\n\n\n<div style=\"height:20px\" aria-hidden=\"true\" class=\"wp-block-spacer\"><\/div>\n\n\n\n<div class=\"wp-block-coblocks-row coblocks-row-31415475586 d3bottom mt-0\" data-columns=\"1\" data-layout=\"100\"><div class=\"wp-block-coblocks-row__inner has-background has-medium-gutter has-padding has-medium-padding has-no-margin is-stacked-on-mobile\" style=\"background-color:#f8fafc\">\n<div class=\"wp-block-coblocks-column coblocks-column-31415476933 collabott\" style=\"width:100%\"><div class=\"wp-block-coblocks-column__inner has-no-padding has-no-margin\">\n<p style=\"font-family:Open Sans;line-height:1.5\" class=\"has-custom-font has-custom-lineheight\">La m\u00e1scara cosm\u00e9tica es un ritual creado hace miles de a\u00f1os. El antiguo Egipto y su legendaria Cleopatra amaban este tipo de cuidados. Este ritual ha cruzado las edades pasando por la antigua Grecia, que dio el nombre de cosm\u00e9ticos traducidos al griego antiguo por Kosmos, que significa cara y adorno. La m\u00e1scara de belleza es un tratamiento ritual que ayuda a mantener la piel al proporcionarle todos los elementos e ingredientes activos que necesita para el equilibrio de la piel y retrasar los signos del envejecimiento.<\/p>\n\n\n\n<p style=\"font-family:Open Sans;line-height:1.5\" class=\"has-custom-font has-custom-lineheight\">Una piel diferente requiere un tratamiento nutritivo y calmante confortable.<\/p>\n\n\n\n<p style=\"font-family:Open Sans;line-height:1.5\" class=\"has-custom-font has-custom-lineheight\">Dr. SERRAR<sup>\u00ae<\/sup> PHYTO-REV MASK es el tratamiento hidratante que reequilibrar\u00e1 todo tipo de pieles normales, secas, mixtas y extra sensibles. . La hidrataci\u00f3n es el punto com\u00fan para todos los tipos de piel. Las c\u00e9lulas y las gl\u00e1ndulas subcut\u00e1neas no pueden crear agua. Esta hidrataci\u00f3n ser\u00e1 la clave para mantener un equilibrio de la pel\u00edcula hidrolip\u00eddica. Este tratamiento espec\u00edfico puede compensar una degradaci\u00f3n de la piel, como arrugas, p\u00e9rdida de firmeza, ojeras, granos, sequedad.<\/p>\n\n\n\n<p style=\"font-family:Open Sans;line-height:1.5\" class=\"has-custom-font has-custom-lineheight\">Piel seca, por ejemplo, falta de agua y l\u00edpidos. Es por eso que ser\u00e1 necesario optar por PHYTO-REV MASK, una m\u00e1scara rica en hidrataci\u00f3n y nutrici\u00f3n con ingredientes activos que podr\u00e1n restaurar esta falta de agua y proporcionar flexibilidad y comodidad para la piel. Por el contrario, la piel grasa producir\u00e1 un cantidad excesiva de sebo, una sustancia grasa que proteger\u00e1 la barrera epid\u00e9rmica. Sin embargo, debe saber que esta sobreproducci\u00f3n se debe en parte a una interrupci\u00f3n de las gl\u00e1ndulas seb\u00e1ceas, pero tambi\u00e9n a una posible deshidrataci\u00f3n. Si la piel siente un desequilibrio y falta de agua, solo puede devolver el sebo para protegerse. Una producci\u00f3n excesiva de sebo obstruir\u00e1 los poros y causar\u00e1 manchas y puntos negros, pero no resolver\u00e1 el problema de la falta de agua. Adem\u00e1s, PHYTO-REV MASK est\u00e1 enriquecida con ingredientes con varias propiedades antioxidantes, anti-enrojecimiento, calmantes y calmantes. Por lo tanto, es perfecto para pieles reactivas y sensibles.<\/p>\n\n\n\n<div style=\"height:20px\" aria-hidden=\"true\" class=\"wp-block-spacer\"><\/div>\n\n\n\n<p style=\"color:#63ade5;font-size:19px;font-family:Open Sans\" class=\"has-text-color has-custom-font\"><strong>INGREDIENTES PRINCIPALES<\/strong><\/p>\n\n\n\n<p style=\"line-height:1.5;font-family:Open Sans\" class=\"has-custom-font has-custom-lineheight\"><strong>Alanto\u00edna <\/strong>: <br> Curaci\u00f3n, promueve la proliferaci\u00f3n celular de la piel. Elimina el tejido necr\u00f3tico. Agente reparador y restaurador del epitelio. no irritante y es hidratante, suavizante y calmante.\/p>\n\n\n\n<p style=\"font-family:Open Sans;line-height:1.5\" class=\"has-custom-font has-custom-lineheight\"><strong>Extracto de hinojo <\/strong>: <br> Regula la humedad de la piel y alivia la irritaci\u00f3n.<\/p>\n\n\n\n<p style=\"font-family:Open Sans;line-height:1.5\" class=\"has-custom-font has-custom-lineheight\"><strong>Extracto de mu\u00e9rdago y b\u00e1lsamo de lim\u00f3n <\/strong>: <br> Propiedad antis\u00e9ptica.<\/p>\n\n\n\n<p style=\"font-family:Open Sans;line-height:1.5\" class=\"has-custom-font has-custom-lineheight\"><strong> Extracto de l\u00fapulo <\/strong>: rico en estr\u00f3geno vegetal que ayuda a reafirmar la piel. t\u00f3nico estimulante y antis\u00e9ptico.<\/p>\n\n\n\n<p style=\"font-family:Open Sans;line-height:1.5\" class=\"has-custom-font has-custom-lineheight\"><strong>Extracto de Milenrama <\/strong>: <br> Estimula la circulaci\u00f3n sangu\u00ednea en la epidermis y la oxigenaci\u00f3n de la piel.<\/p>\n\n\n\n<p style=\"font-family:Open Sans;line-height:1.5\" class=\"has-custom-font has-custom-lineheight\">El uso de PHYTO-REV MASK proporciona m\u00e1s comodidad y resultados sorprendentes para una piel perfecta y brillante.<\/p>\n\n\n\n<p style=\"color:#0071a1\" class=\"has-text-color has-medium-font-size crinnersub\"><strong>Por qu\u00e9 elegir Dr. SERRAR<sup>\u00ae<\/sup> PHYTO-REV MASK?<\/strong><\/p>\n\n\n\n<p style=\"font-family:Open Sans;line-height:1.5\" class=\"has-custom-font has-custom-lineheight\">Dr. SERRAR<sup>\u00ae<\/sup> PHYTO-REV MASK se fabrica de acuerdo con los m\u00e1s altos est\u00e1ndares en la industria farmac\u00e9utica. La crema contiene extracto avanzado de hinojo, Houblon, Linguee, Achill\u00e9e, Manzanilla en combinaci\u00f3n con Alanto\u00edna. Estas sustancias naturales ayudan a la piel a mantener estas funciones generativas. Esta M\u00c1SCARA elimina las impurezas y las c\u00e9lulas muertas de la piel, le da un aspecto joven y saludable y la prepara para recibir los elementos activos de los productos de tratamiento. <br> PHYTO-REV MASK es un agente curativo, reparador y restaurador del epitelio. Promueve la proliferaci\u00f3n celular de la piel, elimina el tejido necr\u00f3tico. Es hidratante, suavizante y calmante, regula la humedad de la piel y alivia la irritaci\u00f3n. Rico en estr\u00f3genos vegetales, ayuda a reafirmar la piel. Estimula la circulaci\u00f3n de la sangre en la epidermis y la oxigenaci\u00f3n de la piel. Tiene una propiedad antis\u00e9ptica no irritante. Dise\u00f1ado para todo tipo de pieles.<\/p>\n\n\n\n<ul class=\"boostlist has-custom-font\" style=\"font-family:Open Sans\"><li>DE LA M\u00c1XIMA CALIDAD. SIN GLUTEN. Hecho en EE. UU. <\/li><li> Instalaciones certificadas por la FDA <\/li><li> Las Buenas Pr\u00e1cticas de Fabricaci\u00f3n (GMP) son un conjunto de estrictas regulaciones farmac\u00e9uticas que aseguran que los complementos alimenticios se fabriquen y controlen con un alto nivel que sea adecuado para su uso. <\/li><li> Sin soja, sin gluten, certificado kosher, sin l\u00e1cteos, sin leche, nueces de \u00e1rbol, man\u00ed, mariscos, trigo y soja. Tambi\u00e9n libre de levadura, cebada, arroz, sodio y az\u00facar. <\/li><li> M\u00e1xima eficiencia <\/li><li> Todo de origen natural <\/li><li> Hecho con ingredientes hipoalerg\u00e9nicos<\/li><\/ul>\n\n\n\n<div style=\"height:20px\" aria-hidden=\"true\" class=\"wp-block-spacer\"><\/div>\n\n\n\n<p style=\"font-family:Open Sans;line-height:1.5\" class=\"has-custom-font has-custom-lineheight\">Use la M\u00c1SCARA PHYTO-REV despu\u00e9s de la exfoliaci\u00f3n con PHYTO-REV SCRUB +. PHYTO-REV TONIC. Despu\u00e9s de la M\u00c1SCARA PHYTO-REV use la vitamina C + ECLAT Collagen Dr. SERRAR\u00ae (d\u00eda) + DERM Ergothioneine (noche). <br> El kit Dr. SERRAR<sup>\u00ae <\/sup>: PHYTO-REV (LIMPIEZA + SCRUB + M\u00c1SCARA + T\u00d3NICO) + Vitamina C + ECLAT Collagen + DERM, regenera a\u00f1os de da\u00f1o ambiental y deja tu piel sana y joven. Reduce visiblemente las l\u00edneas finas y las arrugas, haciendo que su piel sea m\u00e1s robusta y luminosa. Dise\u00f1ado para todo tipo de pieles.<\/p>\n\n\n\n<div style=\"height:20px\" aria-hidden=\"true\" class=\"wp-block-spacer\"><\/div>\n<\/div><\/div>\n<\/div><\/div>\n\n\n\n<p style=\"background-color:#005e94;font-family:Open Sans\" class=\"has-text-color has-background has-text-align-center has-medium-font-size has-quaternary-color clinicallinks has-custom-font\"><a href=\"https:\/\/www.serrarpharma.com\/es\/product\/phyto-mask-dr-serrar\/\">COMPRAR AHORA<\/a><\/p>\n<\/div><\/div>\n\n\n\n<div class=\"wp-container-47 wp-block-group crbox\"><div class=\"wp-block-group__inner-container\">\n<div class=\"wp-container-46 wp-block-group has-background cresearchtop\" style=\"background-color:#e4effa\"><div class=\"wp-block-group__inner-container\">\n<div class=\"wp-block-media-text alignwide has-media-on-the-right is-stacked-on-mobile is-vertically-aligned-center topcrbox\" style=\"grid-template-columns:auto 35%\"><figure class=\"wp-block-media-text__media\"><img src=\"https:\/\/i0.wp.com\/www.serrarpharma.com\/wp-content\/uploads\/2020\/06\/Clean-S.png?w=660&#038;ssl=1\" alt=\"\" class=\"wp-image-7829\" data-recalc-dims=\"1\"\/><\/figure><div class=\"wp-block-media-text__content\">\n<div style=\"height:30px\" aria-hidden=\"true\" class=\"wp-block-spacer\"><\/div>\n\n\n\n<p style=\"background-color:#63ade5;line-height:1\" class=\"has-text-color has-background has-large-font-size has-quaternary-color crsub has-custom-lineheight\"><strong>Dr. SERRAR<sup>\u00ae<\/sup> PHYTO-REV CLEAN<\/strong><\/p>\n\n\n\n<p style=\"line-height:1.5;font-family:Open Sans\" class=\"crboxbod has-custom-font has-custom-lineheight\">Limpia y Purifica <br>\nHidrata y suaviza <br>\nPiel brillante <br>\nIlumina la tez luminosa <br>\nLleno de beneficios antienvejecimiento <br>\n<br> antiinflamatorio\nSin gluten <<br>>\nDise\u00f1ado para todo tipo de pieles.<\/p>\n<\/div><\/div>\n\n\n\n<div style=\"height:20px\" aria-hidden=\"true\" class=\"wp-block-spacer\"><\/div>\n\n\n\n<div style=\"height:20px\" aria-hidden=\"true\" class=\"wp-block-spacer\"><\/div>\n<\/div><\/div>\n\n\n\n<div style=\"height:20px\" aria-hidden=\"true\" class=\"wp-block-spacer\"><\/div>\n\n\n\n<div class=\"wp-block-coblocks-row coblocks-row-31415475586 d3bottom mt-0\" data-columns=\"1\" data-layout=\"100\"><div class=\"wp-block-coblocks-row__inner has-background has-medium-gutter has-padding has-medium-padding has-no-margin is-stacked-on-mobile\" style=\"background-color:#f8fafc\">\n<div class=\"wp-block-coblocks-column coblocks-column-31415476933 collabott\" style=\"width:100%\"><div class=\"wp-block-coblocks-column__inner has-no-padding has-no-margin\">\n<p style=\"font-family:Open Sans;line-height:1.5\" class=\"has-custom-font has-custom-lineheight\">El Dr. SERRAR<sup>\u00ae<\/sup> PHYTO-REV CLEAN Velours Cleansing Milk (desmaquillante) es el cuidado esencial para limpiar la cara y mantener la piel clara y radiante. Es ideal para todo tipo de pieles; incluso pieles sensibles. Efectivo para una limpieza suave y profunda de la epidermis. Elimina el maquillaje y las impurezas en la cara, los ojos (elimina el rimel), los p\u00e1rpados, los labios y el cuello con la misma eficacia que un tratamiento de spa. Limpia en un abrir y cerrar de ojos mientras preserva el equilibrio hidrolip\u00eddico de la piel. Su f\u00f3rmula basada en robane; La sustancia del aceite de oliva es muy penetrante. Este ingrediente restaura, proporciona flexibilidad y protege contra la irritaci\u00f3n de la piel. PHYTO-REV CLEAN contiene otros ingredientes con reconocidas propiedades calmantes; propilenglicol, amerchol y silicona que permiten la hidrataci\u00f3n de la piel y deja una sensaci\u00f3n inmediata de frescura.<\/p>\n\n\n\n<p style=\"font-family:Open Sans;line-height:1.5\" class=\"has-custom-font has-custom-lineheight\">PHYTO-REV CLEAN Respeta el pH fisiol\u00f3gico de la piel. Su base neutra deja la piel flexible y permeable y la prepara eficazmente para recibir otros tratamientos. Es un tratamiento natural excepcional que ayuda a retrasar los signos de envejecimiento de la piel con sus beneficios antienvejecimiento, antiinflamatorios y tonificantes. Los ingredientes tienen propiedades antioxidantes e hidratantes que ayudan a proteger la piel del envejecimiento de la piel.<\/p>\n\n\n\n<p style=\"font-family:Open Sans;line-height:1.5\" class=\"has-custom-font has-custom-lineheight\">PHYTO-REV CLEAN no contiene parabenos, productos derivados del petr\u00f3leo, aceite mineral, alcohol ni fragancias artificiales. Producto no probado en animales (certificado humano). Todos los ingredientes de la agricultura ecol\u00f3gica.<\/p>\n\n\n\n<div style=\"height:20px\" aria-hidden=\"true\" class=\"wp-block-spacer\"><\/div>\n\n\n\n<p style=\"color:#0071a1\" class=\"has-text-color has-medium-font-size crinnersub\"><strong>Por qu\u00e9 elegir Dr. SERRAR<sup>\u00ae<\/sup> PHYTO-REV CLEAN?<\/strong><\/p>\n\n\n\n<p style=\"font-family:Open Sans;line-height:1.5\" class=\"has-custom-font has-custom-lineheight\">Dr. SERRAR<sup>\u00ae<\/sup> PHYTO-REV CLEAN se fabrica de acuerdo con los m\u00e1s altos est\u00e1ndares en la industria farmac\u00e9utica. La crema contiene la f\u00f3rmula base avanzada de robanets; La sustancia del aceite de oliva es muy penetrante. Este ingrediente restaura, proporciona flexibilidad y protege contra la irritaci\u00f3n de la piel. Otros ingredientes con reconocidas propiedades calmantes; propilenglicol, amerchol y silicona que permiten la hidrataci\u00f3n de la piel y dejan una sensaci\u00f3n inmediata de frescura. <br> pH Respeta la piel fisiol\u00f3gica. Su base neutra deja la piel flexible y permeable y la prepara eficazmente para recibir otros tratamientos. Es un tratamiento natural excepcional que ayuda a retrasar los signos del envejecimiento de la piel con sus beneficios antienvejecimiento, antioxidantes, antiinflamatorios y tonificantes. PHYTO-REV CLEAN no contiene parabenos, productos derivados del petr\u00f3leo, aceite mineral, alcohol ni fragancias artificiales. Producto no probado en animales (certificado humano).<\/p>\n\n\n\n<ul class=\"boostlist has-custom-font\" style=\"font-family:Open Sans\"><li>DE LA M\u00c1XIMA CALIDAD. SIN GLUTEN. Hecho en EE. UU. <\/li><li> Instalaciones certificadas por la FDA <\/li><li> Las Buenas Pr\u00e1cticas de Fabricaci\u00f3n (GMP) son un conjunto de estrictas regulaciones farmac\u00e9uticas que aseguran que los complementos alimenticios se fabriquen y controlen con un alto nivel que sea adecuado para su uso. <\/li><li> Sin soja, sin gluten, certificado kosher, sin l\u00e1cteos, sin leche, nueces de \u00e1rbol, man\u00ed, mariscos, trigo y soja. Tambi\u00e9n libre de levadura, cebada, arroz, sodio y az\u00facar. <\/li><li> M\u00e1xima eficiencia <\/li><li> Todo de origen natural <\/li><li> Hecho con ingredientes hipoalerg\u00e9nicos<\/li><\/ul>\n\n\n\n<div style=\"height:20px\" aria-hidden=\"true\" class=\"wp-block-spacer\"><\/div>\n\n\n\n<p style=\"font-family:Open Sans;line-height:1.5\" class=\"has-custom-font has-custom-lineheight\">Despu\u00e9s del PHYTO-REV CLEAN, use el PHYTO-REV TONIC. El kit Dr. SERRAR <sup> \u00ae <\/sup>: PHYTO-REV (CLEAN + SCRUB + MASK + TONIC) + Vitamin C + ECLAT Collagen + DERM, regenera a\u00f1os de da\u00f1o ambiental y deja la piel sana y joven. Reduce visiblemente las l\u00edneas finas y las arrugas, haciendo que su piel sea m\u00e1s robusta y luminosa. Dise\u00f1ado para todo tipo de pieles.<\/p>\n\n\n\n<div style=\"height:20px\" aria-hidden=\"true\" class=\"wp-block-spacer\"><\/div>\n<\/div><\/div>\n<\/div><\/div>\n\n\n\n<p style=\"background-color:#005e94;font-family:Open Sans\" class=\"has-text-color has-background has-text-align-center has-medium-font-size has-quaternary-color clinicallinks has-custom-font\"><a href=\"https:\/\/www.serrarpharma.com\/es\/product\/phyto-clean-dr-serrar\/\">COMPRAR AHORA<\/a><\/p>\n<\/div><\/div>\n\n\n\n<div class=\"wp-container-49 wp-block-group crbox\"><div class=\"wp-block-group__inner-container\">\n<div class=\"wp-container-48 wp-block-group has-background cresearchtop\" style=\"background-color:#e4effa\"><div class=\"wp-block-group__inner-container\">\n<div class=\"wp-block-media-text alignwide has-media-on-the-right is-stacked-on-mobile is-vertically-aligned-center topcrbox\" style=\"grid-template-columns:auto 35%\"><figure class=\"wp-block-media-text__media\"><img src=\"https:\/\/i0.wp.com\/www.serrarpharma.com\/wp-content\/uploads\/2020\/06\/Tonic-S.png?w=660&#038;ssl=1\" alt=\"\" class=\"wp-image-7830\" data-recalc-dims=\"1\"\/><\/figure><div class=\"wp-block-media-text__content\">\n<div style=\"height:30px\" aria-hidden=\"true\" class=\"wp-block-spacer\"><\/div>\n\n\n\n<p style=\"background-color:#63ade5;line-height:1\" class=\"has-text-color has-background has-large-font-size has-quaternary-color crsub has-custom-lineheight\"><strong>Dr. SERRAR<sup>\u00ae<\/sup> PHYTO-REV TONIC<\/strong><\/p>\n\n\n\n<p style=\"font-family:Open Sans;line-height:1.5\" class=\"crboxbod has-custom-font has-custom-lineheight\">Purificante y calmante <br>\nHidrata, suaviza y refresca <br>\nPiel brillante <br> mejora las cicatrices causadas por el acn\u00e9 <br>\nTONIFICACI\u00d3N <br>\nResplandor <br>\nRevitalizar <br>\nAntis\u00e9ptico no irritante<\/p>\n<\/div><\/div>\n\n\n\n<div style=\"height:20px\" aria-hidden=\"true\" class=\"wp-block-spacer\"><\/div>\n\n\n\n<div style=\"height:20px\" aria-hidden=\"true\" class=\"wp-block-spacer\"><\/div>\n<\/div><\/div>\n\n\n\n<div style=\"height:20px\" aria-hidden=\"true\" class=\"wp-block-spacer\"><\/div>\n\n\n\n<div class=\"wp-block-coblocks-row coblocks-row-31415475586 d3bottom mt-0\" data-columns=\"1\" data-layout=\"100\"><div class=\"wp-block-coblocks-row__inner has-background has-medium-gutter has-padding has-medium-padding has-no-margin is-stacked-on-mobile\" style=\"background-color:#f8fafc\">\n<div class=\"wp-block-coblocks-column coblocks-column-31415476933 collabott\" style=\"width:100%\"><div class=\"wp-block-coblocks-column__inner has-no-padding has-no-margin\">\n<p style=\"font-family:Open Sans;line-height:1.5\" class=\"has-custom-font has-custom-lineheight\">Dr. SERRAR<sup>\u00ae<\/sup> PHYTO-REV TONIC Velours loci\u00f3n es esencial para una limpieza completa de la piel. Muchas personas piensan que puede prescindir f\u00e1cilmente de una loci\u00f3n t\u00f3nica siempre que limpie la piel de su cara al menos dos veces al d\u00eda con productos adecuados. Esto puede ser cierto cuando tienes una piel perfecta &#8230; De lo contrario, el t\u00f3ner facial es esencial para limpiar y proteger tu piel adecuadamente.<\/p>\n\n\n\n<p style=\"font-family:Open Sans;line-height:1.5\" class=\"has-custom-font has-custom-lineheight\">PHYTO-REV TONIC es dulce y sin alcohol de extractos de plantas extra\u00eddos de tilo, albaricoques y ar\u00e1ndanos. Hidrata, refresca, emoliente, suaviza, calma, descongestiona, aclara, tonifica y restaura la luminosidad de la piel. Contiene antioxidantes, que ayudan a apretar los poros, equilibrar la piel y prepararla para la hidrataci\u00f3n. Esta loci\u00f3n es adecuada para la mayor\u00eda de los tipos de piel, incluidas las pieles mixtas y sensibles.<\/p>\n\n\n\n<p style=\"font-family:Open Sans;line-height:1.5\" class=\"has-custom-font has-custom-lineheight\">PHYTO-REV TONIC es org\u00e1nico y sin alcohol, ideal para equilibrar el pH de la epidermis y los poros reafirmantes. Al instante refresca y suaviza la piel. Se puede usar para calmar las irritaciones asociadas con el afeitado. Proporciona comodidad, flexibilidad e hidrataci\u00f3n a la piel. <br> El uso diario de esta loci\u00f3n t\u00f3nica sin alcohol refresca y asegura la oxigenaci\u00f3n regeneradora de la piel gracias a la acci\u00f3n reparadora de las prote\u00ednas vegetales y astringente. <br> PHYTO-REV TONIC elimina todos los rastros de desmaquillante y deja la piel perfectamente clara y radiante. El limpiador facial tonifica y aprieta los poros mientras normaliza el exceso de sebo. <br> Prepara la piel para los siguientes tratamientos (VIT C, DERM Ergothioneine, ECLAT Collagen)<\/p>\n\n\n\n<div style=\"height:20px\" aria-hidden=\"true\" class=\"wp-block-spacer\"><\/div>\n\n\n\n<p style=\"color:#0071a1\" class=\"has-text-color has-medium-font-size crinnersub\"><strong>Por qu\u00e9 elegir Dr. SERRAR<sup>\u00ae<\/sup> PHYTO-REV TONIC?<\/strong><\/p>\n\n\n\n<p style=\"font-family:Open Sans;line-height:1.5\" class=\"has-custom-font has-custom-lineheight\">Dr. SERRAR<sup>\u00ae<\/sup> PHYTO-REV TONIC se fabrica de acuerdo con los m\u00e1s altos est\u00e1ndares en la industria farmac\u00e9utica. La loci\u00f3n contiene extractos de plantas avanzadas de tilo, albaricoque, ar\u00e1ndano. Hidrata, refresca, emoliente, suaviza, calma, descongestiona, aclara, tonifica y restaura la luminosidad de la piel. Contiene antioxidantes, que ayudan a apretar los poros, equilibrar la piel y prepararla para la hidrataci\u00f3n. Esta loci\u00f3n es adecuada para la mayor\u00eda de los tipos de piel.<\/p>\n\n\n\n<ul class=\"boostlist has-custom-font\" style=\"font-family:Open Sans\"><li>DE LA M\u00c1XIMA CALIDAD. SIN GLUTEN. Hecho en EE. UU. <\/li><li> Instalaciones certificadas por la FDA <\/li><li> Las Buenas Pr\u00e1cticas de Fabricaci\u00f3n (GMP) son un conjunto de estrictas regulaciones farmac\u00e9uticas que aseguran que los complementos alimenticios se fabriquen y controlen con un alto nivel que sea adecuado para su uso. <\/li><li> Sin soja, sin gluten, certificado kosher, sin l\u00e1cteos, sin leche, nueces de \u00e1rbol, man\u00ed, mariscos, trigo y soja. Tambi\u00e9n libre de levadura, cebada, arroz, sodio y az\u00facar. <\/li><li> M\u00e1xima eficiencia <\/li><li> Todo de origen natural <\/li><li> Hecho con ingredientes hipoalerg\u00e9nicos<\/li><\/ul>\n\n\n\n<div style=\"height:20px\" aria-hidden=\"true\" class=\"wp-block-spacer\"><\/div>\n\n\n\n<p style=\"font-family:Open Sans;line-height:1.5\" class=\"has-custom-font has-custom-lineheight\">Despu\u00e9s del PHYTO-REV TONIC, use la CREMA ECLAT Collagen durante el d\u00eda y la crema DERM Ergothioneine por la noche. <br> El kit Dr. SERRAR<sup>\u00ae<\/sup>: PHYTO-REV (CLEAN + SCRUB + MASK + TONIC) + Vitamin C + ECLAT Collagen + DERM Ergothioneine, regenera a\u00f1os de da\u00f1o ambiental y deja su piel sana y joven. Reduce visiblemente las l\u00edneas finas y las arrugas, haciendo que su piel sea m\u00e1s robusta y luminosa. Dise\u00f1ado para todo tipo de pieles.<\/p>\n\n\n\n<div style=\"height:20px\" aria-hidden=\"true\" class=\"wp-block-spacer\"><\/div>\n<\/div><\/div>\n<\/div><\/div>\n\n\n\n<p style=\"background-color:#005e94;font-family:Open Sans\" class=\"has-text-color has-background has-text-align-center has-medium-font-size has-quaternary-color clinicallinks has-custom-font\"><a href=\"https:\/\/www.serrarpharma.com\/es\/product\/phyto-tonic-dr-serrar\/\">COMPRAR AHORA<\/a><\/p>\n<\/div><\/div>\n\n\n\n<div class=\"wp-container-55 wp-block-group alignfull has-background\" style=\"background-color:#f5f7fa\"><div class=\"wp-block-group__inner-container\">\n<div style=\"height:20px\" aria-hidden=\"true\" class=\"wp-block-spacer\"><\/div>\n\n\n\n<div class=\"wp-container-54 wp-block-group has-quaternary-background-color has-background\"><div class=\"wp-block-group__inner-container\">\n<p style=\"font-family:Open Sans\" class=\"has-text-color has-large-font-size has-secondary-color has-text-align-center ailtitle has-custom-font\">Dolencias que pueden ser tratadas por el Programa ZinaCal<\/p>\n\n\n\n<div style=\"height:20px\" aria-hidden=\"true\" class=\"wp-block-spacer ailspace\"><\/div>\n\n\n\n<div class=\"wp-container-53 wp-block-columns aillist\">\n<div class=\"wp-container-50 wp-block-column\">\n<ul class=\"aillistleft is-style-none has-custom-font\" style=\"font-family:Open Sans;color:#005e94\">\n<li>Artritis-Artrosis<\/li>\n<li>Arterioscl\u00e9rosis-Osteoporosis<\/li>\n<li>Acn\u00e9<\/li>\n<li>Asma<\/li>\n<li>Colesterol<\/li>\n<li>Enfermedad Cel\u00edaca<\/li>\n<li>Chron&#8217;s<\/li>\n<li>S\u00edndrome De Fatiga Cr\u00f3nica<\/li>\n<li>C\u00e1ncer<\/li>\n<\/ul>\n<p>\n<\/div>\n\n\n\n<div class=\"wp-container-51 wp-block-column\">\n<ul class=\"aillistmid is-style-none has-custom-font\" style=\"font-family:Open Sans;color:#005e94\">\n<li>Enfermedad Cardiaca<\/li>\n<li>Enfermedad Digestiva<\/li>\n<li>Diabetes<\/li>\n<li>Eccema &#8211; Psoriasis<\/li>\n<li>Endometriosis<\/li>\n<li>H\u00edgado Graso<\/li>\n<li>Fibromialgia<\/li>\n<li>Gastrophageal Reflux<\/li>\n<li>Gota<\/li>\n<\/ul>\n<p>\n<\/div>\n\n\n\n<div class=\"wp-container-52 wp-block-column\">\n<ul class=\"aillistright is-style-none has-custom-font\" style=\"font-family:Open Sans;font-size:16px;color:#005e94\">\n<li>Hipertensi\u00f3n<\/li>\n<li>Alta Presi\u00f3n Intracraneal <\/li>\n<li>Hipotiroideo<\/li>\n<li>Esterilidad<\/li>\n<li>Pr\u00f3stata<\/li>\n<li>Pancreatitis<\/li>\n<li>Obesidad<\/li>\n<li>Osteoartritis<\/li>\n<li>Relajaci\u00f3n<\/li>\n<li><\/li>\n<\/ul>\n<p>\n<\/div>\n<\/div>\n<\/div><\/div>\n\n\n\n<div style=\"height:20px\" aria-hidden=\"true\" class=\"wp-block-spacer\"><\/div>\n<\/div><\/div>\n\n\n<p><\/p>\n\n\n<\/p>\n<div class=\"wp-block-image mt-0\">\n<figure class=\"aligncenter size-large is-resized\"><img loading=\"lazy\" src=\"https:\/\/i0.wp.com\/www.serrarpharma.com\/wp-content\/uploads\/2020\/04\/CRbadges.jpg?resize=660%2C118&#038;ssl=1\" alt=\"\" class=\"wp-image-1817\" width=\"660\" height=\"118\" srcset=\"https:\/\/i0.wp.com\/www.serrarpharma.com\/wp-content\/uploads\/2020\/04\/CRbadges.jpg?resize=1024%2C183&amp;ssl=1 1024w, https:\/\/i0.wp.com\/www.serrarpharma.com\/wp-content\/uploads\/2020\/04\/CRbadges.jpg?resize=300%2C54&amp;ssl=1 300w, https:\/\/i0.wp.com\/www.serrarpharma.com\/wp-content\/uploads\/2020\/04\/CRbadges.jpg?resize=768%2C137&amp;ssl=1 768w, https:\/\/i0.wp.com\/www.serrarpharma.com\/wp-content\/uploads\/2020\/04\/CRbadges.jpg?resize=600%2C107&amp;ssl=1 600w, https:\/\/i0.wp.com\/www.serrarpharma.com\/wp-content\/uploads\/2020\/04\/CRbadges.jpg?w=1282&amp;ssl=1 1282w\" sizes=\"(max-width: 660px) 100vw, 660px\" data-recalc-dims=\"1\" \/><\/figure>\n<\/div>\n<p>\n\n\n\n<div class=\"wp-block-coblocks-row alignfull coblocks-row-425111545811\" data-columns=\"1\" data-layout=\"100\"><div class=\"wp-block-coblocks-row__inner has-medium-gutter has-no-padding has-no-margin is-stacked-on-mobile\">\n<div class=\"wp-block-coblocks-column coblocks-column-425111549702\" style=\"width:100%\"><div class=\"wp-block-coblocks-column__inner has-primary-background-color has-background has-no-padding has-no-margin\">\n<div class=\"wp-container-56 wp-block-group alignwide\"><div class=\"wp-block-group__inner-container\">\n<div style=\"height:20px\" aria-hidden=\"true\" class=\"wp-block-spacer\"><\/div>\n\n\n\n<p style=\"color:#2c2e2e;font-size:15px\" class=\"has-text-color\"><strong>Descargo de responsabilidad<\/strong>: Con cualquier dieta o nuevo r\u00e9gimen nutricional, cada persona experimentar\u00e1 resultados diferentes dependiendo de una variedad de factores individuales y ambientales. No se pueden garantizar resultados con esta o cualquier otra dieta, y los testimonios que se encuentran en este sitio representan solo las experiencias de esas personas, que ofrecieron voluntariamente sus historias para nuestro uso. El uso de estos testimonios no garantiza resultados similares por parte de otros programas.<\/p>\n\n\n\n<p style=\"color:#2c2e2e;font-size:15px\" class=\"has-text-color\">El plan oficial del programa ZinaCal no ofrece ning\u00fan consejo m\u00e9dico ni pretende hacerlo. Nuestros comentarios y recomendaciones diet\u00e9ticas se basan en la investigaci\u00f3n de los res\u00famenes de evidencia para la seguridad y la eficacia cl\u00ednica de los ingredientes de los suplementos de ZinaSlim, ZinaBoost, Detox y Balance sobre el control de peso saludable. Antes de comenzar cualquier dieta o realizar cualquier r\u00e9gimen nutricional, consulte con un profesional de la salud calificado y familiarizado con su situaci\u00f3n. Adem\u00e1s, tenga en cuenta que la Administraci\u00f3n de Alimentos y Medicamentos (FDA) no ha evaluado nuestro suplemento ni ning\u00fan otro producto ofrecido en este sitio que pueda diagnosticar, curar, tratar o prevenir cualquier enfermedad que se est\u00e9 produciendo aqu\u00ed.<\/p>\n\n\n\n<p style=\"color:#2c2e2e;font-size:15px\" class=\"has-text-color\">En cualquier caso, la informaci\u00f3n y el asesoramiento que se ofrecen en el sitio web de Alternative no sustituyen una consulta o diagn\u00f3stico formulado por un m\u00e9dico o profesional de la salud, que solo puede evaluar adecuadamente su estado de salud.<\/p>\n\n\n\n<p style=\"color:#2c2e2e;font-size:15px\" class=\"has-text-color\"><strong>Informaci\u00f3n importante:<\/strong><br> Si est\u00e1 tomando alg\u00fan medicamento recetado, tiene una afecci\u00f3n m\u00e9dica o tiene inquietudes espec\u00edficas sobre la idoneidad de cualquiera de nuestros productos en relaci\u00f3n con estos, siempre debe consultar a su m\u00e9dico de cabecera o farmac\u00e9utico antes de tomar suplementos. Las mujeres embarazadas o lactantes deben consultar a un m\u00e9dico de cabecera antes de tomar suplementos. No exceda la dosis diaria recomendada. Mantener fuera del alcance de los ni\u00f1os. Los suplementos no deben tomarse como sustitutos de una dieta variada. Siempre lea la etiqueta antes de usar<\/p>\n\n\n\n<p style=\"color:#2c2e2e;font-size:15px\" class=\"has-text-color\">Serrar Pharma utiliza solo ingredientes puros y naturales, de fuentes confiables de GMP. Aseguramos la calidad no solo de cada lote, sino tambi\u00e9n de cada ingrediente en ese lote, asegurando que obtenga solo el producto de la m\u00e1s alta calidad. Hay muchos beneficios de soporte de suplementos. Vea a continuaci\u00f3n los comentarios. Si tiene alguna pregunta, cont\u00e1ctenos en info@serrarpharma.com<\/p>\n<\/div><\/div>\n\n\n\n<div style=\"height:50px\" aria-hidden=\"true\" class=\"wp-block-spacer\"><\/div>\n<\/div><\/div>\n<\/div><\/div>\n\n\n\n<div class=\"wp-container-63 wp-block-columns alignfull spfootblock\">\n<div class=\"wp-container-57 wp-block-column is-vertically-aligned-top\" style=\"flex-basis:49%\">\n<div class=\"wp-block-media-text is-stacked-on-mobile is-vertically-aligned-top footlogoblock\" style=\"grid-template-columns:28% auto\"><figure class=\"wp-block-media-text__media\"><img loading=\"lazy\" width=\"603\" height=\"811\" src=\"https:\/\/i0.wp.com\/www.serrarpharma.com\/wp-content\/uploads\/2020\/04\/2-sp-png.png?resize=603%2C811&#038;ssl=1\" alt=\"\" class=\"wp-image-394\" srcset=\"https:\/\/i0.wp.com\/www.serrarpharma.com\/wp-content\/uploads\/2020\/04\/2-sp-png.png?w=603&amp;ssl=1 603w, https:\/\/i0.wp.com\/www.serrarpharma.com\/wp-content\/uploads\/2020\/04\/2-sp-png.png?resize=223%2C300&amp;ssl=1 223w, https:\/\/i0.wp.com\/www.serrarpharma.com\/wp-content\/uploads\/2020\/04\/2-sp-png.png?resize=600%2C807&amp;ssl=1 600w\" sizes=\"(max-width: 603px) 100vw, 603px\" data-recalc-dims=\"1\" \/><\/figure><div class=\"wp-block-media-text__content\">\n<p style=\"color:#005e94;font-size:18px;font-family:Open Sans;line-height:1.5\" class=\"has-text-color has-custom-font has-custom-lineheight\">SerraPharma se centra en mejorando tu calidad de vida. Nos apasiona ayudarlo no solo a administrar su salud, sino a prosperar utilizando nuestros m\u00e9todos \u00fanicos y probados.<\/p>\n<\/div><\/div>\n<\/div>\n\n\n\n<div class=\"wp-container-61 wp-block-column footmiddlecol\" style=\"flex-basis:25%\">\n<p style=\"color:#005e94;font-size:18px;line-height:1\" class=\"has-text-color serrarmidfooter has-custom-lineheight\"><strong>SERRAR PHARMA LLC<\/strong><\/p>\n\n\n\n<p style=\"color:#005e94;font-family:Open Sans;line-height:1.4\" class=\"has-text-color footeraddress has-custom-font has-custom-lineheight\">4 Hunter Lane<br>Elmsford, NY 10523<br>USA<\/p>\n\n\n\n<p style=\"color:#005e94\" class=\"has-text-color has-medium-font-size footerphone\"><strong>(302) 200-2171<\/strong><\/p>\n\n\n\n<p style=\"color:#005e94;font-family:Open Sans\" class=\"has-text-color has-custom-font\">info@serrarpharma.com<\/p>\n\n\n\n<div class=\"wp-container-60 wp-block-columns footersm\">\n<div class=\"wp-container-58 wp-block-column\">\n<div class=\"wp-block-image mb-0 mt-0\"><figure class=\"aligncenter size-thumbnail\"><a href=\"https:\/\/www.instagram.com\/drserrar\/\" target=\"_blank\" rel=\"noopener noreferrer\"><img loading=\"lazy\" width=\"150\" height=\"150\" src=\"https:\/\/i0.wp.com\/www.serrarpharma.com\/wp-content\/uploads\/2021\/01\/SPWebInstaSymbol.png?resize=150%2C150&#038;ssl=1\" alt=\"\" class=\"wp-image-10264\" srcset=\"https:\/\/i0.wp.com\/www.serrarpharma.com\/wp-content\/uploads\/2021\/01\/SPWebInstaSymbol.png?resize=150%2C150&amp;ssl=1 150w, https:\/\/i0.wp.com\/www.serrarpharma.com\/wp-content\/uploads\/2021\/01\/SPWebInstaSymbol.png?resize=300%2C300&amp;ssl=1 300w, https:\/\/i0.wp.com\/www.serrarpharma.com\/wp-content\/uploads\/2021\/01\/SPWebInstaSymbol.png?resize=100%2C100&amp;ssl=1 100w, https:\/\/i0.wp.com\/www.serrarpharma.com\/wp-content\/uploads\/2021\/01\/SPWebInstaSymbol.png?w=362&amp;ssl=1 362w\" sizes=\"(max-width: 150px) 100vw, 150px\" data-recalc-dims=\"1\" \/><\/a><\/figure><\/div>\n\n\n\n<p><\/p>\n<\/div>\n\n\n\n<div class=\"wp-container-59 wp-block-column\">\n<div class=\"wp-block-image mb-0 mt-0\"><figure class=\"aligncenter size-thumbnail\"><a href=\"https:\/\/www.facebook.com\/DrSerrar-112763810583917\" target=\"_blank\" rel=\"noopener noreferrer\"><img loading=\"lazy\" width=\"150\" height=\"150\" src=\"https:\/\/i0.wp.com\/www.serrarpharma.com\/wp-content\/uploads\/2021\/01\/SPWebFBSymbol.png?resize=150%2C150&#038;ssl=1\" alt=\"\" class=\"wp-image-10265\" srcset=\"https:\/\/i0.wp.com\/www.serrarpharma.com\/wp-content\/uploads\/2021\/01\/SPWebFBSymbol.png?resize=150%2C150&amp;ssl=1 150w, https:\/\/i0.wp.com\/www.serrarpharma.com\/wp-content\/uploads\/2021\/01\/SPWebFBSymbol.png?resize=300%2C300&amp;ssl=1 300w, https:\/\/i0.wp.com\/www.serrarpharma.com\/wp-content\/uploads\/2021\/01\/SPWebFBSymbol.png?resize=100%2C100&amp;ssl=1 100w, https:\/\/i0.wp.com\/www.serrarpharma.com\/wp-content\/uploads\/2021\/01\/SPWebFBSymbol.png?w=362&amp;ssl=1 362w\" sizes=\"(max-width: 150px) 100vw, 150px\" data-recalc-dims=\"1\" \/><\/a><\/figure><\/div>\n\n\n\n<p><\/p>\n<\/div>\n<\/div>\n<\/div>\n\n\n\n<div class=\"wp-container-62 wp-block-column\" style=\"flex-basis:20%\">\n<p style=\"color:#005e94;font-size:18px;line-height:1\" class=\"has-text-color footerGS has-custom-lineheight\"><strong>EMPEZAR<\/strong><\/p>\n\n\n\n<p style=\"font-size:18px;line-height:1.5\" class=\"has-text-color has-secondary-color footerlinks has-custom-lineheight\"><a href=\"https:\/\/www.serrarpharma.com\/es\/about\/\">SOBRE<\/a><br><a href=\"https:\/\/www.serrarpharma.com\/es\/zinacal-program\/\">ZINACAL PROGRAMA <\/a><br><a href=\"https:\/\/www.serrarpharma.com\/es\/testimonials\/\">TESTIMONIOS<\/a> <br><a href=\"https:\/\/www.serrarpharma.com\/es\/shop\/\">COMPRAR<\/a><br><a href=\"https:\/\/www.serrarpharma.com\/es\/contact\/\">CONTACTAR<\/a> <\/p>\n<\/div>\n<\/div>\n\n\n\n<p><\/p>\n\n\n<p><\/p>","protected":false},"excerpt":{"rendered":"<p>INVESTIGACI\u00d3N CL\u00cdNICA Todos los suplementos, incluidos Dr. SERRAR\u00ae ZinaCal, ZinaSlim Advance, ZinaBoost, Detox y Balance (fabricado en una instalacion registradapor la FDA), tienen un historial probado y se fabrican en plantas con certificaci\u00f3n GMP y Kosher que respetan las mejores pr\u00e1cticas de la industria. Dr. SERRAR\u00ae ZinaSlim Advance, ZinaBoost, Detox, &#038; Balance Res\u00famenes de la [&hellip;]<\/p>\n","protected":false},"author":1,"featured_media":0,"parent":0,"menu_order":0,"comment_status":"closed","ping_status":"closed","template":"","meta":{"hide_page_title":"","_coblocks_attr":"Open Sans,Open Sans","_coblocks_dimensions":"","_coblocks_responsive_height":"","_coblocks_accordion_ie_support":""},"translation":{"provider":"WPGlobus","version":"3.0.1","language":"es","enabled_languages":["en","es","fr","ar","pt","it"],"languages":{"en":{"title":true,"content":true,"excerpt":false},"es":{"title":false,"content":true,"excerpt":false},"fr":{"title":true,"content":true,"excerpt":false},"ar":{"title":false,"content":true,"excerpt":false},"pt":{"title":false,"content":true,"excerpt":false},"it":{"title":false,"content":false,"excerpt":false}}},"_links":{"self":[{"href":"https:\/\/www.serrarpharma.com\/es\/wp-json\/wp\/v2\/pages\/1465"}],"collection":[{"href":"https:\/\/www.serrarpharma.com\/es\/wp-json\/wp\/v2\/pages"}],"about":[{"href":"https:\/\/www.serrarpharma.com\/es\/wp-json\/wp\/v2\/types\/page"}],"author":[{"embeddable":true,"href":"https:\/\/www.serrarpharma.com\/es\/wp-json\/wp\/v2\/users\/1"}],"replies":[{"embeddable":true,"href":"https:\/\/www.serrarpharma.com\/es\/wp-json\/wp\/v2\/comments?post=1465"}],"version-history":[{"count":0,"href":"https:\/\/www.serrarpharma.com\/es\/wp-json\/wp\/v2\/pages\/1465\/revisions"}],"wp:attachment":[{"href":"https:\/\/www.serrarpharma.com\/es\/wp-json\/wp\/v2\/media?parent=1465"}],"curies":[{"name":"wp","href":"https:\/\/api.w.org\/{rel}","templated":true}]}}